{"id":17909,"date":"2024-08-26T15:32:33","date_gmt":"2024-08-26T20:32:33","guid":{"rendered":"https:\/\/ister.edu.ec\/?page_id=17909"},"modified":"2025-10-02T13:43:16","modified_gmt":"2025-10-02T18:43:16","slug":"proyectos-de-investigacion","status":"publish","type":"page","link":"https:\/\/ister.edu.ec\/en\/proyectos-de-investigacion\/","title":{"rendered":"Research Projects"},"content":{"rendered":"<div data-elementor-type=\"wp-page\" data-elementor-id=\"17909\" class=\"elementor elementor-17909\" data-elementor-post-type=\"page\">\n\t\t\t\t<div class=\"elementor-element elementor-element-a9e4465 e-flex e-con-boxed e-con e-parent\" data-id=\"a9e4465\" data-element_type=\"container\" data-e-type=\"container\" data-settings=\"{&quot;background_background&quot;:&quot;classic&quot;}\">\n\t\t\t\t\t<div class=\"e-con-inner\">\n\t\t<div class=\"elementor-element elementor-element-6189d8b e-con-full e-flex e-con e-child\" data-id=\"6189d8b\" data-element_type=\"container\" data-e-type=\"container\" data-settings=\"{&quot;background_background&quot;:&quot;classic&quot;}\">\n\t\t\t\t<div class=\"elementor-element elementor-element-fa3df86 elementor-widget elementor-widget-heading\" data-id=\"fa3df86\" data-element_type=\"widget\" data-e-type=\"widget\" data-widget_type=\"heading.default\">\n\t\t\t\t<div class=\"elementor-widget-container\">\n\t\t\t\t\t<h2 class=\"elementor-heading-title elementor-size-default\">Exploramos. Descubrimos<\/h2>\t\t\t\t<\/div>\n\t\t\t\t<\/div>\n\t\t\t\t<div class=\"elementor-element elementor-element-7f47fbc elementor-widget elementor-widget-heading\" data-id=\"7f47fbc\" data-element_type=\"widget\" data-e-type=\"widget\" data-widget_type=\"heading.default\">\n\t\t\t\t<div class=\"elementor-widget-container\">\n\t\t\t\t\t<h2 class=\"elementor-heading-title elementor-size-default\">Avanzamos.<\/h2>\t\t\t\t<\/div>\n\t\t\t\t<\/div>\n\t\t\t\t<\/div>\n\t\t<div class=\"elementor-element elementor-element-671c29c elementor-hidden-tablet elementor-hidden-phone e-con-full e-flex e-con e-child\" data-id=\"671c29c\" data-element_type=\"container\" data-e-type=\"container\">\n\t\t\t\t<\/div>\n\t\t\t\t\t<\/div>\n\t\t\t\t<\/div>\n\t\t<div class=\"elementor-element elementor-element-a95c818 e-flex e-con-boxed e-con e-parent\" data-id=\"a95c818\" data-element_type=\"container\" data-e-type=\"container\">\n\t\t\t\t\t<div class=\"e-con-inner\">\n\t\t\t\t<div class=\"elementor-element elementor-element-1216ba2 elementor-widget elementor-widget-heading\" data-id=\"1216ba2\" data-element_type=\"widget\" data-e-type=\"widget\" data-widget_type=\"heading.default\">\n\t\t\t\t<div class=\"elementor-widget-container\">\n\t\t\t\t\t<h4 class=\"elementor-heading-title elementor-size-default\">PROYECTOS DE INVESTIGACI\u00d3N<\/h4>\t\t\t\t<\/div>\n\t\t\t\t<\/div>\n\t\t\t\t<div class=\"elementor-element elementor-element-05a9035 elementor-widget elementor-widget-heading\" data-id=\"05a9035\" data-element_type=\"widget\" data-e-type=\"widget\" data-widget_type=\"heading.default\">\n\t\t\t\t<div class=\"elementor-widget-container\">\n\t\t\t\t\t<h2 class=\"elementor-heading-title elementor-size-default\">Unidad de informaci\u00f3n que apoya a la docencia, investigaci\u00f3n y consultas bibliogr\u00e1ficas de la comunidad ISU- ISTER y del p\u00fablico en general<\/h2>\t\t\t\t<\/div>\n\t\t\t\t<\/div>\n\t\t\t\t\t<\/div>\n\t\t\t\t<\/div>\n\t\t<div class=\"elementor-element elementor-element-c555b9f e-flex e-con-boxed e-con e-parent\" data-id=\"c555b9f\" data-element_type=\"container\" data-e-type=\"container\">\n\t\t\t\t\t<div class=\"e-con-inner\">\n\t\t<div class=\"elementor-element elementor-element-69275aa e-con-full e-flex e-con e-child\" data-id=\"69275aa\" data-element_type=\"container\" data-e-type=\"container\">\n\t\t\t\t<div class=\"elementor-element elementor-element-ebc67b0 e-n-tabs-mobile elementor-widget elementor-widget-n-tabs\" data-id=\"ebc67b0\" data-element_type=\"widget\" data-e-type=\"widget\" data-settings=\"{&quot;horizontal_scroll&quot;:&quot;disable&quot;}\" data-widget_type=\"nested-tabs.default\">\n\t\t\t\t<div class=\"elementor-widget-container\">\n\t\t\t\t\t\t\t<div class=\"e-n-tabs\" data-widget-number=\"247228336\" aria-label=\"Tabs. Open items with Enter or Space, close with Escape and navigate using the Arrow keys.\">\n\t\t\t<div class=\"e-n-tabs-heading\" role=\"tablist\">\n\t\t\t\t\t<button id=\"e-n-tab-title-2472283361\" data-tab-title-id=\"e-n-tab-title-2472283361\" class=\"e-n-tab-title\" aria-selected=\"true\" data-tab-index=\"1\" role=\"tab\" tabindex=\"0\" aria-controls=\"e-n-tab-content-2472283361\" style=\"--n-tabs-title-order: 1;\">\n\t\t\t\t\t\t<span class=\"e-n-tab-title-text\">\n\t\t\t\t2025\t\t\t<\/span>\n\t\t<\/button>\n\t\t\t\t<button id=\"e-n-tab-title-2472283362\" data-tab-title-id=\"e-n-tab-title-2472283362\" class=\"e-n-tab-title\" aria-selected=\"false\" data-tab-index=\"2\" role=\"tab\" tabindex=\"-1\" aria-controls=\"e-n-tab-content-2472283362\" style=\"--n-tabs-title-order: 2;\">\n\t\t\t\t\t\t<span class=\"e-n-tab-title-text\">\n\t\t\t\t2024\t\t\t<\/span>\n\t\t<\/button>\n\t\t\t\t\t<\/div>\n\t\t\t<div class=\"e-n-tabs-content\">\n\t\t\t\t<div id=\"e-n-tab-content-2472283361\" role=\"tabpanel\" aria-labelledby=\"e-n-tab-title-2472283361\" data-tab-index=\"1\" style=\"--n-tabs-title-order: 1;\" class=\"e-active elementor-element elementor-element-846a2d6 e-con-full e-flex e-con e-child\" data-id=\"846a2d6\" data-element_type=\"container\" data-e-type=\"container\">\n\t\t\t\t<div class=\"elementor-element elementor-element-f2e4723 elementor-widget elementor-widget-n-accordion\" data-id=\"f2e4723\" data-element_type=\"widget\" data-e-type=\"widget\" data-settings=\"{&quot;default_state&quot;:&quot;all_collapsed&quot;,&quot;max_items_expended&quot;:&quot;one&quot;,&quot;n_accordion_animation_duration&quot;:{&quot;unit&quot;:&quot;ms&quot;,&quot;size&quot;:400,&quot;sizes&quot;:[]}}\" data-widget_type=\"nested-accordion.default\">\n\t\t\t\t<div class=\"elementor-widget-container\">\n\t\t\t\t\t\t\t<div class=\"e-n-accordion\" aria-label=\"Accordion. Open links with Enter or Space, close with Escape, and navigate with Arrow Keys\">\n\t\t\t\t\t\t<details id=\"e-n-accordion-item-2540\" class=\"e-n-accordion-item\" >\n\t\t\t\t<summary class=\"e-n-accordion-item-title\" data-accordion-index=\"1\" tabindex=\"0\" aria-expanded=\"false\" aria-controls=\"e-n-accordion-item-2540\" >\n\t\t\t\t\t<span class='e-n-accordion-item-title-header'><div class=\"e-n-accordion-item-title-text\"> 1.\tDISE\u00d1O Y DESARROLLO DE UN SISTEMA ROB\u00d3TICO DE RECOLECCI\u00d3N DE FRUTOS POR VISI\u00d3N ARTIFICIAL CON ESTRATEGIAS DE EFICIENCIA ENERG\u00c9TICA <\/div><\/span>\n\t\t\t\t\t\t\t<span class='e-n-accordion-item-title-icon'>\n\t\t\t<span class='e-opened' ><svg aria-hidden=\"true\" class=\"e-font-icon-svg e-fas-folder-open\" viewbox=\"0 0 576 512\" xmlns=\"http:\/\/www.w3.org\/2000\/svg\"><path d=\"M572.694 292.093L500.27 416.248A63.997 63.997 0 0 1 444.989 448H45.025c-18.523 0-30.064-20.093-20.731-36.093l72.424-124.155A64 64 0 0 1 152 256h399.964c18.523 0 30.064 20.093 20.73 36.093zM152 224h328v-48c0-26.51-21.49-48-48-48H272l-64-64H48C21.49 64 0 85.49 0 112v278.046l69.077-118.418C86.214 242.25 117.989 224 152 224z\"><\/path><\/svg><\/span>\n\t\t\t<span class='e-closed'><svg aria-hidden=\"true\" class=\"e-font-icon-svg e-fas-folder\" viewbox=\"0 0 512 512\" xmlns=\"http:\/\/www.w3.org\/2000\/svg\"><path d=\"M464 128H272l-64-64H48C21.49 64 0 85.49 0 112v288c0 26.51 21.49 48 48 48h416c26.51 0 48-21.49 48-48V176c0-26.51-21.49-48-48-48z\"><\/path><\/svg><\/span>\n\t\t<\/span>\n\n\t\t\t\t\t\t<\/summary>\n\t\t\t\t<div role=\"region\" aria-labelledby=\"e-n-accordion-item-2540\" class=\"elementor-element elementor-element-8f7c41f e-con-full e-flex e-con e-child\" data-id=\"8f7c41f\" data-element_type=\"container\" data-e-type=\"container\">\n\t\t\t\t<div class=\"elementor-element elementor-element-900059d elementor-widget elementor-widget-text-editor\" data-id=\"900059d\" data-element_type=\"widget\" data-e-type=\"widget\" data-widget_type=\"text-editor.default\">\n\t\t\t\t<div class=\"elementor-widget-container\">\n\t\t\t\t\t\t\t\t\t<ul><li><strong>OBJETIVO:<\/strong>Dise\u00f1ar y construir un prototipo de un sistema rob\u00f3tico compuesto por un brazo rob\u00f3tico y una plataforma m\u00f3vil con conexi\u00f3n al\u00e1mbrica y estrategias de eficiencia energ\u00e9tica, capaz de operar en un entorno controlado que simula las condiciones de un campo agr\u00edcola. El sistema utilizar\u00e1 un algoritmo de visi\u00f3n artificial para detectar, identificar y recolectar frutos de manera eficiente, segura y precisa dentro de un alcance m\u00e1ximo de un metro de altura. Este proyecto tiene como prop\u00f3sito mejorar el proceso de cosecha al optimizar la recolecci\u00f3n, optimizar el consumo energ\u00e9tico para futuras implementaciones en entornos agr\u00edcolas reales.<\/li><li><strong>L\u00cdNEA DE INVESTIGACI\u00d3N<\/strong><br \/>Tecnolog\u00eda e industria<\/li><li><strong>PROGRAMA<\/strong><br \/>Desarrollo e innovaci\u00f3n tecnol\u00f3gica para la industria y sociedad<\/li><li><strong>DIRECTOR DEL PROYECTO<\/strong><br \/>Maxwell Arbey Salazar Guilcamaigua<\/li><li><strong>INTEGRANTES<\/strong><br \/>Paola Alexandra Portero Donoso, Santiago Rogelio P\u00e9rez Mora<\/li><\/ul>\t\t\t\t\t\t\t\t<\/div>\n\t\t\t\t<\/div>\n\t\t\t\t<\/div>\n\t\t\t\t\t<\/details>\n\t\t\t\t\t\t<details id=\"e-n-accordion-item-2541\" class=\"e-n-accordion-item\" >\n\t\t\t\t<summary class=\"e-n-accordion-item-title\" data-accordion-index=\"2\" tabindex=\"-1\" aria-expanded=\"false\" aria-controls=\"e-n-accordion-item-2541\" >\n\t\t\t\t\t<span class='e-n-accordion-item-title-header'><div class=\"e-n-accordion-item-title-text\"> 2. TRANSCRIPCI\u00d3N DE AUDIO A TEXTO USANDO MODELOS DE RECONOCIMIENTO DE VOZ BASADOS EN INTELIGENCIA ARTIFICIAL <\/div><\/span>\n\t\t\t\t\t\t\t<span class='e-n-accordion-item-title-icon'>\n\t\t\t<span class='e-opened' ><svg aria-hidden=\"true\" class=\"e-font-icon-svg e-fas-folder-open\" viewbox=\"0 0 576 512\" xmlns=\"http:\/\/www.w3.org\/2000\/svg\"><path d=\"M572.694 292.093L500.27 416.248A63.997 63.997 0 0 1 444.989 448H45.025c-18.523 0-30.064-20.093-20.731-36.093l72.424-124.155A64 64 0 0 1 152 256h399.964c18.523 0 30.064 20.093 20.73 36.093zM152 224h328v-48c0-26.51-21.49-48-48-48H272l-64-64H48C21.49 64 0 85.49 0 112v278.046l69.077-118.418C86.214 242.25 117.989 224 152 224z\"><\/path><\/svg><\/span>\n\t\t\t<span class='e-closed'><svg aria-hidden=\"true\" class=\"e-font-icon-svg e-fas-folder\" viewbox=\"0 0 512 512\" xmlns=\"http:\/\/www.w3.org\/2000\/svg\"><path d=\"M464 128H272l-64-64H48C21.49 64 0 85.49 0 112v288c0 26.51 21.49 48 48 48h416c26.51 0 48-21.49 48-48V176c0-26.51-21.49-48-48-48z\"><\/path><\/svg><\/span>\n\t\t<\/span>\n\n\t\t\t\t\t\t<\/summary>\n\t\t\t\t<div role=\"region\" aria-labelledby=\"e-n-accordion-item-2541\" class=\"elementor-element elementor-element-9143c11 e-con-full e-flex e-con e-child\" data-id=\"9143c11\" data-element_type=\"container\" data-e-type=\"container\">\n\t\t\t\t<div class=\"elementor-element elementor-element-42b8f28 elementor-widget elementor-widget-text-editor\" data-id=\"42b8f28\" data-element_type=\"widget\" data-e-type=\"widget\" data-widget_type=\"text-editor.default\">\n\t\t\t\t<div class=\"elementor-widget-container\">\n\t\t\t\t\t\t\t\t\t<ul><li><strong>OBJETIVO:<\/strong>Desarrollar un sistema automatizado de transcripci\u00f3n de audio, capaz de identificar y resaltar palabras claves relacionadas con actividades ilegales, con el fin de optimizar los procesos de an\u00e1lisis y toma de decisiones.<\/li><li><strong>L\u00cdNEA DE INVESTIGACI\u00d3N<\/strong><br \/>Tecnolog\u00edas de la informaci\u00f3n y comunicaci\u00f3n<\/li><li><strong>PROGRAMA<\/strong><br \/>Desarrollo e innovaci\u00f3n tecnol\u00f3gica para la industria y sociedad<\/li><li><strong>DIRECTOR DEL PROYECTO<\/strong><br \/>Pablo David Minango Negrete<\/li><li><strong>INTEGRANTES<\/strong><br \/>\u00d3scar Marcelo Zambrano Vizuete<\/li><\/ul>\t\t\t\t\t\t\t\t<\/div>\n\t\t\t\t<\/div>\n\t\t\t\t<\/div>\n\t\t\t\t\t<\/details>\n\t\t\t\t\t\t<details id=\"e-n-accordion-item-2542\" class=\"e-n-accordion-item\" >\n\t\t\t\t<summary class=\"e-n-accordion-item-title\" data-accordion-index=\"3\" tabindex=\"-1\" aria-expanded=\"false\" aria-controls=\"e-n-accordion-item-2542\" >\n\t\t\t\t\t<span class='e-n-accordion-item-title-header'><div class=\"e-n-accordion-item-title-text\"> 3.AN\u00c1LISIS DEL ACCESO AL FINANCIAMIENTO Y SU RELACI\u00d3N CON EL CRECIMIENTO DE LAS MIPYMES EN ECUADOR <\/div><\/span>\n\t\t\t\t\t\t\t<span class='e-n-accordion-item-title-icon'>\n\t\t\t<span class='e-opened' ><svg aria-hidden=\"true\" class=\"e-font-icon-svg e-fas-folder-open\" viewbox=\"0 0 576 512\" xmlns=\"http:\/\/www.w3.org\/2000\/svg\"><path d=\"M572.694 292.093L500.27 416.248A63.997 63.997 0 0 1 444.989 448H45.025c-18.523 0-30.064-20.093-20.731-36.093l72.424-124.155A64 64 0 0 1 152 256h399.964c18.523 0 30.064 20.093 20.73 36.093zM152 224h328v-48c0-26.51-21.49-48-48-48H272l-64-64H48C21.49 64 0 85.49 0 112v278.046l69.077-118.418C86.214 242.25 117.989 224 152 224z\"><\/path><\/svg><\/span>\n\t\t\t<span class='e-closed'><svg aria-hidden=\"true\" class=\"e-font-icon-svg e-fas-folder\" viewbox=\"0 0 512 512\" xmlns=\"http:\/\/www.w3.org\/2000\/svg\"><path d=\"M464 128H272l-64-64H48C21.49 64 0 85.49 0 112v288c0 26.51 21.49 48 48 48h416c26.51 0 48-21.49 48-48V176c0-26.51-21.49-48-48-48z\"><\/path><\/svg><\/span>\n\t\t<\/span>\n\n\t\t\t\t\t\t<\/summary>\n\t\t\t\t<div role=\"region\" aria-labelledby=\"e-n-accordion-item-2542\" class=\"elementor-element elementor-element-244c25e e-con-full e-flex e-con e-child\" data-id=\"244c25e\" data-element_type=\"container\" data-e-type=\"container\">\n\t\t\t\t<div class=\"elementor-element elementor-element-e4bbb30 elementor-widget elementor-widget-text-editor\" data-id=\"e4bbb30\" data-element_type=\"widget\" data-e-type=\"widget\" data-widget_type=\"text-editor.default\">\n\t\t\t\t<div class=\"elementor-widget-container\">\n\t\t\t\t\t\t\t\t\t<ul><li><strong>OBJETIVO:<\/strong>Analizar las barreras de acceso al financiamiento formal que enfrentan las micro, peque\u00f1as y medianas empresas (MIPYMES) en Ecuador y evaluar su relaci\u00f3n con el crecimiento econ\u00f3mico, con el prop\u00f3sito de generar estrategias y recomendaciones que promuevan la inclusi\u00f3n financiera, el fortalecimiento empresarial y el desarrollo econ\u00f3mico sostenible del sector.<\/li><li><strong>L\u00cdNEA DE INVESTIGACI\u00d3N<\/strong><br \/>Administraci\u00f3n, econom\u00eda y servicios<\/li><li><strong>PROGRAMA<\/strong><br \/>Administraci\u00f3n, econom\u00eda y servicios para los sectores p\u00fablico y\/o privado<\/li><li><strong>DIRECTOR DEL PROYECTO<\/strong><br \/>Luis Alberto Carrera Toro<\/li><li><strong>INTEGRANTES<\/strong><br \/>Ximena Elizabeth Cayambe Badillo<\/li><\/ul>\t\t\t\t\t\t\t\t<\/div>\n\t\t\t\t<\/div>\n\t\t\t\t<\/div>\n\t\t\t\t\t<\/details>\n\t\t\t\t\t\t<details id=\"e-n-accordion-item-2543\" class=\"e-n-accordion-item\" >\n\t\t\t\t<summary class=\"e-n-accordion-item-title\" data-accordion-index=\"4\" tabindex=\"-1\" aria-expanded=\"false\" aria-controls=\"e-n-accordion-item-2543\" >\n\t\t\t\t\t<span class='e-n-accordion-item-title-header'><div class=\"e-n-accordion-item-title-text\"> 4.IMPLEMENTACI\u00d3N DE TECNOLOG\u00cdA BLOCKCHAIN PARA LA MODERNIZACI\u00d3N Y SEGURIDAD DE LOS PROCESOS EN NOTAR\u00cdAS <\/div><\/span>\n\t\t\t\t\t\t\t<span class='e-n-accordion-item-title-icon'>\n\t\t\t<span class='e-opened' ><svg aria-hidden=\"true\" class=\"e-font-icon-svg e-fas-folder-open\" viewbox=\"0 0 576 512\" xmlns=\"http:\/\/www.w3.org\/2000\/svg\"><path d=\"M572.694 292.093L500.27 416.248A63.997 63.997 0 0 1 444.989 448H45.025c-18.523 0-30.064-20.093-20.731-36.093l72.424-124.155A64 64 0 0 1 152 256h399.964c18.523 0 30.064 20.093 20.73 36.093zM152 224h328v-48c0-26.51-21.49-48-48-48H272l-64-64H48C21.49 64 0 85.49 0 112v278.046l69.077-118.418C86.214 242.25 117.989 224 152 224z\"><\/path><\/svg><\/span>\n\t\t\t<span class='e-closed'><svg aria-hidden=\"true\" class=\"e-font-icon-svg e-fas-folder\" viewbox=\"0 0 512 512\" xmlns=\"http:\/\/www.w3.org\/2000\/svg\"><path d=\"M464 128H272l-64-64H48C21.49 64 0 85.49 0 112v288c0 26.51 21.49 48 48 48h416c26.51 0 48-21.49 48-48V176c0-26.51-21.49-48-48-48z\"><\/path><\/svg><\/span>\n\t\t<\/span>\n\n\t\t\t\t\t\t<\/summary>\n\t\t\t\t<div role=\"region\" aria-labelledby=\"e-n-accordion-item-2543\" class=\"elementor-element elementor-element-c3d0420 e-con-full e-flex e-con e-child\" data-id=\"c3d0420\" data-element_type=\"container\" data-e-type=\"container\">\n\t\t\t\t<div class=\"elementor-element elementor-element-6671688 elementor-widget elementor-widget-text-editor\" data-id=\"6671688\" data-element_type=\"widget\" data-e-type=\"widget\" data-widget_type=\"text-editor.default\">\n\t\t\t\t<div class=\"elementor-widget-container\">\n\t\t\t\t\t\t\t\t\t<ul><li><strong>OBJETIVO:<\/strong>Desarrollar e implementar un prototipo basado en tecnolog\u00eda blockchain para modernizar y garantizar la seguridad, transparencia y trazabilidad de los procesos notariales en Ecuador, contribuyendo a la digitalizaci\u00f3n y transformaci\u00f3n del sistema notarial, y fomentando la confianza ciudadana en las instituciones p\u00fablicas.<\/li><li><strong>L\u00cdNEA DE INVESTIGACI\u00d3N<\/strong><br \/>Tecnolog\u00edas de la informaci\u00f3n y comunicaci\u00f3n<\/li><li><strong>PROGRAMA<\/strong><br \/>Desarrollo e innovaci\u00f3n tecnol\u00f3gica para la industria y sociedad<\/li><li><strong>DIRECTOR DEL PROYECTO<\/strong><br \/>Juan Carlos Minango Negrete<\/li><li><strong>INTEGRANTES<\/strong><br \/>Oscar Marcelo Zambrano Vizuete, Pablo David Minango Negrete, Carlos Jostin Le\u00f3n Galeas<\/li><\/ul>\t\t\t\t\t\t\t\t<\/div>\n\t\t\t\t<\/div>\n\t\t\t\t<\/div>\n\t\t\t\t\t<\/details>\n\t\t\t\t\t\t<details id=\"e-n-accordion-item-2544\" class=\"e-n-accordion-item\" >\n\t\t\t\t<summary class=\"e-n-accordion-item-title\" data-accordion-index=\"5\" tabindex=\"-1\" aria-expanded=\"false\" aria-controls=\"e-n-accordion-item-2544\" >\n\t\t\t\t\t<span class='e-n-accordion-item-title-header'><div class=\"e-n-accordion-item-title-text\"> 5.PLATAFORMA DE VINCULACI\u00d3N COMERCIAL ENTRE PRODUCTORES AGROPECUARIOS Y RESTAURANTES LOCALES EN EL CANT\u00d3N RUMI\u00d1AHUI <\/div><\/span>\n\t\t\t\t\t\t\t<span class='e-n-accordion-item-title-icon'>\n\t\t\t<span class='e-opened' ><svg aria-hidden=\"true\" class=\"e-font-icon-svg e-fas-folder-open\" viewbox=\"0 0 576 512\" xmlns=\"http:\/\/www.w3.org\/2000\/svg\"><path d=\"M572.694 292.093L500.27 416.248A63.997 63.997 0 0 1 444.989 448H45.025c-18.523 0-30.064-20.093-20.731-36.093l72.424-124.155A64 64 0 0 1 152 256h399.964c18.523 0 30.064 20.093 20.73 36.093zM152 224h328v-48c0-26.51-21.49-48-48-48H272l-64-64H48C21.49 64 0 85.49 0 112v278.046l69.077-118.418C86.214 242.25 117.989 224 152 224z\"><\/path><\/svg><\/span>\n\t\t\t<span class='e-closed'><svg aria-hidden=\"true\" class=\"e-font-icon-svg e-fas-folder\" viewbox=\"0 0 512 512\" xmlns=\"http:\/\/www.w3.org\/2000\/svg\"><path d=\"M464 128H272l-64-64H48C21.49 64 0 85.49 0 112v288c0 26.51 21.49 48 48 48h416c26.51 0 48-21.49 48-48V176c0-26.51-21.49-48-48-48z\"><\/path><\/svg><\/span>\n\t\t<\/span>\n\n\t\t\t\t\t\t<\/summary>\n\t\t\t\t<div role=\"region\" aria-labelledby=\"e-n-accordion-item-2544\" class=\"elementor-element elementor-element-f52ab8a e-con-full e-flex e-con e-child\" data-id=\"f52ab8a\" data-element_type=\"container\" data-e-type=\"container\">\n\t\t\t\t<div class=\"elementor-element elementor-element-c0d2e8a elementor-widget elementor-widget-text-editor\" data-id=\"c0d2e8a\" data-element_type=\"widget\" data-e-type=\"widget\" data-widget_type=\"text-editor.default\">\n\t\t\t\t<div class=\"elementor-widget-container\">\n\t\t\t\t\t\t\t\t\t<ul><li><strong>OBJETIVO:<\/strong>Desarrollar una plataforma digital de vinculaci\u00f3n comercial entre productores agropecuarios y restaurantes en el cant\u00f3n Rumi\u00f1ahui, basada en un estudio de mercado exhaustivo, que permita optimizar la comercializaci\u00f3n de productos frescos, reducir la intermediaci\u00f3n y fortalecer la econom\u00eda local.<\/li><li><strong>L\u00cdNEA DE INVESTIGACI\u00d3N<\/strong><br \/>Administraci\u00f3n, econom\u00eda y servicios<\/li><li><strong>PROGRAMA<\/strong><br \/>Administraci\u00f3n, econom\u00eda y servicios para los sectores p\u00fablico y\/o privado<\/li><li><strong>DIRECTOR DEL PROYECTO<\/strong><br \/>Patricia Estefan\u00eda Aguaiza Loja<\/li><li><strong>INTEGRANTES<\/strong><br \/>Nicol\u00e1s Collaguazo Suquillo, Alex Vladimir Aguayo Moya, Pablo Andr\u00e9s Vel\u00e1squez Beltr\u00e1n<\/li><\/ul>\t\t\t\t\t\t\t\t<\/div>\n\t\t\t\t<\/div>\n\t\t\t\t<\/div>\n\t\t\t\t\t<\/details>\n\t\t\t\t\t\t<details id=\"e-n-accordion-item-2545\" class=\"e-n-accordion-item\" >\n\t\t\t\t<summary class=\"e-n-accordion-item-title\" data-accordion-index=\"6\" tabindex=\"-1\" aria-expanded=\"false\" aria-controls=\"e-n-accordion-item-2545\" >\n\t\t\t\t\t<span class='e-n-accordion-item-title-header'><div class=\"e-n-accordion-item-title-text\"> 6.CREACI\u00d3N DEL CENTRO DE PRODUCCI\u00d3N Y CAPACITACI\u00d3N EN EMERGENCIAS M\u00c9DICAS CON CERTIFICACI\u00d3N INTERNACIONAL <\/div><\/span>\n\t\t\t\t\t\t\t<span class='e-n-accordion-item-title-icon'>\n\t\t\t<span class='e-opened' ><svg aria-hidden=\"true\" class=\"e-font-icon-svg e-fas-folder-open\" viewbox=\"0 0 576 512\" xmlns=\"http:\/\/www.w3.org\/2000\/svg\"><path d=\"M572.694 292.093L500.27 416.248A63.997 63.997 0 0 1 444.989 448H45.025c-18.523 0-30.064-20.093-20.731-36.093l72.424-124.155A64 64 0 0 1 152 256h399.964c18.523 0 30.064 20.093 20.73 36.093zM152 224h328v-48c0-26.51-21.49-48-48-48H272l-64-64H48C21.49 64 0 85.49 0 112v278.046l69.077-118.418C86.214 242.25 117.989 224 152 224z\"><\/path><\/svg><\/span>\n\t\t\t<span class='e-closed'><svg aria-hidden=\"true\" class=\"e-font-icon-svg e-fas-folder\" viewbox=\"0 0 512 512\" xmlns=\"http:\/\/www.w3.org\/2000\/svg\"><path d=\"M464 128H272l-64-64H48C21.49 64 0 85.49 0 112v288c0 26.51 21.49 48 48 48h416c26.51 0 48-21.49 48-48V176c0-26.51-21.49-48-48-48z\"><\/path><\/svg><\/span>\n\t\t<\/span>\n\n\t\t\t\t\t\t<\/summary>\n\t\t\t\t<div role=\"region\" aria-labelledby=\"e-n-accordion-item-2545\" class=\"elementor-element elementor-element-646954a e-con-full e-flex e-con e-child\" data-id=\"646954a\" data-element_type=\"container\" data-e-type=\"container\">\n\t\t\t\t<div class=\"elementor-element elementor-element-6b923b9 elementor-widget elementor-widget-text-editor\" data-id=\"6b923b9\" data-element_type=\"widget\" data-e-type=\"widget\" data-widget_type=\"text-editor.default\">\n\t\t\t\t<div class=\"elementor-widget-container\">\n\t\t\t\t\t\t\t\t\t<ul><li><strong>OBJETIVO:<\/strong>Dise\u00f1ar el Centro de Producci\u00f3n de Bienes y Servicios (CEPROBYS) de la carrera de Emergencias M\u00e9dicas como un centro de entrenamiento autorizado por el Emergency Care and Safety Institute (ECSI) en el Tecnol\u00f3gico Universitario Rumi\u00f1ahui, con el prop\u00f3sito de proporcionar formaci\u00f3n de alta calidad a param\u00e9dicos y profesionales de la salud, mejorando la atenci\u00f3n prehospitalaria en la regi\u00f3n y asegurando la certificaci\u00f3n internacional de los estudiantes.<\/li><li><strong>L\u00cdNEA DE INVESTIGACI\u00d3N<\/strong><br \/>Salud y bienestar<\/li><li><strong>PROGRAMA<\/strong><br \/>Salud y bienestar integral<\/li><li><strong>DIRECTOR DEL PROYECTO<\/strong><br \/>Dewis Esqueila Brice Hern\u00e1ndez<\/li><li><strong>INTEGRANTES<\/strong><br \/>Patricio Jos\u00e9 Cevallos S\u00e1nchez, Cristian Geovanny Arias Toaza, Cristian Roberto Sandoval Alvear<\/li><\/ul>\t\t\t\t\t\t\t\t<\/div>\n\t\t\t\t<\/div>\n\t\t\t\t<\/div>\n\t\t\t\t\t<\/details>\n\t\t\t\t\t\t<details id=\"e-n-accordion-item-2546\" class=\"e-n-accordion-item\" >\n\t\t\t\t<summary class=\"e-n-accordion-item-title\" data-accordion-index=\"7\" tabindex=\"-1\" aria-expanded=\"false\" aria-controls=\"e-n-accordion-item-2546\" >\n\t\t\t\t\t<span class='e-n-accordion-item-title-header'><div class=\"e-n-accordion-item-title-text\"> 7.ESTRATEGIAS DE MEJORA PARA ADULTOS MAYORES \u00abINTERVENCIONES FISIOTERAP\u00c9UTICAS INTEGRALES PARA OPTIMIZAR LA AUTONOM\u00cdA Y LA CALIDAD DE VIDA EN PERSONAS ENTRE 70 A 90 A\u00d1OS QUE PERTENECEN AL GRUPO CONFORMADO POR EL GAD DE LA MERCED <\/div><\/span>\n\t\t\t\t\t\t\t<span class='e-n-accordion-item-title-icon'>\n\t\t\t<span class='e-opened' ><svg aria-hidden=\"true\" class=\"e-font-icon-svg e-fas-folder-open\" viewbox=\"0 0 576 512\" xmlns=\"http:\/\/www.w3.org\/2000\/svg\"><path d=\"M572.694 292.093L500.27 416.248A63.997 63.997 0 0 1 444.989 448H45.025c-18.523 0-30.064-20.093-20.731-36.093l72.424-124.155A64 64 0 0 1 152 256h399.964c18.523 0 30.064 20.093 20.73 36.093zM152 224h328v-48c0-26.51-21.49-48-48-48H272l-64-64H48C21.49 64 0 85.49 0 112v278.046l69.077-118.418C86.214 242.25 117.989 224 152 224z\"><\/path><\/svg><\/span>\n\t\t\t<span class='e-closed'><svg aria-hidden=\"true\" class=\"e-font-icon-svg e-fas-folder\" viewbox=\"0 0 512 512\" xmlns=\"http:\/\/www.w3.org\/2000\/svg\"><path d=\"M464 128H272l-64-64H48C21.49 64 0 85.49 0 112v288c0 26.51 21.49 48 48 48h416c26.51 0 48-21.49 48-48V176c0-26.51-21.49-48-48-48z\"><\/path><\/svg><\/span>\n\t\t<\/span>\n\n\t\t\t\t\t\t<\/summary>\n\t\t\t\t<div role=\"region\" aria-labelledby=\"e-n-accordion-item-2546\" class=\"elementor-element elementor-element-44fc129 e-con-full e-flex e-con e-child\" data-id=\"44fc129\" data-element_type=\"container\" data-e-type=\"container\">\n\t\t\t\t<div class=\"elementor-element elementor-element-57c138f elementor-widget elementor-widget-text-editor\" data-id=\"57c138f\" data-element_type=\"widget\" data-e-type=\"widget\" data-widget_type=\"text-editor.default\">\n\t\t\t\t<div class=\"elementor-widget-container\">\n\t\t\t\t\t\t\t\t\t<ul><li><strong>OBJETIVO:<\/strong>Implementar una intervenci\u00f3n fisioterap\u00e9utica integral basada en ejercicio terap\u00e9utico para fortalecer la movilidad, autonom\u00eda e independencia de los adultos mayores del GAD de La Merced. A trav\u00e9s de estrategias enfocadas en el equilibrio, la coordinaci\u00f3n, la flexibilidad y el fortalecimiento muscular, se busca potenciar sus capacidades funcionales y facilitar la realizaci\u00f3n de actividades cotidianas, promoviendo as\u00ed su bienestar f\u00edsico, emocional y social.<\/li><li><strong>L\u00cdNEA DE INVESTIGACI\u00d3N<\/strong><br \/>Salud y bienestar<\/li><li><strong>PROGRAMA<\/strong><br \/>Salud y bienestar integral<\/li><li><strong>DIRECTOR DEL PROYECTO<\/strong><br \/>Leandro Santiago Garrido Garc\u00eda<\/li><li><strong>INTEGRANTES<\/strong><br \/>Mar\u00eda Paula Calispa Esp\u00edn, Alex Sebasti\u00e1n Villarreal Ojeda, Mario Oswaldo Garz\u00f3n P\u00e1ramo<\/li><\/ul>\t\t\t\t\t\t\t\t<\/div>\n\t\t\t\t<\/div>\n\t\t\t\t<\/div>\n\t\t\t\t\t<\/details>\n\t\t\t\t\t\t<details id=\"e-n-accordion-item-2547\" class=\"e-n-accordion-item\" >\n\t\t\t\t<summary class=\"e-n-accordion-item-title\" data-accordion-index=\"8\" tabindex=\"-1\" aria-expanded=\"false\" aria-controls=\"e-n-accordion-item-2547\" >\n\t\t\t\t\t<span class='e-n-accordion-item-title-header'><div class=\"e-n-accordion-item-title-text\"> 8.TRANSFORMANDO RESIDUOS EN RECURSOS: REPROCESAMIENTO DE ACEITES USADOS DE MOTOR <\/div><\/span>\n\t\t\t\t\t\t\t<span class='e-n-accordion-item-title-icon'>\n\t\t\t<span class='e-opened' ><svg aria-hidden=\"true\" class=\"e-font-icon-svg e-fas-folder-open\" viewbox=\"0 0 576 512\" xmlns=\"http:\/\/www.w3.org\/2000\/svg\"><path d=\"M572.694 292.093L500.27 416.248A63.997 63.997 0 0 1 444.989 448H45.025c-18.523 0-30.064-20.093-20.731-36.093l72.424-124.155A64 64 0 0 1 152 256h399.964c18.523 0 30.064 20.093 20.73 36.093zM152 224h328v-48c0-26.51-21.49-48-48-48H272l-64-64H48C21.49 64 0 85.49 0 112v278.046l69.077-118.418C86.214 242.25 117.989 224 152 224z\"><\/path><\/svg><\/span>\n\t\t\t<span class='e-closed'><svg aria-hidden=\"true\" class=\"e-font-icon-svg e-fas-folder\" viewbox=\"0 0 512 512\" xmlns=\"http:\/\/www.w3.org\/2000\/svg\"><path d=\"M464 128H272l-64-64H48C21.49 64 0 85.49 0 112v288c0 26.51 21.49 48 48 48h416c26.51 0 48-21.49 48-48V176c0-26.51-21.49-48-48-48z\"><\/path><\/svg><\/span>\n\t\t<\/span>\n\n\t\t\t\t\t\t<\/summary>\n\t\t\t\t<div role=\"region\" aria-labelledby=\"e-n-accordion-item-2547\" class=\"elementor-element elementor-element-e59e03e e-con-full e-flex e-con e-child\" data-id=\"e59e03e\" data-element_type=\"container\" data-e-type=\"container\">\n\t\t\t\t<div class=\"elementor-element elementor-element-ff1f469 elementor-widget elementor-widget-text-editor\" data-id=\"ff1f469\" data-element_type=\"widget\" data-e-type=\"widget\" data-widget_type=\"text-editor.default\">\n\t\t\t\t<div class=\"elementor-widget-container\">\n\t\t\t\t\t\t\t\t\t<ul><li><strong>OBJETIVO:<\/strong>Regenerar aceite usado de motor, recuperando sus propiedades fisicoqu\u00edmicas para permitir su reutilizaci\u00f3n efectiva en motores o sistemas industriales, utilizando m\u00e9todos accesibles.<\/li><li><strong>L\u00cdNEA DE INVESTIGACI\u00d3N<\/strong><br \/>Tecnolog\u00eda e industria<\/li><li><strong>PROGRAMA<\/strong><br \/>Desarrollo e innovaci\u00f3n tecnol\u00f3gica para la industria y sociedad<\/li><li><strong>DIRECTOR DEL PROYECTO<\/strong><br \/>Erika Viviana Quinapallo Ortiz<\/li><li><strong>INTEGRANTES<\/strong><br \/>Valeria Patricia Tip\u00e1n Villarreal, Gonzalo Alejandro Pazmi\u00f1o N\u00fa\u00f1ez<\/li><\/ul>\t\t\t\t\t\t\t\t<\/div>\n\t\t\t\t<\/div>\n\t\t\t\t<\/div>\n\t\t\t\t\t<\/details>\n\t\t\t\t\t\t<details id=\"e-n-accordion-item-2548\" class=\"e-n-accordion-item\" >\n\t\t\t\t<summary class=\"e-n-accordion-item-title\" data-accordion-index=\"9\" tabindex=\"-1\" aria-expanded=\"false\" aria-controls=\"e-n-accordion-item-2548\" >\n\t\t\t\t\t<span class='e-n-accordion-item-title-header'><div class=\"e-n-accordion-item-title-text\"> 9.S\u00cdNDROME DE BURNOUT EN CUIDADORES PERTENECIENTES AL PROGRAMA \u201cJOAQU\u00cdN GALLEGOS LARA\u201d, SANGOLQU\u00cd \u2013 2025 <\/div><\/span>\n\t\t\t\t\t\t\t<span class='e-n-accordion-item-title-icon'>\n\t\t\t<span class='e-opened' ><svg aria-hidden=\"true\" class=\"e-font-icon-svg e-fas-folder-open\" viewbox=\"0 0 576 512\" xmlns=\"http:\/\/www.w3.org\/2000\/svg\"><path d=\"M572.694 292.093L500.27 416.248A63.997 63.997 0 0 1 444.989 448H45.025c-18.523 0-30.064-20.093-20.731-36.093l72.424-124.155A64 64 0 0 1 152 256h399.964c18.523 0 30.064 20.093 20.73 36.093zM152 224h328v-48c0-26.51-21.49-48-48-48H272l-64-64H48C21.49 64 0 85.49 0 112v278.046l69.077-118.418C86.214 242.25 117.989 224 152 224z\"><\/path><\/svg><\/span>\n\t\t\t<span class='e-closed'><svg aria-hidden=\"true\" class=\"e-font-icon-svg e-fas-folder\" viewbox=\"0 0 512 512\" xmlns=\"http:\/\/www.w3.org\/2000\/svg\"><path d=\"M464 128H272l-64-64H48C21.49 64 0 85.49 0 112v288c0 26.51 21.49 48 48 48h416c26.51 0 48-21.49 48-48V176c0-26.51-21.49-48-48-48z\"><\/path><\/svg><\/span>\n\t\t<\/span>\n\n\t\t\t\t\t\t<\/summary>\n\t\t\t\t<div role=\"region\" aria-labelledby=\"e-n-accordion-item-2548\" class=\"elementor-element elementor-element-2b5ce66 e-con-full e-flex e-con e-child\" data-id=\"2b5ce66\" data-element_type=\"container\" data-e-type=\"container\">\n\t\t\t\t<div class=\"elementor-element elementor-element-e7fc686 elementor-widget elementor-widget-text-editor\" data-id=\"e7fc686\" data-element_type=\"widget\" data-e-type=\"widget\" data-widget_type=\"text-editor.default\">\n\t\t\t\t<div class=\"elementor-widget-container\">\n\t\t\t\t\t\t\t\t\t<ul><li><strong>OBJETIVO:<\/strong>Determinar la prevalencia del s\u00edndrome de Burnout en los cuidadores pertenecientes al programa \u201cJoaqu\u00edn Gallegos Lara\u201d en Sangolqu\u00ed mediante la aplicaci\u00f3n del cuestionario Maslach Burnout Inventory (MBI) para mejorar su bienestar y la calidad del cuidado que brindan.<\/li><li><strong>L\u00cdNEA DE INVESTIGACI\u00d3N<\/strong><br \/>Salud y bienestar<\/li><li><strong>PROGRAMA<\/strong><br \/>Salud y bienestar integral<\/li><li><strong>DIRECTOR DEL PROYECTO<\/strong><br \/>Roxanne Morelia Navarrete Enr\u00edquez<\/li><li><strong>INTEGRANTES<\/strong><br \/>Ariel Fernando Montenegro Usi\u00f1a, Jemima Selomith P\u00f3lit Hermosa, Josselin Vanessa Montenegro Fuel<\/li><\/ul>\t\t\t\t\t\t\t\t<\/div>\n\t\t\t\t<\/div>\n\t\t\t\t<\/div>\n\t\t\t\t\t<\/details>\n\t\t\t\t\t\t<details id=\"e-n-accordion-item-2549\" class=\"e-n-accordion-item\" >\n\t\t\t\t<summary class=\"e-n-accordion-item-title\" data-accordion-index=\"10\" tabindex=\"-1\" aria-expanded=\"false\" aria-controls=\"e-n-accordion-item-2549\" >\n\t\t\t\t\t<span class='e-n-accordion-item-title-header'><div class=\"e-n-accordion-item-title-text\"> 10.PARA UN MA\u00d1ANA MEJOR <\/div><\/span>\n\t\t\t\t\t\t\t<span class='e-n-accordion-item-title-icon'>\n\t\t\t<span class='e-opened' ><svg aria-hidden=\"true\" class=\"e-font-icon-svg e-fas-folder-open\" viewbox=\"0 0 576 512\" xmlns=\"http:\/\/www.w3.org\/2000\/svg\"><path d=\"M572.694 292.093L500.27 416.248A63.997 63.997 0 0 1 444.989 448H45.025c-18.523 0-30.064-20.093-20.731-36.093l72.424-124.155A64 64 0 0 1 152 256h399.964c18.523 0 30.064 20.093 20.73 36.093zM152 224h328v-48c0-26.51-21.49-48-48-48H272l-64-64H48C21.49 64 0 85.49 0 112v278.046l69.077-118.418C86.214 242.25 117.989 224 152 224z\"><\/path><\/svg><\/span>\n\t\t\t<span class='e-closed'><svg aria-hidden=\"true\" class=\"e-font-icon-svg e-fas-folder\" viewbox=\"0 0 512 512\" xmlns=\"http:\/\/www.w3.org\/2000\/svg\"><path d=\"M464 128H272l-64-64H48C21.49 64 0 85.49 0 112v288c0 26.51 21.49 48 48 48h416c26.51 0 48-21.49 48-48V176c0-26.51-21.49-48-48-48z\"><\/path><\/svg><\/span>\n\t\t<\/span>\n\n\t\t\t\t\t\t<\/summary>\n\t\t\t\t<div role=\"region\" aria-labelledby=\"e-n-accordion-item-2549\" class=\"elementor-element elementor-element-baa272e e-con-full e-flex e-con e-child\" data-id=\"baa272e\" data-element_type=\"container\" data-e-type=\"container\">\n\t\t\t\t<div class=\"elementor-element elementor-element-35f900d elementor-widget elementor-widget-text-editor\" data-id=\"35f900d\" data-element_type=\"widget\" data-e-type=\"widget\" data-widget_type=\"text-editor.default\">\n\t\t\t\t<div class=\"elementor-widget-container\">\n\t\t\t\t\t\t\t\t\t<ul><li><strong>OBJETIVO:<\/strong>Implementar una estrategia de orientaci\u00f3n psicopedag\u00f3gica dirigida a las familias, docentes de apoyo, ni\u00f1os y adolescentes que asisten a la Fundaci\u00f3n \u201cNi\u00f1os con destino\u201d.<\/li><li><strong>L\u00cdNEA DE INVESTIGACI\u00d3N<\/strong><br \/>Filosof\u00eda, educaci\u00f3n y artes<\/li><li><strong>PROGRAMA<\/strong><br \/>Educaci\u00f3n, filosof\u00eda y artes para el desarrollo social y cultural<\/li><li><strong>DIRECTOR DEL PROYECTO<\/strong><br \/>Raisa Emilia Bernal Cerza<\/li><li><strong>INTEGRANTES<\/strong><br \/>Mar\u00eda Jos\u00e9 Rivera Guti\u00e9rrez, Dewis Esqueila Brice Hern\u00e1ndez<\/li><\/ul>\t\t\t\t\t\t\t\t<\/div>\n\t\t\t\t<\/div>\n\t\t\t\t<\/div>\n\t\t\t\t\t<\/details>\n\t\t\t\t\t\t<details id=\"e-n-accordion-item-25410\" class=\"e-n-accordion-item\" >\n\t\t\t\t<summary class=\"e-n-accordion-item-title\" data-accordion-index=\"11\" tabindex=\"-1\" aria-expanded=\"false\" aria-controls=\"e-n-accordion-item-25410\" >\n\t\t\t\t\t<span class='e-n-accordion-item-title-header'><div class=\"e-n-accordion-item-title-text\"> 11.HERRAMIENTAS PARA AN\u00c1LISIS Y EXPLORACI\u00d3N DE DATOS EN EL \u00c1REA ADMINISTRATIVA Y FINANCIERA DE INSTITUCIONES DE EDUCACI\u00d3N SUPERIOR <\/div><\/span>\n\t\t\t\t\t\t\t<span class='e-n-accordion-item-title-icon'>\n\t\t\t<span class='e-opened' ><svg aria-hidden=\"true\" class=\"e-font-icon-svg e-fas-folder-open\" viewbox=\"0 0 576 512\" xmlns=\"http:\/\/www.w3.org\/2000\/svg\"><path d=\"M572.694 292.093L500.27 416.248A63.997 63.997 0 0 1 444.989 448H45.025c-18.523 0-30.064-20.093-20.731-36.093l72.424-124.155A64 64 0 0 1 152 256h399.964c18.523 0 30.064 20.093 20.73 36.093zM152 224h328v-48c0-26.51-21.49-48-48-48H272l-64-64H48C21.49 64 0 85.49 0 112v278.046l69.077-118.418C86.214 242.25 117.989 224 152 224z\"><\/path><\/svg><\/span>\n\t\t\t<span class='e-closed'><svg aria-hidden=\"true\" class=\"e-font-icon-svg e-fas-folder\" viewbox=\"0 0 512 512\" xmlns=\"http:\/\/www.w3.org\/2000\/svg\"><path d=\"M464 128H272l-64-64H48C21.49 64 0 85.49 0 112v288c0 26.51 21.49 48 48 48h416c26.51 0 48-21.49 48-48V176c0-26.51-21.49-48-48-48z\"><\/path><\/svg><\/span>\n\t\t<\/span>\n\n\t\t\t\t\t\t<\/summary>\n\t\t\t\t<div role=\"region\" aria-labelledby=\"e-n-accordion-item-25410\" class=\"elementor-element elementor-element-d4041cb e-con-full e-flex e-con e-child\" data-id=\"d4041cb\" data-element_type=\"container\" data-e-type=\"container\">\n\t\t\t\t<div class=\"elementor-element elementor-element-0c13d9d elementor-widget elementor-widget-text-editor\" data-id=\"0c13d9d\" data-element_type=\"widget\" data-e-type=\"widget\" data-widget_type=\"text-editor.default\">\n\t\t\t\t<div class=\"elementor-widget-container\">\n\t\t\t\t\t\t\t\t\t<ul><li><strong>OBJETIVO:<\/strong>Desarrollar herramientas para an\u00e1lisis y explotaci\u00f3n de datos que pueden ser utilizadas en instituciones de educaci\u00f3n superior.<\/li><li><strong>L\u00cdNEA DE INVESTIGACI\u00d3N<\/strong><br \/>Administraci\u00f3n, econom\u00eda y servicios<\/li><li><strong>PROGRAMA<\/strong><br \/>Administraci\u00f3n, servicios econom\u00eda y para los sectores p\u00fablico y\/o privado<\/li><li><strong>DIRECTOR DEL PROYECTO<\/strong><br \/>Washington An\u00edbal Altamirano Salazar<\/li><li><strong>INTEGRANTES<\/strong><br \/>Paulina Viviana Quinaluisa Paredes, Pablo David Minango Negrete<\/li><\/ul>\t\t\t\t\t\t\t\t<\/div>\n\t\t\t\t<\/div>\n\t\t\t\t<\/div>\n\t\t\t\t\t<\/details>\n\t\t\t\t\t\t<details id=\"e-n-accordion-item-25411\" class=\"e-n-accordion-item\" >\n\t\t\t\t<summary class=\"e-n-accordion-item-title\" data-accordion-index=\"12\" tabindex=\"-1\" aria-expanded=\"false\" aria-controls=\"e-n-accordion-item-25411\" >\n\t\t\t\t\t<span class='e-n-accordion-item-title-header'><div class=\"e-n-accordion-item-title-text\"> 12.DESARROLLO DE UNA GU\u00cdA DE RECETAS MEDICINALES BASADAS EN LA SABIDUR\u00cdA ANCESTRAL DE LA COMUNIDAD LA TOGLLA, UBICADA EN EL CANT\u00d3N RUMI\u00d1AHUI <\/div><\/span>\n\t\t\t\t\t\t\t<span class='e-n-accordion-item-title-icon'>\n\t\t\t<span class='e-opened' ><svg aria-hidden=\"true\" class=\"e-font-icon-svg e-fas-folder-open\" viewbox=\"0 0 576 512\" xmlns=\"http:\/\/www.w3.org\/2000\/svg\"><path d=\"M572.694 292.093L500.27 416.248A63.997 63.997 0 0 1 444.989 448H45.025c-18.523 0-30.064-20.093-20.731-36.093l72.424-124.155A64 64 0 0 1 152 256h399.964c18.523 0 30.064 20.093 20.73 36.093zM152 224h328v-48c0-26.51-21.49-48-48-48H272l-64-64H48C21.49 64 0 85.49 0 112v278.046l69.077-118.418C86.214 242.25 117.989 224 152 224z\"><\/path><\/svg><\/span>\n\t\t\t<span class='e-closed'><svg aria-hidden=\"true\" class=\"e-font-icon-svg e-fas-folder\" viewbox=\"0 0 512 512\" xmlns=\"http:\/\/www.w3.org\/2000\/svg\"><path d=\"M464 128H272l-64-64H48C21.49 64 0 85.49 0 112v288c0 26.51 21.49 48 48 48h416c26.51 0 48-21.49 48-48V176c0-26.51-21.49-48-48-48z\"><\/path><\/svg><\/span>\n\t\t<\/span>\n\n\t\t\t\t\t\t<\/summary>\n\t\t\t\t<div role=\"region\" aria-labelledby=\"e-n-accordion-item-25411\" class=\"elementor-element elementor-element-6f59976 e-con-full e-flex e-con e-child\" data-id=\"6f59976\" data-element_type=\"container\" data-e-type=\"container\">\n\t\t\t\t<div class=\"elementor-element elementor-element-5b33847 elementor-widget elementor-widget-text-editor\" data-id=\"5b33847\" data-element_type=\"widget\" data-e-type=\"widget\" data-widget_type=\"text-editor.default\">\n\t\t\t\t<div class=\"elementor-widget-container\">\n\t\t\t\t\t\t\t\t\t<ul><li><strong>OBJETIVO:<\/strong>Elaborar una gu\u00eda integral de recetas medicinales basadas en el conocimiento ancestral de la comunidad La Toglla, con el fin de preservar, documentar y difundir su saber tradicional sobre el uso de plantas medicinales, promoviendo la salud y el bienestar en la comunidad y fomentando su valoraci\u00f3n y transmisi\u00f3n a futuras generaciones.<\/li><li><strong>L\u00cdNEA DE INVESTIGACI\u00d3N<\/strong><br \/>Filosof\u00eda, educaci\u00f3n y artes<\/li><li><strong>PROGRAMA<\/strong><br \/>Educaci\u00f3n, filosof\u00eda y artes para el desarrollo social y cultural<\/li><li><strong>DIRECTOR DEL PROYECTO<\/strong><br \/>Wilmer Andr\u00e9s Ossa Paredes<\/li><li><strong>INTEGRANTES<\/strong><br \/>Stefano Daniel Marca Pazmi\u00f1o, Jonathan Marcelo Vinueza Suarez, Rosa Elizabeth Castro Riera<\/li><\/ul>\t\t\t\t\t\t\t\t<\/div>\n\t\t\t\t<\/div>\n\t\t\t\t<\/div>\n\t\t\t\t\t<\/details>\n\t\t\t\t\t\t<details id=\"e-n-accordion-item-25412\" class=\"e-n-accordion-item\" >\n\t\t\t\t<summary class=\"e-n-accordion-item-title\" data-accordion-index=\"13\" tabindex=\"-1\" aria-expanded=\"false\" aria-controls=\"e-n-accordion-item-25412\" >\n\t\t\t\t\t<span class='e-n-accordion-item-title-header'><div class=\"e-n-accordion-item-title-text\"> 13.COMPARACI\u00d3N DE LA EFECTIVIDAD DEL CONSUMO DE K\u00c9FIR DE LECHE VS EL K\u00c9FIR DE AGUA, EN LA MEJOR\u00cdA DE TRASTORNOS GASTROINTESTINALES EN ADULTOS MAYORES DE 60 A\u00d1OS, RESIDENTES DE LA PARROQUIA DE CUTUGLAHUA, DURANTE EL PERIODO DE ABRIL 2025- ABRIL 2026. <\/div><\/span>\n\t\t\t\t\t\t\t<span class='e-n-accordion-item-title-icon'>\n\t\t\t<span class='e-opened' ><svg aria-hidden=\"true\" class=\"e-font-icon-svg e-fas-folder-open\" viewbox=\"0 0 576 512\" xmlns=\"http:\/\/www.w3.org\/2000\/svg\"><path d=\"M572.694 292.093L500.27 416.248A63.997 63.997 0 0 1 444.989 448H45.025c-18.523 0-30.064-20.093-20.731-36.093l72.424-124.155A64 64 0 0 1 152 256h399.964c18.523 0 30.064 20.093 20.73 36.093zM152 224h328v-48c0-26.51-21.49-48-48-48H272l-64-64H48C21.49 64 0 85.49 0 112v278.046l69.077-118.418C86.214 242.25 117.989 224 152 224z\"><\/path><\/svg><\/span>\n\t\t\t<span class='e-closed'><svg aria-hidden=\"true\" class=\"e-font-icon-svg e-fas-folder\" viewbox=\"0 0 512 512\" xmlns=\"http:\/\/www.w3.org\/2000\/svg\"><path d=\"M464 128H272l-64-64H48C21.49 64 0 85.49 0 112v288c0 26.51 21.49 48 48 48h416c26.51 0 48-21.49 48-48V176c0-26.51-21.49-48-48-48z\"><\/path><\/svg><\/span>\n\t\t<\/span>\n\n\t\t\t\t\t\t<\/summary>\n\t\t\t\t<div role=\"region\" aria-labelledby=\"e-n-accordion-item-25412\" class=\"elementor-element elementor-element-e17273a e-con-full e-flex e-con e-child\" data-id=\"e17273a\" data-element_type=\"container\" data-e-type=\"container\">\n\t\t\t\t<div class=\"elementor-element elementor-element-5efe15c elementor-widget elementor-widget-text-editor\" data-id=\"5efe15c\" data-element_type=\"widget\" data-e-type=\"widget\" data-widget_type=\"text-editor.default\">\n\t\t\t\t<div class=\"elementor-widget-container\">\n\t\t\t\t\t\t\t\t\t<ul><li><strong>OBJETIVO:<\/strong>Determinar la efectividad del consumo de k\u00e9fir de leche y k\u00e9fir de agua, en la mejor\u00eda de trastornos gastrointestinales de adultos mayores de 60 a\u00f1os, con enfermedades gastrointestinales; residentes de la parroquia Cutuglagua, mediante un an\u00e1lisis estad\u00edstico comparativo, para generar evidencia cient\u00edfica que respalde su uso como alternativa nutricional.<\/li><li><strong>L\u00cdNEA DE INVESTIGACI\u00d3N<\/strong><br \/>Salud y bienestar<\/li><li><strong>PROGRAMA<\/strong><br \/>Salud y bienestar integral<\/li><li><strong>DIRECTOR DEL PROYECTO<\/strong><br \/>Johanna Elizabeth Pachacama Sangoquiza<\/li><li><strong>INTEGRANTES<\/strong><br \/>Mar\u00eda Alexandra Jim\u00e9nez Sarango, Gabriela Alejandra Vinueza Moreno<\/li><\/ul>\t\t\t\t\t\t\t\t<\/div>\n\t\t\t\t<\/div>\n\t\t\t\t<\/div>\n\t\t\t\t\t<\/details>\n\t\t\t\t\t\t<details id=\"e-n-accordion-item-25413\" class=\"e-n-accordion-item\" >\n\t\t\t\t<summary class=\"e-n-accordion-item-title\" data-accordion-index=\"14\" tabindex=\"-1\" aria-expanded=\"false\" aria-controls=\"e-n-accordion-item-25413\" >\n\t\t\t\t\t<span class='e-n-accordion-item-title-header'><div class=\"e-n-accordion-item-title-text\"> 14.EVALUACI\u00d3N Y DISE\u00d1O DE ESTRATEGIAS PARA LA REDUCCI\u00d3N DE LA HUELLA DE CARBONO: UN ENFOQUE SOSTENIBLE HACIA EL CAMBIO CLIM\u00c1TICO <\/div><\/span>\n\t\t\t\t\t\t\t<span class='e-n-accordion-item-title-icon'>\n\t\t\t<span class='e-opened' ><svg aria-hidden=\"true\" class=\"e-font-icon-svg e-fas-folder-open\" viewbox=\"0 0 576 512\" xmlns=\"http:\/\/www.w3.org\/2000\/svg\"><path d=\"M572.694 292.093L500.27 416.248A63.997 63.997 0 0 1 444.989 448H45.025c-18.523 0-30.064-20.093-20.731-36.093l72.424-124.155A64 64 0 0 1 152 256h399.964c18.523 0 30.064 20.093 20.73 36.093zM152 224h328v-48c0-26.51-21.49-48-48-48H272l-64-64H48C21.49 64 0 85.49 0 112v278.046l69.077-118.418C86.214 242.25 117.989 224 152 224z\"><\/path><\/svg><\/span>\n\t\t\t<span class='e-closed'><svg aria-hidden=\"true\" class=\"e-font-icon-svg e-fas-folder\" viewbox=\"0 0 512 512\" xmlns=\"http:\/\/www.w3.org\/2000\/svg\"><path d=\"M464 128H272l-64-64H48C21.49 64 0 85.49 0 112v288c0 26.51 21.49 48 48 48h416c26.51 0 48-21.49 48-48V176c0-26.51-21.49-48-48-48z\"><\/path><\/svg><\/span>\n\t\t<\/span>\n\n\t\t\t\t\t\t<\/summary>\n\t\t\t\t<div role=\"region\" aria-labelledby=\"e-n-accordion-item-25413\" class=\"elementor-element elementor-element-a9a6122 e-con-full e-flex e-con e-child\" data-id=\"a9a6122\" data-element_type=\"container\" data-e-type=\"container\">\n\t\t\t\t<div class=\"elementor-element elementor-element-c176726 elementor-widget elementor-widget-text-editor\" data-id=\"c176726\" data-element_type=\"widget\" data-e-type=\"widget\" data-widget_type=\"text-editor.default\">\n\t\t\t\t<div class=\"elementor-widget-container\">\n\t\t\t\t\t\t\t\t\t<ul><li><strong>OBJETIVO:<\/strong>Evaluar la huella de carbono en la poblaci\u00f3n del Ecuador mediante la metodolog\u00eda GHG Protocol (Greenhouse Gas Protocol), permitiendo identificar los factores clave que influyen en su aumento o disminuci\u00f3n, para la creaci\u00f3n y dise\u00f1o de estrategias sostenibles que facilite la toma de decisiones y promueva un desarrollo sostenible a largo plazo.<\/li><li><strong>L\u00cdNEA DE INVESTIGACI\u00d3N<\/strong><br \/>Administraci\u00f3n, econom\u00eda y servicios<\/li><li><strong>PROGRAMA<\/strong><br \/>Administraci\u00f3n, econom\u00eda y servicios para los sectores p\u00fablico y\/o privado<\/li><li><strong>DIRECTOR DEL PROYECTO<\/strong><br \/>Sergio Alexander Carrera Guerrero<\/li><li><strong>INTEGRANTES<\/strong><br \/>Ver\u00f3nica Patricia Ar\u00e9valo Bonilla, Hilberth Alexis Villalba Bejarano<\/li><\/ul>\t\t\t\t\t\t\t\t<\/div>\n\t\t\t\t<\/div>\n\t\t\t\t<\/div>\n\t\t\t\t\t<\/details>\n\t\t\t\t\t\t<details id=\"e-n-accordion-item-25414\" class=\"e-n-accordion-item\" >\n\t\t\t\t<summary class=\"e-n-accordion-item-title\" data-accordion-index=\"15\" tabindex=\"-1\" aria-expanded=\"false\" aria-controls=\"e-n-accordion-item-25414\" >\n\t\t\t\t\t<span class='e-n-accordion-item-title-header'><div class=\"e-n-accordion-item-title-text\"> 15.IMPLEMENTACI\u00d3N DE UN SERVIDOR CENTRALIZADO CON TECNOLOG\u00cdA VDI PARA EL ACCESO A HERRAMIENTAS DE OFIM\u00c1TICA DESDE COMPUTADORAS DE BAJO COSTO (THIN CLIENTS) <\/div><\/span>\n\t\t\t\t\t\t\t<span class='e-n-accordion-item-title-icon'>\n\t\t\t<span class='e-opened' ><svg aria-hidden=\"true\" class=\"e-font-icon-svg e-fas-folder-open\" viewbox=\"0 0 576 512\" xmlns=\"http:\/\/www.w3.org\/2000\/svg\"><path d=\"M572.694 292.093L500.27 416.248A63.997 63.997 0 0 1 444.989 448H45.025c-18.523 0-30.064-20.093-20.731-36.093l72.424-124.155A64 64 0 0 1 152 256h399.964c18.523 0 30.064 20.093 20.73 36.093zM152 224h328v-48c0-26.51-21.49-48-48-48H272l-64-64H48C21.49 64 0 85.49 0 112v278.046l69.077-118.418C86.214 242.25 117.989 224 152 224z\"><\/path><\/svg><\/span>\n\t\t\t<span class='e-closed'><svg aria-hidden=\"true\" class=\"e-font-icon-svg e-fas-folder\" viewbox=\"0 0 512 512\" xmlns=\"http:\/\/www.w3.org\/2000\/svg\"><path d=\"M464 128H272l-64-64H48C21.49 64 0 85.49 0 112v288c0 26.51 21.49 48 48 48h416c26.51 0 48-21.49 48-48V176c0-26.51-21.49-48-48-48z\"><\/path><\/svg><\/span>\n\t\t<\/span>\n\n\t\t\t\t\t\t<\/summary>\n\t\t\t\t<div role=\"region\" aria-labelledby=\"e-n-accordion-item-25414\" class=\"elementor-element elementor-element-851d39d e-con-full e-flex e-con e-child\" data-id=\"851d39d\" data-element_type=\"container\" data-e-type=\"container\">\n\t\t\t\t<div class=\"elementor-element elementor-element-8881859 elementor-widget elementor-widget-text-editor\" data-id=\"8881859\" data-element_type=\"widget\" data-e-type=\"widget\" data-widget_type=\"text-editor.default\">\n\t\t\t\t<div class=\"elementor-widget-container\">\n\t\t\t\t\t\t\t\t\t<ul><li><strong>OBJETIVO:<\/strong>Implementar un servidor centralizado con tecnolog\u00eda VDI (Infraestructura de Escritorios Virtuales) para proporcionar acceso remoto a herramientas de ofim\u00e1tica desde computadoras de bajo costo.<\/li><li><strong>L\u00cdNEA DE INVESTIGACI\u00d3N<\/strong><br \/>Tecnolog\u00edas de la informaci\u00f3n y comunicaci\u00f3n<\/li><li><strong>PROGRAMA<\/strong><br \/>Desarrollo e innovaci\u00f3n tecnol\u00f3gica para la industria y sociedad<\/li><li><strong>DIRECTOR DEL PROYECTO<\/strong><br \/>\u00d3scar Marcelo Zambrano Vizuete<\/li><li><strong>INTEGRANTES<\/strong><br \/>Pablo David Minango Negrete, C\u00e9sar Andr\u00e9s Minaya Andino, Carlos Jostin Le\u00f3n Galeas<\/li><\/ul>\t\t\t\t\t\t\t\t<\/div>\n\t\t\t\t<\/div>\n\t\t\t\t<\/div>\n\t\t\t\t\t<\/details>\n\t\t\t\t\t\t<details id=\"e-n-accordion-item-25415\" class=\"e-n-accordion-item\" >\n\t\t\t\t<summary class=\"e-n-accordion-item-title\" data-accordion-index=\"16\" tabindex=\"-1\" aria-expanded=\"false\" aria-controls=\"e-n-accordion-item-25415\" >\n\t\t\t\t\t<span class='e-n-accordion-item-title-header'><div class=\"e-n-accordion-item-title-text\"> 16.OPTIMIZACI\u00d3N DEL USO DE RESIDUOS PL\u00c1STICOS EN MEZCLAS ASF\u00c1LTICAS PARA APLICACIONES EN LA INDUSTRIA PETROLERA <\/div><\/span>\n\t\t\t\t\t\t\t<span class='e-n-accordion-item-title-icon'>\n\t\t\t<span class='e-opened' ><svg aria-hidden=\"true\" class=\"e-font-icon-svg e-fas-folder-open\" viewbox=\"0 0 576 512\" xmlns=\"http:\/\/www.w3.org\/2000\/svg\"><path d=\"M572.694 292.093L500.27 416.248A63.997 63.997 0 0 1 444.989 448H45.025c-18.523 0-30.064-20.093-20.731-36.093l72.424-124.155A64 64 0 0 1 152 256h399.964c18.523 0 30.064 20.093 20.73 36.093zM152 224h328v-48c0-26.51-21.49-48-48-48H272l-64-64H48C21.49 64 0 85.49 0 112v278.046l69.077-118.418C86.214 242.25 117.989 224 152 224z\"><\/path><\/svg><\/span>\n\t\t\t<span class='e-closed'><svg aria-hidden=\"true\" class=\"e-font-icon-svg e-fas-folder\" viewbox=\"0 0 512 512\" xmlns=\"http:\/\/www.w3.org\/2000\/svg\"><path d=\"M464 128H272l-64-64H48C21.49 64 0 85.49 0 112v288c0 26.51 21.49 48 48 48h416c26.51 0 48-21.49 48-48V176c0-26.51-21.49-48-48-48z\"><\/path><\/svg><\/span>\n\t\t<\/span>\n\n\t\t\t\t\t\t<\/summary>\n\t\t\t\t<div role=\"region\" aria-labelledby=\"e-n-accordion-item-25415\" class=\"elementor-element elementor-element-39dca06 e-con-full e-flex e-con e-child\" data-id=\"39dca06\" data-element_type=\"container\" data-e-type=\"container\">\n\t\t\t\t<div class=\"elementor-element elementor-element-52bf8bc elementor-widget elementor-widget-text-editor\" data-id=\"52bf8bc\" data-element_type=\"widget\" data-e-type=\"widget\" data-widget_type=\"text-editor.default\">\n\t\t\t\t<div class=\"elementor-widget-container\">\n\t\t\t\t\t\t\t\t\t<ul><li><strong>OBJETIVO:<\/strong>Desarrollar una mezcla de asfalto modificado con residuos pl\u00e1sticos reciclados para mejorar las propiedades mec\u00e1nicas, t\u00e9rmicas y qu\u00edmicas de pavimentos utilizados en la industria petrolera.<\/li><li><strong>L\u00cdNEA DE INVESTIGACI\u00d3N<\/strong><br \/>Tecnolog\u00eda e industria<\/li><li><strong>PROGRAMA<\/strong><br \/>Desarrollo e innovaci\u00f3n tecnol\u00f3gica para la industria y sociedad<\/li><li><strong>DIRECTOR DEL PROYECTO<\/strong><br \/>Jacqueline Elizabeth D\u00e1vila Pab\u00f3n<\/li><li><strong>INTEGRANTES<\/strong><br \/>Lizeth Fernanda Fueres Fueres, Luis Alfredo \u00c1lvarez Lazo<\/li><\/ul>\t\t\t\t\t\t\t\t<\/div>\n\t\t\t\t<\/div>\n\t\t\t\t<\/div>\n\t\t\t\t\t<\/details>\n\t\t\t\t\t\t<details id=\"e-n-accordion-item-25416\" class=\"e-n-accordion-item\" >\n\t\t\t\t<summary class=\"e-n-accordion-item-title\" data-accordion-index=\"17\" tabindex=\"-1\" aria-expanded=\"false\" aria-controls=\"e-n-accordion-item-25416\" >\n\t\t\t\t\t<span class='e-n-accordion-item-title-header'><div class=\"e-n-accordion-item-title-text\"> 17.INNOVACI\u00d3N Y GEORREFERENCIACI\u00d3N PARA LA MOVILIDAD URBANA DEL CANT\u00d3N RUMI\u00d1AHUI <\/div><\/span>\n\t\t\t\t\t\t\t<span class='e-n-accordion-item-title-icon'>\n\t\t\t<span class='e-opened' ><svg aria-hidden=\"true\" class=\"e-font-icon-svg e-fas-folder-open\" viewbox=\"0 0 576 512\" xmlns=\"http:\/\/www.w3.org\/2000\/svg\"><path d=\"M572.694 292.093L500.27 416.248A63.997 63.997 0 0 1 444.989 448H45.025c-18.523 0-30.064-20.093-20.731-36.093l72.424-124.155A64 64 0 0 1 152 256h399.964c18.523 0 30.064 20.093 20.73 36.093zM152 224h328v-48c0-26.51-21.49-48-48-48H272l-64-64H48C21.49 64 0 85.49 0 112v278.046l69.077-118.418C86.214 242.25 117.989 224 152 224z\"><\/path><\/svg><\/span>\n\t\t\t<span class='e-closed'><svg aria-hidden=\"true\" class=\"e-font-icon-svg e-fas-folder\" viewbox=\"0 0 512 512\" xmlns=\"http:\/\/www.w3.org\/2000\/svg\"><path d=\"M464 128H272l-64-64H48C21.49 64 0 85.49 0 112v288c0 26.51 21.49 48 48 48h416c26.51 0 48-21.49 48-48V176c0-26.51-21.49-48-48-48z\"><\/path><\/svg><\/span>\n\t\t<\/span>\n\n\t\t\t\t\t\t<\/summary>\n\t\t\t\t<div role=\"region\" aria-labelledby=\"e-n-accordion-item-25416\" class=\"elementor-element elementor-element-b6ffc1b e-con-full e-flex e-con e-child\" data-id=\"b6ffc1b\" data-element_type=\"container\" data-e-type=\"container\">\n\t\t\t\t<div class=\"elementor-element elementor-element-7f2db53 elementor-widget elementor-widget-text-editor\" data-id=\"7f2db53\" data-element_type=\"widget\" data-e-type=\"widget\" data-widget_type=\"text-editor.default\">\n\t\t\t\t<div class=\"elementor-widget-container\">\n\t\t\t\t\t\t\t\t\t<ul><li><strong>OBJETIVO:<\/strong>Optimizar la ubicaci\u00f3n y distribuci\u00f3n de las paradas de buses en el cant\u00f3n Rumi\u00f1ahui mediante la georreferenciaci\u00f3n y an\u00e1lisis de infraestructura con herramientas SIG, con el fin de mejorar la accesibilidad, seguridad y eficiencia del transporte p\u00fablico, proporcionando informaci\u00f3n clave para la toma de decisiones en planificaci\u00f3n urbana y movilidad sostenible.<\/li><li><strong>L\u00cdNEA DE INVESTIGACI\u00d3N<\/strong><br \/>Tecnolog\u00eda e industria<\/li><li><strong>PROGRAMA<\/strong><br \/>Desarrollo e innovaci\u00f3n tecnol\u00f3gica para la industria y sociedad<\/li><li><strong>DIRECTOR DEL PROYECTO<\/strong><br \/>Pablo Andre Vacacela Maz\u00f3n<\/li><li><strong>INTEGRANTES<\/strong><br \/>David Alejandro Ortiz \u00c1lvarez, Jaime Fernando Antamba Guasgua<\/li><\/ul>\t\t\t\t\t\t\t\t<\/div>\n\t\t\t\t<\/div>\n\t\t\t\t<\/div>\n\t\t\t\t\t<\/details>\n\t\t\t\t\t\t<details id=\"e-n-accordion-item-25417\" class=\"e-n-accordion-item\" >\n\t\t\t\t<summary class=\"e-n-accordion-item-title\" data-accordion-index=\"18\" tabindex=\"-1\" aria-expanded=\"false\" aria-controls=\"e-n-accordion-item-25417\" >\n\t\t\t\t\t<span class='e-n-accordion-item-title-header'><div class=\"e-n-accordion-item-title-text\"> 18.DESARROLLO DE UN APLICATIVO M\u00d3VIL PARA LA ASESOR\u00cdA PERSONALIZADA DE MORFOLOG\u00cdA FACIAL EN EST\u00c9TICA Y BELLEZA <\/div><\/span>\n\t\t\t\t\t\t\t<span class='e-n-accordion-item-title-icon'>\n\t\t\t<span class='e-opened' ><svg aria-hidden=\"true\" class=\"e-font-icon-svg e-fas-folder-open\" viewbox=\"0 0 576 512\" xmlns=\"http:\/\/www.w3.org\/2000\/svg\"><path d=\"M572.694 292.093L500.27 416.248A63.997 63.997 0 0 1 444.989 448H45.025c-18.523 0-30.064-20.093-20.731-36.093l72.424-124.155A64 64 0 0 1 152 256h399.964c18.523 0 30.064 20.093 20.73 36.093zM152 224h328v-48c0-26.51-21.49-48-48-48H272l-64-64H48C21.49 64 0 85.49 0 112v278.046l69.077-118.418C86.214 242.25 117.989 224 152 224z\"><\/path><\/svg><\/span>\n\t\t\t<span class='e-closed'><svg aria-hidden=\"true\" class=\"e-font-icon-svg e-fas-folder\" viewbox=\"0 0 512 512\" xmlns=\"http:\/\/www.w3.org\/2000\/svg\"><path d=\"M464 128H272l-64-64H48C21.49 64 0 85.49 0 112v288c0 26.51 21.49 48 48 48h416c26.51 0 48-21.49 48-48V176c0-26.51-21.49-48-48-48z\"><\/path><\/svg><\/span>\n\t\t<\/span>\n\n\t\t\t\t\t\t<\/summary>\n\t\t\t\t<div role=\"region\" aria-labelledby=\"e-n-accordion-item-25417\" class=\"elementor-element elementor-element-b87deae e-con-full e-flex e-con e-child\" data-id=\"b87deae\" data-element_type=\"container\" data-e-type=\"container\">\n\t\t\t\t<div class=\"elementor-element elementor-element-dfede23 elementor-widget elementor-widget-text-editor\" data-id=\"dfede23\" data-element_type=\"widget\" data-e-type=\"widget\" data-widget_type=\"text-editor.default\">\n\t\t\t\t<div class=\"elementor-widget-container\">\n\t\t\t\t\t\t\t\t\t<ul><li><strong>OBJETIVO:<\/strong>Desarrollo de una aplicaci\u00f3n m\u00f3vil que integre tecnolog\u00edas avanzadas de reconocimiento facial con algoritmos inteligentes para ofrecer asesor\u00eda personalizada a las alumnas de Est\u00e9tica Integral, basada en el an\u00e1lisis morfol\u00f3gico facial, con recomendaciones adaptadas a las caracter\u00edsticas individuales de los usuarios en \u00e1reas como maquillaje, cortes de cabello, accesorios y otros servicios de belleza.<\/li><li><strong>L\u00cdNEA DE INVESTIGACI\u00d3N<\/strong><br \/>Salud y bienestar<\/li><li><strong>PROGRAMA<\/strong><br \/>Salud y bienestar integral<\/li><li><strong>DIRECTOR DEL PROYECTO<\/strong><br \/>Dioselina Fernanda Garc\u00eda Quisnancela<\/li><li><strong>INTEGRANTES<\/strong><br \/>Fabricio Jos\u00e9 Llumiquinga Espinoza, Galo Ramiro Cisneros Guallochico, Danny Santiago P\u00e1ez Oscullo<\/li><\/ul>\t\t\t\t\t\t\t\t<\/div>\n\t\t\t\t<\/div>\n\t\t\t\t<\/div>\n\t\t\t\t\t<\/details>\n\t\t\t\t\t\t<details id=\"e-n-accordion-item-25418\" class=\"e-n-accordion-item\" >\n\t\t\t\t<summary class=\"e-n-accordion-item-title\" data-accordion-index=\"19\" tabindex=\"-1\" aria-expanded=\"false\" aria-controls=\"e-n-accordion-item-25418\" >\n\t\t\t\t\t<span class='e-n-accordion-item-title-header'><div class=\"e-n-accordion-item-title-text\"> 19.DESARROLLO DE COMPETENCIAS INNOVADORAS EN LOS DOCENTES A NIVEL DE B\u00c1SICA EN LA EDUCACI\u00d3N FISCAL EN EL CANT\u00d3N RUMI\u00d1AHUI <\/div><\/span>\n\t\t\t\t\t\t\t<span class='e-n-accordion-item-title-icon'>\n\t\t\t<span class='e-opened' ><svg aria-hidden=\"true\" class=\"e-font-icon-svg e-fas-folder-open\" viewbox=\"0 0 576 512\" xmlns=\"http:\/\/www.w3.org\/2000\/svg\"><path d=\"M572.694 292.093L500.27 416.248A63.997 63.997 0 0 1 444.989 448H45.025c-18.523 0-30.064-20.093-20.731-36.093l72.424-124.155A64 64 0 0 1 152 256h399.964c18.523 0 30.064 20.093 20.73 36.093zM152 224h328v-48c0-26.51-21.49-48-48-48H272l-64-64H48C21.49 64 0 85.49 0 112v278.046l69.077-118.418C86.214 242.25 117.989 224 152 224z\"><\/path><\/svg><\/span>\n\t\t\t<span class='e-closed'><svg aria-hidden=\"true\" class=\"e-font-icon-svg e-fas-folder\" viewbox=\"0 0 512 512\" xmlns=\"http:\/\/www.w3.org\/2000\/svg\"><path d=\"M464 128H272l-64-64H48C21.49 64 0 85.49 0 112v288c0 26.51 21.49 48 48 48h416c26.51 0 48-21.49 48-48V176c0-26.51-21.49-48-48-48z\"><\/path><\/svg><\/span>\n\t\t<\/span>\n\n\t\t\t\t\t\t<\/summary>\n\t\t\t\t<div role=\"region\" aria-labelledby=\"e-n-accordion-item-25418\" class=\"elementor-element elementor-element-177228e e-con-full e-flex e-con e-child\" data-id=\"177228e\" data-element_type=\"container\" data-e-type=\"container\">\n\t\t\t\t<div class=\"elementor-element elementor-element-8a2e008 elementor-widget elementor-widget-text-editor\" data-id=\"8a2e008\" data-element_type=\"widget\" data-e-type=\"widget\" data-widget_type=\"text-editor.default\">\n\t\t\t\t<div class=\"elementor-widget-container\">\n\t\t\t\t\t\t\t\t\t<ul><li><strong>OBJETIVO:<\/strong>Implementar estrategias de capacitaci\u00f3n docente para fortalecer las competencias innovadoras en los educadores de educaci\u00f3n b\u00e1sica fiscal en el Cant\u00f3n Rumi\u00f1ahui, basadas en los resultados de la evaluaci\u00f3n diagn\u00f3stica aplicada a trav\u00e9s de un instrumento dise\u00f1ado espec\u00edficamente para medir las competencias innovadoras del docente.<\/li><li><strong>L\u00cdNEA DE INVESTIGACI\u00d3N<\/strong><br \/>Filosof\u00eda, educaci\u00f3n y artes<\/li><li><strong>PROGRAMA<\/strong><br \/>Educaci\u00f3n, filosof\u00eda y artes para el desarrollo social y cultural<\/li><li><strong>DIRECTOR DEL PROYECTO<\/strong><br \/>Edwin Vinicio Ram\u00f3n Jaramillo<\/li><li><strong>INTEGRANTES<\/strong><br \/>Jonathan Mauricio Guallpa Caguana, Estefany Elizabeth Nenger Le\u00f3n<\/li><\/ul>\t\t\t\t\t\t\t\t<\/div>\n\t\t\t\t<\/div>\n\t\t\t\t<\/div>\n\t\t\t\t\t<\/details>\n\t\t\t\t\t\t<details id=\"e-n-accordion-item-25419\" class=\"e-n-accordion-item\" >\n\t\t\t\t<summary class=\"e-n-accordion-item-title\" data-accordion-index=\"20\" tabindex=\"-1\" aria-expanded=\"false\" aria-controls=\"e-n-accordion-item-25419\" >\n\t\t\t\t\t<span class='e-n-accordion-item-title-header'><div class=\"e-n-accordion-item-title-text\"> 20.REGISTRO FOTOGR\u00c1FICO DE RUMI\u00d1AHUI COMO DOCUMENTO DE MEMORIA E IDENTIDAD: UN AN\u00c1LISIS DESDE LA ANTROPOLOG\u00cdA VISUAL <\/div><\/span>\n\t\t\t\t\t\t\t<span class='e-n-accordion-item-title-icon'>\n\t\t\t<span class='e-opened' ><svg aria-hidden=\"true\" class=\"e-font-icon-svg e-fas-folder-open\" viewbox=\"0 0 576 512\" xmlns=\"http:\/\/www.w3.org\/2000\/svg\"><path d=\"M572.694 292.093L500.27 416.248A63.997 63.997 0 0 1 444.989 448H45.025c-18.523 0-30.064-20.093-20.731-36.093l72.424-124.155A64 64 0 0 1 152 256h399.964c18.523 0 30.064 20.093 20.73 36.093zM152 224h328v-48c0-26.51-21.49-48-48-48H272l-64-64H48C21.49 64 0 85.49 0 112v278.046l69.077-118.418C86.214 242.25 117.989 224 152 224z\"><\/path><\/svg><\/span>\n\t\t\t<span class='e-closed'><svg aria-hidden=\"true\" class=\"e-font-icon-svg e-fas-folder\" viewbox=\"0 0 512 512\" xmlns=\"http:\/\/www.w3.org\/2000\/svg\"><path d=\"M464 128H272l-64-64H48C21.49 64 0 85.49 0 112v288c0 26.51 21.49 48 48 48h416c26.51 0 48-21.49 48-48V176c0-26.51-21.49-48-48-48z\"><\/path><\/svg><\/span>\n\t\t<\/span>\n\n\t\t\t\t\t\t<\/summary>\n\t\t\t\t<div role=\"region\" aria-labelledby=\"e-n-accordion-item-25419\" class=\"elementor-element elementor-element-0b1ca12 e-con-full e-flex e-con e-child\" data-id=\"0b1ca12\" data-element_type=\"container\" data-e-type=\"container\">\n\t\t\t\t<div class=\"elementor-element elementor-element-add8905 elementor-widget elementor-widget-text-editor\" data-id=\"add8905\" data-element_type=\"widget\" data-e-type=\"widget\" data-widget_type=\"text-editor.default\">\n\t\t\t\t<div class=\"elementor-widget-container\">\n\t\t\t\t\t\t\t\t\t<ul><li><strong>OBJETIVO:<\/strong>Analizar el registro fotogr\u00e1fico de Rumi\u00f1ahui desde la perspectiva de la Antropolog\u00eda Visual para comprender su papel en la construcci\u00f3n de la identidad cultural y la memoria colectiva de la comunidad. Para ello, se realizar\u00e1 un estudio semi\u00f3tico y etnogr\u00e1fico de im\u00e1genes hist\u00f3ricas y contempor\u00e1neas, cuya interpretaci\u00f3n se difundir\u00e1 a trav\u00e9s de una galer\u00eda digital interactiva. Esta galer\u00eda incluir\u00e1 70 fotograf\u00edas previamente reveladas y digitalizadas, junto con 30 im\u00e1genes adicionales pendientes de digitalizaci\u00f3n.<\/li><li><strong>L\u00cdNEA DE INVESTIGACI\u00d3N<\/strong><br \/>Filosof\u00eda, educaci\u00f3n y artes<\/li><li><strong>PROGRAMA<\/strong><br \/>Educaci\u00f3n, filosof\u00eda y artes para el desarrollo social y cultural<\/li><li><strong>DIRECTOR DEL PROYECTO<\/strong><br \/>Jorge Alejandro Bustamante Crespo<\/li><li><strong>INTEGRANTES<\/strong><br \/>Marjory Ivonne Cortez Ram\u00edrez, Jonathan Marcelo Vinueza Su\u00e1rez, Jorge Eduardo Cadena Cadena<\/li><\/ul>\t\t\t\t\t\t\t\t<\/div>\n\t\t\t\t<\/div>\n\t\t\t\t<\/div>\n\t\t\t\t\t<\/details>\n\t\t\t\t\t\t<details id=\"e-n-accordion-item-25420\" class=\"e-n-accordion-item\" >\n\t\t\t\t<summary class=\"e-n-accordion-item-title\" data-accordion-index=\"21\" tabindex=\"-1\" aria-expanded=\"false\" aria-controls=\"e-n-accordion-item-25420\" >\n\t\t\t\t\t<span class='e-n-accordion-item-title-header'><div class=\"e-n-accordion-item-title-text\"> 21.INNOVACI\u00d3N Y GEORREFERENCIACI\u00d3N PARA LA MOVILIDAD URBANA DEL CANT\u00d3N RUMI\u00d1AHUI <\/div><\/span>\n\t\t\t\t\t\t\t<span class='e-n-accordion-item-title-icon'>\n\t\t\t<span class='e-opened' ><svg aria-hidden=\"true\" class=\"e-font-icon-svg e-fas-folder-open\" viewbox=\"0 0 576 512\" xmlns=\"http:\/\/www.w3.org\/2000\/svg\"><path d=\"M572.694 292.093L500.27 416.248A63.997 63.997 0 0 1 444.989 448H45.025c-18.523 0-30.064-20.093-20.731-36.093l72.424-124.155A64 64 0 0 1 152 256h399.964c18.523 0 30.064 20.093 20.73 36.093zM152 224h328v-48c0-26.51-21.49-48-48-48H272l-64-64H48C21.49 64 0 85.49 0 112v278.046l69.077-118.418C86.214 242.25 117.989 224 152 224z\"><\/path><\/svg><\/span>\n\t\t\t<span class='e-closed'><svg aria-hidden=\"true\" class=\"e-font-icon-svg e-fas-folder\" viewbox=\"0 0 512 512\" xmlns=\"http:\/\/www.w3.org\/2000\/svg\"><path d=\"M464 128H272l-64-64H48C21.49 64 0 85.49 0 112v288c0 26.51 21.49 48 48 48h416c26.51 0 48-21.49 48-48V176c0-26.51-21.49-48-48-48z\"><\/path><\/svg><\/span>\n\t\t<\/span>\n\n\t\t\t\t\t\t<\/summary>\n\t\t\t\t<div role=\"region\" aria-labelledby=\"e-n-accordion-item-25420\" class=\"elementor-element elementor-element-6895099 e-con-full e-flex e-con e-child\" data-id=\"6895099\" data-element_type=\"container\" data-e-type=\"container\">\n\t\t\t\t<div class=\"elementor-element elementor-element-b0115ee elementor-widget elementor-widget-text-editor\" data-id=\"b0115ee\" data-element_type=\"widget\" data-e-type=\"widget\" data-widget_type=\"text-editor.default\">\n\t\t\t\t<div class=\"elementor-widget-container\">\n\t\t\t\t\t\t\t\t\t<ul><li><strong>OBJETIVO:<\/strong>Desarrollo de un entorno de realidad virtual inmersivo para la ense\u00f1anza pr\u00e1ctica en sistemas neum\u00e1ticos automatizados<\/li><li><strong>L\u00cdNEA DE INVESTIGACI\u00d3N<\/strong><br \/>Tecnolog\u00eda e industria<\/li><li><strong>PROGRAMA<\/strong><br \/>Desarrollo e innovaci\u00f3n tecnol\u00f3gica para la industria y sociedad<\/li><li><strong>DIRECTOR DEL PROYECTO<\/strong><br \/>Vicente Pa\u00fal Astudillo Cortez<\/li><li><strong>INTEGRANTES<\/strong><br \/>Pablo C\u00e9sar Catota Ocapana, Diego Fernando Pichoasam\u00edn Morales, C\u00e9sar Andr\u00e9s Minaya Andino<\/li><\/ul>\t\t\t\t\t\t\t\t<\/div>\n\t\t\t\t<\/div>\n\t\t\t\t<\/div>\n\t\t\t\t\t<\/details>\n\t\t\t\t\t\t<details id=\"e-n-accordion-item-25421\" class=\"e-n-accordion-item\" >\n\t\t\t\t<summary class=\"e-n-accordion-item-title\" data-accordion-index=\"22\" tabindex=\"-1\" aria-expanded=\"false\" aria-controls=\"e-n-accordion-item-25421\" >\n\t\t\t\t\t<span class='e-n-accordion-item-title-header'><div class=\"e-n-accordion-item-title-text\"> 22.DESARROLLO DE UNA MATRIZ MULTICRITERIO PARA LA TOMA DE DECISIONES ESTRAT\u00c9GICAS EN MICROEMPRESAS: UNA HERRAMIENTA PR\u00c1CTICA PARA EMPRENDEDORES. <\/div><\/span>\n\t\t\t\t\t\t\t<span class='e-n-accordion-item-title-icon'>\n\t\t\t<span class='e-opened' ><svg aria-hidden=\"true\" class=\"e-font-icon-svg e-fas-folder-open\" viewbox=\"0 0 576 512\" xmlns=\"http:\/\/www.w3.org\/2000\/svg\"><path d=\"M572.694 292.093L500.27 416.248A63.997 63.997 0 0 1 444.989 448H45.025c-18.523 0-30.064-20.093-20.731-36.093l72.424-124.155A64 64 0 0 1 152 256h399.964c18.523 0 30.064 20.093 20.73 36.093zM152 224h328v-48c0-26.51-21.49-48-48-48H272l-64-64H48C21.49 64 0 85.49 0 112v278.046l69.077-118.418C86.214 242.25 117.989 224 152 224z\"><\/path><\/svg><\/span>\n\t\t\t<span class='e-closed'><svg aria-hidden=\"true\" class=\"e-font-icon-svg e-fas-folder\" viewbox=\"0 0 512 512\" xmlns=\"http:\/\/www.w3.org\/2000\/svg\"><path d=\"M464 128H272l-64-64H48C21.49 64 0 85.49 0 112v288c0 26.51 21.49 48 48 48h416c26.51 0 48-21.49 48-48V176c0-26.51-21.49-48-48-48z\"><\/path><\/svg><\/span>\n\t\t<\/span>\n\n\t\t\t\t\t\t<\/summary>\n\t\t\t\t<div role=\"region\" aria-labelledby=\"e-n-accordion-item-25421\" class=\"elementor-element elementor-element-a3b5d8f e-con-full e-flex e-con e-child\" data-id=\"a3b5d8f\" data-element_type=\"container\" data-e-type=\"container\">\n\t\t\t\t<div class=\"elementor-element elementor-element-9f408b1 elementor-widget elementor-widget-text-editor\" data-id=\"9f408b1\" data-element_type=\"widget\" data-e-type=\"widget\" data-widget_type=\"text-editor.default\">\n\t\t\t\t<div class=\"elementor-widget-container\">\n\t\t\t\t\t\t\t\t\t<ul><li><strong>OBJETIVO:<\/strong>Desarrollar una matriz multicriterio para los microempresarios de la Parroquia de Guangopolo, implementada en un software intuitivo que facilite la toma de decisiones estrat\u00e9gicas en microempresas, mediante la identificaci\u00f3n de elementos relevantes a ser considerados por el microempresario permitiendo evaluar opciones de inversi\u00f3n, mejoras en procesos y estrategias de expansi\u00f3n con el prop\u00f3sito de optimizar su planificaci\u00f3n empresarial, minimizar riesgos financieros y mejorar la sostenibilidad de sus negocios.<\/li><li><strong>L\u00cdNEA DE INVESTIGACI\u00d3N<\/strong><br \/>Administraci\u00f3n, econom\u00eda y servicios<\/li><li><strong>PROGRAMA<\/strong><br \/>Administraci\u00f3n, econom\u00eda y servicios para los sectores p\u00fablico y\/o privado<\/li><li><strong>DIRECTOR DEL PROYECTO<\/strong><br \/>Santiago Wladimir Gualotu\u00f1a Rivera<\/li><li><strong>INTEGRANTES<\/strong><br \/>Lilian Silvana Mera Men\u00e9ndez, Dandy Sebasti\u00e1n Mayorga Molina, Wilmer Gustavo Gualotu\u00f1a Pachacama<\/li><\/ul>\t\t\t\t\t\t\t\t<\/div>\n\t\t\t\t<\/div>\n\t\t\t\t<\/div>\n\t\t\t\t\t<\/details>\n\t\t\t\t\t\t<details id=\"e-n-accordion-item-25422\" class=\"e-n-accordion-item\" >\n\t\t\t\t<summary class=\"e-n-accordion-item-title\" data-accordion-index=\"23\" tabindex=\"-1\" aria-expanded=\"false\" aria-controls=\"e-n-accordion-item-25422\" >\n\t\t\t\t\t<span class='e-n-accordion-item-title-header'><div class=\"e-n-accordion-item-title-text\"> 23.MODELO PREDICTIVO COMO INSTRUMENTO PARA LA IDENTIFICACI\u00d3N TEMPRANA DE FALLOS EN MICROREDES FOTOVOLTAICAS. <\/div><\/span>\n\t\t\t\t\t\t\t<span class='e-n-accordion-item-title-icon'>\n\t\t\t<span class='e-opened' ><svg aria-hidden=\"true\" class=\"e-font-icon-svg e-fas-folder-open\" viewbox=\"0 0 576 512\" xmlns=\"http:\/\/www.w3.org\/2000\/svg\"><path d=\"M572.694 292.093L500.27 416.248A63.997 63.997 0 0 1 444.989 448H45.025c-18.523 0-30.064-20.093-20.731-36.093l72.424-124.155A64 64 0 0 1 152 256h399.964c18.523 0 30.064 20.093 20.73 36.093zM152 224h328v-48c0-26.51-21.49-48-48-48H272l-64-64H48C21.49 64 0 85.49 0 112v278.046l69.077-118.418C86.214 242.25 117.989 224 152 224z\"><\/path><\/svg><\/span>\n\t\t\t<span class='e-closed'><svg aria-hidden=\"true\" class=\"e-font-icon-svg e-fas-folder\" viewbox=\"0 0 512 512\" xmlns=\"http:\/\/www.w3.org\/2000\/svg\"><path d=\"M464 128H272l-64-64H48C21.49 64 0 85.49 0 112v288c0 26.51 21.49 48 48 48h416c26.51 0 48-21.49 48-48V176c0-26.51-21.49-48-48-48z\"><\/path><\/svg><\/span>\n\t\t<\/span>\n\n\t\t\t\t\t\t<\/summary>\n\t\t\t\t<div role=\"region\" aria-labelledby=\"e-n-accordion-item-25422\" class=\"elementor-element elementor-element-874d177 e-con-full e-flex e-con e-child\" data-id=\"874d177\" data-element_type=\"container\" data-e-type=\"container\">\n\t\t\t\t<div class=\"elementor-element elementor-element-62da3ef elementor-widget elementor-widget-text-editor\" data-id=\"62da3ef\" data-element_type=\"widget\" data-e-type=\"widget\" data-widget_type=\"text-editor.default\">\n\t\t\t\t<div class=\"elementor-widget-container\">\n\t\t\t\t\t\t\t\t\t<ul><li><strong>OBJETIVO:<\/strong>Desarrollar e implementar un sistema de monitoreo basado en inteligencia artificial para la detecci\u00f3n temprana de fallas en las Microrredes fotovoltaicas, con el fin de optimizar su rendimiento y reducir costos de mantenimiento.<\/li><li><strong>L\u00cdNEA DE INVESTIGACI\u00d3N<\/strong><br \/>Tecnolog\u00eda e industria<\/li><li><strong>PROGRAMA<\/strong><br \/>Desarrollo e innovaci\u00f3n tecnol\u00f3gica para la industria y sociedad<\/li><li><strong>DIRECTOR DEL PROYECTO<\/strong><br \/>Henry Mauricio Osorio Zambrano<\/li><li><strong>INTEGRANTES<\/strong><br \/>Mar\u00eda Gabriela Vera, Fernando J\u00e1come Sag\u00f1ay, William Germ\u00e1nico Yugcha Quinatoa<\/li><\/ul>\t\t\t\t\t\t\t\t<\/div>\n\t\t\t\t<\/div>\n\t\t\t\t<\/div>\n\t\t\t\t\t<\/details>\n\t\t\t\t\t\t<details id=\"e-n-accordion-item-25423\" class=\"e-n-accordion-item\" >\n\t\t\t\t<summary class=\"e-n-accordion-item-title\" data-accordion-index=\"24\" tabindex=\"-1\" aria-expanded=\"false\" aria-controls=\"e-n-accordion-item-25423\" >\n\t\t\t\t\t<span class='e-n-accordion-item-title-header'><div class=\"e-n-accordion-item-title-text\"> 24.AN\u00c1LISIS DE LA FACTIBILIDAD DEL USO DE HIDR\u00d3GENO, GENERADO POR ELECTR\u00d3LISIS, PARA EL FUNCIONAMIENTO DE UN MOTOR OTTO <\/div><\/span>\n\t\t\t\t\t\t\t<span class='e-n-accordion-item-title-icon'>\n\t\t\t<span class='e-opened' ><svg aria-hidden=\"true\" class=\"e-font-icon-svg e-fas-folder-open\" viewbox=\"0 0 576 512\" xmlns=\"http:\/\/www.w3.org\/2000\/svg\"><path d=\"M572.694 292.093L500.27 416.248A63.997 63.997 0 0 1 444.989 448H45.025c-18.523 0-30.064-20.093-20.731-36.093l72.424-124.155A64 64 0 0 1 152 256h399.964c18.523 0 30.064 20.093 20.73 36.093zM152 224h328v-48c0-26.51-21.49-48-48-48H272l-64-64H48C21.49 64 0 85.49 0 112v278.046l69.077-118.418C86.214 242.25 117.989 224 152 224z\"><\/path><\/svg><\/span>\n\t\t\t<span class='e-closed'><svg aria-hidden=\"true\" class=\"e-font-icon-svg e-fas-folder\" viewbox=\"0 0 512 512\" xmlns=\"http:\/\/www.w3.org\/2000\/svg\"><path d=\"M464 128H272l-64-64H48C21.49 64 0 85.49 0 112v288c0 26.51 21.49 48 48 48h416c26.51 0 48-21.49 48-48V176c0-26.51-21.49-48-48-48z\"><\/path><\/svg><\/span>\n\t\t<\/span>\n\n\t\t\t\t\t\t<\/summary>\n\t\t\t\t<div role=\"region\" aria-labelledby=\"e-n-accordion-item-25423\" class=\"elementor-element elementor-element-a666bc8 e-con-full e-flex e-con e-child\" data-id=\"a666bc8\" data-element_type=\"container\" data-e-type=\"container\">\n\t\t\t\t<div class=\"elementor-element elementor-element-0fa27f9 elementor-widget elementor-widget-text-editor\" data-id=\"0fa27f9\" data-element_type=\"widget\" data-e-type=\"widget\" data-widget_type=\"text-editor.default\">\n\t\t\t\t<div class=\"elementor-widget-container\">\n\t\t\t\t\t\t\t\t\t<ul><li><strong>OBJETIVO:<\/strong>Evaluar la factibilidad t\u00e9cnica, econ\u00f3mica y ambiental del uso de hidr\u00f3geno generado por electr\u00f3lisis como combustible alternativo en un motor Otto, determinando su rendimiento y viabilidad para la reducci\u00f3n de emisiones contaminantes en el sector automotriz.<\/li><li><strong>L\u00cdNEA DE INVESTIGACI\u00d3N<\/strong><br \/>Tecnolog\u00eda e industria<\/li><li><strong>PROGRAMA<\/strong><br \/>Desarrollo e innovaci\u00f3n tecnol\u00f3gica para la industria y sociedad<\/li><li><strong>DIRECTOR DEL PROYECTO<\/strong><br \/>Jonathan Misael Enr\u00edquez Figueroa<\/li><li><strong>INTEGRANTES<\/strong><br \/>Jos\u00e9 Eduardo Aguaiza Loja, V\u00edctor Manuel Velasco Ulco, Freddy Eduardo Quinchimbla Pisu\u00f1a<\/li><\/ul>\t\t\t\t\t\t\t\t<\/div>\n\t\t\t\t<\/div>\n\t\t\t\t<\/div>\n\t\t\t\t\t<\/details>\n\t\t\t\t\t\t<details id=\"e-n-accordion-item-25424\" class=\"e-n-accordion-item\" >\n\t\t\t\t<summary class=\"e-n-accordion-item-title\" data-accordion-index=\"25\" tabindex=\"-1\" aria-expanded=\"false\" aria-controls=\"e-n-accordion-item-25424\" >\n\t\t\t\t\t<span class='e-n-accordion-item-title-header'><div class=\"e-n-accordion-item-title-text\"> 25.IMPACTO DE LA ALIMENTACI\u00d3N EN EL DESARROLLO Y CRECIMIENTO DE LOS NI\u00d1OS Y NI\u00d1AS 2 \u2013 5 A\u00d1OS EN LA COMUNIDAD DE JATUMPUNGO. <\/div><\/span>\n\t\t\t\t\t\t\t<span class='e-n-accordion-item-title-icon'>\n\t\t\t<span class='e-opened' ><svg aria-hidden=\"true\" class=\"e-font-icon-svg e-fas-folder-open\" viewbox=\"0 0 576 512\" xmlns=\"http:\/\/www.w3.org\/2000\/svg\"><path d=\"M572.694 292.093L500.27 416.248A63.997 63.997 0 0 1 444.989 448H45.025c-18.523 0-30.064-20.093-20.731-36.093l72.424-124.155A64 64 0 0 1 152 256h399.964c18.523 0 30.064 20.093 20.73 36.093zM152 224h328v-48c0-26.51-21.49-48-48-48H272l-64-64H48C21.49 64 0 85.49 0 112v278.046l69.077-118.418C86.214 242.25 117.989 224 152 224z\"><\/path><\/svg><\/span>\n\t\t\t<span class='e-closed'><svg aria-hidden=\"true\" class=\"e-font-icon-svg e-fas-folder\" viewbox=\"0 0 512 512\" xmlns=\"http:\/\/www.w3.org\/2000\/svg\"><path d=\"M464 128H272l-64-64H48C21.49 64 0 85.49 0 112v288c0 26.51 21.49 48 48 48h416c26.51 0 48-21.49 48-48V176c0-26.51-21.49-48-48-48z\"><\/path><\/svg><\/span>\n\t\t<\/span>\n\n\t\t\t\t\t\t<\/summary>\n\t\t\t\t<div role=\"region\" aria-labelledby=\"e-n-accordion-item-25424\" class=\"elementor-element elementor-element-85f4dc5 e-con-full e-flex e-con e-child\" data-id=\"85f4dc5\" data-element_type=\"container\" data-e-type=\"container\">\n\t\t\t\t<div class=\"elementor-element elementor-element-ba44186 elementor-widget elementor-widget-text-editor\" data-id=\"ba44186\" data-element_type=\"widget\" data-e-type=\"widget\" data-widget_type=\"text-editor.default\">\n\t\t\t\t<div class=\"elementor-widget-container\">\n\t\t\t\t\t\t\t\t\t<ul><li><strong>OBJETIVO:<\/strong>Realizar un an\u00e1lisis sobre el impacto de la alimentaci\u00f3n en el desarrollo y crecimiento de ni\u00f1os y ni\u00f1as de 2 a 5 a\u00f1os en la comunidad de Jatumpungo, mediante la identificaci\u00f3n de problemas nutricionales y factores asociados que permitan dise\u00f1ar estrategias de intervenci\u00f3n y educaci\u00f3n nutricional para mejorar la salud y el bienestar infantil.<\/li><li><strong>L\u00cdNEA DE INVESTIGACI\u00d3N<\/strong><br \/>Salud y bienestar<\/li><li><strong>PROGRAMA<\/strong><br \/>Salud y bienestar integral<\/li><li><strong>DIRECTOR DEL PROYECTO<\/strong><br \/>Camila Isabel Morocho Lala<\/li><li><strong>INTEGRANTES<\/strong><br \/>Janet Alexandra Almeida Factos, Dewis Esqueila Brice Hern\u00e1ndez, Cristhian Andr\u00e9s S\u00e1nchez Valladolid<\/li><\/ul>\t\t\t\t\t\t\t\t<\/div>\n\t\t\t\t<\/div>\n\t\t\t\t<\/div>\n\t\t\t\t\t<\/details>\n\t\t\t\t\t\t<details id=\"e-n-accordion-item-25425\" class=\"e-n-accordion-item\" >\n\t\t\t\t<summary class=\"e-n-accordion-item-title\" data-accordion-index=\"26\" tabindex=\"-1\" aria-expanded=\"false\" aria-controls=\"e-n-accordion-item-25425\" >\n\t\t\t\t\t<span class='e-n-accordion-item-title-header'><div class=\"e-n-accordion-item-title-text\"> 26.RUMIART IA: NAVEGA EL MUSEO CON VISI\u00d3N INTELIGENTE. <\/div><\/span>\n\t\t\t\t\t\t\t<span class='e-n-accordion-item-title-icon'>\n\t\t\t<span class='e-opened' ><svg aria-hidden=\"true\" class=\"e-font-icon-svg e-fas-folder-open\" viewbox=\"0 0 576 512\" xmlns=\"http:\/\/www.w3.org\/2000\/svg\"><path d=\"M572.694 292.093L500.27 416.248A63.997 63.997 0 0 1 444.989 448H45.025c-18.523 0-30.064-20.093-20.731-36.093l72.424-124.155A64 64 0 0 1 152 256h399.964c18.523 0 30.064 20.093 20.73 36.093zM152 224h328v-48c0-26.51-21.49-48-48-48H272l-64-64H48C21.49 64 0 85.49 0 112v278.046l69.077-118.418C86.214 242.25 117.989 224 152 224z\"><\/path><\/svg><\/span>\n\t\t\t<span class='e-closed'><svg aria-hidden=\"true\" class=\"e-font-icon-svg e-fas-folder\" viewbox=\"0 0 512 512\" xmlns=\"http:\/\/www.w3.org\/2000\/svg\"><path d=\"M464 128H272l-64-64H48C21.49 64 0 85.49 0 112v288c0 26.51 21.49 48 48 48h416c26.51 0 48-21.49 48-48V176c0-26.51-21.49-48-48-48z\"><\/path><\/svg><\/span>\n\t\t<\/span>\n\n\t\t\t\t\t\t<\/summary>\n\t\t\t\t<div role=\"region\" aria-labelledby=\"e-n-accordion-item-25425\" class=\"elementor-element elementor-element-0fea9e6 e-con-full e-flex e-con e-child\" data-id=\"0fea9e6\" data-element_type=\"container\" data-e-type=\"container\">\n\t\t\t\t<div class=\"elementor-element elementor-element-3c2d811 elementor-widget elementor-widget-text-editor\" data-id=\"3c2d811\" data-element_type=\"widget\" data-e-type=\"widget\" data-widget_type=\"text-editor.default\">\n\t\t\t\t<div class=\"elementor-widget-container\">\n\t\t\t\t\t\t\t\t\t<ul><li><strong>OBJETIVO:<\/strong>Implementar una aplicaci\u00f3n m\u00f3vil interactiva que utiliza t\u00e9cnicas de reconocimiento de im\u00e1genes y modelos entrenados para identificar y proporcionar informaci\u00f3n detallada sobre obras de arte del Museo y Centro Cultural de Rumi\u00f1ahui, promoviendo que a los usuarios que la visiten una experiencia educativa e inmersiva.<\/li><li><strong>L\u00cdNEA DE INVESTIGACI\u00d3N<\/strong><br \/>Tecnolog\u00edas de la informaci\u00f3n y comunicaci\u00f3n<\/li><li><strong>PROGRAMA<\/strong><br \/>Desarrollo e innovaci\u00f3n tecnol\u00f3gica para la industria y sociedad<\/li><li><strong>DIRECTOR DEL PROYECTO<\/strong><br \/>Pablo David Minango Negrete<\/li><li><strong>INTEGRANTES<\/strong><br \/>Oscar Marcelo Zambrano Vizuete, Carlos Jostin Le\u00f3n Galeas<\/li><\/ul>\t\t\t\t\t\t\t\t<\/div>\n\t\t\t\t<\/div>\n\t\t\t\t<\/div>\n\t\t\t\t\t<\/details>\n\t\t\t\t\t\t<details id=\"e-n-accordion-item-25426\" class=\"e-n-accordion-item\" >\n\t\t\t\t<summary class=\"e-n-accordion-item-title\" data-accordion-index=\"27\" tabindex=\"-1\" aria-expanded=\"false\" aria-controls=\"e-n-accordion-item-25426\" >\n\t\t\t\t\t<span class='e-n-accordion-item-title-header'><div class=\"e-n-accordion-item-title-text\"> 27.COMUNICACI\u00d3N DE DATOS POR L\u00cdNEAS EL\u00c9CTRICAS. CASO DE ESTUDIO: AN\u00c1LISIS PR\u00c1CTICO DE LA TECNOLOG\u00cdA POWER LINE COMMUNICATIONS <\/div><\/span>\n\t\t\t\t\t\t\t<span class='e-n-accordion-item-title-icon'>\n\t\t\t<span class='e-opened' ><svg aria-hidden=\"true\" class=\"e-font-icon-svg e-fas-folder-open\" viewbox=\"0 0 576 512\" xmlns=\"http:\/\/www.w3.org\/2000\/svg\"><path d=\"M572.694 292.093L500.27 416.248A63.997 63.997 0 0 1 444.989 448H45.025c-18.523 0-30.064-20.093-20.731-36.093l72.424-124.155A64 64 0 0 1 152 256h399.964c18.523 0 30.064 20.093 20.73 36.093zM152 224h328v-48c0-26.51-21.49-48-48-48H272l-64-64H48C21.49 64 0 85.49 0 112v278.046l69.077-118.418C86.214 242.25 117.989 224 152 224z\"><\/path><\/svg><\/span>\n\t\t\t<span class='e-closed'><svg aria-hidden=\"true\" class=\"e-font-icon-svg e-fas-folder\" viewbox=\"0 0 512 512\" xmlns=\"http:\/\/www.w3.org\/2000\/svg\"><path d=\"M464 128H272l-64-64H48C21.49 64 0 85.49 0 112v288c0 26.51 21.49 48 48 48h416c26.51 0 48-21.49 48-48V176c0-26.51-21.49-48-48-48z\"><\/path><\/svg><\/span>\n\t\t<\/span>\n\n\t\t\t\t\t\t<\/summary>\n\t\t\t\t<div role=\"region\" aria-labelledby=\"e-n-accordion-item-25426\" class=\"elementor-element elementor-element-beae891 e-con-full e-flex e-con e-child\" data-id=\"beae891\" data-element_type=\"container\" data-e-type=\"container\">\n\t\t\t\t<div class=\"elementor-element elementor-element-7ae093f elementor-widget elementor-widget-text-editor\" data-id=\"7ae093f\" data-element_type=\"widget\" data-e-type=\"widget\" data-widget_type=\"text-editor.default\">\n\t\t\t\t<div class=\"elementor-widget-container\">\n\t\t\t\t\t\t\t\t\t<ul><li><strong>OBJETIVO:<\/strong>Evaluar el impacto de la distancia, la carga el\u00e9ctrica y la interferencia electromagn\u00e9tica en la calidad de la transmisi\u00f3n de datos mediante tecnolog\u00eda Power Line Communications (PLC), con el prop\u00f3sito de identificar limitaciones t\u00e9cnicas, comparar su desempe\u00f1o con otras tecnolog\u00edas como extensores WiFi y proponer estrategias para optimizar su implementaci\u00f3n en diversos escenarios.<\/li><li><strong>L\u00cdNEA DE INVESTIGACI\u00d3N<\/strong><br \/>Tecnolog\u00eda e industria<\/li><li><strong>PROGRAMA<\/strong><br \/>Desarrollo e innovaci\u00f3n tecnol\u00f3gica para la industria y sociedad<\/li><li><strong>DIRECTOR DEL PROYECTO<\/strong><br \/>Santiago Rogelio P\u00e9rez Mora<\/li><li><strong>INTEGRANTES<\/strong><br \/>Flavio Andr\u00e9s Barbosa Jaramillo, Paola Alexandra Portero Donoso<\/li><\/ul>\t\t\t\t\t\t\t\t<\/div>\n\t\t\t\t<\/div>\n\t\t\t\t<\/div>\n\t\t\t\t\t<\/details>\n\t\t\t\t\t\t<details id=\"e-n-accordion-item-25427\" class=\"e-n-accordion-item\" >\n\t\t\t\t<summary class=\"e-n-accordion-item-title\" data-accordion-index=\"28\" tabindex=\"-1\" aria-expanded=\"false\" aria-controls=\"e-n-accordion-item-25427\" >\n\t\t\t\t\t<span class='e-n-accordion-item-title-header'><div class=\"e-n-accordion-item-title-text\"> 28.DISE\u00d1O DE UN MODELO DE SOSTENIBILIDAD AMBIENTAL A PARTIR DE LAS CARRERAS QUE INTEGRAN EL PROGRAMA DE GESTI\u00d3N ECON\u00d3MICA, PRODUCTIVA Y SOSTENIBLE DENTRO DE LA L\u00cdNEA OPERATIVA DE DESARROLLO EMPRESARIAL <\/div><\/span>\n\t\t\t\t\t\t\t<span class='e-n-accordion-item-title-icon'>\n\t\t\t<span class='e-opened' ><svg aria-hidden=\"true\" class=\"e-font-icon-svg e-fas-folder-open\" viewbox=\"0 0 576 512\" xmlns=\"http:\/\/www.w3.org\/2000\/svg\"><path d=\"M572.694 292.093L500.27 416.248A63.997 63.997 0 0 1 444.989 448H45.025c-18.523 0-30.064-20.093-20.731-36.093l72.424-124.155A64 64 0 0 1 152 256h399.964c18.523 0 30.064 20.093 20.73 36.093zM152 224h328v-48c0-26.51-21.49-48-48-48H272l-64-64H48C21.49 64 0 85.49 0 112v278.046l69.077-118.418C86.214 242.25 117.989 224 152 224z\"><\/path><\/svg><\/span>\n\t\t\t<span class='e-closed'><svg aria-hidden=\"true\" class=\"e-font-icon-svg e-fas-folder\" viewbox=\"0 0 512 512\" xmlns=\"http:\/\/www.w3.org\/2000\/svg\"><path d=\"M464 128H272l-64-64H48C21.49 64 0 85.49 0 112v288c0 26.51 21.49 48 48 48h416c26.51 0 48-21.49 48-48V176c0-26.51-21.49-48-48-48z\"><\/path><\/svg><\/span>\n\t\t<\/span>\n\n\t\t\t\t\t\t<\/summary>\n\t\t\t\t<div role=\"region\" aria-labelledby=\"e-n-accordion-item-25427\" class=\"elementor-element elementor-element-69ec8b5 e-con-full e-flex e-con e-child\" data-id=\"69ec8b5\" data-element_type=\"container\" data-e-type=\"container\">\n\t\t\t\t<div class=\"elementor-element elementor-element-4c99e4b elementor-widget elementor-widget-text-editor\" data-id=\"4c99e4b\" data-element_type=\"widget\" data-e-type=\"widget\" data-widget_type=\"text-editor.default\">\n\t\t\t\t<div class=\"elementor-widget-container\">\n\t\t\t\t\t\t\t\t\t<ul><li><strong>OBJETIVO:<\/strong>Dise\u00f1ar un modelo de sostenibilidad ambiental aplicable al programa de Gesti\u00f3n Econ\u00f3mica, Productiva y Sostenible, que promueva la integraci\u00f3n de principios sostenibles en la formaci\u00f3n acad\u00e9mica, los proyectos productivos y la vinculaci\u00f3n con el sector empresarial, contribuyendo al fortalecimiento de la educaci\u00f3n t\u00e9cnica y tecnol\u00f3gica con un enfoque de desarrollo empresarial sostenible.<\/li><li><strong>L\u00cdNEA DE INVESTIGACI\u00d3N<\/strong><br \/>Administraci\u00f3n, econom\u00eda y servicios<\/li><li><strong>PROGRAMA<\/strong><br \/>Administraci\u00f3n, econom\u00eda y servicios para los sectores p\u00fablico y\/o privado<\/li><li><strong>DIRECTOR DEL PROYECTO<\/strong><br \/>Jorge Andr\u00e9s Chiriboga Maldonado<\/li><li><strong>INTEGRANTES<\/strong><br \/>Paulina Renata Arellano Garc\u00e9s, Evelyn Estefan\u00eda Mora Carri\u00f3n, Willian Xavier Calder\u00f3n Suarez<\/li><\/ul>\t\t\t\t\t\t\t\t<\/div>\n\t\t\t\t<\/div>\n\t\t\t\t<\/div>\n\t\t\t\t\t<\/details>\n\t\t\t\t\t<\/div>\n\t\t\t\t\t\t<\/div>\n\t\t\t\t<\/div>\n\t\t\t\t<\/div>\n\t\t<div id=\"e-n-tab-content-2472283362\" role=\"tabpanel\" aria-labelledby=\"e-n-tab-title-2472283362\" data-tab-index=\"2\" style=\"--n-tabs-title-order: 2;\" class=\"elementor-element elementor-element-9098ea3 e-con-full e-flex e-con e-child\" data-id=\"9098ea3\" data-element_type=\"container\" data-e-type=\"container\">\n\t\t\t\t<div class=\"elementor-element elementor-element-310791e elementor-widget elementor-widget-n-accordion\" data-id=\"310791e\" data-element_type=\"widget\" data-e-type=\"widget\" data-settings=\"{&quot;default_state&quot;:&quot;all_collapsed&quot;,&quot;max_items_expended&quot;:&quot;one&quot;,&quot;n_accordion_animation_duration&quot;:{&quot;unit&quot;:&quot;ms&quot;,&quot;size&quot;:400,&quot;sizes&quot;:[]}}\" data-widget_type=\"nested-accordion.default\">\n\t\t\t\t<div class=\"elementor-widget-container\">\n\t\t\t\t\t\t\t<div class=\"e-n-accordion\" aria-label=\"Accordion. Open links with Enter or Space, close with Escape, and navigate with Arrow Keys\">\n\t\t\t\t\t\t<details id=\"e-n-accordion-item-5140\" class=\"e-n-accordion-item\" >\n\t\t\t\t<summary class=\"e-n-accordion-item-title\" data-accordion-index=\"1\" tabindex=\"0\" aria-expanded=\"false\" aria-controls=\"e-n-accordion-item-5140\" >\n\t\t\t\t\t<span class='e-n-accordion-item-title-header'><div class=\"e-n-accordion-item-title-text\"> 1.DISE\u00d1O Y APLICACI\u00d3N DE UNA MATRIZ DE ESTRATEGIAS PARA FOMENTAR UNA CULTURA DE INNOVACI\u00d3N EN LOS CENTROS DE PRODUCCI\u00d3N DE BIENES Y SERVICIOS L (CEPROBYS) <\/div><\/span>\n\t\t\t\t\t\t\t<span class='e-n-accordion-item-title-icon'>\n\t\t\t<span class='e-opened' ><svg aria-hidden=\"true\" class=\"e-font-icon-svg e-fas-folder-open\" viewbox=\"0 0 576 512\" xmlns=\"http:\/\/www.w3.org\/2000\/svg\"><path d=\"M572.694 292.093L500.27 416.248A63.997 63.997 0 0 1 444.989 448H45.025c-18.523 0-30.064-20.093-20.731-36.093l72.424-124.155A64 64 0 0 1 152 256h399.964c18.523 0 30.064 20.093 20.73 36.093zM152 224h328v-48c0-26.51-21.49-48-48-48H272l-64-64H48C21.49 64 0 85.49 0 112v278.046l69.077-118.418C86.214 242.25 117.989 224 152 224z\"><\/path><\/svg><\/span>\n\t\t\t<span class='e-closed'><svg aria-hidden=\"true\" class=\"e-font-icon-svg e-fas-folder\" viewbox=\"0 0 512 512\" xmlns=\"http:\/\/www.w3.org\/2000\/svg\"><path d=\"M464 128H272l-64-64H48C21.49 64 0 85.49 0 112v288c0 26.51 21.49 48 48 48h416c26.51 0 48-21.49 48-48V176c0-26.51-21.49-48-48-48z\"><\/path><\/svg><\/span>\n\t\t<\/span>\n\n\t\t\t\t\t\t<\/summary>\n\t\t\t\t<div role=\"region\" aria-labelledby=\"e-n-accordion-item-5140\" class=\"elementor-element elementor-element-5e8b9df e-con-full e-flex e-con e-child\" data-id=\"5e8b9df\" data-element_type=\"container\" data-e-type=\"container\">\n\t\t\t\t<div class=\"elementor-element elementor-element-c23eab5 elementor-widget elementor-widget-text-editor\" data-id=\"c23eab5\" data-element_type=\"widget\" data-e-type=\"widget\" data-widget_type=\"text-editor.default\">\n\t\t\t\t<div class=\"elementor-widget-container\">\n\t\t\t\t\t\t\t\t\t<ul><li><strong>OBJETIVO:\u00a0<\/strong>Dise\u00f1ar un conjunto integral de estrategias, identificar herramientas y documentar mejores pr\u00e1cticas para optimizar el proceso de innovaci\u00f3n y gesti\u00f3n en los Centros de Producci\u00f3n de Bienes y Servicios (CEPROBYS) dentro del Universitario Rumi\u00f1ahui para socializar los indicadores.<\/li><li><strong>L\u00cdNEA DE INVESTIGACI\u00d3N<\/strong><br \/>Administraci\u00f3n econom\u00eda y servicios<\/li><li><strong>PROGRAMA<\/strong><br \/>Administraci\u00f3n, servicios econom\u00eda y para los sectores p\u00fablico y\/o privado<\/li><li><strong>DIRECTOR DEL PROYECTO<\/strong><br \/>William Xavier Calder\u00f3n Su\u00e1rez<\/li><li><strong>INTEGRANTES<\/strong><br \/>Paulina Renata Arellano Garc\u00e9s, Jorge Andr\u00e9s Chiriboga Maldonado<\/li><\/ul>\t\t\t\t\t\t\t\t<\/div>\n\t\t\t\t<\/div>\n\t\t\t\t<\/div>\n\t\t\t\t\t<\/details>\n\t\t\t\t\t\t<details id=\"e-n-accordion-item-5141\" class=\"e-n-accordion-item\" >\n\t\t\t\t<summary class=\"e-n-accordion-item-title\" data-accordion-index=\"2\" tabindex=\"-1\" aria-expanded=\"false\" aria-controls=\"e-n-accordion-item-5141\" >\n\t\t\t\t\t<span class='e-n-accordion-item-title-header'><div class=\"e-n-accordion-item-title-text\"> 2. CONFORMACI\u00d3N DE UNA BRIGADA COMUNITARIA DE ADULTOS MAYORES PARA LA PREPARACI\u00d3N Y RESPUESTA ANTE EVENTOS VOLC\u00c1NICOS <\/div><\/span>\n\t\t\t\t\t\t\t<span class='e-n-accordion-item-title-icon'>\n\t\t\t<span class='e-opened' ><svg aria-hidden=\"true\" class=\"e-font-icon-svg e-fas-folder-open\" viewbox=\"0 0 576 512\" xmlns=\"http:\/\/www.w3.org\/2000\/svg\"><path d=\"M572.694 292.093L500.27 416.248A63.997 63.997 0 0 1 444.989 448H45.025c-18.523 0-30.064-20.093-20.731-36.093l72.424-124.155A64 64 0 0 1 152 256h399.964c18.523 0 30.064 20.093 20.73 36.093zM152 224h328v-48c0-26.51-21.49-48-48-48H272l-64-64H48C21.49 64 0 85.49 0 112v278.046l69.077-118.418C86.214 242.25 117.989 224 152 224z\"><\/path><\/svg><\/span>\n\t\t\t<span class='e-closed'><svg aria-hidden=\"true\" class=\"e-font-icon-svg e-fas-folder\" viewbox=\"0 0 512 512\" xmlns=\"http:\/\/www.w3.org\/2000\/svg\"><path d=\"M464 128H272l-64-64H48C21.49 64 0 85.49 0 112v288c0 26.51 21.49 48 48 48h416c26.51 0 48-21.49 48-48V176c0-26.51-21.49-48-48-48z\"><\/path><\/svg><\/span>\n\t\t<\/span>\n\n\t\t\t\t\t\t<\/summary>\n\t\t\t\t<div role=\"region\" aria-labelledby=\"e-n-accordion-item-5141\" class=\"elementor-element elementor-element-9b3c380 e-con-full e-flex e-con e-child\" data-id=\"9b3c380\" data-element_type=\"container\" data-e-type=\"container\">\n\t\t\t\t<div class=\"elementor-element elementor-element-7012545 elementor-widget elementor-widget-text-editor\" data-id=\"7012545\" data-element_type=\"widget\" data-e-type=\"widget\" data-widget_type=\"text-editor.default\">\n\t\t\t\t<div class=\"elementor-widget-container\">\n\t\t\t\t\t\t\t\t\t<ul><li><strong>OBJETIVO:\u00a0<\/strong>Desarrollar y capacitar una brigada comunitaria de adultos mayores en una comunidad cercana al volc\u00e1n Cotopaxi para mejorar la preparaci\u00f3n y respuesta ante eventos volc\u00e1nicos.<\/li><li><strong>L\u00cdNEA DE INVESTIGACI\u00d3N<\/strong><br \/>Salud y bienestar<\/li><li><strong>PROGRAMA<\/strong><br \/>Salud y bienestar integral<\/li><li><strong>DIRECTOR DEL PROYECTO<\/strong><br \/>Dewis Esqueila Brice Hern\u00e1ndez<\/li><li><strong>INTEGRANTES<\/strong><br \/>Josselin Vanesssa Montenegro Fuel, Camila Isabel Morocho Lala, Cristhian Andr\u00e9s S\u00e1nchez Valladolid<\/li><\/ul>\t\t\t\t\t\t\t\t<\/div>\n\t\t\t\t<\/div>\n\t\t\t\t<\/div>\n\t\t\t\t\t<\/details>\n\t\t\t\t\t\t<details id=\"e-n-accordion-item-5142\" class=\"e-n-accordion-item\" >\n\t\t\t\t<summary class=\"e-n-accordion-item-title\" data-accordion-index=\"3\" tabindex=\"-1\" aria-expanded=\"false\" aria-controls=\"e-n-accordion-item-5142\" >\n\t\t\t\t\t<span class='e-n-accordion-item-title-header'><div class=\"e-n-accordion-item-title-text\"> 3.GESTOR PERSONAL DE CONTRASE\u00d1AS PARA LA COMUNIDAD DEL INSTITUTO UNIVERSITARIO RUMI\u00d1AHUI <\/div><\/span>\n\t\t\t\t\t\t\t<span class='e-n-accordion-item-title-icon'>\n\t\t\t<span class='e-opened' ><svg aria-hidden=\"true\" class=\"e-font-icon-svg e-fas-folder-open\" viewbox=\"0 0 576 512\" xmlns=\"http:\/\/www.w3.org\/2000\/svg\"><path d=\"M572.694 292.093L500.27 416.248A63.997 63.997 0 0 1 444.989 448H45.025c-18.523 0-30.064-20.093-20.731-36.093l72.424-124.155A64 64 0 0 1 152 256h399.964c18.523 0 30.064 20.093 20.73 36.093zM152 224h328v-48c0-26.51-21.49-48-48-48H272l-64-64H48C21.49 64 0 85.49 0 112v278.046l69.077-118.418C86.214 242.25 117.989 224 152 224z\"><\/path><\/svg><\/span>\n\t\t\t<span class='e-closed'><svg aria-hidden=\"true\" class=\"e-font-icon-svg e-fas-folder\" viewbox=\"0 0 512 512\" xmlns=\"http:\/\/www.w3.org\/2000\/svg\"><path d=\"M464 128H272l-64-64H48C21.49 64 0 85.49 0 112v288c0 26.51 21.49 48 48 48h416c26.51 0 48-21.49 48-48V176c0-26.51-21.49-48-48-48z\"><\/path><\/svg><\/span>\n\t\t<\/span>\n\n\t\t\t\t\t\t<\/summary>\n\t\t\t\t<div role=\"region\" aria-labelledby=\"e-n-accordion-item-5142\" class=\"elementor-element elementor-element-32a14db e-con-full e-flex e-con e-child\" data-id=\"32a14db\" data-element_type=\"container\" data-e-type=\"container\">\n\t\t\t\t<div class=\"elementor-element elementor-element-a09803c elementor-widget elementor-widget-text-editor\" data-id=\"a09803c\" data-element_type=\"widget\" data-e-type=\"widget\" data-widget_type=\"text-editor.default\">\n\t\t\t\t<div class=\"elementor-widget-container\">\n\t\t\t\t\t\t\t\t\t<ul><li><strong>OBJETIVO:\u00a0<\/strong>Desarrollar una aplicaci\u00f3n de escritorio con interfaz gr\u00e1fica que permita a los usuarios del Instituto Universitario Rumi\u00f1ahui gestionar de manera segura sus contrase\u00f1as privadas, generar contrase\u00f1as robustas y acceder a sus credenciales mediante una contrase\u00f1a maestra, contribuyendo as\u00ed a fortalecer la seguridad de los datos y mejorar la experiencia del usuario en el manejo de contrase\u00f1as.<\/li><li><strong>L\u00cdNEA DE INVESTIGACI\u00d3N<\/strong><br \/>Tecnolog\u00edas de informaci\u00f3n y comunicaciones<\/li><li><strong>PROGRAMA<\/strong><br \/>Desarrollo e innovaci\u00f3n tecnol\u00f3gica para la industria y la sociedad<\/li><li><strong>DIRECTOR DEL PROYECTO<\/strong><br \/>Carlos Jostin Le\u00f3n Galeas<\/li><li><strong>INTEGRANTES<\/strong><br \/>Jorge Esteban P\u00e9rez Chimborazo<\/li><\/ul>\t\t\t\t\t\t\t\t<\/div>\n\t\t\t\t<\/div>\n\t\t\t\t<\/div>\n\t\t\t\t\t<\/details>\n\t\t\t\t\t\t<details id=\"e-n-accordion-item-5143\" class=\"e-n-accordion-item\" >\n\t\t\t\t<summary class=\"e-n-accordion-item-title\" data-accordion-index=\"4\" tabindex=\"-1\" aria-expanded=\"false\" aria-controls=\"e-n-accordion-item-5143\" >\n\t\t\t\t\t<span class='e-n-accordion-item-title-header'><div class=\"e-n-accordion-item-title-text\"> 4.AN\u00c1LISIS Y OPTIMIZACI\u00d3N DEL RENDIMIENTO DEL SISTEMA AUTOMATIZADO PARA EL CONTROL CONCURRENTE DE NUTRIENTES EN SISTEMAS HIDROP\u00d3NICOS MEDIANTE EL USO DE L\u00d3GICA DIFUSA E INTELIGENCIA ARTIFICIAL <\/div><\/span>\n\t\t\t\t\t\t\t<span class='e-n-accordion-item-title-icon'>\n\t\t\t<span class='e-opened' ><svg aria-hidden=\"true\" class=\"e-font-icon-svg e-fas-folder-open\" viewbox=\"0 0 576 512\" xmlns=\"http:\/\/www.w3.org\/2000\/svg\"><path d=\"M572.694 292.093L500.27 416.248A63.997 63.997 0 0 1 444.989 448H45.025c-18.523 0-30.064-20.093-20.731-36.093l72.424-124.155A64 64 0 0 1 152 256h399.964c18.523 0 30.064 20.093 20.73 36.093zM152 224h328v-48c0-26.51-21.49-48-48-48H272l-64-64H48C21.49 64 0 85.49 0 112v278.046l69.077-118.418C86.214 242.25 117.989 224 152 224z\"><\/path><\/svg><\/span>\n\t\t\t<span class='e-closed'><svg aria-hidden=\"true\" class=\"e-font-icon-svg e-fas-folder\" viewbox=\"0 0 512 512\" xmlns=\"http:\/\/www.w3.org\/2000\/svg\"><path d=\"M464 128H272l-64-64H48C21.49 64 0 85.49 0 112v288c0 26.51 21.49 48 48 48h416c26.51 0 48-21.49 48-48V176c0-26.51-21.49-48-48-48z\"><\/path><\/svg><\/span>\n\t\t<\/span>\n\n\t\t\t\t\t\t<\/summary>\n\t\t\t\t<div role=\"region\" aria-labelledby=\"e-n-accordion-item-5143\" class=\"elementor-element elementor-element-f89978d e-con-full e-flex e-con e-child\" data-id=\"f89978d\" data-element_type=\"container\" data-e-type=\"container\">\n\t\t\t\t<div class=\"elementor-element elementor-element-c288b73 elementor-widget elementor-widget-text-editor\" data-id=\"c288b73\" data-element_type=\"widget\" data-e-type=\"widget\" data-widget_type=\"text-editor.default\">\n\t\t\t\t<div class=\"elementor-widget-container\">\n\t\t\t\t\t\t\t\t\t<ul><li><strong>OBJETIVO:\u00a0<\/strong>Implementar un sistema automatizado basado en l\u00f3gica difusa e inteligencia artificial para el control concurrente de nutrientes en sistemas hidrop\u00f3nicos, con el prop\u00f3sito de optimizar la gesti\u00f3n de recursos y mejorar la eficiencia productiva en la agricultura de precisi\u00f3n.<\/li><li><strong>L\u00cdNEA DE INVESTIGACI\u00d3N<\/strong><br \/>Tecnolog\u00eda e industria<\/li><li><strong>PROGRAMA<\/strong><br \/>Desarrollo e innovaci\u00f3n tecnol\u00f3gica para la industria y la sociedad<\/li><li><strong>DIRECTOR DEL PROYECTO<\/strong><br \/>Pablo C\u00e9sar Catota Ocapana<\/li><li><strong>INTEGRANTES<\/strong><br \/>Vicente Pa\u00fal Astudillo Cortez, Diego Fernando Pichoasam\u00edn Morales, C\u00e9sar Andr\u00e9s Minaya Andino<\/li><\/ul>\t\t\t\t\t\t\t\t<\/div>\n\t\t\t\t<\/div>\n\t\t\t\t<\/div>\n\t\t\t\t\t<\/details>\n\t\t\t\t\t\t<details id=\"e-n-accordion-item-5144\" class=\"e-n-accordion-item\" >\n\t\t\t\t<summary class=\"e-n-accordion-item-title\" data-accordion-index=\"5\" tabindex=\"-1\" aria-expanded=\"false\" aria-controls=\"e-n-accordion-item-5144\" >\n\t\t\t\t\t<span class='e-n-accordion-item-title-header'><div class=\"e-n-accordion-item-title-text\"> 5.\tIMPLEMENTACI\u00d3N DE MATERIAL DID\u00c1CTICO PARA NI\u00d1OS DE 1 A 3 A\u00d1OS DEL CENTRO DE DESARROLLO INFANTIL \u201cKAWSAY MUYUKUNA\u201d <\/div><\/span>\n\t\t\t\t\t\t\t<span class='e-n-accordion-item-title-icon'>\n\t\t\t<span class='e-opened' ><svg aria-hidden=\"true\" class=\"e-font-icon-svg e-fas-folder-open\" viewbox=\"0 0 576 512\" xmlns=\"http:\/\/www.w3.org\/2000\/svg\"><path d=\"M572.694 292.093L500.27 416.248A63.997 63.997 0 0 1 444.989 448H45.025c-18.523 0-30.064-20.093-20.731-36.093l72.424-124.155A64 64 0 0 1 152 256h399.964c18.523 0 30.064 20.093 20.73 36.093zM152 224h328v-48c0-26.51-21.49-48-48-48H272l-64-64H48C21.49 64 0 85.49 0 112v278.046l69.077-118.418C86.214 242.25 117.989 224 152 224z\"><\/path><\/svg><\/span>\n\t\t\t<span class='e-closed'><svg aria-hidden=\"true\" class=\"e-font-icon-svg e-fas-folder\" viewbox=\"0 0 512 512\" xmlns=\"http:\/\/www.w3.org\/2000\/svg\"><path d=\"M464 128H272l-64-64H48C21.49 64 0 85.49 0 112v288c0 26.51 21.49 48 48 48h416c26.51 0 48-21.49 48-48V176c0-26.51-21.49-48-48-48z\"><\/path><\/svg><\/span>\n\t\t<\/span>\n\n\t\t\t\t\t\t<\/summary>\n\t\t\t\t<div role=\"region\" aria-labelledby=\"e-n-accordion-item-5144\" class=\"elementor-element elementor-element-e051adb e-con-full e-flex e-con e-child\" data-id=\"e051adb\" data-element_type=\"container\" data-e-type=\"container\">\n\t\t\t\t<div class=\"elementor-element elementor-element-5f5f7e7 elementor-widget elementor-widget-text-editor\" data-id=\"5f5f7e7\" data-element_type=\"widget\" data-e-type=\"widget\" data-widget_type=\"text-editor.default\">\n\t\t\t\t<div class=\"elementor-widget-container\">\n\t\t\t\t\t\t\t\t\t<ul><li><strong>OBJETIVO:<\/strong>Promover un ambiente educativo din\u00e1mico y enriquecedor que facilite el desarrollo integral de los ni\u00f1os y ni\u00f1as, as\u00ed como el fortalecimiento de su identidad cultural, a trav\u00e9s de la utilizaci\u00f3n efectiva de materiales did\u00e1cticos adaptados a sus necesidades y contextos espec\u00edficos.<\/li><li><strong>L\u00cdNEA DE INVESTIGACI\u00d3N<\/strong><br \/>Administraci\u00f3n, econom\u00eda y servicios<\/li><li><strong>PROGRAMA<\/strong><br \/>Educaci\u00f3n, filosof\u00eda y artes para el desarrollo social y cultural<\/li><li><strong>DIRECTOR DEL PROYECTO<\/strong><br \/>Marjory Ivonne Cortez Ram\u00edrez<\/li><li><strong>INTEGRANTES<\/strong><br \/>Rosa Elizabeth Castro Riera, Jonathan Marcelo Vinueza Su\u00e1rez<\/li><\/ul>\t\t\t\t\t\t\t\t<\/div>\n\t\t\t\t<\/div>\n\t\t\t\t<\/div>\n\t\t\t\t\t<\/details>\n\t\t\t\t\t\t<details id=\"e-n-accordion-item-5145\" class=\"e-n-accordion-item\" >\n\t\t\t\t<summary class=\"e-n-accordion-item-title\" data-accordion-index=\"6\" tabindex=\"-1\" aria-expanded=\"false\" aria-controls=\"e-n-accordion-item-5145\" >\n\t\t\t\t\t<span class='e-n-accordion-item-title-header'><div class=\"e-n-accordion-item-title-text\"> 6.MODELO DE GESTI\u00d3N PARA LOS CENTROS DE PRODUCCI\u00d3N DE BIENES Y SERVICIOS EN LOS INSTITUTOS SUPERIORES T\u00c9CNICOS Y TECNOL\u00d3GICOS DEL ECUADOR <\/div><\/span>\n\t\t\t\t\t\t\t<span class='e-n-accordion-item-title-icon'>\n\t\t\t<span class='e-opened' ><svg aria-hidden=\"true\" class=\"e-font-icon-svg e-fas-folder-open\" viewbox=\"0 0 576 512\" xmlns=\"http:\/\/www.w3.org\/2000\/svg\"><path d=\"M572.694 292.093L500.27 416.248A63.997 63.997 0 0 1 444.989 448H45.025c-18.523 0-30.064-20.093-20.731-36.093l72.424-124.155A64 64 0 0 1 152 256h399.964c18.523 0 30.064 20.093 20.73 36.093zM152 224h328v-48c0-26.51-21.49-48-48-48H272l-64-64H48C21.49 64 0 85.49 0 112v278.046l69.077-118.418C86.214 242.25 117.989 224 152 224z\"><\/path><\/svg><\/span>\n\t\t\t<span class='e-closed'><svg aria-hidden=\"true\" class=\"e-font-icon-svg e-fas-folder\" viewbox=\"0 0 512 512\" xmlns=\"http:\/\/www.w3.org\/2000\/svg\"><path d=\"M464 128H272l-64-64H48C21.49 64 0 85.49 0 112v288c0 26.51 21.49 48 48 48h416c26.51 0 48-21.49 48-48V176c0-26.51-21.49-48-48-48z\"><\/path><\/svg><\/span>\n\t\t<\/span>\n\n\t\t\t\t\t\t<\/summary>\n\t\t\t\t<div role=\"region\" aria-labelledby=\"e-n-accordion-item-5145\" class=\"elementor-element elementor-element-1235079 e-con-full e-flex e-con e-child\" data-id=\"1235079\" data-element_type=\"container\" data-e-type=\"container\">\n\t\t\t\t<div class=\"elementor-element elementor-element-fa2f2f6 elementor-widget elementor-widget-text-editor\" data-id=\"fa2f2f6\" data-element_type=\"widget\" data-e-type=\"widget\" data-widget_type=\"text-editor.default\">\n\t\t\t\t<div class=\"elementor-widget-container\">\n\t\t\t\t\t\t\t\t\t<ul><li><strong>OBJETIVO:<\/strong>Crear un modelo de gesti\u00f3n administrativa para los centros de producci\u00f3n de bienes y servicios articulado a las tres funciones sustantivas.<\/li><li><strong>L\u00cdNEA DE INVESTIGACI\u00d3N<\/strong><br \/>Administraci\u00f3n, econom\u00eda y servicios<\/li><li><strong>PROGRAMA<\/strong><br \/>Administraci\u00f3n, servicios econom\u00eda y para los sectores p\u00fablico y\/o privado<\/li><li><strong>DIRECTOR DEL PROYECTO<\/strong><br \/>Willman Leonel Bravo Espinoza<\/li><li><strong>INTEGRANTES<\/strong><br \/>Jenny Elizabeth Guerra Almeida, Pa\u00fal Armando Rodr\u00edguez Mu\u00f1oz<\/li><\/ul>\t\t\t\t\t\t\t\t<\/div>\n\t\t\t\t<\/div>\n\t\t\t\t<\/div>\n\t\t\t\t\t<\/details>\n\t\t\t\t\t\t<details id=\"e-n-accordion-item-5146\" class=\"e-n-accordion-item\" >\n\t\t\t\t<summary class=\"e-n-accordion-item-title\" data-accordion-index=\"7\" tabindex=\"-1\" aria-expanded=\"false\" aria-controls=\"e-n-accordion-item-5146\" >\n\t\t\t\t\t<span class='e-n-accordion-item-title-header'><div class=\"e-n-accordion-item-title-text\"> 7.ORIENTACI\u00d3N EDUCATIVA A LAS FAMILIAS PARA LA PREVENCI\u00d3N DEL MALTRATO INFANTIL <\/div><\/span>\n\t\t\t\t\t\t\t<span class='e-n-accordion-item-title-icon'>\n\t\t\t<span class='e-opened' ><svg aria-hidden=\"true\" class=\"e-font-icon-svg e-fas-folder-open\" viewbox=\"0 0 576 512\" xmlns=\"http:\/\/www.w3.org\/2000\/svg\"><path d=\"M572.694 292.093L500.27 416.248A63.997 63.997 0 0 1 444.989 448H45.025c-18.523 0-30.064-20.093-20.731-36.093l72.424-124.155A64 64 0 0 1 152 256h399.964c18.523 0 30.064 20.093 20.73 36.093zM152 224h328v-48c0-26.51-21.49-48-48-48H272l-64-64H48C21.49 64 0 85.49 0 112v278.046l69.077-118.418C86.214 242.25 117.989 224 152 224z\"><\/path><\/svg><\/span>\n\t\t\t<span class='e-closed'><svg aria-hidden=\"true\" class=\"e-font-icon-svg e-fas-folder\" viewbox=\"0 0 512 512\" xmlns=\"http:\/\/www.w3.org\/2000\/svg\"><path d=\"M464 128H272l-64-64H48C21.49 64 0 85.49 0 112v288c0 26.51 21.49 48 48 48h416c26.51 0 48-21.49 48-48V176c0-26.51-21.49-48-48-48z\"><\/path><\/svg><\/span>\n\t\t<\/span>\n\n\t\t\t\t\t\t<\/summary>\n\t\t\t\t<div role=\"region\" aria-labelledby=\"e-n-accordion-item-5146\" class=\"elementor-element elementor-element-a56b729 e-con-full e-flex e-con e-child\" data-id=\"a56b729\" data-element_type=\"container\" data-e-type=\"container\">\n\t\t\t\t<div class=\"elementor-element elementor-element-9f4d1d8 elementor-widget elementor-widget-text-editor\" data-id=\"9f4d1d8\" data-element_type=\"widget\" data-e-type=\"widget\" data-widget_type=\"text-editor.default\">\n\t\t\t\t<div class=\"elementor-widget-container\">\n\t\t\t\t\t\t\t\t\t<ul><li><strong>OBJETIVO:\u00a0<\/strong>Implementar una estrategia de orientaci\u00f3n educativa dirigida a las familias cuyos hijos asisten a CAINA para la prevenci\u00f3n del maltrato infantil.<\/li><li><strong>L\u00cdNEA DE INVESTIGACI\u00d3N<\/strong><br \/>Educaci\u00f3n y sociedad<\/li><li><strong>PROGRAMA<\/strong><br \/>Educaci\u00f3n, filosof\u00eda y artes para el desarrollo social y cultural<\/li><li><strong>DIRECTOR DEL PROYECTO<\/strong><br \/>Raisa Emilia Bernal Cerza<\/li><li><strong>INTEGRANTES<\/strong><br \/>Ignacio Garc\u00eda \u00c1lvarez, Mar\u00eda Jos\u00e9 Rivera Guti\u00e9rrez<\/li><\/ul>\t\t\t\t\t\t\t\t<\/div>\n\t\t\t\t<\/div>\n\t\t\t\t<\/div>\n\t\t\t\t\t<\/details>\n\t\t\t\t\t\t<details id=\"e-n-accordion-item-5147\" class=\"e-n-accordion-item\" >\n\t\t\t\t<summary class=\"e-n-accordion-item-title\" data-accordion-index=\"8\" tabindex=\"-1\" aria-expanded=\"false\" aria-controls=\"e-n-accordion-item-5147\" >\n\t\t\t\t\t<span class='e-n-accordion-item-title-header'><div class=\"e-n-accordion-item-title-text\"> 8.HERRAMIENTAS DE INTELIGENCIA ARTIFICIAL PARA MEJORAR LA ACCESIBILIDAD EDUCATIVA EN ESTUDIANTES CON DISCAPACIDADES VISUALES <\/div><\/span>\n\t\t\t\t\t\t\t<span class='e-n-accordion-item-title-icon'>\n\t\t\t<span class='e-opened' ><svg aria-hidden=\"true\" class=\"e-font-icon-svg e-fas-folder-open\" viewbox=\"0 0 576 512\" xmlns=\"http:\/\/www.w3.org\/2000\/svg\"><path d=\"M572.694 292.093L500.27 416.248A63.997 63.997 0 0 1 444.989 448H45.025c-18.523 0-30.064-20.093-20.731-36.093l72.424-124.155A64 64 0 0 1 152 256h399.964c18.523 0 30.064 20.093 20.73 36.093zM152 224h328v-48c0-26.51-21.49-48-48-48H272l-64-64H48C21.49 64 0 85.49 0 112v278.046l69.077-118.418C86.214 242.25 117.989 224 152 224z\"><\/path><\/svg><\/span>\n\t\t\t<span class='e-closed'><svg aria-hidden=\"true\" class=\"e-font-icon-svg e-fas-folder\" viewbox=\"0 0 512 512\" xmlns=\"http:\/\/www.w3.org\/2000\/svg\"><path d=\"M464 128H272l-64-64H48C21.49 64 0 85.49 0 112v288c0 26.51 21.49 48 48 48h416c26.51 0 48-21.49 48-48V176c0-26.51-21.49-48-48-48z\"><\/path><\/svg><\/span>\n\t\t<\/span>\n\n\t\t\t\t\t\t<\/summary>\n\t\t\t\t<div role=\"region\" aria-labelledby=\"e-n-accordion-item-5147\" class=\"elementor-element elementor-element-e1061bb e-con-full e-flex e-con e-child\" data-id=\"e1061bb\" data-element_type=\"container\" data-e-type=\"container\">\n\t\t\t\t<div class=\"elementor-element elementor-element-12aab6d elementor-widget elementor-widget-text-editor\" data-id=\"12aab6d\" data-element_type=\"widget\" data-e-type=\"widget\" data-widget_type=\"text-editor.default\">\n\t\t\t\t<div class=\"elementor-widget-container\">\n\t\t\t\t\t\t\t\t\t<ul><li><strong>OBJETIVO:\u00a0<\/strong>Implementar herramientas de inteligencia artificial destinadas a mejorar la accesibilidad educativa para estudiantes con discapacidades visuales.<\/li><li><strong>L\u00cdNEA DE INVESTIGACI\u00d3N<\/strong><br \/>Filosof\u00eda y educaci\u00f3n<\/li><li><strong>PROGRAMA<\/strong><br \/>Educaci\u00f3n, filosof\u00eda y artes para el desarrollo social y cultural<\/li><li><strong>DIRECTOR DEL PROYECTO<\/strong><br \/>Carlos Esteban G\u00f3mez Avil\u00e9s<\/li><li><strong>INTEGRANTES<\/strong><br \/>Carmita Su\u00e1rez, \u00c1ngel Huerta, Carmita Huerta<\/li><\/ul>\t\t\t\t\t\t\t\t<\/div>\n\t\t\t\t<\/div>\n\t\t\t\t<\/div>\n\t\t\t\t\t<\/details>\n\t\t\t\t\t\t<details id=\"e-n-accordion-item-5148\" class=\"e-n-accordion-item\" >\n\t\t\t\t<summary class=\"e-n-accordion-item-title\" data-accordion-index=\"9\" tabindex=\"-1\" aria-expanded=\"false\" aria-controls=\"e-n-accordion-item-5148\" >\n\t\t\t\t\t<span class='e-n-accordion-item-title-header'><div class=\"e-n-accordion-item-title-text\"> 9.PROYECTO POZO PETROSIM: CONSTRUCCI\u00d3N DE UN POZO DE AGUA EXPERIMENTAL PARA LA FORMACI\u00d3N EN TECNOLOG\u00cdA EN PETR\u00d3LEOS <\/div><\/span>\n\t\t\t\t\t\t\t<span class='e-n-accordion-item-title-icon'>\n\t\t\t<span class='e-opened' ><svg aria-hidden=\"true\" class=\"e-font-icon-svg e-fas-folder-open\" viewbox=\"0 0 576 512\" xmlns=\"http:\/\/www.w3.org\/2000\/svg\"><path d=\"M572.694 292.093L500.27 416.248A63.997 63.997 0 0 1 444.989 448H45.025c-18.523 0-30.064-20.093-20.731-36.093l72.424-124.155A64 64 0 0 1 152 256h399.964c18.523 0 30.064 20.093 20.73 36.093zM152 224h328v-48c0-26.51-21.49-48-48-48H272l-64-64H48C21.49 64 0 85.49 0 112v278.046l69.077-118.418C86.214 242.25 117.989 224 152 224z\"><\/path><\/svg><\/span>\n\t\t\t<span class='e-closed'><svg aria-hidden=\"true\" class=\"e-font-icon-svg e-fas-folder\" viewbox=\"0 0 512 512\" xmlns=\"http:\/\/www.w3.org\/2000\/svg\"><path d=\"M464 128H272l-64-64H48C21.49 64 0 85.49 0 112v288c0 26.51 21.49 48 48 48h416c26.51 0 48-21.49 48-48V176c0-26.51-21.49-48-48-48z\"><\/path><\/svg><\/span>\n\t\t<\/span>\n\n\t\t\t\t\t\t<\/summary>\n\t\t\t\t<div role=\"region\" aria-labelledby=\"e-n-accordion-item-5148\" class=\"elementor-element elementor-element-5dfd8b5 e-con-full e-flex e-con e-child\" data-id=\"5dfd8b5\" data-element_type=\"container\" data-e-type=\"container\">\n\t\t\t\t<div class=\"elementor-element elementor-element-ddf9f52 elementor-widget elementor-widget-text-editor\" data-id=\"ddf9f52\" data-element_type=\"widget\" data-e-type=\"widget\" data-widget_type=\"text-editor.default\">\n\t\t\t\t<div class=\"elementor-widget-container\">\n\t\t\t\t\t\t\t\t\t<ul><li><strong>OBJETIVO:\u00a0<\/strong>Dise\u00f1ar, construir y evaluar un pozo de agua a escala reducida como herramienta did\u00e1ctica para la formaci\u00f3n de estudiantes de Tecnolog\u00eda en Petr\u00f3leos, con el fin de simular de manera efectiva el funcionamiento de un pozo petrolero y mejorar su comprensi\u00f3n de los principios y procesos de la industria.<\/li><li><strong>L\u00cdNEA DE INVESTIGACI\u00d3N<\/strong><br \/>Tecnolog\u00eda e industria<\/li><li><strong>PROGRAMA<\/strong><br \/>Desarrollo e innovaci\u00f3n tecnol\u00f3gica para la industria y la sociedad<\/li><li><strong>DIRECTOR DEL PROYECTO<\/strong><br \/>Luis Alfredo \u00c1lvarez Lazo<\/li><li><strong>INTEGRANTES<\/strong><br \/>Gonzalo Alejandro Pazmi\u00f1o N\u00fa\u00f1ez, Jefferson Fabricio Llumiquinga Chancosi, Jacqueline Elizabeth D\u00e1vila Pab\u00f3n, Erika Viviana Quinapallo Ortiz<\/li><\/ul>\t\t\t\t\t\t\t\t<\/div>\n\t\t\t\t<\/div>\n\t\t\t\t<\/div>\n\t\t\t\t\t<\/details>\n\t\t\t\t\t\t<details id=\"e-n-accordion-item-5149\" class=\"e-n-accordion-item\" >\n\t\t\t\t<summary class=\"e-n-accordion-item-title\" data-accordion-index=\"10\" tabindex=\"-1\" aria-expanded=\"false\" aria-controls=\"e-n-accordion-item-5149\" >\n\t\t\t\t\t<span class='e-n-accordion-item-title-header'><div class=\"e-n-accordion-item-title-text\"> 10.CREACI\u00d3N Y EVALUACI\u00d3N DE BIOETANOL A PARTIR DE CEREALES Y CULTIVOS RICOS EN AZ\u00daCAR <\/div><\/span>\n\t\t\t\t\t\t\t<span class='e-n-accordion-item-title-icon'>\n\t\t\t<span class='e-opened' ><svg aria-hidden=\"true\" class=\"e-font-icon-svg e-fas-folder-open\" viewbox=\"0 0 576 512\" xmlns=\"http:\/\/www.w3.org\/2000\/svg\"><path d=\"M572.694 292.093L500.27 416.248A63.997 63.997 0 0 1 444.989 448H45.025c-18.523 0-30.064-20.093-20.731-36.093l72.424-124.155A64 64 0 0 1 152 256h399.964c18.523 0 30.064 20.093 20.73 36.093zM152 224h328v-48c0-26.51-21.49-48-48-48H272l-64-64H48C21.49 64 0 85.49 0 112v278.046l69.077-118.418C86.214 242.25 117.989 224 152 224z\"><\/path><\/svg><\/span>\n\t\t\t<span class='e-closed'><svg aria-hidden=\"true\" class=\"e-font-icon-svg e-fas-folder\" viewbox=\"0 0 512 512\" xmlns=\"http:\/\/www.w3.org\/2000\/svg\"><path d=\"M464 128H272l-64-64H48C21.49 64 0 85.49 0 112v288c0 26.51 21.49 48 48 48h416c26.51 0 48-21.49 48-48V176c0-26.51-21.49-48-48-48z\"><\/path><\/svg><\/span>\n\t\t<\/span>\n\n\t\t\t\t\t\t<\/summary>\n\t\t\t\t<div role=\"region\" aria-labelledby=\"e-n-accordion-item-5149\" class=\"elementor-element elementor-element-194e633 e-con-full e-flex e-con e-child\" data-id=\"194e633\" data-element_type=\"container\" data-e-type=\"container\">\n\t\t\t\t<div class=\"elementor-element elementor-element-afd798d elementor-widget elementor-widget-text-editor\" data-id=\"afd798d\" data-element_type=\"widget\" data-e-type=\"widget\" data-widget_type=\"text-editor.default\">\n\t\t\t\t<div class=\"elementor-widget-container\">\n\t\t\t\t\t\t\t\t\t<ul><li><strong>OBJETIVO:<\/strong>Crear bioetanol de manera a partir de cereales y cultivos ricos en az\u00facar y evaluar su eficiencia energ\u00e9tica tanto en estado puro como mezclado con gasolina convencional, utilizando un destilador y equipo b\u00e1sico de laboratorio.<\/li><li><strong>L\u00cdNEA DE INVESTIGACI\u00d3N<\/strong><br \/>Tecnolog\u00eda e industria<\/li><li><strong>PROGRAMA<\/strong><br \/>Desarrollo e innovaci\u00f3n tecnol\u00f3gica para la industria y la sociedad<\/li><li><strong>DIRECTOR DEL PROYECTO<\/strong><br \/>Valeria Patricia Tip\u00e1n Villareal<\/li><li><strong>INTEGRANTES<\/strong><br \/>Lizeth Fernanda Fueres Fueres, Erika Viviana Quinapallo Ortiz, Jacqueline Elizabeth D\u00e1vila Pab\u00f3n<\/li><\/ul>\t\t\t\t\t\t\t\t<\/div>\n\t\t\t\t<\/div>\n\t\t\t\t<\/div>\n\t\t\t\t\t<\/details>\n\t\t\t\t\t\t<details id=\"e-n-accordion-item-51410\" class=\"e-n-accordion-item\" >\n\t\t\t\t<summary class=\"e-n-accordion-item-title\" data-accordion-index=\"11\" tabindex=\"-1\" aria-expanded=\"false\" aria-controls=\"e-n-accordion-item-51410\" >\n\t\t\t\t\t<span class='e-n-accordion-item-title-header'><div class=\"e-n-accordion-item-title-text\"> 11.IMPLEMENTACI\u00d3N DE UN MODELO DE GESTI\u00d3N COMERCIAL ADAPTADO A LOS EMPRENDIMIENTOS NACIONALES Y NEGOCIOS DE ECONOM\u00cdA POPULAR Y SOLIDARIA, PARA IMPULSAR LA SOSTENIBILIDAD Y EL CRECIMIENTO DE SUS UNIDADES DE NEGOCIO <\/div><\/span>\n\t\t\t\t\t\t\t<span class='e-n-accordion-item-title-icon'>\n\t\t\t<span class='e-opened' ><svg aria-hidden=\"true\" class=\"e-font-icon-svg e-fas-folder-open\" viewbox=\"0 0 576 512\" xmlns=\"http:\/\/www.w3.org\/2000\/svg\"><path d=\"M572.694 292.093L500.27 416.248A63.997 63.997 0 0 1 444.989 448H45.025c-18.523 0-30.064-20.093-20.731-36.093l72.424-124.155A64 64 0 0 1 152 256h399.964c18.523 0 30.064 20.093 20.73 36.093zM152 224h328v-48c0-26.51-21.49-48-48-48H272l-64-64H48C21.49 64 0 85.49 0 112v278.046l69.077-118.418C86.214 242.25 117.989 224 152 224z\"><\/path><\/svg><\/span>\n\t\t\t<span class='e-closed'><svg aria-hidden=\"true\" class=\"e-font-icon-svg e-fas-folder\" viewbox=\"0 0 512 512\" xmlns=\"http:\/\/www.w3.org\/2000\/svg\"><path d=\"M464 128H272l-64-64H48C21.49 64 0 85.49 0 112v288c0 26.51 21.49 48 48 48h416c26.51 0 48-21.49 48-48V176c0-26.51-21.49-48-48-48z\"><\/path><\/svg><\/span>\n\t\t<\/span>\n\n\t\t\t\t\t\t<\/summary>\n\t\t\t\t<div role=\"region\" aria-labelledby=\"e-n-accordion-item-51410\" class=\"elementor-element elementor-element-e52082a e-con-full e-flex e-con e-child\" data-id=\"e52082a\" data-element_type=\"container\" data-e-type=\"container\">\n\t\t\t\t<div class=\"elementor-element elementor-element-c9c7ed0 elementor-widget elementor-widget-text-editor\" data-id=\"c9c7ed0\" data-element_type=\"widget\" data-e-type=\"widget\" data-widget_type=\"text-editor.default\">\n\t\t\t\t<div class=\"elementor-widget-container\">\n\t\t\t\t\t\t\t\t\t<ul><li><strong>OBJETIVO:<\/strong>Implementar y evaluar un modelo de gesti\u00f3n comercial adaptable y sostenible para emprendimientos nacionales, con el fin de promover su crecimiento y sostenibilidad econ\u00f3mica a largo plazo.<\/li><li><strong>L\u00cdNEA DE INVESTIGACI\u00d3N<\/strong><br \/>Administraci\u00f3n, econom\u00eda y servicios<\/li><li><strong>PROGRAMA<\/strong><br \/>Administraci\u00f3n, servicios econom\u00eda y para los sectores p\u00fablico y\/o privado<\/li><li><strong>DIRECTOR DEL PROYECTO<\/strong><br \/>Ver\u00f3nica Patricia Ar\u00e9valo Bonilla<\/li><li><strong>INTEGRANTES<\/strong><br \/>Hilberth Alexis Villalba Bejarano, Sergio Alexander Carrera Guerrero, M\u00f3nica Alexandra Loacham\u00edn Marcillo<\/li><\/ul>\t\t\t\t\t\t\t\t<\/div>\n\t\t\t\t<\/div>\n\t\t\t\t<\/div>\n\t\t\t\t\t<\/details>\n\t\t\t\t\t\t<details id=\"e-n-accordion-item-51411\" class=\"e-n-accordion-item\" >\n\t\t\t\t<summary class=\"e-n-accordion-item-title\" data-accordion-index=\"12\" tabindex=\"-1\" aria-expanded=\"false\" aria-controls=\"e-n-accordion-item-51411\" >\n\t\t\t\t\t<span class='e-n-accordion-item-title-header'><div class=\"e-n-accordion-item-title-text\"> 12.DESARROLLO E IMPULSO DE NUEVOS PRODUCTOS TUR\u00cdSTICOS CASO DE ESTUDIO CANT\u00d3N RUMI\u00d1AHUI Y OTRAS LOCALIDADES DEL ECUADOR <\/div><\/span>\n\t\t\t\t\t\t\t<span class='e-n-accordion-item-title-icon'>\n\t\t\t<span class='e-opened' ><svg aria-hidden=\"true\" class=\"e-font-icon-svg e-fas-folder-open\" viewbox=\"0 0 576 512\" xmlns=\"http:\/\/www.w3.org\/2000\/svg\"><path d=\"M572.694 292.093L500.27 416.248A63.997 63.997 0 0 1 444.989 448H45.025c-18.523 0-30.064-20.093-20.731-36.093l72.424-124.155A64 64 0 0 1 152 256h399.964c18.523 0 30.064 20.093 20.73 36.093zM152 224h328v-48c0-26.51-21.49-48-48-48H272l-64-64H48C21.49 64 0 85.49 0 112v278.046l69.077-118.418C86.214 242.25 117.989 224 152 224z\"><\/path><\/svg><\/span>\n\t\t\t<span class='e-closed'><svg aria-hidden=\"true\" class=\"e-font-icon-svg e-fas-folder\" viewbox=\"0 0 512 512\" xmlns=\"http:\/\/www.w3.org\/2000\/svg\"><path d=\"M464 128H272l-64-64H48C21.49 64 0 85.49 0 112v288c0 26.51 21.49 48 48 48h416c26.51 0 48-21.49 48-48V176c0-26.51-21.49-48-48-48z\"><\/path><\/svg><\/span>\n\t\t<\/span>\n\n\t\t\t\t\t\t<\/summary>\n\t\t\t\t<div role=\"region\" aria-labelledby=\"e-n-accordion-item-51411\" class=\"elementor-element elementor-element-1fb0cc6 e-con-full e-flex e-con e-child\" data-id=\"1fb0cc6\" data-element_type=\"container\" data-e-type=\"container\">\n\t\t\t\t<div class=\"elementor-element elementor-element-771ea34 elementor-widget elementor-widget-text-editor\" data-id=\"771ea34\" data-element_type=\"widget\" data-e-type=\"widget\" data-widget_type=\"text-editor.default\">\n\t\t\t\t<div class=\"elementor-widget-container\">\n\t\t\t\t\t\t\t\t\t<ul><li><strong>OBJETIVO:<\/strong>Desarrollar e impulsar nuevos productos tur\u00edsticos en el Cant\u00f3n Rumi\u00f1ahui y otras localidades del Ecuador, con el fin de generar un impacto socioecon\u00f3mico positivo y promover la reactivaci\u00f3n econ\u00f3mica y el empoderamiento de la comunidad.<\/li><li><strong>L\u00cdNEA DE INVESTIGACI\u00d3N<\/strong><br \/>Administraci\u00f3n, econom\u00eda y servicios<\/li><li><strong>PROGRAMA<\/strong><br \/>Administraci\u00f3n, servicios econom\u00eda y para los sectores p\u00fablico y\/o privado<\/li><li><strong>DIRECTOR DEL PROYECTO<\/strong><br \/>Roberto Enrique Carrillo Flores<\/li><li><strong>INTEGRANTES<\/strong><br \/>Vanesa Bel\u00e9n Lanas Lastra, Elizabeth de las Mercedes Narv\u00e1ez Marcillo<\/li><\/ul>\t\t\t\t\t\t\t\t<\/div>\n\t\t\t\t<\/div>\n\t\t\t\t<\/div>\n\t\t\t\t\t<\/details>\n\t\t\t\t\t\t<details id=\"e-n-accordion-item-51412\" class=\"e-n-accordion-item\" >\n\t\t\t\t<summary class=\"e-n-accordion-item-title\" data-accordion-index=\"13\" tabindex=\"-1\" aria-expanded=\"false\" aria-controls=\"e-n-accordion-item-51412\" >\n\t\t\t\t\t<span class='e-n-accordion-item-title-header'><div class=\"e-n-accordion-item-title-text\"> 13.PROGRAMA DE ERGONOM\u00cdA PARA PREVENCI\u00d3N DEL S\u00cdNDROME DE DOLOR MIOFASCIAL EN EL PERSONAL ADMINISTRATIVO DEL UNIVERSITARIO RUMI\u00d1AHUI <\/div><\/span>\n\t\t\t\t\t\t\t<span class='e-n-accordion-item-title-icon'>\n\t\t\t<span class='e-opened' ><svg aria-hidden=\"true\" class=\"e-font-icon-svg e-fas-folder-open\" viewbox=\"0 0 576 512\" xmlns=\"http:\/\/www.w3.org\/2000\/svg\"><path d=\"M572.694 292.093L500.27 416.248A63.997 63.997 0 0 1 444.989 448H45.025c-18.523 0-30.064-20.093-20.731-36.093l72.424-124.155A64 64 0 0 1 152 256h399.964c18.523 0 30.064 20.093 20.73 36.093zM152 224h328v-48c0-26.51-21.49-48-48-48H272l-64-64H48C21.49 64 0 85.49 0 112v278.046l69.077-118.418C86.214 242.25 117.989 224 152 224z\"><\/path><\/svg><\/span>\n\t\t\t<span class='e-closed'><svg aria-hidden=\"true\" class=\"e-font-icon-svg e-fas-folder\" viewbox=\"0 0 512 512\" xmlns=\"http:\/\/www.w3.org\/2000\/svg\"><path d=\"M464 128H272l-64-64H48C21.49 64 0 85.49 0 112v288c0 26.51 21.49 48 48 48h416c26.51 0 48-21.49 48-48V176c0-26.51-21.49-48-48-48z\"><\/path><\/svg><\/span>\n\t\t<\/span>\n\n\t\t\t\t\t\t<\/summary>\n\t\t\t\t<div role=\"region\" aria-labelledby=\"e-n-accordion-item-51412\" class=\"elementor-element elementor-element-750e083 e-con-full e-flex e-con e-child\" data-id=\"750e083\" data-element_type=\"container\" data-e-type=\"container\">\n\t\t\t\t<div class=\"elementor-element elementor-element-029f4a0 elementor-widget elementor-widget-text-editor\" data-id=\"029f4a0\" data-element_type=\"widget\" data-e-type=\"widget\" data-widget_type=\"text-editor.default\">\n\t\t\t\t<div class=\"elementor-widget-container\">\n\t\t\t\t\t\t\t\t\t<ul><li><strong>OBJETIVO:<\/strong>Implementar un Programa de Ergonom\u00eda integral en el Universitario Rumi\u00f1ahui enfocado en la prevenci\u00f3n del S\u00edndrome de Dolor Miofascial y promoci\u00f3n de la salud musculoesquel\u00e9tica del personal administrativo.<\/li><li><strong>L\u00cdNEA DE INVESTIGACI\u00d3N<\/strong><br \/>Salud y bienestar<\/li><li><strong>PROGRAMA<\/strong><br \/>Salud y bienestar integral<\/li><li><strong>DIRECTOR DEL PROYECTO<\/strong><br \/>Mario Oswaldo Garz\u00f3n P\u00e1ramo<\/li><li><strong>INTEGRANTES<\/strong><br \/>Dewis Esqueila Brice Hern\u00e1ndez, Cristian Roberto Sandoval Alvear<\/li><\/ul>\t\t\t\t\t\t\t\t<\/div>\n\t\t\t\t<\/div>\n\t\t\t\t<\/div>\n\t\t\t\t\t<\/details>\n\t\t\t\t\t\t<details id=\"e-n-accordion-item-51413\" class=\"e-n-accordion-item\" >\n\t\t\t\t<summary class=\"e-n-accordion-item-title\" data-accordion-index=\"14\" tabindex=\"-1\" aria-expanded=\"false\" aria-controls=\"e-n-accordion-item-51413\" >\n\t\t\t\t\t<span class='e-n-accordion-item-title-header'><div class=\"e-n-accordion-item-title-text\"> 14.PRODUCCI\u00d3N DE COMBUSTIBLE POR PIR\u00d3LISIS UTILIZANDO PL\u00c1STICO DESECHADO PARA EL USO EN MOTORES DE COMBUSTI\u00d3N INTERNA <\/div><\/span>\n\t\t\t\t\t\t\t<span class='e-n-accordion-item-title-icon'>\n\t\t\t<span class='e-opened' ><svg aria-hidden=\"true\" class=\"e-font-icon-svg e-fas-folder-open\" viewbox=\"0 0 576 512\" xmlns=\"http:\/\/www.w3.org\/2000\/svg\"><path d=\"M572.694 292.093L500.27 416.248A63.997 63.997 0 0 1 444.989 448H45.025c-18.523 0-30.064-20.093-20.731-36.093l72.424-124.155A64 64 0 0 1 152 256h399.964c18.523 0 30.064 20.093 20.73 36.093zM152 224h328v-48c0-26.51-21.49-48-48-48H272l-64-64H48C21.49 64 0 85.49 0 112v278.046l69.077-118.418C86.214 242.25 117.989 224 152 224z\"><\/path><\/svg><\/span>\n\t\t\t<span class='e-closed'><svg aria-hidden=\"true\" class=\"e-font-icon-svg e-fas-folder\" viewbox=\"0 0 512 512\" xmlns=\"http:\/\/www.w3.org\/2000\/svg\"><path d=\"M464 128H272l-64-64H48C21.49 64 0 85.49 0 112v288c0 26.51 21.49 48 48 48h416c26.51 0 48-21.49 48-48V176c0-26.51-21.49-48-48-48z\"><\/path><\/svg><\/span>\n\t\t<\/span>\n\n\t\t\t\t\t\t<\/summary>\n\t\t\t\t<div role=\"region\" aria-labelledby=\"e-n-accordion-item-51413\" class=\"elementor-element elementor-element-fa0d1f1 e-con-full e-flex e-con e-child\" data-id=\"fa0d1f1\" data-element_type=\"container\" data-e-type=\"container\">\n\t\t\t\t<div class=\"elementor-element elementor-element-4b95176 elementor-widget elementor-widget-text-editor\" data-id=\"4b95176\" data-element_type=\"widget\" data-e-type=\"widget\" data-widget_type=\"text-editor.default\">\n\t\t\t\t<div class=\"elementor-widget-container\">\n\t\t\t\t\t\t\t\t\t<ul><li><strong>OBJETIVO:<\/strong>Desarrollar el proceso para la producci\u00f3n de combustible mediante pirolisis de pl\u00e1stico desechado, con diferentes tipos de pl\u00e1sticos para el uso alternativo en motores de combusti\u00f3n interna.<\/li><li><strong>L\u00cdNEA DE INVESTIGACI\u00d3N<\/strong><br \/>Tecnolog\u00eda e industria<\/li><li><strong>PROGRAMA<\/strong><br \/>Desarrollo e innovaci\u00f3n tecnol\u00f3gica para la industria y la sociedad<\/li><li><strong>DIRECTOR DEL PROYECTO<\/strong><br \/>Guillermo Iv\u00e1n O\u00f1a Sarmiento<\/li><li><strong>INTEGRANTES<\/strong><br \/>Jaime Fernando Antamba Guasgua, Jos\u00e9 Eduardo Aguaiza Loja, V\u00edctor Manuel Velasco Ulco, Pedro Andr\u00e9s Moreno Zulca<\/li><\/ul>\t\t\t\t\t\t\t\t<\/div>\n\t\t\t\t<\/div>\n\t\t\t\t<\/div>\n\t\t\t\t\t<\/details>\n\t\t\t\t\t\t<details id=\"e-n-accordion-item-51414\" class=\"e-n-accordion-item\" >\n\t\t\t\t<summary class=\"e-n-accordion-item-title\" data-accordion-index=\"15\" tabindex=\"-1\" aria-expanded=\"false\" aria-controls=\"e-n-accordion-item-51414\" >\n\t\t\t\t\t<span class='e-n-accordion-item-title-header'><div class=\"e-n-accordion-item-title-text\"> 15.AN\u00c1LISIS DE LA EMPLEABILIDAD Y DEMANDA OCUPACIONAL DE LOS ESTUDIANTES GRADUADOS DE LAS CARRERAS DE ADMINISTRACI\u00d3N, ECONOM\u00cdA POPULAR Y SOLIDARIA Y MARKETING EN ECUADOR EN EL A\u00d1O 2023 Y 2024 <\/div><\/span>\n\t\t\t\t\t\t\t<span class='e-n-accordion-item-title-icon'>\n\t\t\t<span class='e-opened' ><svg aria-hidden=\"true\" class=\"e-font-icon-svg e-fas-folder-open\" viewbox=\"0 0 576 512\" xmlns=\"http:\/\/www.w3.org\/2000\/svg\"><path d=\"M572.694 292.093L500.27 416.248A63.997 63.997 0 0 1 444.989 448H45.025c-18.523 0-30.064-20.093-20.731-36.093l72.424-124.155A64 64 0 0 1 152 256h399.964c18.523 0 30.064 20.093 20.73 36.093zM152 224h328v-48c0-26.51-21.49-48-48-48H272l-64-64H48C21.49 64 0 85.49 0 112v278.046l69.077-118.418C86.214 242.25 117.989 224 152 224z\"><\/path><\/svg><\/span>\n\t\t\t<span class='e-closed'><svg aria-hidden=\"true\" class=\"e-font-icon-svg e-fas-folder\" viewbox=\"0 0 512 512\" xmlns=\"http:\/\/www.w3.org\/2000\/svg\"><path d=\"M464 128H272l-64-64H48C21.49 64 0 85.49 0 112v288c0 26.51 21.49 48 48 48h416c26.51 0 48-21.49 48-48V176c0-26.51-21.49-48-48-48z\"><\/path><\/svg><\/span>\n\t\t<\/span>\n\n\t\t\t\t\t\t<\/summary>\n\t\t\t\t<div role=\"region\" aria-labelledby=\"e-n-accordion-item-51414\" class=\"elementor-element elementor-element-9810c25 e-con-full e-flex e-con e-child\" data-id=\"9810c25\" data-element_type=\"container\" data-e-type=\"container\">\n\t\t\t\t<div class=\"elementor-element elementor-element-db5c3c1 elementor-widget elementor-widget-text-editor\" data-id=\"db5c3c1\" data-element_type=\"widget\" data-e-type=\"widget\" data-widget_type=\"text-editor.default\">\n\t\t\t\t<div class=\"elementor-widget-container\">\n\t\t\t\t\t\t\t\t\t<ul><li><strong>OBJETIVO:<\/strong>Realizar un estudio exhaustivo para evaluar la empleabilidad y la demanda laboral de los egresados del Instituto Tecnol\u00f3gico General Rumi\u00f1ahui en las \u00e1reas de Administraci\u00f3n, Econom\u00eda Popular Solidaria y Marketing, durante los a\u00f1os 2023 y 2024.<\/li><li><strong>L\u00cdNEA DE INVESTIGACI\u00d3N<\/strong><br \/>Administraci\u00f3n, econom\u00eda y servicios<\/li><li><strong>PROGRAMA<\/strong><br \/>Administraci\u00f3n, servicios econom\u00eda y para los sectores p\u00fablico y\/o privado<\/li><li><strong>DIRECTOR DEL PROYECTO<\/strong><br \/>Ruth Elizabeth Ruiz Tacuri<\/li><li><strong>INTEGRANTES<\/strong><br \/>Omar Patricio Vinueza Burbano, Julio C\u00e9sar Gancino Vargas, Gustavo Danilo Santill\u00e1n Moreta<\/li><\/ul>\t\t\t\t\t\t\t\t<\/div>\n\t\t\t\t<\/div>\n\t\t\t\t<\/div>\n\t\t\t\t\t<\/details>\n\t\t\t\t\t\t<details id=\"e-n-accordion-item-51415\" class=\"e-n-accordion-item\" >\n\t\t\t\t<summary class=\"e-n-accordion-item-title\" data-accordion-index=\"16\" tabindex=\"-1\" aria-expanded=\"false\" aria-controls=\"e-n-accordion-item-51415\" >\n\t\t\t\t\t<span class='e-n-accordion-item-title-header'><div class=\"e-n-accordion-item-title-text\"> 16.AN\u00c1LISIS EPIDEMIOL\u00d3GICO DE PACIENTES CON ENFERMEDADES RESPIRATORIAS ATENDIDOS EN EL RUMI MEDIC CENTER: NOVIEMBRE 2023 \u2013 FEBRERO 2024, EJECUTANDO INTERVENCIONES PARA DISMINUIR LA PREVALENCIA DE DICHAS ENFERMEDADES EN EL PERIODO NOVIEMBRE 2024 \u2013 FEBRERO 2025 <\/div><\/span>\n\t\t\t\t\t\t\t<span class='e-n-accordion-item-title-icon'>\n\t\t\t<span class='e-opened' ><svg aria-hidden=\"true\" class=\"e-font-icon-svg e-fas-folder-open\" viewbox=\"0 0 576 512\" xmlns=\"http:\/\/www.w3.org\/2000\/svg\"><path d=\"M572.694 292.093L500.27 416.248A63.997 63.997 0 0 1 444.989 448H45.025c-18.523 0-30.064-20.093-20.731-36.093l72.424-124.155A64 64 0 0 1 152 256h399.964c18.523 0 30.064 20.093 20.73 36.093zM152 224h328v-48c0-26.51-21.49-48-48-48H272l-64-64H48C21.49 64 0 85.49 0 112v278.046l69.077-118.418C86.214 242.25 117.989 224 152 224z\"><\/path><\/svg><\/span>\n\t\t\t<span class='e-closed'><svg aria-hidden=\"true\" class=\"e-font-icon-svg e-fas-folder\" viewbox=\"0 0 512 512\" xmlns=\"http:\/\/www.w3.org\/2000\/svg\"><path d=\"M464 128H272l-64-64H48C21.49 64 0 85.49 0 112v288c0 26.51 21.49 48 48 48h416c26.51 0 48-21.49 48-48V176c0-26.51-21.49-48-48-48z\"><\/path><\/svg><\/span>\n\t\t<\/span>\n\n\t\t\t\t\t\t<\/summary>\n\t\t\t\t<div role=\"region\" aria-labelledby=\"e-n-accordion-item-51415\" class=\"elementor-element elementor-element-304cbee e-con-full e-flex e-con e-child\" data-id=\"304cbee\" data-element_type=\"container\" data-e-type=\"container\">\n\t\t\t\t<div class=\"elementor-element elementor-element-3dc1dda elementor-widget elementor-widget-text-editor\" data-id=\"3dc1dda\" data-element_type=\"widget\" data-e-type=\"widget\" data-widget_type=\"text-editor.default\">\n\t\t\t\t<div class=\"elementor-widget-container\">\n\t\t\t\t\t\t\t\t\t<ul><li><strong>OBJETIVO:\u00a0<\/strong>Realizar un an\u00e1lisis epidemiol\u00f3gico de las enfermedades respiratorias presentes entre los pacientes atendidos en el Rumi Medic Center durante el periodo de noviembre 2023 a febrero 2024. A partir de este an\u00e1lisis epidemiol\u00f3gico se pretende implementar estrategias de intervenci\u00f3n destinadas para reducir la prevalencia de dichas enfermedades en el periodo subsecuente noviembre 2024 y febrero 2025.<\/li><li><strong>L\u00cdNEA DE INVESTIGACI\u00d3N<\/strong><br \/>Salud y bienestar<\/li><li><strong>PROGRAMA<\/strong><br \/>Salud y bienestar integral<\/li><li><strong>DIRECTOR DEL PROYECTO<\/strong><br \/>Janet Alexandra Almeida Factos<\/li><li><strong>INTEGRANTES<\/strong><br \/>Cristhian Andr\u00e9s S\u00e1nchez Valladolid, Jemima Selomith Polit Hermosa, Cristian Roberto Sandoval Alvear<\/li><\/ul>\t\t\t\t\t\t\t\t<\/div>\n\t\t\t\t<\/div>\n\t\t\t\t<\/div>\n\t\t\t\t\t<\/details>\n\t\t\t\t\t\t<details id=\"e-n-accordion-item-51416\" class=\"e-n-accordion-item\" >\n\t\t\t\t<summary class=\"e-n-accordion-item-title\" data-accordion-index=\"17\" tabindex=\"-1\" aria-expanded=\"false\" aria-controls=\"e-n-accordion-item-51416\" >\n\t\t\t\t\t<span class='e-n-accordion-item-title-header'><div class=\"e-n-accordion-item-title-text\"> 17.REALIZACI\u00d3N DE OBRAS ART\u00cdSTICAS DIGITALES CON REALIDAD AUMENTADA COMO RECURSO EN LA EDUCACI\u00d3N SUPERIOR <\/div><\/span>\n\t\t\t\t\t\t\t<span class='e-n-accordion-item-title-icon'>\n\t\t\t<span class='e-opened' ><svg aria-hidden=\"true\" class=\"e-font-icon-svg e-fas-folder-open\" viewbox=\"0 0 576 512\" xmlns=\"http:\/\/www.w3.org\/2000\/svg\"><path d=\"M572.694 292.093L500.27 416.248A63.997 63.997 0 0 1 444.989 448H45.025c-18.523 0-30.064-20.093-20.731-36.093l72.424-124.155A64 64 0 0 1 152 256h399.964c18.523 0 30.064 20.093 20.73 36.093zM152 224h328v-48c0-26.51-21.49-48-48-48H272l-64-64H48C21.49 64 0 85.49 0 112v278.046l69.077-118.418C86.214 242.25 117.989 224 152 224z\"><\/path><\/svg><\/span>\n\t\t\t<span class='e-closed'><svg aria-hidden=\"true\" class=\"e-font-icon-svg e-fas-folder\" viewbox=\"0 0 512 512\" xmlns=\"http:\/\/www.w3.org\/2000\/svg\"><path d=\"M464 128H272l-64-64H48C21.49 64 0 85.49 0 112v288c0 26.51 21.49 48 48 48h416c26.51 0 48-21.49 48-48V176c0-26.51-21.49-48-48-48z\"><\/path><\/svg><\/span>\n\t\t<\/span>\n\n\t\t\t\t\t\t<\/summary>\n\t\t\t\t<div role=\"region\" aria-labelledby=\"e-n-accordion-item-51416\" class=\"elementor-element elementor-element-af52f54 e-con-full e-flex e-con e-child\" data-id=\"af52f54\" data-element_type=\"container\" data-e-type=\"container\">\n\t\t\t\t<div class=\"elementor-element elementor-element-4006a7a elementor-widget elementor-widget-text-editor\" data-id=\"4006a7a\" data-element_type=\"widget\" data-e-type=\"widget\" data-widget_type=\"text-editor.default\">\n\t\t\t\t<div class=\"elementor-widget-container\">\n\t\t\t\t\t\t\t\t\t<ul><li><strong>OBJETIVO:\u00a0<\/strong>Estudiar c\u00f3mo la integraci\u00f3n de la realidad aumentada en la creaci\u00f3n de obras art\u00edsticas digitales puede enriquecer la experiencia educativa en la educaci\u00f3n superior y contribuir al desarrollo integral de los estudiantes.<\/li><li><strong>L\u00cdNEA DE INVESTIGACI\u00d3N<\/strong><br \/>Tecnolog\u00eda e industria<\/li><li><strong>PROGRAMA<\/strong><br \/>Desarrollo e innovaci\u00f3n tecnol\u00f3gica para la industria y la sociedad<\/li><li><strong>DIRECTOR DEL PROYECTO<\/strong><br \/>Alexandra Patricia Gualotu\u00f1a Armas<\/li><li><strong>INTEGRANTES<\/strong><br \/>Jorge Alejandro Bustamante Crespo, Marjory Ivonne Cortez Ram\u00edrez, Raquel Paulina Andrade Fuentes<\/li><\/ul>\t\t\t\t\t\t\t\t<\/div>\n\t\t\t\t<\/div>\n\t\t\t\t<\/div>\n\t\t\t\t\t<\/details>\n\t\t\t\t\t\t<details id=\"e-n-accordion-item-51417\" class=\"e-n-accordion-item\" >\n\t\t\t\t<summary class=\"e-n-accordion-item-title\" data-accordion-index=\"18\" tabindex=\"-1\" aria-expanded=\"false\" aria-controls=\"e-n-accordion-item-51417\" >\n\t\t\t\t\t<span class='e-n-accordion-item-title-header'><div class=\"e-n-accordion-item-title-text\"> 18.ESTIMACI\u00d3N DE LA M\u00c1XIMA CAPACIDAD DE POTENCIA DE GENERACI\u00d3N DE UNA MICRORED FOTOVOLTAICA H\u00cdBRIDA DE BAJO VOLTAJE MEDIANTE ANAL\u00cdTICA PREDICTIVA <\/div><\/span>\n\t\t\t\t\t\t\t<span class='e-n-accordion-item-title-icon'>\n\t\t\t<span class='e-opened' ><svg aria-hidden=\"true\" class=\"e-font-icon-svg e-fas-folder-open\" viewbox=\"0 0 576 512\" xmlns=\"http:\/\/www.w3.org\/2000\/svg\"><path d=\"M572.694 292.093L500.27 416.248A63.997 63.997 0 0 1 444.989 448H45.025c-18.523 0-30.064-20.093-20.731-36.093l72.424-124.155A64 64 0 0 1 152 256h399.964c18.523 0 30.064 20.093 20.73 36.093zM152 224h328v-48c0-26.51-21.49-48-48-48H272l-64-64H48C21.49 64 0 85.49 0 112v278.046l69.077-118.418C86.214 242.25 117.989 224 152 224z\"><\/path><\/svg><\/span>\n\t\t\t<span class='e-closed'><svg aria-hidden=\"true\" class=\"e-font-icon-svg e-fas-folder\" viewbox=\"0 0 512 512\" xmlns=\"http:\/\/www.w3.org\/2000\/svg\"><path d=\"M464 128H272l-64-64H48C21.49 64 0 85.49 0 112v288c0 26.51 21.49 48 48 48h416c26.51 0 48-21.49 48-48V176c0-26.51-21.49-48-48-48z\"><\/path><\/svg><\/span>\n\t\t<\/span>\n\n\t\t\t\t\t\t<\/summary>\n\t\t\t\t<div role=\"region\" aria-labelledby=\"e-n-accordion-item-51417\" class=\"elementor-element elementor-element-1cf6b1e e-con-full e-flex e-con e-child\" data-id=\"1cf6b1e\" data-element_type=\"container\" data-e-type=\"container\">\n\t\t\t\t<div class=\"elementor-element elementor-element-bc8933c elementor-widget elementor-widget-text-editor\" data-id=\"bc8933c\" data-element_type=\"widget\" data-e-type=\"widget\" data-widget_type=\"text-editor.default\">\n\t\t\t\t<div class=\"elementor-widget-container\">\n\t\t\t\t\t\t\t\t\t<ul><li><strong>OBJETIVO:\u00a0<\/strong>Dise\u00f1ar e implementar un modelo de tratamiento anal\u00edtico de datos de variables el\u00e9ctricas mediante el lenguaje de programaci\u00f3n Python obtenidos de un sistema de monitoreo remoto para estimar la m\u00e1xima generaci\u00f3n de potencia de una Microrred H\u00edbrida fotovoltaica que puede ser instalada en un nodo de una red en bajo voltaje local o general de distribuci\u00f3n.<\/li><li><strong>L\u00cdNEA DE INVESTIGACI\u00d3N<\/strong><br \/>Tecnolog\u00eda e industria<\/li><li><strong>PROGRAMA<\/strong><br \/>Desarrollo e innovaci\u00f3n tecnol\u00f3gica para la industria y la sociedad<\/li><li><strong>DIRECTOR DEL PROYECTO<\/strong><br \/>Johanna Cristina Jara Bustillos<\/li><li><strong>INTEGRANTES<\/strong><br \/>Luis Daniel Andagoya Alba, Rommel Xavier Valencia Moya<\/li><\/ul>\t\t\t\t\t\t\t\t<\/div>\n\t\t\t\t<\/div>\n\t\t\t\t<\/div>\n\t\t\t\t\t<\/details>\n\t\t\t\t\t\t<details id=\"e-n-accordion-item-51418\" class=\"e-n-accordion-item\" >\n\t\t\t\t<summary class=\"e-n-accordion-item-title\" data-accordion-index=\"19\" tabindex=\"-1\" aria-expanded=\"false\" aria-controls=\"e-n-accordion-item-51418\" >\n\t\t\t\t\t<span class='e-n-accordion-item-title-header'><div class=\"e-n-accordion-item-title-text\"> 19.IMPLEMENTACI\u00d3N DE T\u00c9CNICAS DE INTELIGENCIA ARTIFICIAL PARA LA PREDICCI\u00d3N DE ENERG\u00cdA GENERADA EN PANELES FOTOVOLTAICOS <\/div><\/span>\n\t\t\t\t\t\t\t<span class='e-n-accordion-item-title-icon'>\n\t\t\t<span class='e-opened' ><svg aria-hidden=\"true\" class=\"e-font-icon-svg e-fas-folder-open\" viewbox=\"0 0 576 512\" xmlns=\"http:\/\/www.w3.org\/2000\/svg\"><path d=\"M572.694 292.093L500.27 416.248A63.997 63.997 0 0 1 444.989 448H45.025c-18.523 0-30.064-20.093-20.731-36.093l72.424-124.155A64 64 0 0 1 152 256h399.964c18.523 0 30.064 20.093 20.73 36.093zM152 224h328v-48c0-26.51-21.49-48-48-48H272l-64-64H48C21.49 64 0 85.49 0 112v278.046l69.077-118.418C86.214 242.25 117.989 224 152 224z\"><\/path><\/svg><\/span>\n\t\t\t<span class='e-closed'><svg aria-hidden=\"true\" class=\"e-font-icon-svg e-fas-folder\" viewbox=\"0 0 512 512\" xmlns=\"http:\/\/www.w3.org\/2000\/svg\"><path d=\"M464 128H272l-64-64H48C21.49 64 0 85.49 0 112v288c0 26.51 21.49 48 48 48h416c26.51 0 48-21.49 48-48V176c0-26.51-21.49-48-48-48z\"><\/path><\/svg><\/span>\n\t\t<\/span>\n\n\t\t\t\t\t\t<\/summary>\n\t\t\t\t<div role=\"region\" aria-labelledby=\"e-n-accordion-item-51418\" class=\"elementor-element elementor-element-c87c26d e-con-full e-flex e-con e-child\" data-id=\"c87c26d\" data-element_type=\"container\" data-e-type=\"container\">\n\t\t\t\t<div class=\"elementor-element elementor-element-3703c28 elementor-widget elementor-widget-text-editor\" data-id=\"3703c28\" data-element_type=\"widget\" data-e-type=\"widget\" data-widget_type=\"text-editor.default\">\n\t\t\t\t<div class=\"elementor-widget-container\">\n\t\t\t\t\t\t\t\t\t<ul><li><strong>OBJETIVO:\u00a0<\/strong>Dise\u00f1o e implementaci\u00f3n de t\u00e9cnicas de aprendizaje autom\u00e1tico y aprendizaje profundo para la predicci\u00f3n de la potencia generada de paneles fotovoltaicos por medio del prototipo desarrollado anteriormente nombrado \u201cMonitoreo remoto de variables el\u00e9ctricas y fallas en paneles fotovoltaicos\u201d. Adem\u00e1s, poder realizar una comparaci\u00f3n de los resultados obtenidos, con ambas t\u00e9cnicas, en la predicci\u00f3n de la potencia del sistema fotovoltaico disponible en laboratorio.<\/li><li><strong>L\u00cdNEA DE INVESTIGACI\u00d3N<\/strong><br \/>Tecnolog\u00edas de la informaci\u00f3n y comunicaciones<\/li><li><strong>PROGRAMA<\/strong><br \/>Desarrollo e innovaci\u00f3n tecnol\u00f3gica para la industria y la sociedad<\/li><li><strong>DIRECTOR DEL PROYECTO<\/strong><br \/>Fernando J\u00e1come Sag\u00f1ay<\/li><li><strong>INTEGRANTES<\/strong><br \/>Henry Mauricio Osorio Zambrano, Mar\u00eda Gabriela Vera, William Germ\u00e1nico Yugcha Quinatoa<\/li><\/ul>\t\t\t\t\t\t\t\t<\/div>\n\t\t\t\t<\/div>\n\t\t\t\t<\/div>\n\t\t\t\t\t<\/details>\n\t\t\t\t\t\t<details id=\"e-n-accordion-item-51419\" class=\"e-n-accordion-item\" >\n\t\t\t\t<summary class=\"e-n-accordion-item-title\" data-accordion-index=\"20\" tabindex=\"-1\" aria-expanded=\"false\" aria-controls=\"e-n-accordion-item-51419\" >\n\t\t\t\t\t<span class='e-n-accordion-item-title-header'><div class=\"e-n-accordion-item-title-text\"> 20.DISE\u00d1O Y DESARROLLO DE UN BRAZO ROB\u00d3TICO PARA LA COSECHA DE FRUTOS EN \u00c1RBOLES <\/div><\/span>\n\t\t\t\t\t\t\t<span class='e-n-accordion-item-title-icon'>\n\t\t\t<span class='e-opened' ><svg aria-hidden=\"true\" class=\"e-font-icon-svg e-fas-folder-open\" viewbox=\"0 0 576 512\" xmlns=\"http:\/\/www.w3.org\/2000\/svg\"><path d=\"M572.694 292.093L500.27 416.248A63.997 63.997 0 0 1 444.989 448H45.025c-18.523 0-30.064-20.093-20.731-36.093l72.424-124.155A64 64 0 0 1 152 256h399.964c18.523 0 30.064 20.093 20.73 36.093zM152 224h328v-48c0-26.51-21.49-48-48-48H272l-64-64H48C21.49 64 0 85.49 0 112v278.046l69.077-118.418C86.214 242.25 117.989 224 152 224z\"><\/path><\/svg><\/span>\n\t\t\t<span class='e-closed'><svg aria-hidden=\"true\" class=\"e-font-icon-svg e-fas-folder\" viewbox=\"0 0 512 512\" xmlns=\"http:\/\/www.w3.org\/2000\/svg\"><path d=\"M464 128H272l-64-64H48C21.49 64 0 85.49 0 112v288c0 26.51 21.49 48 48 48h416c26.51 0 48-21.49 48-48V176c0-26.51-21.49-48-48-48z\"><\/path><\/svg><\/span>\n\t\t<\/span>\n\n\t\t\t\t\t\t<\/summary>\n\t\t\t\t<div role=\"region\" aria-labelledby=\"e-n-accordion-item-51419\" class=\"elementor-element elementor-element-056143f e-con-full e-flex e-con e-child\" data-id=\"056143f\" data-element_type=\"container\" data-e-type=\"container\">\n\t\t\t\t<div class=\"elementor-element elementor-element-b365150 elementor-widget elementor-widget-text-editor\" data-id=\"b365150\" data-element_type=\"widget\" data-e-type=\"widget\" data-widget_type=\"text-editor.default\">\n\t\t\t\t<div class=\"elementor-widget-container\">\n\t\t\t\t\t\t\t\t\t<ul><li><strong>OBJETIVO:\u00a0<\/strong>Dise\u00f1ar y construir un brazo rob\u00f3tico capaz de realizar movimientos coordinados y delicados para recoger frutos de los \u00e1rboles, mediante una mano con un mecanismo especializado que garantice la manipulaci\u00f3n adecuada de los frutos evitando da\u00f1os y optimizando el proceso de cosecha.<\/li><li><strong>L\u00cdNEA DE INVESTIGACI\u00d3N<\/strong><br \/>Tecnolog\u00eda e Industria<\/li><li><strong>PROGRAMA<\/strong><br \/>Desarrollo e innovaci\u00f3n tecnol\u00f3gica para la industria y la sociedad<\/li><li><strong>DIRECTOR DEL PROYECTO<\/strong><br \/>Maxwell Arbey Salazar Guilcamaigua<\/li><li><strong>INTEGRANTES<\/strong><br \/>Paola Alexandra Portero Donoso<\/li><\/ul>\t\t\t\t\t\t\t\t<\/div>\n\t\t\t\t<\/div>\n\t\t\t\t<\/div>\n\t\t\t\t\t<\/details>\n\t\t\t\t\t\t<details id=\"e-n-accordion-item-51420\" class=\"e-n-accordion-item\" >\n\t\t\t\t<summary class=\"e-n-accordion-item-title\" data-accordion-index=\"21\" tabindex=\"-1\" aria-expanded=\"false\" aria-controls=\"e-n-accordion-item-51420\" >\n\t\t\t\t\t<span class='e-n-accordion-item-title-header'><div class=\"e-n-accordion-item-title-text\"> 21.AN\u00c1LISIS Y RECOMENDACIONES PARA SUPERAR LA BRECHA DIGITAL EN FAJARDO: HACIA UN DESARROLLO SOCIOECON\u00d3MICO Y UNA SEGURIDAD CIUDADANA MEJORADOS <\/div><\/span>\n\t\t\t\t\t\t\t<span class='e-n-accordion-item-title-icon'>\n\t\t\t<span class='e-opened' ><svg aria-hidden=\"true\" class=\"e-font-icon-svg e-fas-folder-open\" viewbox=\"0 0 576 512\" xmlns=\"http:\/\/www.w3.org\/2000\/svg\"><path d=\"M572.694 292.093L500.27 416.248A63.997 63.997 0 0 1 444.989 448H45.025c-18.523 0-30.064-20.093-20.731-36.093l72.424-124.155A64 64 0 0 1 152 256h399.964c18.523 0 30.064 20.093 20.73 36.093zM152 224h328v-48c0-26.51-21.49-48-48-48H272l-64-64H48C21.49 64 0 85.49 0 112v278.046l69.077-118.418C86.214 242.25 117.989 224 152 224z\"><\/path><\/svg><\/span>\n\t\t\t<span class='e-closed'><svg aria-hidden=\"true\" class=\"e-font-icon-svg e-fas-folder\" viewbox=\"0 0 512 512\" xmlns=\"http:\/\/www.w3.org\/2000\/svg\"><path d=\"M464 128H272l-64-64H48C21.49 64 0 85.49 0 112v288c0 26.51 21.49 48 48 48h416c26.51 0 48-21.49 48-48V176c0-26.51-21.49-48-48-48z\"><\/path><\/svg><\/span>\n\t\t<\/span>\n\n\t\t\t\t\t\t<\/summary>\n\t\t\t\t<div role=\"region\" aria-labelledby=\"e-n-accordion-item-51420\" class=\"elementor-element elementor-element-bffacc1 e-con-full e-flex e-con e-child\" data-id=\"bffacc1\" data-element_type=\"container\" data-e-type=\"container\">\n\t\t\t\t<div class=\"elementor-element elementor-element-0c4e560 elementor-widget elementor-widget-text-editor\" data-id=\"0c4e560\" data-element_type=\"widget\" data-e-type=\"widget\" data-widget_type=\"text-editor.default\">\n\t\t\t\t<div class=\"elementor-widget-container\">\n\t\t\t\t\t\t\t\t\t<ul><li><strong>OBJETIVO:\u00a0<\/strong>Evaluar la brecha digital en la Parroquia de Fajardo y desarrollar estrategias integrales que promuevan el acceso equitativo a las tecnolog\u00edas de la informaci\u00f3n y comunicaci\u00f3n (TIC), contribuyendo al desarrollo socioecon\u00f3mico y a la mejora de la seguridad ciudadana.<\/li><li><strong>L\u00cdNEA DE INVESTIGACI\u00d3N<\/strong><br \/>Tecnolog\u00edas de la informaci\u00f3n y comunicaciones<\/li><li><strong>PROGRAMA<\/strong><br \/>Desarrollo e innovaci\u00f3n tecnol\u00f3gica para la industria y la sociedad<\/li><li><strong>DIRECTOR DEL PROYECTO<\/strong><br \/>Danny Santiago P\u00e1ez Oscullo<\/li><li><strong>INTEGRANTES<\/strong><br \/>Jefferson Fabricio Llumiquinga Chancosi, Yngrid Josefina Melo Quintana<\/li><\/ul>\t\t\t\t\t\t\t\t<\/div>\n\t\t\t\t<\/div>\n\t\t\t\t<\/div>\n\t\t\t\t\t<\/details>\n\t\t\t\t\t\t<details id=\"e-n-accordion-item-51421\" class=\"e-n-accordion-item\" >\n\t\t\t\t<summary class=\"e-n-accordion-item-title\" data-accordion-index=\"22\" tabindex=\"-1\" aria-expanded=\"false\" aria-controls=\"e-n-accordion-item-51421\" >\n\t\t\t\t\t<span class='e-n-accordion-item-title-header'><div class=\"e-n-accordion-item-title-text\"> 22.IMPLEMENTACI\u00d3N DE UN SISTEMA DE PAGO CON TARJETAS NFC PARA ESTUDIANTES DEL INSTITUTO UNIVERSITARIO RUMI\u00d1AHUI <\/div><\/span>\n\t\t\t\t\t\t\t<span class='e-n-accordion-item-title-icon'>\n\t\t\t<span class='e-opened' ><svg aria-hidden=\"true\" class=\"e-font-icon-svg e-fas-folder-open\" viewbox=\"0 0 576 512\" xmlns=\"http:\/\/www.w3.org\/2000\/svg\"><path d=\"M572.694 292.093L500.27 416.248A63.997 63.997 0 0 1 444.989 448H45.025c-18.523 0-30.064-20.093-20.731-36.093l72.424-124.155A64 64 0 0 1 152 256h399.964c18.523 0 30.064 20.093 20.73 36.093zM152 224h328v-48c0-26.51-21.49-48-48-48H272l-64-64H48C21.49 64 0 85.49 0 112v278.046l69.077-118.418C86.214 242.25 117.989 224 152 224z\"><\/path><\/svg><\/span>\n\t\t\t<span class='e-closed'><svg aria-hidden=\"true\" class=\"e-font-icon-svg e-fas-folder\" viewbox=\"0 0 512 512\" xmlns=\"http:\/\/www.w3.org\/2000\/svg\"><path d=\"M464 128H272l-64-64H48C21.49 64 0 85.49 0 112v288c0 26.51 21.49 48 48 48h416c26.51 0 48-21.49 48-48V176c0-26.51-21.49-48-48-48z\"><\/path><\/svg><\/span>\n\t\t<\/span>\n\n\t\t\t\t\t\t<\/summary>\n\t\t\t\t<div role=\"region\" aria-labelledby=\"e-n-accordion-item-51421\" class=\"elementor-element elementor-element-0e0cb37 e-con-full e-flex e-con e-child\" data-id=\"0e0cb37\" data-element_type=\"container\" data-e-type=\"container\">\n\t\t\t\t<div class=\"elementor-element elementor-element-fdb49df elementor-widget elementor-widget-text-editor\" data-id=\"fdb49df\" data-element_type=\"widget\" data-e-type=\"widget\" data-widget_type=\"text-editor.default\">\n\t\t\t\t<div class=\"elementor-widget-container\">\n\t\t\t\t\t\t\t\t\t<ul><li><strong>OBJETIVO:\u00a0<\/strong>Implementar un Sistema de Pago con Tarjetas NFC en el Mercadito Solidario del Instituto Universitario Rumi\u00f1ahui con el fin de modernizar y agilizar el proceso de pago de los estudiantes, ofreciendo una alternativa conveniente y segura al efectivo.<\/li><li><strong>L\u00cdNEA DE INVESTIGACI\u00d3N<\/strong><br \/>Tecnolog\u00edas de la informaci\u00f3n y comunicaciones<\/li><li><strong>PROGRAMA<\/strong><br \/>Desarrollo e innovaci\u00f3n tecnol\u00f3gica para la industria y la sociedad<\/li><li><strong>DIRECTOR DEL PROYECTO<\/strong><br \/>Carlos Jostin Le\u00f3n Galeas<\/li><li><strong>INTEGRANTES<\/strong><br \/>C\u00e9sar Andr\u00e9s Minaya Andino<\/li><\/ul>\t\t\t\t\t\t\t\t<\/div>\n\t\t\t\t<\/div>\n\t\t\t\t<\/div>\n\t\t\t\t\t<\/details>\n\t\t\t\t\t\t<details id=\"e-n-accordion-item-51422\" class=\"e-n-accordion-item\" >\n\t\t\t\t<summary class=\"e-n-accordion-item-title\" data-accordion-index=\"23\" tabindex=\"-1\" aria-expanded=\"false\" aria-controls=\"e-n-accordion-item-51422\" >\n\t\t\t\t\t<span class='e-n-accordion-item-title-header'><div class=\"e-n-accordion-item-title-text\"> 23.EL IMPUESTO A LA RENTA Y LA INCIDENCIA EN LA LIQUIDEZ DEL PERSONAL DOCENTE DEL ISTER <\/div><\/span>\n\t\t\t\t\t\t\t<span class='e-n-accordion-item-title-icon'>\n\t\t\t<span class='e-opened' ><svg aria-hidden=\"true\" class=\"e-font-icon-svg e-fas-folder-open\" viewbox=\"0 0 576 512\" xmlns=\"http:\/\/www.w3.org\/2000\/svg\"><path d=\"M572.694 292.093L500.27 416.248A63.997 63.997 0 0 1 444.989 448H45.025c-18.523 0-30.064-20.093-20.731-36.093l72.424-124.155A64 64 0 0 1 152 256h399.964c18.523 0 30.064 20.093 20.73 36.093zM152 224h328v-48c0-26.51-21.49-48-48-48H272l-64-64H48C21.49 64 0 85.49 0 112v278.046l69.077-118.418C86.214 242.25 117.989 224 152 224z\"><\/path><\/svg><\/span>\n\t\t\t<span class='e-closed'><svg aria-hidden=\"true\" class=\"e-font-icon-svg e-fas-folder\" viewbox=\"0 0 512 512\" xmlns=\"http:\/\/www.w3.org\/2000\/svg\"><path d=\"M464 128H272l-64-64H48C21.49 64 0 85.49 0 112v288c0 26.51 21.49 48 48 48h416c26.51 0 48-21.49 48-48V176c0-26.51-21.49-48-48-48z\"><\/path><\/svg><\/span>\n\t\t<\/span>\n\n\t\t\t\t\t\t<\/summary>\n\t\t\t\t<div role=\"region\" aria-labelledby=\"e-n-accordion-item-51422\" class=\"elementor-element elementor-element-ef32143 e-con-full e-flex e-con e-child\" data-id=\"ef32143\" data-element_type=\"container\" data-e-type=\"container\">\n\t\t\t\t<div class=\"elementor-element elementor-element-bc38575 elementor-widget elementor-widget-text-editor\" data-id=\"bc38575\" data-element_type=\"widget\" data-e-type=\"widget\" data-widget_type=\"text-editor.default\">\n\t\t\t\t<div class=\"elementor-widget-container\">\n\t\t\t\t\t\t\t\t\t<ul><li><strong>OBJETIVO:<\/strong>Determinar la incidencia financiera de las reformas tributarias en el impuesto a la renta bajo relaci\u00f3n de dependencia de los docentes del Instituto Tecnol\u00f3gico Superior Rumi\u00f1ahui en los ejercicios fiscales 2023-2024.<\/li><li><strong>L\u00cdNEA DE INVESTIGACI\u00d3N<\/strong><br \/>Administraci\u00f3n, econom\u00eda y servicios<\/li><li><strong>PROGRAMA<\/strong><br \/>Administraci\u00f3n, servicios econom\u00eda y para los sectores p\u00fablico y\/o privado<\/li><li><strong>DIRECTOR DEL PROYECTO<\/strong><br \/>Washington An\u00edbal Altamirano Salazar<\/li><li><strong>INTEGRANTES<\/strong><br \/>Paulina Viviana Quinaluisa Paredes<\/li><\/ul>\t\t\t\t\t\t\t\t<\/div>\n\t\t\t\t<\/div>\n\t\t\t\t<\/div>\n\t\t\t\t\t<\/details>\n\t\t\t\t\t\t<details id=\"e-n-accordion-item-51423\" class=\"e-n-accordion-item\" >\n\t\t\t\t<summary class=\"e-n-accordion-item-title\" data-accordion-index=\"24\" tabindex=\"-1\" aria-expanded=\"false\" aria-controls=\"e-n-accordion-item-51423\" >\n\t\t\t\t\t<span class='e-n-accordion-item-title-header'><div class=\"e-n-accordion-item-title-text\"> 24.KAFKAALERT: TRANSFORMANDO LA GESTI\u00d3N DE EMERGENCIAS CON SPRING BOOT Y KAFKA <\/div><\/span>\n\t\t\t\t\t\t\t<span class='e-n-accordion-item-title-icon'>\n\t\t\t<span class='e-opened' ><svg aria-hidden=\"true\" class=\"e-font-icon-svg e-fas-folder-open\" viewbox=\"0 0 576 512\" xmlns=\"http:\/\/www.w3.org\/2000\/svg\"><path d=\"M572.694 292.093L500.27 416.248A63.997 63.997 0 0 1 444.989 448H45.025c-18.523 0-30.064-20.093-20.731-36.093l72.424-124.155A64 64 0 0 1 152 256h399.964c18.523 0 30.064 20.093 20.73 36.093zM152 224h328v-48c0-26.51-21.49-48-48-48H272l-64-64H48C21.49 64 0 85.49 0 112v278.046l69.077-118.418C86.214 242.25 117.989 224 152 224z\"><\/path><\/svg><\/span>\n\t\t\t<span class='e-closed'><svg aria-hidden=\"true\" class=\"e-font-icon-svg e-fas-folder\" viewbox=\"0 0 512 512\" xmlns=\"http:\/\/www.w3.org\/2000\/svg\"><path d=\"M464 128H272l-64-64H48C21.49 64 0 85.49 0 112v288c0 26.51 21.49 48 48 48h416c26.51 0 48-21.49 48-48V176c0-26.51-21.49-48-48-48z\"><\/path><\/svg><\/span>\n\t\t<\/span>\n\n\t\t\t\t\t\t<\/summary>\n\t\t\t\t<div role=\"region\" aria-labelledby=\"e-n-accordion-item-51423\" class=\"elementor-element elementor-element-d55c470 e-con-full e-flex e-con e-child\" data-id=\"d55c470\" data-element_type=\"container\" data-e-type=\"container\">\n\t\t\t\t<div class=\"elementor-element elementor-element-b08ee3b elementor-widget elementor-widget-text-editor\" data-id=\"b08ee3b\" data-element_type=\"widget\" data-e-type=\"widget\" data-widget_type=\"text-editor.default\">\n\t\t\t\t<div class=\"elementor-widget-container\">\n\t\t\t\t\t\t\t\t\t<ul><li><strong>OBJETIVO:<\/strong>El objetivo general del proyecto \u201cKafkaAlert\u201d es desarrollar una plataforma integral de gesti\u00f3n de emergencias que utilice tecnolog\u00edas modernas como Spring Boot y Kafka para permitir una detecci\u00f3n temprana, un procesamiento eficiente y una respuesta coordinada ante eventos cr\u00edticos como terremotos e inundaciones, contribuyendo as\u00ed a mejorar la seguridad y protecci\u00f3n de las comunidades afectadas por desastres naturales y emergencias.<\/li><li><strong>L\u00cdNEA DE INVESTIGACI\u00d3N<\/strong><br \/>Tecnolog\u00edas de la Informaci\u00f3n y Comunicaciones<\/li><li><strong>PROGRAMA<\/strong><br \/>Desarrollo e innovaci\u00f3n tecnol\u00f3gica para la industria y la sociedad<\/li><li><strong>DIRECTOR DEL PROYECTO<\/strong><br \/>Juan Carlos Minango Negrete<\/li><li><strong>INTEGRANTES<\/strong><br \/>\u00d3scar Marcelo Zambrano Vizuete<\/li><\/ul>\t\t\t\t\t\t\t\t<\/div>\n\t\t\t\t<\/div>\n\t\t\t\t<\/div>\n\t\t\t\t\t<\/details>\n\t\t\t\t\t\t<details id=\"e-n-accordion-item-51424\" class=\"e-n-accordion-item\" >\n\t\t\t\t<summary class=\"e-n-accordion-item-title\" data-accordion-index=\"25\" tabindex=\"-1\" aria-expanded=\"false\" aria-controls=\"e-n-accordion-item-51424\" >\n\t\t\t\t\t<span class='e-n-accordion-item-title-header'><div class=\"e-n-accordion-item-title-text\"> 25.APLICACI\u00d3N DE LA INTELIGENCIA ARTIFICIAL DESDE UNA VISI\u00d3N ANDRAG\u00d3GICA EN LA UE PCEI SIGLO XXI <\/div><\/span>\n\t\t\t\t\t\t\t<span class='e-n-accordion-item-title-icon'>\n\t\t\t<span class='e-opened' ><svg aria-hidden=\"true\" class=\"e-font-icon-svg e-fas-folder-open\" viewbox=\"0 0 576 512\" xmlns=\"http:\/\/www.w3.org\/2000\/svg\"><path d=\"M572.694 292.093L500.27 416.248A63.997 63.997 0 0 1 444.989 448H45.025c-18.523 0-30.064-20.093-20.731-36.093l72.424-124.155A64 64 0 0 1 152 256h399.964c18.523 0 30.064 20.093 20.73 36.093zM152 224h328v-48c0-26.51-21.49-48-48-48H272l-64-64H48C21.49 64 0 85.49 0 112v278.046l69.077-118.418C86.214 242.25 117.989 224 152 224z\"><\/path><\/svg><\/span>\n\t\t\t<span class='e-closed'><svg aria-hidden=\"true\" class=\"e-font-icon-svg e-fas-folder\" viewbox=\"0 0 512 512\" xmlns=\"http:\/\/www.w3.org\/2000\/svg\"><path d=\"M464 128H272l-64-64H48C21.49 64 0 85.49 0 112v288c0 26.51 21.49 48 48 48h416c26.51 0 48-21.49 48-48V176c0-26.51-21.49-48-48-48z\"><\/path><\/svg><\/span>\n\t\t<\/span>\n\n\t\t\t\t\t\t<\/summary>\n\t\t\t\t<div role=\"region\" aria-labelledby=\"e-n-accordion-item-51424\" class=\"elementor-element elementor-element-7212fe2 e-con-full e-flex e-con e-child\" data-id=\"7212fe2\" data-element_type=\"container\" data-e-type=\"container\">\n\t\t\t\t<div class=\"elementor-element elementor-element-028b3f8 elementor-widget elementor-widget-text-editor\" data-id=\"028b3f8\" data-element_type=\"widget\" data-e-type=\"widget\" data-widget_type=\"text-editor.default\">\n\t\t\t\t<div class=\"elementor-widget-container\">\n\t\t\t\t\t\t\t\t\t<ul><li><strong>OBJETIVO:<\/strong>Mejorar la calidad educativa en la UE PCEI Siglo XXI mediante la aplicaci\u00f3n efectiva de una gu\u00eda did\u00e1ctica sobre el uso de la Inteligencia Artificial dentro de la planificaci\u00f3n docente, enfocada desde una perspectiva andrag\u00f3gica.<\/li><li><strong>L\u00cdNEA DE INVESTIGACI\u00d3N<\/strong><br \/>Filosof\u00eda y Educaci\u00f3n<\/li><li><strong>PROGRAMA<\/strong><br \/>N\/A<\/li><li><strong>DIRECTOR DEL PROYECTO<\/strong><br \/>Mar\u00eda Jos\u00e9 Rivera<\/li><li><strong>INTEGRANTES<\/strong><br \/>Ignacio Garc\u00eda, MSc. Carlos G\u00f3mez<\/li><\/ul>\t\t\t\t\t\t\t\t<\/div>\n\t\t\t\t<\/div>\n\t\t\t\t<\/div>\n\t\t\t\t\t<\/details>\n\t\t\t\t\t\t<details id=\"e-n-accordion-item-51425\" class=\"e-n-accordion-item\" >\n\t\t\t\t<summary class=\"e-n-accordion-item-title\" data-accordion-index=\"26\" tabindex=\"-1\" aria-expanded=\"false\" aria-controls=\"e-n-accordion-item-51425\" >\n\t\t\t\t\t<span class='e-n-accordion-item-title-header'><div class=\"e-n-accordion-item-title-text\"> 26.IMPLEMENTACI\u00d3N DE DISPOSITIVO WEARABLE PARA ACCESO AUT\u00d3NOMO A LA LECTURA DE TEXTOS IMPRESOS DE BIBLIOTECAS POR NI\u00d1OS NO VIDENTES: INTEGRACI\u00d3N DE TECNOLOG\u00cdAS DE VISI\u00d3N ARTIFICIAL, OCR Y TTS <\/div><\/span>\n\t\t\t\t\t\t\t<span class='e-n-accordion-item-title-icon'>\n\t\t\t<span class='e-opened' ><svg aria-hidden=\"true\" class=\"e-font-icon-svg e-fas-folder-open\" viewbox=\"0 0 576 512\" xmlns=\"http:\/\/www.w3.org\/2000\/svg\"><path d=\"M572.694 292.093L500.27 416.248A63.997 63.997 0 0 1 444.989 448H45.025c-18.523 0-30.064-20.093-20.731-36.093l72.424-124.155A64 64 0 0 1 152 256h399.964c18.523 0 30.064 20.093 20.73 36.093zM152 224h328v-48c0-26.51-21.49-48-48-48H272l-64-64H48C21.49 64 0 85.49 0 112v278.046l69.077-118.418C86.214 242.25 117.989 224 152 224z\"><\/path><\/svg><\/span>\n\t\t\t<span class='e-closed'><svg aria-hidden=\"true\" class=\"e-font-icon-svg e-fas-folder\" viewbox=\"0 0 512 512\" xmlns=\"http:\/\/www.w3.org\/2000\/svg\"><path d=\"M464 128H272l-64-64H48C21.49 64 0 85.49 0 112v288c0 26.51 21.49 48 48 48h416c26.51 0 48-21.49 48-48V176c0-26.51-21.49-48-48-48z\"><\/path><\/svg><\/span>\n\t\t<\/span>\n\n\t\t\t\t\t\t<\/summary>\n\t\t\t\t<div role=\"region\" aria-labelledby=\"e-n-accordion-item-51425\" class=\"elementor-element elementor-element-8ac64df e-con-full e-flex e-con e-child\" data-id=\"8ac64df\" data-element_type=\"container\" data-e-type=\"container\">\n\t\t\t\t<div class=\"elementor-element elementor-element-d4f4d4b elementor-widget elementor-widget-text-editor\" data-id=\"d4f4d4b\" data-element_type=\"widget\" data-e-type=\"widget\" data-widget_type=\"text-editor.default\">\n\t\t\t\t<div class=\"elementor-widget-container\">\n\t\t\t\t\t\t\t\t\t<ul><li><strong>OBJETIVO:<\/strong>Dise\u00f1ar e implementar un dispositivo wearable capaz de reconocer y leer textos impresos utilizando tecnolog\u00edas de Reconocimiento \u00d3ptico de Caracteres (OCR), visi\u00f3n artificial y s\u00edntesis de voz (TTS), con el prop\u00f3sito de mejorar el acceso de los ni\u00f1os con discapacidad visual, en edades comprendidas entre 7 y 12 a\u00f1os, a los recursos bibliogr\u00e1ficos de una biblioteca escolar.<\/li><li><strong>L\u00cdNEA DE INVESTIGACI\u00d3N<\/strong><br \/>Tecnolog\u00edas de la informaci\u00f3n y comunicaciones<\/li><li><strong>PROGRAMA<\/strong><br \/>Desarrollo e innovaci\u00f3n tecnol\u00f3gica para la industria y la sociedad<\/li><li><strong>DIRECTOR DEL PROYECTO<\/strong><br \/>\u00d3scar Marcelo Zambrano Vizuete<\/li><li><strong>INTEGRANTES<\/strong><br \/>Juan Carlos Minango Negrete, Carlos Jostin Le\u00f3n Galeas<\/li><\/ul>\t\t\t\t\t\t\t\t<\/div>\n\t\t\t\t<\/div>\n\t\t\t\t<\/div>\n\t\t\t\t\t<\/details>\n\t\t\t\t\t\t<details id=\"e-n-accordion-item-51426\" class=\"e-n-accordion-item\" >\n\t\t\t\t<summary class=\"e-n-accordion-item-title\" data-accordion-index=\"27\" tabindex=\"-1\" aria-expanded=\"false\" aria-controls=\"e-n-accordion-item-51426\" >\n\t\t\t\t\t<span class='e-n-accordion-item-title-header'><div class=\"e-n-accordion-item-title-text\"> 27.OPTIMIZACI\u00d3N DE DISE\u00d1O DE MALLAS A TIERRA A TRAV\u00c9S DEL AN\u00c1LISIS DE LA RESISTIVIDAD DEL SUELO: UNA INVESTIGACI\u00d3N INTEGRAL PARA EL SECTOR DE SANGOLQU\u00cd <\/div><\/span>\n\t\t\t\t\t\t\t<span class='e-n-accordion-item-title-icon'>\n\t\t\t<span class='e-opened' ><svg aria-hidden=\"true\" class=\"e-font-icon-svg e-fas-folder-open\" viewbox=\"0 0 576 512\" xmlns=\"http:\/\/www.w3.org\/2000\/svg\"><path d=\"M572.694 292.093L500.27 416.248A63.997 63.997 0 0 1 444.989 448H45.025c-18.523 0-30.064-20.093-20.731-36.093l72.424-124.155A64 64 0 0 1 152 256h399.964c18.523 0 30.064 20.093 20.73 36.093zM152 224h328v-48c0-26.51-21.49-48-48-48H272l-64-64H48C21.49 64 0 85.49 0 112v278.046l69.077-118.418C86.214 242.25 117.989 224 152 224z\"><\/path><\/svg><\/span>\n\t\t\t<span class='e-closed'><svg aria-hidden=\"true\" class=\"e-font-icon-svg e-fas-folder\" viewbox=\"0 0 512 512\" xmlns=\"http:\/\/www.w3.org\/2000\/svg\"><path d=\"M464 128H272l-64-64H48C21.49 64 0 85.49 0 112v288c0 26.51 21.49 48 48 48h416c26.51 0 48-21.49 48-48V176c0-26.51-21.49-48-48-48z\"><\/path><\/svg><\/span>\n\t\t<\/span>\n\n\t\t\t\t\t\t<\/summary>\n\t\t\t\t<div role=\"region\" aria-labelledby=\"e-n-accordion-item-51426\" class=\"elementor-element elementor-element-7f66224 e-con-full e-flex e-con e-child\" data-id=\"7f66224\" data-element_type=\"container\" data-e-type=\"container\">\n\t\t\t\t<div class=\"elementor-element elementor-element-c62a9ad elementor-widget elementor-widget-text-editor\" data-id=\"c62a9ad\" data-element_type=\"widget\" data-e-type=\"widget\" data-widget_type=\"text-editor.default\">\n\t\t\t\t<div class=\"elementor-widget-container\">\n\t\t\t\t\t\t\t\t\t<ul><li><strong>OBJETIVO:<\/strong>Desarrollar un enfoque integral para optimizar el dise\u00f1o de mallas a tierra mediante el an\u00e1lisis de resistividad del suelo. Esto implica realizar un estudio detallado de la variabilidad espacial y temporal de la resistividad del suelo, identificar los factores que influyen en esta variabilidad y desarrollar modelos y herramientas para predecir la resistividad del suelo de manera precisa.<\/li><li><strong>L\u00cdNEA DE INVESTIGACI\u00d3N<\/strong><br \/>Tecnolog\u00eda e industria<\/li><li><strong>PROGRAMA<\/strong><br \/>Desarrollo e innovaci\u00f3n tecnol\u00f3gica para la industria y la sociedad<\/li><li><strong>DIRECTOR DEL PROYECTO<\/strong><br \/>Flavio Andr\u00e9s Barbosa Jaramillo<\/li><li><strong>INTEGRANTES<\/strong><br \/>Santiago Rogelio P\u00e9rez Mora<\/li><\/ul>\t\t\t\t\t\t\t\t<\/div>\n\t\t\t\t<\/div>\n\t\t\t\t<\/div>\n\t\t\t\t\t<\/details>\n\t\t\t\t\t\t<details id=\"e-n-accordion-item-51427\" class=\"e-n-accordion-item\" >\n\t\t\t\t<summary class=\"e-n-accordion-item-title\" data-accordion-index=\"28\" tabindex=\"-1\" aria-expanded=\"false\" aria-controls=\"e-n-accordion-item-51427\" >\n\t\t\t\t\t<span class='e-n-accordion-item-title-header'><div class=\"e-n-accordion-item-title-text\"> 28.CARRETERAS INTELIGENTES: AN\u00c1LISIS COMPARATIVO DE LA SE\u00d1AL\u00c9TICA HORIZONTAL ENTRE PINTURA CONVENCIONAL Y PINTURA FOTO LUMINISCENTE EN LA AVENIDA ATAHUALPA. SECTOR IESS SANGOLQU\u00cd. FASE 1. <\/div><\/span>\n\t\t\t\t\t\t\t<span class='e-n-accordion-item-title-icon'>\n\t\t\t<span class='e-opened' ><svg aria-hidden=\"true\" class=\"e-font-icon-svg e-fas-folder-open\" viewbox=\"0 0 576 512\" xmlns=\"http:\/\/www.w3.org\/2000\/svg\"><path d=\"M572.694 292.093L500.27 416.248A63.997 63.997 0 0 1 444.989 448H45.025c-18.523 0-30.064-20.093-20.731-36.093l72.424-124.155A64 64 0 0 1 152 256h399.964c18.523 0 30.064 20.093 20.73 36.093zM152 224h328v-48c0-26.51-21.49-48-48-48H272l-64-64H48C21.49 64 0 85.49 0 112v278.046l69.077-118.418C86.214 242.25 117.989 224 152 224z\"><\/path><\/svg><\/span>\n\t\t\t<span class='e-closed'><svg aria-hidden=\"true\" class=\"e-font-icon-svg e-fas-folder\" viewbox=\"0 0 512 512\" xmlns=\"http:\/\/www.w3.org\/2000\/svg\"><path d=\"M464 128H272l-64-64H48C21.49 64 0 85.49 0 112v288c0 26.51 21.49 48 48 48h416c26.51 0 48-21.49 48-48V176c0-26.51-21.49-48-48-48z\"><\/path><\/svg><\/span>\n\t\t<\/span>\n\n\t\t\t\t\t\t<\/summary>\n\t\t\t\t<div role=\"region\" aria-labelledby=\"e-n-accordion-item-51427\" class=\"elementor-element elementor-element-3d44d90 e-con-full e-flex e-con e-child\" data-id=\"3d44d90\" data-element_type=\"container\" data-e-type=\"container\">\n\t\t\t\t<div class=\"elementor-element elementor-element-43b0fb7 elementor-widget elementor-widget-text-editor\" data-id=\"43b0fb7\" data-element_type=\"widget\" data-e-type=\"widget\" data-widget_type=\"text-editor.default\">\n\t\t\t\t<div class=\"elementor-widget-container\">\n\t\t\t\t\t\t\t\t\t<ul><li><strong>OBJETIVO:<\/strong>Evaluar la visibilidad y percepci\u00f3n de la se\u00f1al\u00e9tica horizontal aplicada, entre la pintura convencional como la pintura foto luminiscente en la avenida Atahualpa. Sector IESS Sangolqu\u00ed.<\/li><li><strong>L\u00cdNEA DE INVESTIGACI\u00d3N<\/strong><br \/>Tecnolog\u00eda e industria<\/li><li><strong>PROGRAMA<\/strong><br \/>Desarrollo e innovaci\u00f3n tecnol\u00f3gica para la industria y la sociedad<\/li><li><strong>DIRECTOR DEL PROYECTO<\/strong><br \/>Pablo Andre Vacacela Maz\u00f3n<\/li><li><strong>INTEGRANTES<\/strong><br \/>Jaime Fernando Antamba Guasgua, David Alejandro Ortiz \u00c1lvarez, Marieta Del Roc\u00edo Arpi Landazuri<\/li><\/ul>\t\t\t\t\t\t\t\t<\/div>\n\t\t\t\t<\/div>\n\t\t\t\t<\/div>\n\t\t\t\t\t<\/details>\n\t\t\t\t\t\t<details id=\"e-n-accordion-item-51428\" class=\"e-n-accordion-item\" >\n\t\t\t\t<summary class=\"e-n-accordion-item-title\" data-accordion-index=\"29\" tabindex=\"-1\" aria-expanded=\"false\" aria-controls=\"e-n-accordion-item-51428\" >\n\t\t\t\t\t<span class='e-n-accordion-item-title-header'><div class=\"e-n-accordion-item-title-text\"> 29.ESTRATEGIAS DE REDUCCI\u00d3N DEL ESTR\u00c9S PARA DOCENTES UNIVERSITARIOS A TRAV\u00c9S DE ENTORNOS DIGITALES DE REALIDAD VIRTUAL <\/div><\/span>\n\t\t\t\t\t\t\t<span class='e-n-accordion-item-title-icon'>\n\t\t\t<span class='e-opened' ><svg aria-hidden=\"true\" class=\"e-font-icon-svg e-fas-folder-open\" viewbox=\"0 0 576 512\" xmlns=\"http:\/\/www.w3.org\/2000\/svg\"><path d=\"M572.694 292.093L500.27 416.248A63.997 63.997 0 0 1 444.989 448H45.025c-18.523 0-30.064-20.093-20.731-36.093l72.424-124.155A64 64 0 0 1 152 256h399.964c18.523 0 30.064 20.093 20.73 36.093zM152 224h328v-48c0-26.51-21.49-48-48-48H272l-64-64H48C21.49 64 0 85.49 0 112v278.046l69.077-118.418C86.214 242.25 117.989 224 152 224z\"><\/path><\/svg><\/span>\n\t\t\t<span class='e-closed'><svg aria-hidden=\"true\" class=\"e-font-icon-svg e-fas-folder\" viewbox=\"0 0 512 512\" xmlns=\"http:\/\/www.w3.org\/2000\/svg\"><path d=\"M464 128H272l-64-64H48C21.49 64 0 85.49 0 112v288c0 26.51 21.49 48 48 48h416c26.51 0 48-21.49 48-48V176c0-26.51-21.49-48-48-48z\"><\/path><\/svg><\/span>\n\t\t<\/span>\n\n\t\t\t\t\t\t<\/summary>\n\t\t\t\t<div role=\"region\" aria-labelledby=\"e-n-accordion-item-51428\" class=\"elementor-element elementor-element-27f1beb e-con-full e-flex e-con e-child\" data-id=\"27f1beb\" data-element_type=\"container\" data-e-type=\"container\">\n\t\t\t\t<div class=\"elementor-element elementor-element-79d85c3 elementor-widget elementor-widget-text-editor\" data-id=\"79d85c3\" data-element_type=\"widget\" data-e-type=\"widget\" data-widget_type=\"text-editor.default\">\n\t\t\t\t<div class=\"elementor-widget-container\">\n\t\t\t\t\t\t\t\t\t<ul><li><strong>OBJETIVO:<\/strong>Crear e implementar un espacio multifac\u00e9tico de reducci\u00f3n de estr\u00e9s en el Instituto Tecnol\u00f3gico Rumi\u00f1ahui para mejorar el bienestar y desempe\u00f1o de los docentes mediante un aplicativo donde se incluyen las nuevas tecnolog\u00edas.<\/li><li><strong>L\u00cdNEA DE INVESTIGACI\u00d3N<\/strong><br \/>Salud y bienestar<\/li><li><strong>PROGRAMA<\/strong><br \/>Salud y bienestar integral<\/li><li><strong>DIRECTOR DEL PROYECTO<\/strong><br \/>Fabricio Jos\u00e9 Llumiquinga Espinoza<\/li><li><strong>INTEGRANTES<\/strong><br \/>Dewis Esqueila Brice Hern\u00e1ndez, Mario Oswaldo Garz\u00f3n P\u00e1ramo, Camila Isabel Morocho Lala<\/li><\/ul>\t\t\t\t\t\t\t\t<\/div>\n\t\t\t\t<\/div>\n\t\t\t\t<\/div>\n\t\t\t\t\t<\/details>\n\t\t\t\t\t\t<details id=\"e-n-accordion-item-51429\" class=\"e-n-accordion-item\" >\n\t\t\t\t<summary class=\"e-n-accordion-item-title\" data-accordion-index=\"30\" tabindex=\"-1\" aria-expanded=\"false\" aria-controls=\"e-n-accordion-item-51429\" >\n\t\t\t\t\t<span class='e-n-accordion-item-title-header'><div class=\"e-n-accordion-item-title-text\"> 30.DISE\u00d1O E IMPLEMENTACI\u00d3N DEL SISTEMA DE ADMINISTRACI\u00d3N DE SERVICIOS E INFRAESTRUCTURA DE TI PARA EL CERT ACAD\u00c9MICO DEL ISTER (ISTER-CERT) <\/div><\/span>\n\t\t\t\t\t\t\t<span class='e-n-accordion-item-title-icon'>\n\t\t\t<span class='e-opened' ><svg aria-hidden=\"true\" class=\"e-font-icon-svg e-fas-folder-open\" viewbox=\"0 0 576 512\" xmlns=\"http:\/\/www.w3.org\/2000\/svg\"><path d=\"M572.694 292.093L500.27 416.248A63.997 63.997 0 0 1 444.989 448H45.025c-18.523 0-30.064-20.093-20.731-36.093l72.424-124.155A64 64 0 0 1 152 256h399.964c18.523 0 30.064 20.093 20.73 36.093zM152 224h328v-48c0-26.51-21.49-48-48-48H272l-64-64H48C21.49 64 0 85.49 0 112v278.046l69.077-118.418C86.214 242.25 117.989 224 152 224z\"><\/path><\/svg><\/span>\n\t\t\t<span class='e-closed'><svg aria-hidden=\"true\" class=\"e-font-icon-svg e-fas-folder\" viewbox=\"0 0 512 512\" xmlns=\"http:\/\/www.w3.org\/2000\/svg\"><path d=\"M464 128H272l-64-64H48C21.49 64 0 85.49 0 112v288c0 26.51 21.49 48 48 48h416c26.51 0 48-21.49 48-48V176c0-26.51-21.49-48-48-48z\"><\/path><\/svg><\/span>\n\t\t<\/span>\n\n\t\t\t\t\t\t<\/summary>\n\t\t\t\t<div role=\"region\" aria-labelledby=\"e-n-accordion-item-51429\" class=\"elementor-element elementor-element-11356e9 e-con-full e-flex e-con e-child\" data-id=\"11356e9\" data-element_type=\"container\" data-e-type=\"container\">\n\t\t\t\t<div class=\"elementor-element elementor-element-7461d63 elementor-widget elementor-widget-text-editor\" data-id=\"7461d63\" data-element_type=\"widget\" data-e-type=\"widget\" data-widget_type=\"text-editor.default\">\n\t\t\t\t<div class=\"elementor-widget-container\">\n\t\t\t\t\t\t\t\t\t<ul><li><strong>OBJETIVO:<\/strong>Fortalecer la seguridad inform\u00e1tica del Instituto Superior Tecnol\u00f3gico Rumi\u00f1ahui mediante la implementaci\u00f3n de un CERT, para proteger los sistemas, datos y usuarios del ISTER de las amenazas cibern\u00e9ticas y cumplir la LDDP.<\/li><li><strong>L\u00cdNEA DE INVESTIGACI\u00d3N<\/strong><br \/>Tecnolog\u00edas de la informaci\u00f3n y comunicaciones<\/li><li><strong>PROGRAMA<\/strong><br \/>Desarrollo e innovaci\u00f3n tecnol\u00f3gica para la industria y la sociedad<\/li><li><strong>DIRECTOR DEL PROYECTO<\/strong><br \/>Gerardo Iv\u00e1n Cajamarca M\u00e9ndez<\/li><li><strong>INTEGRANTES<\/strong><br \/>Carlos Alberto Paspuel Su\u00e1rez, Mario Giovanny Ron Gavi<\/li><\/ul>\t\t\t\t\t\t\t\t<\/div>\n\t\t\t\t<\/div>\n\t\t\t\t<\/div>\n\t\t\t\t\t<\/details>\n\t\t\t\t\t\t<details id=\"e-n-accordion-item-51430\" class=\"e-n-accordion-item\" >\n\t\t\t\t<summary class=\"e-n-accordion-item-title\" data-accordion-index=\"31\" tabindex=\"-1\" aria-expanded=\"false\" aria-controls=\"e-n-accordion-item-51430\" >\n\t\t\t\t\t<span class='e-n-accordion-item-title-header'><div class=\"e-n-accordion-item-title-text\"> 31.ADMINISTRACI\u00d3N ECLESI\u00c1STICA EVANG\u00c9LICA: PERSPECTIVAS Y DESAF\u00cdOS <\/div><\/span>\n\t\t\t\t\t\t\t<span class='e-n-accordion-item-title-icon'>\n\t\t\t<span class='e-opened' ><svg aria-hidden=\"true\" class=\"e-font-icon-svg e-fas-folder-open\" viewbox=\"0 0 576 512\" xmlns=\"http:\/\/www.w3.org\/2000\/svg\"><path d=\"M572.694 292.093L500.27 416.248A63.997 63.997 0 0 1 444.989 448H45.025c-18.523 0-30.064-20.093-20.731-36.093l72.424-124.155A64 64 0 0 1 152 256h399.964c18.523 0 30.064 20.093 20.73 36.093zM152 224h328v-48c0-26.51-21.49-48-48-48H272l-64-64H48C21.49 64 0 85.49 0 112v278.046l69.077-118.418C86.214 242.25 117.989 224 152 224z\"><\/path><\/svg><\/span>\n\t\t\t<span class='e-closed'><svg aria-hidden=\"true\" class=\"e-font-icon-svg e-fas-folder\" viewbox=\"0 0 512 512\" xmlns=\"http:\/\/www.w3.org\/2000\/svg\"><path d=\"M464 128H272l-64-64H48C21.49 64 0 85.49 0 112v288c0 26.51 21.49 48 48 48h416c26.51 0 48-21.49 48-48V176c0-26.51-21.49-48-48-48z\"><\/path><\/svg><\/span>\n\t\t<\/span>\n\n\t\t\t\t\t\t<\/summary>\n\t\t\t\t<div role=\"region\" aria-labelledby=\"e-n-accordion-item-51430\" class=\"elementor-element elementor-element-f8ee873 e-con-full e-flex e-con e-child\" data-id=\"f8ee873\" data-element_type=\"container\" data-e-type=\"container\">\n\t\t\t\t<div class=\"elementor-element elementor-element-db88c4a elementor-widget elementor-widget-text-editor\" data-id=\"db88c4a\" data-element_type=\"widget\" data-e-type=\"widget\" data-widget_type=\"text-editor.default\">\n\t\t\t\t<div class=\"elementor-widget-container\">\n\t\t\t\t\t\t\t\t\t<ul><li><strong>OBJETIVO:<\/strong>El objetivo general del proyecto de investigaci\u00f3n es implementar un modelo de \u201cAdministraci\u00f3n Eclesi\u00e1stica Evang\u00e9lica\u201d, que resuelva los desaf\u00edos y oportunidades en la gesti\u00f3n de recursos, estructuras y liderazgo en iglesias evang\u00e9licas.<\/li><li><strong>L\u00cdNEA DE INVESTIGACI\u00d3N<\/strong><br \/>Filosof\u00eda, educaci\u00f3n y artes<\/li><li><strong>PROGRAMA<\/strong><br \/>Educaci\u00f3n, filosof\u00eda y artes para el desarrollo social y cultural<\/li><li><strong>DIRECTOR DEL PROYECTO<\/strong><br \/>Erick Vicente Galarza Le\u00f3n<\/li><li><strong>INTEGRANTES<\/strong><br \/>Mauricio Xavier Esp\u00edn Guerr\u00f3n, Charles David Cisneros Guarnizo, Bol\u00edvar Alberto Fern\u00e1ndez Rojas.<\/li><\/ul>\t\t\t\t\t\t\t\t<\/div>\n\t\t\t\t<\/div>\n\t\t\t\t<\/div>\n\t\t\t\t\t<\/details>\n\t\t\t\t\t\t<details id=\"e-n-accordion-item-51431\" class=\"e-n-accordion-item\" >\n\t\t\t\t<summary class=\"e-n-accordion-item-title\" data-accordion-index=\"32\" tabindex=\"-1\" aria-expanded=\"false\" aria-controls=\"e-n-accordion-item-51431\" >\n\t\t\t\t\t<span class='e-n-accordion-item-title-header'><div class=\"e-n-accordion-item-title-text\"> 32.FOMENTANDO LA INCLUSI\u00d3N SOCIAL A TRAV\u00c9S DEL EMPRENDIMIENTO: UN MODELO DE EMPRENDIMIENTO COLABORATIVO PARA ADULTOS MAYORES <\/div><\/span>\n\t\t\t\t\t\t\t<span class='e-n-accordion-item-title-icon'>\n\t\t\t<span class='e-opened' ><svg aria-hidden=\"true\" class=\"e-font-icon-svg e-fas-folder-open\" viewbox=\"0 0 576 512\" xmlns=\"http:\/\/www.w3.org\/2000\/svg\"><path d=\"M572.694 292.093L500.27 416.248A63.997 63.997 0 0 1 444.989 448H45.025c-18.523 0-30.064-20.093-20.731-36.093l72.424-124.155A64 64 0 0 1 152 256h399.964c18.523 0 30.064 20.093 20.73 36.093zM152 224h328v-48c0-26.51-21.49-48-48-48H272l-64-64H48C21.49 64 0 85.49 0 112v278.046l69.077-118.418C86.214 242.25 117.989 224 152 224z\"><\/path><\/svg><\/span>\n\t\t\t<span class='e-closed'><svg aria-hidden=\"true\" class=\"e-font-icon-svg e-fas-folder\" viewbox=\"0 0 512 512\" xmlns=\"http:\/\/www.w3.org\/2000\/svg\"><path d=\"M464 128H272l-64-64H48C21.49 64 0 85.49 0 112v288c0 26.51 21.49 48 48 48h416c26.51 0 48-21.49 48-48V176c0-26.51-21.49-48-48-48z\"><\/path><\/svg><\/span>\n\t\t<\/span>\n\n\t\t\t\t\t\t<\/summary>\n\t\t\t\t<div role=\"region\" aria-labelledby=\"e-n-accordion-item-51431\" class=\"elementor-element elementor-element-08a3905 e-con-full e-flex e-con e-child\" data-id=\"08a3905\" data-element_type=\"container\" data-e-type=\"container\">\n\t\t\t\t<div class=\"elementor-element elementor-element-6e70057 elementor-widget elementor-widget-text-editor\" data-id=\"6e70057\" data-element_type=\"widget\" data-e-type=\"widget\" data-widget_type=\"text-editor.default\">\n\t\t\t\t<div class=\"elementor-widget-container\">\n\t\t\t\t\t\t\t\t\t<ul><li><strong>OBJETIVO:<\/strong>Dise\u00f1ar e ir aplicando un modelo de emprendimiento colaborativo dise\u00f1ado espec\u00edficamente para fomentar la inclusi\u00f3n social y econ\u00f3mica de los adultos mayores de Cutuglagua.<\/li><li><strong>L\u00cdNEA DE INVESTIGACI\u00d3N<\/strong><br \/>Administraci\u00f3n, econom\u00eda y servicios<\/li><li><strong>PROGRAMA<\/strong><br \/>Administraci\u00f3n, servicios econom\u00eda y para los sectores p\u00fablico y\/o privado<\/li><li><strong>DIRECTOR DEL PROYECTO<\/strong><br \/>Patricia Estefania Aguaiza Loja<\/li><li><strong>INTEGRANTES<\/strong><br \/>Viviana Alexandra Brito Moya, Wilmer Gustavo Gualotu\u00f1a Pachacama<\/li><\/ul>\t\t\t\t\t\t\t\t<\/div>\n\t\t\t\t<\/div>\n\t\t\t\t<\/div>\n\t\t\t\t\t<\/details>\n\t\t\t\t\t\t<details id=\"e-n-accordion-item-51432\" class=\"e-n-accordion-item\" >\n\t\t\t\t<summary class=\"e-n-accordion-item-title\" data-accordion-index=\"33\" tabindex=\"-1\" aria-expanded=\"false\" aria-controls=\"e-n-accordion-item-51432\" >\n\t\t\t\t\t<span class='e-n-accordion-item-title-header'><div class=\"e-n-accordion-item-title-text\"> 33.DESARROLLO DE UN MODELO CUANTITATIVO PARA DETERMINAR EL \u00cdNDICE DE CONFIANZA APLICADO A LOS TALLERES DE SERVICIOS AUTOMOTRICES EN SANGOLQU\u00cd <\/div><\/span>\n\t\t\t\t\t\t\t<span class='e-n-accordion-item-title-icon'>\n\t\t\t<span class='e-opened' ><svg aria-hidden=\"true\" class=\"e-font-icon-svg e-fas-folder-open\" viewbox=\"0 0 576 512\" xmlns=\"http:\/\/www.w3.org\/2000\/svg\"><path d=\"M572.694 292.093L500.27 416.248A63.997 63.997 0 0 1 444.989 448H45.025c-18.523 0-30.064-20.093-20.731-36.093l72.424-124.155A64 64 0 0 1 152 256h399.964c18.523 0 30.064 20.093 20.73 36.093zM152 224h328v-48c0-26.51-21.49-48-48-48H272l-64-64H48C21.49 64 0 85.49 0 112v278.046l69.077-118.418C86.214 242.25 117.989 224 152 224z\"><\/path><\/svg><\/span>\n\t\t\t<span class='e-closed'><svg aria-hidden=\"true\" class=\"e-font-icon-svg e-fas-folder\" viewbox=\"0 0 512 512\" xmlns=\"http:\/\/www.w3.org\/2000\/svg\"><path d=\"M464 128H272l-64-64H48C21.49 64 0 85.49 0 112v288c0 26.51 21.49 48 48 48h416c26.51 0 48-21.49 48-48V176c0-26.51-21.49-48-48-48z\"><\/path><\/svg><\/span>\n\t\t<\/span>\n\n\t\t\t\t\t\t<\/summary>\n\t\t\t\t<div role=\"region\" aria-labelledby=\"e-n-accordion-item-51432\" class=\"elementor-element elementor-element-d9454b7 e-con-full e-flex e-con e-child\" data-id=\"d9454b7\" data-element_type=\"container\" data-e-type=\"container\">\n\t\t\t\t<div class=\"elementor-element elementor-element-660fc3a elementor-widget elementor-widget-text-editor\" data-id=\"660fc3a\" data-element_type=\"widget\" data-e-type=\"widget\" data-widget_type=\"text-editor.default\">\n\t\t\t\t<div class=\"elementor-widget-container\">\n\t\t\t\t\t\t\t\t\t<ul><li><strong>OBJETIVO:<\/strong>Desarrollar un modelo cuantitativo para determinar el \u00edndice de confianza en los talleres de servicios automotrices en Sangolqu\u00ed<\/li><li><strong>L\u00cdNEA DE INVESTIGACI\u00d3N<\/strong><br \/>Administraci\u00f3n, econom\u00eda y servicios<\/li><li><strong>PROGRAMA<\/strong><br \/>Administraci\u00f3n, servicios econom\u00eda y para los sectores p\u00fablico y\/o privado<\/li><li><strong>DIRECTOR DEL PROYECTO<\/strong><br \/>Luis Alberto Carrera Toro<\/li><li><strong>INTEGRANTES<\/strong><br \/>Ximena Elizabeth Cayambe Badillo, Nicol\u00e1s Collaguazo Suquillo<\/li><\/ul>\t\t\t\t\t\t\t\t<\/div>\n\t\t\t\t<\/div>\n\t\t\t\t<\/div>\n\t\t\t\t\t<\/details>\n\t\t\t\t\t\t<details id=\"e-n-accordion-item-51433\" class=\"e-n-accordion-item\" >\n\t\t\t\t<summary class=\"e-n-accordion-item-title\" data-accordion-index=\"34\" tabindex=\"-1\" aria-expanded=\"false\" aria-controls=\"e-n-accordion-item-51433\" >\n\t\t\t\t\t<span class='e-n-accordion-item-title-header'><div class=\"e-n-accordion-item-title-text\"> 34.CAPACITACI\u00d3N PARA LA INNOVACI\u00d3N CULINARIA EN EL SECTOR RURAL <\/div><\/span>\n\t\t\t\t\t\t\t<span class='e-n-accordion-item-title-icon'>\n\t\t\t<span class='e-opened' ><svg aria-hidden=\"true\" class=\"e-font-icon-svg e-fas-folder-open\" viewbox=\"0 0 576 512\" xmlns=\"http:\/\/www.w3.org\/2000\/svg\"><path d=\"M572.694 292.093L500.27 416.248A63.997 63.997 0 0 1 444.989 448H45.025c-18.523 0-30.064-20.093-20.731-36.093l72.424-124.155A64 64 0 0 1 152 256h399.964c18.523 0 30.064 20.093 20.73 36.093zM152 224h328v-48c0-26.51-21.49-48-48-48H272l-64-64H48C21.49 64 0 85.49 0 112v278.046l69.077-118.418C86.214 242.25 117.989 224 152 224z\"><\/path><\/svg><\/span>\n\t\t\t<span class='e-closed'><svg aria-hidden=\"true\" class=\"e-font-icon-svg e-fas-folder\" viewbox=\"0 0 512 512\" xmlns=\"http:\/\/www.w3.org\/2000\/svg\"><path d=\"M464 128H272l-64-64H48C21.49 64 0 85.49 0 112v288c0 26.51 21.49 48 48 48h416c26.51 0 48-21.49 48-48V176c0-26.51-21.49-48-48-48z\"><\/path><\/svg><\/span>\n\t\t<\/span>\n\n\t\t\t\t\t\t<\/summary>\n\t\t\t\t<div role=\"region\" aria-labelledby=\"e-n-accordion-item-51433\" class=\"elementor-element elementor-element-96060c5 e-con-full e-flex e-con e-child\" data-id=\"96060c5\" data-element_type=\"container\" data-e-type=\"container\">\n\t\t\t\t<div class=\"elementor-element elementor-element-773b0f0 elementor-widget elementor-widget-text-editor\" data-id=\"773b0f0\" data-element_type=\"widget\" data-e-type=\"widget\" data-widget_type=\"text-editor.default\">\n\t\t\t\t<div class=\"elementor-widget-container\">\n\t\t\t\t\t\t\t\t\t<ul><li><strong>OBJETIVO:<\/strong>Implementar una capacitaci\u00f3n a cocineros en la zona rural de Selva Alegre para la innovaci\u00f3n culinaria.<\/li><li><strong>L\u00cdNEA DE INVESTIGACI\u00d3N<\/strong><br \/>Administraci\u00f3n, econom\u00eda y servicios<\/li><li><strong>PROGRAMA<\/strong><br \/>Administraci\u00f3n, servicios econom\u00eda y para los sectores p\u00fablico y\/o privado<\/li><li><strong>DIRECTOR DEL PROYECTO<\/strong><br \/>Renato Andr\u00e9s S\u00e1nchez Izquierdo<\/li><li><strong>INTEGRANTES<\/strong><br \/>Mar\u00eda Jos\u00e9 Chac\u00f3n Moyorga, Carla Estefan\u00eda Tapia Pazmi\u00f1o, Ramiro Santiago P\u00e9rez Silva<\/li><\/ul>\t\t\t\t\t\t\t\t<\/div>\n\t\t\t\t<\/div>\n\t\t\t\t<\/div>\n\t\t\t\t\t<\/details>\n\t\t\t\t\t\t<details id=\"e-n-accordion-item-51434\" class=\"e-n-accordion-item\" >\n\t\t\t\t<summary class=\"e-n-accordion-item-title\" data-accordion-index=\"35\" tabindex=\"-1\" aria-expanded=\"false\" aria-controls=\"e-n-accordion-item-51434\" >\n\t\t\t\t\t<span class='e-n-accordion-item-title-header'><div class=\"e-n-accordion-item-title-text\"> 35.SISTEMA DE CONTROL DE ACCESO BIOM\u00c9TRICO UTILIZANDO RECONOCIMIENTO FACIALL <\/div><\/span>\n\t\t\t\t\t\t\t<span class='e-n-accordion-item-title-icon'>\n\t\t\t<span class='e-opened' ><svg aria-hidden=\"true\" class=\"e-font-icon-svg e-fas-folder-open\" viewbox=\"0 0 576 512\" xmlns=\"http:\/\/www.w3.org\/2000\/svg\"><path d=\"M572.694 292.093L500.27 416.248A63.997 63.997 0 0 1 444.989 448H45.025c-18.523 0-30.064-20.093-20.731-36.093l72.424-124.155A64 64 0 0 1 152 256h399.964c18.523 0 30.064 20.093 20.73 36.093zM152 224h328v-48c0-26.51-21.49-48-48-48H272l-64-64H48C21.49 64 0 85.49 0 112v278.046l69.077-118.418C86.214 242.25 117.989 224 152 224z\"><\/path><\/svg><\/span>\n\t\t\t<span class='e-closed'><svg aria-hidden=\"true\" class=\"e-font-icon-svg e-fas-folder\" viewbox=\"0 0 512 512\" xmlns=\"http:\/\/www.w3.org\/2000\/svg\"><path d=\"M464 128H272l-64-64H48C21.49 64 0 85.49 0 112v288c0 26.51 21.49 48 48 48h416c26.51 0 48-21.49 48-48V176c0-26.51-21.49-48-48-48z\"><\/path><\/svg><\/span>\n\t\t<\/span>\n\n\t\t\t\t\t\t<\/summary>\n\t\t\t\t<div role=\"region\" aria-labelledby=\"e-n-accordion-item-51434\" class=\"elementor-element elementor-element-f91ec63 e-con-full e-flex e-con e-child\" data-id=\"f91ec63\" data-element_type=\"container\" data-e-type=\"container\">\n\t\t\t\t<div class=\"elementor-element elementor-element-282b1f4 elementor-widget elementor-widget-text-editor\" data-id=\"282b1f4\" data-element_type=\"widget\" data-e-type=\"widget\" data-widget_type=\"text-editor.default\">\n\t\t\t\t<div class=\"elementor-widget-container\">\n\t\t\t\t\t\t\t\t\t<ul><li><strong>OBJETIVO:<\/strong>Desarrollar e implementar un sistema de Control de Acceso Biom\u00e9trico utilizando reconocimiento facial, Python, Streamlit, y la c\u00e1mara ESP-32, para mejorar la gesti\u00f3n de acceso y el control de llegada y salida promoviendo la adopci\u00f3n de tecnolog\u00edas avanzadas en seguridad biom\u00e9trica.<\/li><li><strong>L\u00cdNEA DE INVESTIGACI\u00d3N<\/strong><br \/>Tecnolog\u00edas de la informaci\u00f3n y comunicaciones<\/li><li><strong>PROGRAMA<\/strong><br \/>Desarrollo e innovaci\u00f3n tecnol\u00f3gica para la industria y la sociedad<\/li><li><strong>DIRECTOR DEL PROYECTO<\/strong><br \/>Pablo David Minango Negrete<\/li><li><strong>INTEGRANTES<\/strong><br \/>\u00d3scar Marcelo Zambrano Vizuete<\/li><\/ul>\t\t\t\t\t\t\t\t<\/div>\n\t\t\t\t<\/div>\n\t\t\t\t<\/div>\n\t\t\t\t\t<\/details>\n\t\t\t\t\t\t<details id=\"e-n-accordion-item-51435\" class=\"e-n-accordion-item\" >\n\t\t\t\t<summary class=\"e-n-accordion-item-title\" data-accordion-index=\"36\" tabindex=\"-1\" aria-expanded=\"false\" aria-controls=\"e-n-accordion-item-51435\" >\n\t\t\t\t\t<span class='e-n-accordion-item-title-header'><div class=\"e-n-accordion-item-title-text\"> 36.IMPLEMENTACI\u00d3N Y AN\u00c1LISIS COMPARATIVO ENTRE EL USO DE CARB\u00d3N MINERAL Y POLVO QU\u00cdMICO GEM COMO PROPUESTAS T\u00c9CNICAS PARA MEJORAMIENTO DE SISTEMAS DE PUESTAS A TIERRA EN LAS TORRES DE LAS L\u00cdNEA DE TRANSMISI\u00d3N 230KV NORMAND\u00cdA \u2013 SAN BARTOLO, MORONA SANTIAGO Y SU INCIDENCIA ANTE DESCARGAS ATMOSF\u00c9RICAS. <\/div><\/span>\n\t\t\t\t\t\t\t<span class='e-n-accordion-item-title-icon'>\n\t\t\t<span class='e-opened' ><svg aria-hidden=\"true\" class=\"e-font-icon-svg e-fas-folder-open\" viewbox=\"0 0 576 512\" xmlns=\"http:\/\/www.w3.org\/2000\/svg\"><path d=\"M572.694 292.093L500.27 416.248A63.997 63.997 0 0 1 444.989 448H45.025c-18.523 0-30.064-20.093-20.731-36.093l72.424-124.155A64 64 0 0 1 152 256h399.964c18.523 0 30.064 20.093 20.73 36.093zM152 224h328v-48c0-26.51-21.49-48-48-48H272l-64-64H48C21.49 64 0 85.49 0 112v278.046l69.077-118.418C86.214 242.25 117.989 224 152 224z\"><\/path><\/svg><\/span>\n\t\t\t<span class='e-closed'><svg aria-hidden=\"true\" class=\"e-font-icon-svg e-fas-folder\" viewbox=\"0 0 512 512\" xmlns=\"http:\/\/www.w3.org\/2000\/svg\"><path d=\"M464 128H272l-64-64H48C21.49 64 0 85.49 0 112v288c0 26.51 21.49 48 48 48h416c26.51 0 48-21.49 48-48V176c0-26.51-21.49-48-48-48z\"><\/path><\/svg><\/span>\n\t\t<\/span>\n\n\t\t\t\t\t\t<\/summary>\n\t\t\t\t<div role=\"region\" aria-labelledby=\"e-n-accordion-item-51435\" class=\"elementor-element elementor-element-1a06cd9 e-con-full e-flex e-con e-child\" data-id=\"1a06cd9\" data-element_type=\"container\" data-e-type=\"container\">\n\t\t\t\t<div class=\"elementor-element elementor-element-df9d4dd elementor-widget elementor-widget-text-editor\" data-id=\"df9d4dd\" data-element_type=\"widget\" data-e-type=\"widget\" data-widget_type=\"text-editor.default\">\n\t\t\t\t<div class=\"elementor-widget-container\">\n\t\t\t\t\t\t\t\t\t<ul><li><strong>OBJETIVO:<\/strong>Determinar el comportamiento de la resistividad de la puesta a tierra entre el uso de carb\u00f3n mineral y polvo qu\u00edmico GEM mediante la implementaci\u00f3n y el an\u00e1lisis comparativo en la l\u00ednea de transmisi\u00f3n San Bartolo 230KV- Morona Santiago reduciendo el impacto de perturbaci\u00f3n ante descargas atmosf\u00e9ricas.<\/li><li><strong>L\u00cdNEA DE INVESTIGACI\u00d3N<\/strong><br \/>Tecnolog\u00eda e industria<\/li><li><strong>PROGRAMA<\/strong><br \/>Desarrollo e innovaci\u00f3n tecnol\u00f3gica para la industria y la sociedad<\/li><li><strong>DIRECTOR DEL PROYECTO<\/strong><br \/>\u00c1lvaro Santiago Mullo Quevedo<\/li><li><strong>INTEGRANTES<\/strong><br \/>Edison Patricio Paredes Pucachaqui, Edgar Guillermo Lincango Sigcha, Rommel Eusebio Su\u00e1rez Vinueza<\/li><\/ul>\t\t\t\t\t\t\t\t<\/div>\n\t\t\t\t<\/div>\n\t\t\t\t<\/div>\n\t\t\t\t\t<\/details>\n\t\t\t\t\t<\/div>\n\t\t\t\t\t\t<\/div>\n\t\t\t\t<\/div>\n\t\t\t\t<\/div>\n\t\t\t\t\t<\/div>\n\t\t<\/div>\n\t\t\t\t\t\t<\/div>\n\t\t\t\t<\/div>\n\t\t\t\t<\/div>\n\t\t\t\t\t<\/div>\n\t\t\t\t<\/div>\n\t\t\t\t<section class=\"elementor-section elementor-top-section elementor-element elementor-element-7691f9a elementor-section-height-min-height elementor-hidden-mobile elementor-section-boxed elementor-section-height-default elementor-section-items-middle\" data-id=\"7691f9a\" data-element_type=\"section\" data-e-type=\"section\" data-settings=\"{&quot;background_background&quot;:&quot;classic&quot;}\">\n\t\t\t\t\t\t<div class=\"elementor-container elementor-column-gap-no\">\n\t\t\t\t\t<div class=\"elementor-column elementor-col-100 elementor-top-column elementor-element elementor-element-1433b69\" data-id=\"1433b69\" data-element_type=\"column\" data-e-type=\"column\">\n\t\t\t<div class=\"elementor-widget-wrap elementor-element-populated\">\n\t\t\t\t\t\t<div class=\"elementor-element elementor-element-6b72661 elementor-widget elementor-widget-heading\" data-id=\"6b72661\" data-element_type=\"widget\" data-e-type=\"widget\" data-widget_type=\"heading.default\">\n\t\t\t\t<div class=\"elementor-widget-container\">\n\t\t\t\t\t<h2 class=\"elementor-heading-title elementor-size-default\"><b>A CONNECTED CAMPUS<\/b><\/h2>\t\t\t\t<\/div>\n\t\t\t\t<\/div>\n\t\t\t\t<div class=\"elementor-element elementor-element-e14da53 elementor-widget elementor-widget-heading\" data-id=\"e14da53\" data-element_type=\"widget\" data-e-type=\"widget\" data-widget_type=\"heading.default\">\n\t\t\t\t<div class=\"elementor-widget-container\">\n\t\t\t\t\t<h2 class=\"elementor-heading-title elementor-size-default\">YOUR UNIVERSITY SPACE<\/h2>\t\t\t\t<\/div>\n\t\t\t\t<\/div>\n\t\t\t\t\t<\/div>\n\t\t<\/div>\n\t\t\t\t\t<\/div>\n\t\t<\/section>\n\t\t<div class=\"elementor-element elementor-element-07d8d00 elementor-hidden-mobile e-flex e-con-boxed e-con e-parent\" data-id=\"07d8d00\" data-element_type=\"container\" data-e-type=\"container\" data-settings=\"{&quot;background_background&quot;:&quot;classic&quot;}\">\n\t\t\t\t\t<div class=\"e-con-inner\">\n\t\t<div class=\"elementor-element elementor-element-2ec8fd9 e-con-full e-flex e-con e-child\" data-id=\"2ec8fd9\" data-element_type=\"container\" data-e-type=\"container\" data-settings=\"{&quot;background_background&quot;:&quot;classic&quot;}\">\n\t\t<div class=\"elementor-element elementor-element-029bca5 e-con-full e-flex e-con e-child\" data-id=\"029bca5\" data-element_type=\"container\" data-e-type=\"container\" data-settings=\"{&quot;background_background&quot;:&quot;classic&quot;}\">\n\t\t\t\t<div class=\"elementor-element elementor-element-09b92c4 elementor-widget elementor-widget-heading\" data-id=\"09b92c4\" data-element_type=\"widget\" data-e-type=\"widget\" data-widget_type=\"heading.default\">\n\t\t\t\t<div class=\"elementor-widget-container\">\n\t\t\t\t\t<h2 class=\"elementor-heading-title elementor-size-default\">Revista cient\u00edfica<\/h2>\t\t\t\t<\/div>\n\t\t\t\t<\/div>\n\t\t\t\t<div class=\"elementor-element elementor-element-830d5b1 elementor-widget elementor-widget-heading\" data-id=\"830d5b1\" data-element_type=\"widget\" data-e-type=\"widget\" data-widget_type=\"heading.default\">\n\t\t\t\t<div class=\"elementor-widget-container\">\n\t\t\t\t\t<h3 class=\"elementor-heading-title elementor-size-default\"><a href=\"https:\/\/revista.ister.edu.ec\/ojs\/index.php\/ISTER\/issue\/archive\" target=\"_blank\">Learn more<\/a><\/h3>\t\t\t\t<\/div>\n\t\t\t\t<\/div>\n\t\t\t\t<\/div>\n\t\t<div class=\"elementor-element elementor-element-9bd6242 e-con-full e-flex e-con e-child\" data-id=\"9bd6242\" data-element_type=\"container\" data-e-type=\"container\" data-settings=\"{&quot;background_background&quot;:&quot;classic&quot;}\">\n\t\t\t\t<div class=\"elementor-element elementor-element-92fa871 elementor-widget elementor-widget-heading\" data-id=\"92fa871\" data-element_type=\"widget\" data-e-type=\"widget\" data-widget_type=\"heading.default\">\n\t\t\t\t<div class=\"elementor-widget-container\">\n\t\t\t\t\t<h2 class=\"elementor-heading-title elementor-size-default\">Virtual Classroom<\/h2>\t\t\t\t<\/div>\n\t\t\t\t<\/div>\n\t\t\t\t<div class=\"elementor-element elementor-element-0009f41 elementor-widget elementor-widget-heading\" data-id=\"0009f41\" data-element_type=\"widget\" data-e-type=\"widget\" data-widget_type=\"heading.default\">\n\t\t\t\t<div class=\"elementor-widget-container\">\n\t\t\t\t\t<h3 class=\"elementor-heading-title elementor-size-default\"><a href=\"https:\/\/ister.academicok.com\/login?ret=\/\" target=\"_blank\">Learn more<\/a><\/h3>\t\t\t\t<\/div>\n\t\t\t\t<\/div>\n\t\t\t\t<\/div>\n\t\t<div class=\"elementor-element elementor-element-e3077ce e-con-full e-flex e-con e-child\" data-id=\"e3077ce\" data-element_type=\"container\" data-e-type=\"container\" data-settings=\"{&quot;background_background&quot;:&quot;classic&quot;}\">\n\t\t\t\t<div class=\"elementor-element elementor-element-ccfad05 elementor-widget elementor-widget-heading\" data-id=\"ccfad05\" data-element_type=\"widget\" data-e-type=\"widget\" data-widget_type=\"heading.default\">\n\t\t\t\t<div class=\"elementor-widget-container\">\n\t\t\t\t\t<h2 class=\"elementor-heading-title elementor-size-default\">Campus RU<\/h2>\t\t\t\t<\/div>\n\t\t\t\t<\/div>\n\t\t\t\t<div class=\"elementor-element elementor-element-684c528 elementor-widget elementor-widget-heading\" data-id=\"684c528\" data-element_type=\"widget\" data-e-type=\"widget\" data-widget_type=\"heading.default\">\n\t\t\t\t<div class=\"elementor-widget-container\">\n\t\t\t\t\t<h3 class=\"elementor-heading-title elementor-size-default\"><a href=\"https:\/\/ister.edu.ec\/en\/el-campus\/\" target=\"_blank\">Learn more<\/a><\/h3>\t\t\t\t<\/div>\n\t\t\t\t<\/div>\n\t\t\t\t<\/div>\n\t\t<div class=\"elementor-element elementor-element-8d18be5 e-con-full e-flex e-con e-child\" data-id=\"8d18be5\" data-element_type=\"container\" data-e-type=\"container\" data-settings=\"{&quot;background_background&quot;:&quot;classic&quot;}\">\n\t\t\t\t<div class=\"elementor-element elementor-element-122d1be elementor-widget elementor-widget-heading\" data-id=\"122d1be\" data-element_type=\"widget\" data-e-type=\"widget\" data-widget_type=\"heading.default\">\n\t\t\t\t<div class=\"elementor-widget-container\">\n\t\t\t\t\t<h2 class=\"elementor-heading-title elementor-size-default\">Bienestar estudiantil<\/h2>\t\t\t\t<\/div>\n\t\t\t\t<\/div>\n\t\t\t\t<div class=\"elementor-element elementor-element-f6b6aad elementor-widget elementor-widget-heading\" data-id=\"f6b6aad\" data-element_type=\"widget\" data-e-type=\"widget\" data-widget_type=\"heading.default\">\n\t\t\t\t<div class=\"elementor-widget-container\">\n\t\t\t\t\t<h3 class=\"elementor-heading-title elementor-size-default\"><a href=\"https:\/\/ister.edu.ec\/en\/bienestar\/\" target=\"_blank\">Learn more<\/a><\/h3>\t\t\t\t<\/div>\n\t\t\t\t<\/div>\n\t\t\t\t<\/div>\n\t\t<div class=\"elementor-element elementor-element-fdce803 e-con-full e-flex e-con e-child\" data-id=\"fdce803\" data-element_type=\"container\" data-e-type=\"container\" data-settings=\"{&quot;background_background&quot;:&quot;classic&quot;}\">\n\t\t\t\t<div class=\"elementor-element elementor-element-27d6645 elementor-widget elementor-widget-heading\" data-id=\"27d6645\" data-element_type=\"widget\" data-e-type=\"widget\" data-widget_type=\"heading.default\">\n\t\t\t\t<div class=\"elementor-widget-container\">\n\t\t\t\t\t<h2 class=\"elementor-heading-title elementor-size-default\">Libraries<\/h2>\t\t\t\t<\/div>\n\t\t\t\t<\/div>\n\t\t\t\t<div class=\"elementor-element elementor-element-c20ad63 elementor-widget elementor-widget-heading\" data-id=\"c20ad63\" data-element_type=\"widget\" data-e-type=\"widget\" data-widget_type=\"heading.default\">\n\t\t\t\t<div class=\"elementor-widget-container\">\n\t\t\t\t\t<h3 class=\"elementor-heading-title elementor-size-default\"><a href=\"https:\/\/ister.edu.ec\/en\/bibliotecas\/\" target=\"_blank\">Learn more<\/a><\/h3>\t\t\t\t<\/div>\n\t\t\t\t<\/div>\n\t\t\t\t<\/div>\n\t\t\t\t<\/div>\n\t\t\t\t\t<\/div>\n\t\t\t\t<\/div>\n\t\t\t\t<section class=\"elementor-section elementor-top-section elementor-element elementor-element-bbca54c elementor-section-height-min-height elementor-hidden-desktop elementor-hidden-tablet elementor-section-boxed elementor-section-height-default elementor-section-items-middle\" data-id=\"bbca54c\" data-element_type=\"section\" data-e-type=\"section\" data-settings=\"{&quot;background_background&quot;:&quot;classic&quot;}\">\n\t\t\t\t\t\t<div class=\"elementor-container elementor-column-gap-no\">\n\t\t\t\t\t<div class=\"elementor-column elementor-col-100 elementor-top-column elementor-element elementor-element-46b469c\" data-id=\"46b469c\" data-element_type=\"column\" data-e-type=\"column\">\n\t\t\t<div class=\"elementor-widget-wrap elementor-element-populated\">\n\t\t\t\t\t\t<div class=\"elementor-element elementor-element-d19ae45 elementor-widget elementor-widget-heading\" data-id=\"d19ae45\" data-element_type=\"widget\" data-e-type=\"widget\" data-widget_type=\"heading.default\">\n\t\t\t\t<div class=\"elementor-widget-container\">\n\t\t\t\t\t<h2 class=\"elementor-heading-title elementor-size-default\"><b>A CONNECTED CAMPUS<\/b><\/h2>\t\t\t\t<\/div>\n\t\t\t\t<\/div>\n\t\t\t\t<div class=\"elementor-element elementor-element-af2a3e7 elementor-widget elementor-widget-heading\" data-id=\"af2a3e7\" data-element_type=\"widget\" data-e-type=\"widget\" data-widget_type=\"heading.default\">\n\t\t\t\t<div class=\"elementor-widget-container\">\n\t\t\t\t\t<h2 class=\"elementor-heading-title elementor-size-default\">YOUR UNIVERSITY SPACE<\/h2>\t\t\t\t<\/div>\n\t\t\t\t<\/div>\n\t\t\t\t\t<\/div>\n\t\t<\/div>\n\t\t\t\t\t<\/div>\n\t\t<\/section>\n\t\t<div class=\"elementor-element elementor-element-2e95484 e-con-full elementor-hidden-desktop elementor-hidden-tablet e-flex e-con e-parent\" data-id=\"2e95484\" data-element_type=\"container\" data-e-type=\"container\" data-settings=\"{&quot;background_background&quot;:&quot;classic&quot;}\">\n\t\t<div class=\"elementor-element elementor-element-2230735 e-con-full e-flex e-con e-child\" data-id=\"2230735\" data-element_type=\"container\" data-e-type=\"container\">\n\t\t\t\t<div class=\"elementor-element elementor-element-77672ef bdt-carousel-style-carousel elementor-widget elementor-widget-prime-slider-tango\" data-id=\"77672ef\" data-element_type=\"widget\" data-e-type=\"widget\" data-widget_type=\"prime-slider-tango.default\">\n\t\t\t\t<div class=\"elementor-widget-container\">\n\t\t\t\t\t\t\t<div class=\"bdt-prime-slider\">\n\t\t<div id=\"bdt-prime-slider-77672ef\" class=\"bdt-prime-slider-tango elementor-swiper\" data-settings=\"{&quot;autoplay&quot;:{&quot;delay&quot;:5000},&quot;loop&quot;:true,&quot;speed&quot;:1200,&quot;slidesPerView&quot;:1,&quot;slidesPerGroup&quot;:1,&quot;centeredSlides&quot;:true,&quot;effect&quot;:&quot;carousel&quot;,&quot;breakpoints&quot;:{&quot;768&quot;:{&quot;slidesPerView&quot;:2,&quot;spaceBetween&quot;:0,&quot;slidesPerGroup&quot;:1},&quot;1024&quot;:{&quot;slidesPerView&quot;:3,&quot;spaceBetween&quot;:40,&quot;slidesPerGroup&quot;:1}},&quot;navigation&quot;:{&quot;nextEl&quot;:&quot;#bdt-prime-slider-77672ef .bdt-navigation-next&quot;,&quot;prevEl&quot;:&quot;#bdt-prime-slider-77672ef .bdt-navigation-prev&quot;},&quot;pagination&quot;:{&quot;el&quot;:&quot;#bdt-prime-slider-77672ef .swiper-pagination&quot;,&quot;clickable&quot;:&quot;true&quot;},&quot;coverflowEffect&quot;:{&quot;rotate&quot;:0,&quot;stretch&quot;:180,&quot;depth&quot;:100,&quot;modifier&quot;:1,&quot;slideShadows&quot;:true}}\">\n\t\t\t<div class=\"swiper-tango swiper\" role=\"region\" aria-roledescription=\"carousel\" aria-label=\"Tango Slider\" dir=\"ltr\">\n\t\t\t\t<div class=\"swiper-wrapper\">\n\t\t\n            <div class=\"swiper-slide bdt-item\">\n\t\t\t\t<div class=\"bdt-image-wrap\">\n\t\t\t\t\t<img fetchpriority=\"high\" decoding=\"async\" width=\"445\" height=\"445\" src=\"https:\/\/ister.edu.ec\/wp-content\/uploads\/Acordeon5.webp\" class=\"bdt-img\" alt=\"Estudiante leyendo un libro en la biblioteca.\" srcset=\"https:\/\/ister.edu.ec\/wp-content\/uploads\/Acordeon5.webp 445w, https:\/\/ister.edu.ec\/wp-content\/uploads\/Acordeon5-300x300.webp 300w, https:\/\/ister.edu.ec\/wp-content\/uploads\/Acordeon5-150x150.webp 150w\" sizes=\"(max-width: 445px) 100vw, 445px\" title=\"Espacios de estudio y lectura \u2013 Biblioteca del Instituto Universitario Rumi\u00f1ahui - Tecnol\u00f3gico Universitario Rumi\u00f1ahui\" \/>\t\t\t\t<\/div>\n\t\t\t\t<div class=\"bdt-content-wrap\">\n\n\t\t\t\t\t\t\t\t\t\t<div class=\"bdt-subtitle\" data-reveal=\"reveal-active\">\n\t\t\t\t\t\t\tLibraries\t\t\t\t\t\t<\/div>\n\t\t\t\t\t\n\t\t\t\t\t\t\t\t\t\t\t<h1 class=\"bdt-title\" data-reveal=\"reveal-active\">\n\t\t\t\t\t\t\t\t\t\t\t\t\t\t\t<a href=\"https:\/\/ister.edu.ec\/en\/bibliotecas\/\" target=\"_blank\">\n\t\t\t\t\t\t\t\t\t\t\t\t\t\t\t\t<span class=\"frist-word\">Ver<\/span> m\u00e1s\t\t\t\t\t\t\t\t\t\t\t\t\t\t\t\t<\/a>\n\t\t\t\t\t\t\t\t\t\t\t\t\t<\/h1>\n\t\t\t\t\t\t\t\t\t<\/div>\n\t\t\t\t\t\t\t<\/div>\n\n        \n            <div class=\"swiper-slide bdt-item\">\n\t\t\t\t<div class=\"bdt-image-wrap\">\n\t\t\t\t\t<img decoding=\"async\" width=\"445\" height=\"445\" src=\"https:\/\/ister.edu.ec\/wp-content\/uploads\/Acordeon3.webp\" class=\"bdt-img\" alt=\"Estudiantes interactuando en actividades de Bienestar Estudiantil.\" srcset=\"https:\/\/ister.edu.ec\/wp-content\/uploads\/Acordeon3.webp 445w, https:\/\/ister.edu.ec\/wp-content\/uploads\/Acordeon3-300x300.webp 300w, https:\/\/ister.edu.ec\/wp-content\/uploads\/Acordeon3-150x150.webp 150w\" sizes=\"(max-width: 445px) 100vw, 445px\" title=\"Bienestar Estudiantil \u2013 Instituto Universitario Rumi\u00f1ahui - Tecnol\u00f3gico Universitario Rumi\u00f1ahui\" \/>\t\t\t\t<\/div>\n\t\t\t\t<div class=\"bdt-content-wrap\">\n\n\t\t\t\t\t\t\t\t\t\t<div class=\"bdt-subtitle\" data-reveal=\"reveal-active\">\n\t\t\t\t\t\t\tBienestar estudiantil\t\t\t\t\t\t<\/div>\n\t\t\t\t\t\n\t\t\t\t\t\t\t\t\t\t\t<h1 class=\"bdt-title\" data-reveal=\"reveal-active\">\n\t\t\t\t\t\t\t\t\t\t\t\t\t\t\t<a href=\"https:\/\/ister.edu.ec\/en\/bienestar\/\" target=\"_blank\">\n\t\t\t\t\t\t\t\t\t\t\t\t\t\t\t\t<span class=\"frist-word\">Ver<\/span> m\u00e1s\t\t\t\t\t\t\t\t\t\t\t\t\t\t\t\t<\/a>\n\t\t\t\t\t\t\t\t\t\t\t\t\t<\/h1>\n\t\t\t\t\t\t\t\t\t<\/div>\n\t\t\t\t\t\t\t<\/div>\n\n        \n            <div class=\"swiper-slide bdt-item\">\n\t\t\t\t<div class=\"bdt-image-wrap\">\n\t\t\t\t\t<img decoding=\"async\" width=\"445\" height=\"445\" src=\"https:\/\/ister.edu.ec\/wp-content\/uploads\/Acordeon4.webp\" class=\"bdt-img\" alt=\"Estudiantes participando activamente en una clase universitaria.\" srcset=\"https:\/\/ister.edu.ec\/wp-content\/uploads\/Acordeon4.webp 445w, https:\/\/ister.edu.ec\/wp-content\/uploads\/Acordeon4-300x300.webp 300w, https:\/\/ister.edu.ec\/wp-content\/uploads\/Acordeon4-150x150.webp 150w\" sizes=\"(max-width: 445px) 100vw, 445px\" title=\"Experiencia acad\u00e9mica en el aula \u2013 Instituto Universitario Rumi\u00f1ahui - Tecnol\u00f3gico Universitario Rumi\u00f1ahui\" \/>\t\t\t\t<\/div>\n\t\t\t\t<div class=\"bdt-content-wrap\">\n\n\t\t\t\t\t\t\t\t\t\t<div class=\"bdt-subtitle\" data-reveal=\"reveal-active\">\n\t\t\t\t\t\t\tCampus RU\t\t\t\t\t\t<\/div>\n\t\t\t\t\t\n\t\t\t\t\t\t\t\t\t\t\t<h1 class=\"bdt-title\" data-reveal=\"reveal-active\">\n\t\t\t\t\t\t\t\t\t\t\t\t\t\t\t<a href=\"https:\/\/ister.edu.ec\/en\/el-campus\/\" target=\"_blank\">\n\t\t\t\t\t\t\t\t\t\t\t\t\t\t\t\t<span class=\"frist-word\">Ver<\/span> m\u00e1s\t\t\t\t\t\t\t\t\t\t\t\t\t\t\t\t<\/a>\n\t\t\t\t\t\t\t\t\t\t\t\t\t<\/h1>\n\t\t\t\t\t\t\t\t\t<\/div>\n\t\t\t\t\t\t\t<\/div>\n\n        \n            <div class=\"swiper-slide bdt-item\">\n\t\t\t\t<div class=\"bdt-image-wrap\">\n\t\t\t\t\t<img loading=\"lazy\" decoding=\"async\" width=\"445\" height=\"445\" src=\"https:\/\/ister.edu.ec\/wp-content\/uploads\/Acordeon2.webp\" class=\"bdt-img\" alt=\"\" srcset=\"https:\/\/ister.edu.ec\/wp-content\/uploads\/Acordeon2.webp 445w, https:\/\/ister.edu.ec\/wp-content\/uploads\/Acordeon2-300x300.webp 300w, https:\/\/ister.edu.ec\/wp-content\/uploads\/Acordeon2-150x150.webp 150w\" sizes=\"(max-width: 445px) 100vw, 445px\" title=\"Acordeon2 - Tecnol\u00f3gico Universitario Rumi\u00f1ahui\" \/>\t\t\t\t<\/div>\n\t\t\t\t<div class=\"bdt-content-wrap\">\n\n\t\t\t\t\t\t\t\t\t\t<div class=\"bdt-subtitle\" data-reveal=\"reveal-active\">\n\t\t\t\t\t\t\tRevista cient\u00edfica\t\t\t\t\t\t<\/div>\n\t\t\t\t\t\n\t\t\t\t\t\t\t\t\t\t\t<h1 class=\"bdt-title\" data-reveal=\"reveal-active\">\n\t\t\t\t\t\t\t\t\t\t\t\t\t\t\t<a href=\"https:\/\/revista.ister.edu.ec\/ojs\/index.php\/ISTER\/issue\/archive\" target=\"_blank\">\n\t\t\t\t\t\t\t\t\t\t\t\t\t\t\t\t<span class=\"frist-word\">Ver<\/span> m\u00e1s\t\t\t\t\t\t\t\t\t\t\t\t\t\t\t\t<\/a>\n\t\t\t\t\t\t\t\t\t\t\t\t\t<\/h1>\n\t\t\t\t\t\t\t\t\t<\/div>\n\t\t\t\t\t\t\t<\/div>\n\n        \n            <div class=\"swiper-slide bdt-item\">\n\t\t\t\t<div class=\"bdt-image-wrap\">\n\t\t\t\t\t<img loading=\"lazy\" decoding=\"async\" width=\"445\" height=\"445\" src=\"https:\/\/ister.edu.ec\/wp-content\/uploads\/Acordeon1.webp\" class=\"bdt-img\" alt=\"Acceso al Sistema de Gesti\u00f3n Acad\u00e9mica desde un dispositivo port\u00e1til.\" srcset=\"https:\/\/ister.edu.ec\/wp-content\/uploads\/Acordeon1.webp 445w, https:\/\/ister.edu.ec\/wp-content\/uploads\/Acordeon1-300x300.webp 300w, https:\/\/ister.edu.ec\/wp-content\/uploads\/Acordeon1-150x150.webp 150w\" sizes=\"(max-width: 445px) 100vw, 445px\" title=\"Sistema de Gesti\u00f3n Acad\u00e9mica (SGA) \u2013 Instituto Universitario Rumi\u00f1ahui - Tecnol\u00f3gico Universitario Rumi\u00f1ahui\" \/>\t\t\t\t<\/div>\n\t\t\t\t<div class=\"bdt-content-wrap\">\n\n\t\t\t\t\t\t\t\t\t\t<div class=\"bdt-subtitle\" data-reveal=\"reveal-active\">\n\t\t\t\t\t\t\tVirtual Classroom\t\t\t\t\t\t<\/div>\n\t\t\t\t\t\n\t\t\t\t\t\t\t\t\t\t\t<h1 class=\"bdt-title\" data-reveal=\"reveal-active\">\n\t\t\t\t\t\t\t\t\t\t\t\t\t\t\t<a href=\"https:\/\/ister.academicok.com\/login?ret=\/\" target=\"_blank\">\n\t\t\t\t\t\t\t\t\t\t\t\t\t\t\t\t<span class=\"frist-word\">Ver<\/span> m\u00e1s\t\t\t\t\t\t\t\t\t\t\t\t\t\t\t\t<\/a>\n\t\t\t\t\t\t\t\t\t\t\t\t\t<\/h1>\n\t\t\t\t\t\t\t\t\t<\/div>\n\t\t\t\t\t\t\t<\/div>\n\n        \t\t\t\t<\/div>\n\t\t\t<\/div>\n\t\t\t\n\t\t\t\t\t\t\t\t\t\t\t\n\t\t\t\t\t\t<div class=\"bdt-arrows-center bdt-navigation-arrows bdt-position-z-index reveal-muted\">\n\t\t\t\t<div class=\"bdt-navigation-prev bdt-slidenav\"><i class=\"ps-wi-arrow-left-5\"><\/i><\/div>\n\t\t\t\t<div class=\"bdt-navigation-next bdt-slidenav\"><i class=\"ps-wi-arrow-right-5\"><\/i><\/div>\n\t\t\t<\/div>\n\t\t\t\n\t\t\t\t<\/div>\n\t\t<\/div>\n\n\t\t\t\t\t\t<\/div>\n\t\t\t\t<\/div>\n\t\t\t\t<\/div>\n\t\t\t\t<\/div>\n\t\t\t\t<\/div>","protected":false},"excerpt":{"rendered":"<p>Exploramos. Descubrimos Avanzamos. PROYECTOS DE INVESTIGACI\u00d3N Unidad de informaci\u00f3n que apoya a la docencia, investigaci\u00f3n y consultas bibliogr\u00e1ficas de la comunidad ISU- ISTER y del p\u00fablico en general 2025 2024 1. DISE\u00d1O Y DESARROLLO DE UN SISTEMA ROB\u00d3TICO DE RECOLECCI\u00d3N DE FRUTOS POR VISI\u00d3N ARTIFICIAL CON ESTRATEGIAS DE EFICIENCIA ENERG\u00c9TICA OBJETIVO:Dise\u00f1ar y construir un prototipo [&hellip;]<\/p>\n","protected":false},"author":4,"featured_media":0,"parent":0,"menu_order":0,"comment_status":"closed","ping_status":"closed","template":"","meta":{"om_disable_all_campaigns":false,"_monsterinsights_skip_tracking":false,"_monsterinsights_sitenote_active":false,"_monsterinsights_sitenote_note":"","_monsterinsights_sitenote_category":0,"footnotes":""},"class_list":["post-17909","page","type-page","status-publish","hentry"],"aioseo_notices":[],"_links":{"self":[{"href":"https:\/\/ister.edu.ec\/en\/wp-json\/wp\/v2\/pages\/17909","targetHints":{"allow":["GET"]}}],"collection":[{"href":"https:\/\/ister.edu.ec\/en\/wp-json\/wp\/v2\/pages"}],"about":[{"href":"https:\/\/ister.edu.ec\/en\/wp-json\/wp\/v2\/types\/page"}],"author":[{"embeddable":true,"href":"https:\/\/ister.edu.ec\/en\/wp-json\/wp\/v2\/users\/4"}],"replies":[{"embeddable":true,"href":"https:\/\/ister.edu.ec\/en\/wp-json\/wp\/v2\/comments?post=17909"}],"version-history":[{"count":427,"href":"https:\/\/ister.edu.ec\/en\/wp-json\/wp\/v2\/pages\/17909\/revisions"}],"predecessor-version":[{"id":34649,"href":"https:\/\/ister.edu.ec\/en\/wp-json\/wp\/v2\/pages\/17909\/revisions\/34649"}],"wp:attachment":[{"href":"https:\/\/ister.edu.ec\/en\/wp-json\/wp\/v2\/media?parent=17909"}],"curies":[{"name":"wp","href":"https:\/\/api.w.org\/{rel}","templated":true}]}}