{"id":24485,"date":"2025-02-06T12:04:11","date_gmt":"2025-02-06T17:04:11","guid":{"rendered":"https:\/\/ister.edu.ec\/?page_id=24485"},"modified":"2026-04-17T16:34:48","modified_gmt":"2026-04-17T21:34:48","slug":"practicas-pre-profesionales","status":"publish","type":"page","link":"https:\/\/ister.edu.ec\/en\/practicas-pre-profesionales\/","title":{"rendered":"Internships"},"content":{"rendered":"<div data-elementor-type=\"wp-page\" data-elementor-id=\"24485\" class=\"elementor elementor-24485\" data-elementor-post-type=\"page\">\n\t\t\t\t<div class=\"elementor-element elementor-element-4ce0ad9 e-flex e-con-boxed e-con e-parent\" data-id=\"4ce0ad9\" data-element_type=\"container\" data-e-type=\"container\" data-settings=\"{&quot;background_background&quot;:&quot;classic&quot;}\">\n\t\t\t\t\t<div class=\"e-con-inner\">\n\t\t<div class=\"elementor-element elementor-element-695d519 e-con-full e-flex e-con e-child\" data-id=\"695d519\" data-element_type=\"container\" data-e-type=\"container\" data-settings=\"{&quot;background_background&quot;:&quot;classic&quot;}\">\n\t\t\t\t<div class=\"elementor-element elementor-element-b440c72 elementor-widget elementor-widget-heading\" data-id=\"b440c72\" data-element_type=\"widget\" data-e-type=\"widget\" data-widget_type=\"heading.default\">\n\t\t\t\t<div class=\"elementor-widget-container\">\n\t\t\t\t\t<h2 class=\"elementor-heading-title elementor-size-default\">promovemos la transformaci\u00f3n a trav\u00e9s de<\/h2>\t\t\t\t<\/div>\n\t\t\t\t<\/div>\n\t\t\t\t<div class=\"elementor-element elementor-element-d2d0873 elementor-widget elementor-widget-heading\" data-id=\"d2d0873\" data-element_type=\"widget\" data-e-type=\"widget\" data-widget_type=\"heading.default\">\n\t\t\t\t<div class=\"elementor-widget-container\">\n\t\t\t\t\t<h2 class=\"elementor-heading-title elementor-size-default\">PRACTICAS PRE-PROFESIONALES<\/h2>\t\t\t\t<\/div>\n\t\t\t\t<\/div>\n\t\t\t\t<\/div>\n\t\t<div class=\"elementor-element elementor-element-d08b5ee elementor-hidden-tablet elementor-hidden-phone e-con-full e-flex e-con e-child\" data-id=\"d08b5ee\" data-element_type=\"container\" data-e-type=\"container\">\n\t\t\t\t<\/div>\n\t\t\t\t\t<\/div>\n\t\t\t\t<\/div>\n\t\t<div class=\"elementor-element elementor-element-76960f7 e-con-full e-flex e-con e-parent\" data-id=\"76960f7\" data-element_type=\"container\" data-e-type=\"container\">\n\t\t<div class=\"elementor-element elementor-element-5e3358a e-con-full e-flex e-con e-child\" data-id=\"5e3358a\" data-element_type=\"container\" data-e-type=\"container\">\n\t\t\t\t<div class=\"elementor-element elementor-element-cf42915 elementor-widget elementor-widget-heading\" data-id=\"cf42915\" data-element_type=\"widget\" data-e-type=\"widget\" data-widget_type=\"heading.default\">\n\t\t\t\t<div class=\"elementor-widget-container\">\n\t\t\t\t\t<h2 class=\"elementor-heading-title elementor-size-default\">PRACTICAS PRE-PROFESIONALES<\/h2>\t\t\t\t<\/div>\n\t\t\t\t<\/div>\n\t\t\t\t<div class=\"elementor-element elementor-element-71d1f6f elementor-widget elementor-widget-text-editor\" data-id=\"71d1f6f\" data-element_type=\"widget\" data-e-type=\"widget\" data-widget_type=\"text-editor.default\">\n\t\t\t\t<div class=\"elementor-widget-container\">\n\t\t\t\t\t\t\t\t\t<p>De acuerdo con disposici\u00f3n del Reglamento de R\u00e9gimen Acad\u00e9mico del pa\u00eds; el estudiante debe cumplir horas de pr\u00e1cticas preprofesionales laborales y horas de pr\u00e1cticas de servicio comunitario para poder titularse<\/p>\t\t\t\t\t\t\t\t<\/div>\n\t\t\t\t<\/div>\n\t\t\t\t<div class=\"elementor-element elementor-element-8c1efb1 e-n-tabs-mobile elementor-widget elementor-widget-n-tabs\" data-id=\"8c1efb1\" data-element_type=\"widget\" data-e-type=\"widget\" data-settings=\"{&quot;horizontal_scroll&quot;:&quot;disable&quot;}\" data-widget_type=\"nested-tabs.default\">\n\t\t\t\t<div class=\"elementor-widget-container\">\n\t\t\t\t\t\t\t<div class=\"e-n-tabs\" data-widget-number=\"146927537\" aria-label=\"Tabs. Open items with Enter or Space, close with Escape and navigate using the Arrow keys.\">\n\t\t\t<div class=\"e-n-tabs-heading\" role=\"tablist\">\n\t\t\t\t\t<button id=\"e-n-tab-title-1469275371\" data-tab-title-id=\"e-n-tab-title-1469275371\" class=\"e-n-tab-title\" aria-selected=\"true\" data-tab-index=\"1\" role=\"tab\" tabindex=\"0\" aria-controls=\"e-n-tab-content-1469275371\" style=\"--n-tabs-title-order: 1;\">\n\t\t\t\t\t\t<span class=\"e-n-tab-title-text\">\n\t\t\t\tCronograma\t\t\t<\/span>\n\t\t<\/button>\n\t\t\t\t<button id=\"e-n-tab-title-1469275372\" data-tab-title-id=\"e-n-tab-title-1469275372\" class=\"e-n-tab-title\" aria-selected=\"false\" data-tab-index=\"2\" role=\"tab\" tabindex=\"-1\" aria-controls=\"e-n-tab-content-1469275372\" style=\"--n-tabs-title-order: 2;\">\n\t\t\t\t\t\t<span class=\"e-n-tab-title-text\">\n\t\t\t\tHoras de pr\u00e1cticas \t\t\t<\/span>\n\t\t<\/button>\n\t\t\t\t\t<\/div>\n\t\t\t<div class=\"e-n-tabs-content\">\n\t\t\t\t<div id=\"e-n-tab-content-1469275371\" role=\"tabpanel\" aria-labelledby=\"e-n-tab-title-1469275371\" data-tab-index=\"1\" style=\"--n-tabs-title-order: 1;\" class=\"e-active elementor-element elementor-element-282b7ce e-con-full e-flex e-con e-child\" data-id=\"282b7ce\" data-element_type=\"container\" data-e-type=\"container\">\n\t\t<div class=\"elementor-element elementor-element-a6e9dc7 e-flex e-con-boxed e-con e-child\" data-id=\"a6e9dc7\" data-element_type=\"container\" data-e-type=\"container\">\n\t\t\t\t\t<div class=\"e-con-inner\">\n\t\t\t\t<div class=\"elementor-element elementor-element-6aae17c elementor-widget elementor-widget-image\" data-id=\"6aae17c\" data-element_type=\"widget\" data-e-type=\"widget\" data-widget_type=\"image.default\">\n\t\t\t\t<div class=\"elementor-widget-container\">\n\t\t\t\t\t\t\t\t\t\t\t\t\t\t\t<img fetchpriority=\"high\" decoding=\"async\" width=\"724\" height=\"1024\" src=\"https:\/\/ister.edu.ec\/wp-content\/uploads\/Calendario-de-Inscripcion-de-Practicas-PAO-2026-1-724x1024.webp\" class=\"attachment-large size-large wp-image-42719\" alt=\"Calendario del Instituto Universitario Rumi\u00f1ahui con fechas de inscripci\u00f3n de pr\u00e1cticas preprofesionales y servicio comunitario del periodo PAO 2026-1.\" srcset=\"https:\/\/ister.edu.ec\/wp-content\/uploads\/Calendario-de-Inscripcion-de-Practicas-PAO-2026-1-724x1024.webp 724w, https:\/\/ister.edu.ec\/wp-content\/uploads\/Calendario-de-Inscripcion-de-Practicas-PAO-2026-1-212x300.webp 212w, https:\/\/ister.edu.ec\/wp-content\/uploads\/Calendario-de-Inscripcion-de-Practicas-PAO-2026-1-768x1086.webp 768w, https:\/\/ister.edu.ec\/wp-content\/uploads\/Calendario-de-Inscripcion-de-Practicas-PAO-2026-1-1086x1536.webp 1086w, https:\/\/ister.edu.ec\/wp-content\/uploads\/Calendario-de-Inscripcion-de-Practicas-PAO-2026-1-1448x2048.webp 1448w, https:\/\/ister.edu.ec\/wp-content\/uploads\/Calendario-de-Inscripcion-de-Practicas-PAO-2026-1-scaled.webp 1810w\" sizes=\"(max-width: 724px) 100vw, 724px\" title=\"Calendario de Inscripci\u00f3n de Pr\u00e1cticas PAO 2026-1 - Tecnol\u00f3gico Universitario Rumi\u00f1ahui\" \/>\t\t\t\t\t\t\t\t\t\t\t\t\t\t\t<\/div>\n\t\t\t\t<\/div>\n\t\t\t\t\t<\/div>\n\t\t\t\t<\/div>\n\t\t\t\t<\/div>\n\t\t<div id=\"e-n-tab-content-1469275372\" role=\"tabpanel\" aria-labelledby=\"e-n-tab-title-1469275372\" data-tab-index=\"2\" style=\"--n-tabs-title-order: 2;\" class=\"elementor-element elementor-element-8d14428 e-con-full e-flex e-con e-child\" data-id=\"8d14428\" data-element_type=\"container\" data-e-type=\"container\">\n\t\t<div class=\"elementor-element elementor-element-f098394 e-flex e-con-boxed e-con e-child\" data-id=\"f098394\" data-element_type=\"container\" data-e-type=\"container\">\n\t\t\t\t\t<div class=\"e-con-inner\">\n\t\t\t\t<div class=\"elementor-element elementor-element-0fab1fb elementor-widget elementor-widget-html\" data-id=\"0fab1fb\" data-element_type=\"widget\" data-e-type=\"widget\" data-widget_type=\"html.default\">\n\t\t\t\t<div class=\"elementor-widget-container\">\n\t\t\t\t\t<div class=\"tabla-responsive\">\r\n    <table>\r\n        <tbody>\r\n            <tr>\r\n                <th><\/th>\r\n                <th>Horas de pr\u00e1cticas laborables<\/th>\r\n                <th>Horas de pr\u00e1cticas de servicio comunitario<\/th>\r\n            <\/tr>\r\n            <tr>\r\n                <td>TECNICATURAS<\/td>\r\n                <td><strong>192<\/strong><\/td>\r\n                <td><strong>96<\/strong><\/td>\r\n            <\/tr>\r\n            <tr>\r\n                <td>Higher Technology Programs<\/td>\r\n                <td><strong>240<\/strong><\/td>\r\n                <td><strong>96<\/strong><\/td>\r\n            <\/tr>\r\n            <tr>\r\n                <td>University Technologies<\/td>\r\n                <td><strong>240<\/strong><\/td>\r\n                <td><strong>96<\/strong><\/td>\r\n            <\/tr>\r\n        <\/tbody>\r\n    <\/table>\r\n<\/div>\r\n\t\t\t\t<\/div>\n\t\t\t\t<\/div>\n\t\t\t\t\t<\/div>\n\t\t\t\t<\/div>\n\t\t\t\t<\/div>\n\t\t\t\t\t<\/div>\n\t\t<\/div>\n\t\t\t\t\t\t<\/div>\n\t\t\t\t<\/div>\n\t\t\t\t<\/div>\n\t\t\t\t<\/div>\n\t\t<div class=\"elementor-element elementor-element-806a0b0 e-flex e-con-boxed e-con e-parent\" data-id=\"806a0b0\" data-element_type=\"container\" data-e-type=\"container\">\n\t\t\t\t\t<div class=\"e-con-inner\">\n\t\t<div class=\"elementor-element elementor-element-0b5a8a7 e-con-full e-flex e-con e-child\" data-id=\"0b5a8a7\" data-element_type=\"container\" data-e-type=\"container\">\n\t\t\t\t<div class=\"elementor-element elementor-element-5c73e3a e-n-tabs-mobile elementor-widget elementor-widget-n-tabs\" data-id=\"5c73e3a\" data-element_type=\"widget\" data-e-type=\"widget\" data-settings=\"{&quot;horizontal_scroll&quot;:&quot;disable&quot;}\" data-widget_type=\"nested-tabs.default\">\n\t\t\t\t<div class=\"elementor-widget-container\">\n\t\t\t\t\t\t\t<div class=\"e-n-tabs\" data-widget-number=\"96943674\" aria-label=\"Tabs. Open items with Enter or Space, close with Escape and navigate using the Arrow keys.\">\n\t\t\t<div class=\"e-n-tabs-heading\" role=\"tablist\">\n\t\t\t\t\t<button id=\"e-n-tab-title-969436741\" data-tab-title-id=\"e-n-tab-title-969436741\" class=\"e-n-tab-title\" aria-selected=\"true\" data-tab-index=\"1\" role=\"tab\" tabindex=\"0\" aria-controls=\"e-n-tab-content-969436741\" style=\"--n-tabs-title-order: 1;\">\n\t\t\t\t\t\t<span class=\"e-n-tab-title-text\">\n\t\t\t\tServicio comunitario\t\t\t<\/span>\n\t\t<\/button>\n\t\t\t\t<button id=\"e-n-tab-title-969436742\" data-tab-title-id=\"e-n-tab-title-969436742\" class=\"e-n-tab-title\" aria-selected=\"false\" data-tab-index=\"2\" role=\"tab\" tabindex=\"-1\" aria-controls=\"e-n-tab-content-969436742\" style=\"--n-tabs-title-order: 2;\">\n\t\t\t\t\t\t<span class=\"e-n-tab-title-text\">\n\t\t\t\tLaborables\t\t\t<\/span>\n\t\t<\/button>\n\t\t\t\t\t<\/div>\n\t\t\t<div class=\"e-n-tabs-content\">\n\t\t\t\t<div id=\"e-n-tab-content-969436741\" role=\"tabpanel\" aria-labelledby=\"e-n-tab-title-969436741\" data-tab-index=\"1\" style=\"--n-tabs-title-order: 1;\" class=\"e-active elementor-element elementor-element-a32609e e-con-full e-flex e-con e-child\" data-id=\"a32609e\" data-element_type=\"container\" data-e-type=\"container\">\n\t\t<div class=\"elementor-element elementor-element-cb31cf6 e-flex e-con-boxed e-con e-child\" data-id=\"cb31cf6\" data-element_type=\"container\" data-e-type=\"container\">\n\t\t\t\t\t<div class=\"e-con-inner\">\n\t\t\t\t<div class=\"elementor-element elementor-element-18308b1 elementor-widget elementor-widget-heading\" data-id=\"18308b1\" data-element_type=\"widget\" data-e-type=\"widget\" data-widget_type=\"heading.default\">\n\t\t\t\t<div class=\"elementor-widget-container\">\n\t\t\t\t\t<h2 class=\"elementor-heading-title elementor-size-default\">Servicio Comunitario<\/h2>\t\t\t\t<\/div>\n\t\t\t\t<\/div>\n\t\t\t\t<div class=\"elementor-element elementor-element-8fb6922 elementor-widget elementor-widget-text-editor\" data-id=\"8fb6922\" data-element_type=\"widget\" data-e-type=\"widget\" data-widget_type=\"text-editor.default\">\n\t\t\t\t<div class=\"elementor-widget-container\">\n\t\t\t\t\t\t\t\t\t<p>Para estudiantes de segundo nivel y estudiantes de otros niveles que a\u00fan no han cumplido con las 96 horas de ppp de servicio comunitario; realizar\u00e1n pr\u00e1cticas en los proyectos de vinculaci\u00f3n de cada carrera.<\/p>\t\t\t\t\t\t\t\t<\/div>\n\t\t\t\t<\/div>\n\t\t\t\t\t<\/div>\n\t\t\t\t<\/div>\n\t\t\t\t<div class=\"elementor-element elementor-element-b97d2d9 e-n-tabs-mobile elementor-widget elementor-widget-n-tabs\" data-id=\"b97d2d9\" data-element_type=\"widget\" data-e-type=\"widget\" data-settings=\"{&quot;horizontal_scroll&quot;:&quot;disable&quot;}\" data-widget_type=\"nested-tabs.default\">\n\t\t\t\t<div class=\"elementor-widget-container\">\n\t\t\t\t\t\t\t<div class=\"e-n-tabs\" data-widget-number=\"194499289\" aria-label=\"Tabs. Open items with Enter or Space, close with Escape and navigate using the Arrow keys.\">\n\t\t\t<div class=\"e-n-tabs-heading\" role=\"tablist\">\n\t\t\t\t\t<button id=\"e-n-tab-title-1944992891\" data-tab-title-id=\"e-n-tab-title-1944992891\" class=\"e-n-tab-title\" aria-selected=\"true\" data-tab-index=\"1\" role=\"tab\" tabindex=\"0\" aria-controls=\"e-n-tab-content-1944992891\" style=\"--n-tabs-title-order: 1;\">\n\t\t\t\t\t\t<span class=\"e-n-tab-title-text\">\n\t\t\t\tTUTORIAL\t\t\t<\/span>\n\t\t<\/button>\n\t\t\t\t<button id=\"e-n-tab-title-1944992892\" data-tab-title-id=\"e-n-tab-title-1944992892\" class=\"e-n-tab-title\" aria-selected=\"false\" data-tab-index=\"2\" role=\"tab\" tabindex=\"-1\" aria-controls=\"e-n-tab-content-1944992892\" style=\"--n-tabs-title-order: 2;\">\n\t\t\t\t\t\t<span class=\"e-n-tab-title-text\">\n\t\t\t\tConvocatoria\t\t\t<\/span>\n\t\t<\/button>\n\t\t\t\t\t<\/div>\n\t\t\t<div class=\"e-n-tabs-content\">\n\t\t\t\t<div id=\"e-n-tab-content-1944992891\" role=\"tabpanel\" aria-labelledby=\"e-n-tab-title-1944992891\" data-tab-index=\"1\" style=\"--n-tabs-title-order: 1;\" class=\"e-active elementor-element elementor-element-57cc0d4 e-con-full e-flex e-con e-child\" data-id=\"57cc0d4\" data-element_type=\"container\" data-e-type=\"container\">\n\t\t<div class=\"elementor-element elementor-element-74b0c13 e-flex e-con-boxed e-con e-child\" data-id=\"74b0c13\" data-element_type=\"container\" data-e-type=\"container\">\n\t\t\t\t\t<div class=\"e-con-inner\">\n\t\t\t\t<div class=\"elementor-element elementor-element-292d026 elementor-widget elementor-widget-video\" data-id=\"292d026\" data-element_type=\"widget\" data-e-type=\"widget\" data-settings=\"{&quot;youtube_url&quot;:&quot;https:\\\/\\\/www.youtube.com\\\/watch?v=QmYO8HgfA_M&quot;,&quot;video_type&quot;:&quot;youtube&quot;,&quot;controls&quot;:&quot;yes&quot;}\" data-widget_type=\"video.default\">\n\t\t\t\t<div class=\"elementor-widget-container\">\n\t\t\t\t\t\t\t<div class=\"elementor-wrapper elementor-open-inline\">\n\t\t\t<div class=\"elementor-video\"><\/div>\t\t<\/div>\n\t\t\t\t\t\t<\/div>\n\t\t\t\t<\/div>\n\t\t\t\t<div class=\"elementor-element elementor-element-016874f elementor-fixed elementor-invisible elementor-widget elementor-widget-button\" data-id=\"016874f\" data-element_type=\"widget\" data-e-type=\"widget\" data-settings=\"{&quot;_position&quot;:&quot;fixed&quot;,&quot;_animation&quot;:&quot;fadeInLeft&quot;}\" data-widget_type=\"button.default\">\n\t\t\t\t<div class=\"elementor-widget-container\">\n\t\t\t\t\t\t\t\t\t<div class=\"elementor-button-wrapper\">\n\t\t\t\t\t<a class=\"elementor-button elementor-button-link elementor-size-sm\" href=\"https:\/\/ister.edu.ec\/en\/matriculate\/\">\n\t\t\t\t\t\t<span class=\"elementor-button-content-wrapper\">\n\t\t\t\t\t\t\t\t\t<span class=\"elementor-button-text\">APPLY NOW!<\/span>\n\t\t\t\t\t<\/span>\n\t\t\t\t\t<\/a>\n\t\t\t\t<\/div>\n\t\t\t\t\t\t\t\t<\/div>\n\t\t\t\t<\/div>\n\t\t\t\t<div class=\"elementor-element elementor-element-6131a30 elementor-widget elementor-widget-shortcode\" data-id=\"6131a30\" data-element_type=\"widget\" data-e-type=\"widget\" data-widget_type=\"shortcode.default\">\n\t\t\t\t<div class=\"elementor-widget-container\">\n\t\t\t\t\t\t\t<div class=\"elementor-shortcode\"><div class=\"real3dflipbook\" id=\"9_69f1d5bb7303f\" style=\"position:absolute;\"><\/div><\/div>\n\t\t\t\t\t\t<\/div>\n\t\t\t\t<\/div>\n\t\t\t\t\t<\/div>\n\t\t\t\t<\/div>\n\t\t\t\t<\/div>\n\t\t<div id=\"e-n-tab-content-1944992892\" role=\"tabpanel\" aria-labelledby=\"e-n-tab-title-1944992892\" data-tab-index=\"2\" style=\"--n-tabs-title-order: 2;\" class=\"elementor-element elementor-element-c5db271 e-con-full e-flex e-con e-child\" data-id=\"c5db271\" data-element_type=\"container\" data-e-type=\"container\">\n\t\t<div class=\"elementor-element elementor-element-5935fd1 e-flex e-con-boxed e-con e-child\" data-id=\"5935fd1\" data-element_type=\"container\" data-e-type=\"container\">\n\t\t\t\t\t<div class=\"e-con-inner\">\n\t\t\t\t<div class=\"elementor-element elementor-element-46cdcf4 elementor-widget elementor-widget-image\" data-id=\"46cdcf4\" data-element_type=\"widget\" data-e-type=\"widget\" data-widget_type=\"image.default\">\n\t\t\t\t<div class=\"elementor-widget-container\">\n\t\t\t\t\t\t\t\t\t\t\t\t\t\t\t<img decoding=\"async\" width=\"800\" height=\"800\" src=\"https:\/\/ister.edu.ec\/wp-content\/uploads\/Convocatoria-Servicio-Comunitario-PAO-2026-1-1024x1024.webp\" class=\"attachment-large size-large wp-image-42716\" alt=\"Afiche del Instituto Universitario Rumi\u00f1ahui sobre la convocatoria de pr\u00e1cticas preprofesionales de servicio comunitario con fechas del 27 de abril al 10 de mayo de 2026.\" srcset=\"https:\/\/ister.edu.ec\/wp-content\/uploads\/Convocatoria-Servicio-Comunitario-PAO-2026-1-1024x1024.webp 1024w, https:\/\/ister.edu.ec\/wp-content\/uploads\/Convocatoria-Servicio-Comunitario-PAO-2026-1-300x300.webp 300w, https:\/\/ister.edu.ec\/wp-content\/uploads\/Convocatoria-Servicio-Comunitario-PAO-2026-1-150x150.webp 150w, https:\/\/ister.edu.ec\/wp-content\/uploads\/Convocatoria-Servicio-Comunitario-PAO-2026-1-768x768.webp 768w, https:\/\/ister.edu.ec\/wp-content\/uploads\/Convocatoria-Servicio-Comunitario-PAO-2026-1-1536x1536.webp 1536w, https:\/\/ister.edu.ec\/wp-content\/uploads\/Convocatoria-Servicio-Comunitario-PAO-2026-1.webp 1575w\" sizes=\"(max-width: 800px) 100vw, 800px\" title=\"Convocatoria Servicio Comunitario PAO 2026-1 - Tecnol\u00f3gico Universitario Rumi\u00f1ahui\" \/>\t\t\t\t\t\t\t\t\t\t\t\t\t\t\t<\/div>\n\t\t\t\t<\/div>\n\t\t\t\t\t<\/div>\n\t\t\t\t<\/div>\n\t\t\t\t<\/div>\n\t\t\t\t\t<\/div>\n\t\t<\/div>\n\t\t\t\t\t\t<\/div>\n\t\t\t\t<\/div>\n\t\t\t\t<\/div>\n\t\t<div id=\"e-n-tab-content-969436742\" role=\"tabpanel\" aria-labelledby=\"e-n-tab-title-969436742\" data-tab-index=\"2\" style=\"--n-tabs-title-order: 2;\" class=\"elementor-element elementor-element-6e52092 e-con-full e-flex e-con e-child\" data-id=\"6e52092\" data-element_type=\"container\" data-e-type=\"container\">\n\t\t<div class=\"elementor-element elementor-element-50bb67d e-flex e-con-boxed e-con e-child\" data-id=\"50bb67d\" data-element_type=\"container\" data-e-type=\"container\">\n\t\t\t\t\t<div class=\"e-con-inner\">\n\t\t\t\t<div class=\"elementor-element elementor-element-bc22705 e-n-tabs-mobile elementor-widget elementor-widget-n-tabs\" data-id=\"bc22705\" data-element_type=\"widget\" data-e-type=\"widget\" data-settings=\"{&quot;horizontal_scroll&quot;:&quot;disable&quot;}\" data-widget_type=\"nested-tabs.default\">\n\t\t\t\t<div class=\"elementor-widget-container\">\n\t\t\t\t\t\t\t<div class=\"e-n-tabs\" data-widget-number=\"197273349\" aria-label=\"Tabs. Open items with Enter or Space, close with Escape and navigate using the Arrow keys.\">\n\t\t\t<div class=\"e-n-tabs-heading\" role=\"tablist\">\n\t\t\t\t\t<button id=\"e-n-tab-title-1972733491\" data-tab-title-id=\"e-n-tab-title-1972733491\" class=\"e-n-tab-title\" aria-selected=\"true\" data-tab-index=\"1\" role=\"tab\" tabindex=\"0\" aria-controls=\"e-n-tab-content-1972733491\" style=\"--n-tabs-title-order: 1;\">\n\t\t\t\t\t\t<span class=\"e-n-tab-title-text\">\n\t\t\t\tContexto Real\t\t\t<\/span>\n\t\t<\/button>\n\t\t\t\t<button id=\"e-n-tab-title-1972733492\" data-tab-title-id=\"e-n-tab-title-1972733492\" class=\"e-n-tab-title\" aria-selected=\"false\" data-tab-index=\"2\" role=\"tab\" tabindex=\"-1\" aria-controls=\"e-n-tab-content-1972733492\" style=\"--n-tabs-title-order: 2;\">\n\t\t\t\t\t\t<span class=\"e-n-tab-title-text\">\n\t\t\t\tAyudant\u00eda en Investigaci\u00f3n\t\t\t<\/span>\n\t\t<\/button>\n\t\t\t\t<button id=\"e-n-tab-title-1972733493\" data-tab-title-id=\"e-n-tab-title-1972733493\" class=\"e-n-tab-title\" aria-selected=\"false\" data-tab-index=\"3\" role=\"tab\" tabindex=\"-1\" aria-controls=\"e-n-tab-content-1972733493\" style=\"--n-tabs-title-order: 3;\">\n\t\t\t\t\t\t<span class=\"e-n-tab-title-text\">\n\t\t\t\tExperiencia Laboral\t\t\t<\/span>\n\t\t<\/button>\n\t\t\t\t\t<\/div>\n\t\t\t<div class=\"e-n-tabs-content\">\n\t\t\t\t<div id=\"e-n-tab-content-1972733491\" role=\"tabpanel\" aria-labelledby=\"e-n-tab-title-1972733491\" data-tab-index=\"1\" style=\"--n-tabs-title-order: 1;\" class=\"e-active elementor-element elementor-element-f5891b8 e-con-full e-flex e-con e-child\" data-id=\"f5891b8\" data-element_type=\"container\" data-e-type=\"container\">\n\t\t<div class=\"elementor-element elementor-element-7b940a6 e-flex e-con-boxed e-con e-child\" data-id=\"7b940a6\" data-element_type=\"container\" data-e-type=\"container\">\n\t\t\t\t\t<div class=\"e-con-inner\">\n\t\t\t\t<div class=\"elementor-element elementor-element-1fe50b2 elementor-widget elementor-widget-image\" data-id=\"1fe50b2\" data-element_type=\"widget\" data-e-type=\"widget\" data-widget_type=\"image.default\">\n\t\t\t\t<div class=\"elementor-widget-container\">\n\t\t\t\t\t\t\t\t\t\t\t\t\t\t\t<img decoding=\"async\" width=\"800\" height=\"800\" src=\"https:\/\/ister.edu.ec\/wp-content\/uploads\/Convocatoria-Practicas-en-Contextos-Reales-PAO-2026-1-1024x1024.webp\" class=\"attachment-large size-large wp-image-42717\" alt=\"Afiche del Instituto Universitario Rumi\u00f1ahui sobre pr\u00e1cticas preprofesionales en contextos reales con fechas del 20 de abril al 19 de junio de 2026.\" srcset=\"https:\/\/ister.edu.ec\/wp-content\/uploads\/Convocatoria-Practicas-en-Contextos-Reales-PAO-2026-1-1024x1024.webp 1024w, https:\/\/ister.edu.ec\/wp-content\/uploads\/Convocatoria-Practicas-en-Contextos-Reales-PAO-2026-1-300x300.webp 300w, https:\/\/ister.edu.ec\/wp-content\/uploads\/Convocatoria-Practicas-en-Contextos-Reales-PAO-2026-1-150x150.webp 150w, https:\/\/ister.edu.ec\/wp-content\/uploads\/Convocatoria-Practicas-en-Contextos-Reales-PAO-2026-1-768x768.webp 768w, https:\/\/ister.edu.ec\/wp-content\/uploads\/Convocatoria-Practicas-en-Contextos-Reales-PAO-2026-1-1536x1536.webp 1536w, https:\/\/ister.edu.ec\/wp-content\/uploads\/Convocatoria-Practicas-en-Contextos-Reales-PAO-2026-1.webp 1575w\" sizes=\"(max-width: 800px) 100vw, 800px\" title=\"Convocatoria Pr\u00e1cticas en Contextos Reales PAO 2026-1 - Tecnol\u00f3gico Universitario Rumi\u00f1ahui\" \/>\t\t\t\t\t\t\t\t\t\t\t\t\t\t\t<\/div>\n\t\t\t\t<\/div>\n\t\t\t\t<div class=\"elementor-element elementor-element-11e9033 elementor-widget elementor-widget-text-editor\" data-id=\"11e9033\" data-element_type=\"widget\" data-e-type=\"widget\" data-widget_type=\"text-editor.default\">\n\t\t\t\t<div class=\"elementor-widget-container\">\n\t\t\t\t\t\t\t\t\t<p><strong>Practicas Pre Profesionales por Contextos Reales:<\/strong><\/p><p>Son actividades formativas que el estudiante realiza en un entorno laboral verdadero (como una empresa o instituci\u00f3n), donde aplica sus conocimientos y habilidades en situaciones reales del trabajo profesional.<\/p><p><strong>Los estudiantes deben tomar esta opci\u00f3n de pr\u00e1cticas a partir de segundo nivel.<\/strong><\/p>\t\t\t\t\t\t\t\t<\/div>\n\t\t\t\t<\/div>\n\t\t\t\t<div class=\"elementor-element elementor-element-049d77d elementor-widget-tablet__width-initial elementor-widget-mobile__width-initial elementor-widget elementor-widget-elementskit-accordion\" data-id=\"049d77d\" data-element_type=\"widget\" data-e-type=\"widget\" data-widget_type=\"elementskit-accordion.default\">\n\t\t\t\t<div class=\"elementor-widget-container\">\n\t\t\t\t\t<div class=\"ekit-wid-con\" >\n        <div class=\"elementskit-accordion accoedion-primary\" id=\"accordion-69f0d97ad7d87\">\n\n            \n                <div class=\"elementskit-card active\">\n                    <div class=\"elementskit-card-header\" id=\"primaryHeading-0-049d77d\">\n                        <a href=\"#collapse-e270b4569f0d97ad7d87\" class=\"ekit-accordion--toggler elementskit-btn-link collapsed\" data-ekit-toggle=\"collapse\" data-target=\"#Collapse-e270b4569f0d97ad7d87\" aria-expanded=\"true\" aria-controls=\"Collapse-e270b4569f0d97ad7d87\">\n                            \n                            <span class=\"ekit-accordion-title\">INSCRIBIRSE<\/span>\n\n                            \n                                <div class=\"ekit_accordion_icon_group\">\n                                    <div class=\"ekit_accordion_normal_icon\">\n                                        <!-- Normal Icon -->\n\t\t\t\t\t\t\t\t\t\t<svg class=\"e-font-icon-svg e-fas-plus\" viewbox=\"0 0 448 512\" xmlns=\"http:\/\/www.w3.org\/2000\/svg\"><path d=\"M416 208H272V64c0-17.67-14.33-32-32-32h-32c-17.67 0-32 14.33-32 32v144H32c-17.67 0-32 14.33-32 32v32c0 17.67 14.33 32 32 32h144v144c0 17.67 14.33 32 32 32h32c17.67 0 32-14.33 32-32V304h144c17.67 0 32-14.33 32-32v-32c0-17.67-14.33-32-32-32z\"><\/path><\/svg>                                    <\/div>\n\n                                    <div class=\"ekit_accordion_active_icon\">\n                                        <!-- Active Icon -->\n\t\t\t\t\t\t\t\t\t\t<svg class=\"e-font-icon-svg e-fas-minus\" viewbox=\"0 0 448 512\" xmlns=\"http:\/\/www.w3.org\/2000\/svg\"><path d=\"M416 208H32c-17.67 0-32 14.33-32 32v32c0 17.67 14.33 32 32 32h384c17.67 0 32-14.33 32-32v-32c0-17.67-14.33-32-32-32z\"><\/path><\/svg>                                    <\/div>\n                                <\/div>\n\n                            \n                                                    <\/a>\n                    <\/div>\n\n                    <div id=\"Collapse-e270b4569f0d97ad7d87\" class=\"show collapse\" aria-labelledby=\"primaryHeading-0-049d77d\" data-parent=\"#accordion-69f0d97ad7d87\">\n\n                        <div class=\"elementskit-card-body ekit-accordion--content\">\n                            <p><strong>Para iniciar el proceso<\/strong>, se debe generar un <strong>oficio dirigido a la empresa<\/strong> o una <strong>carta de petici\u00f3n de pr\u00e1cticas<\/strong>.<\/p><p><strong>Pasos a seguir:<\/strong><\/p><ol><li>Realizar el pago del derecho de pr\u00e1cticas, ($30.00) a las cuentas del Instituto.<\/li><li>Ingresar a tr\u00e1mites y solicitudes\u00a0en el SGA.<\/li><li>Elegir la opci\u00f3n, solicitud: 24. VALIDACI\u00d3N DE PR\u00c1CTICAS PRE PROFESIONALES EN CONTEXTOS REALES.<\/li><li>Adicionar el comprobante de pago en la solicitud, esperar\u00a0\u00a0 la factura emitida por recaudaci\u00f3n.<\/li><li>Inscribirse, mediante\u00a0<a href=\"https:\/\/ruedge.ister.edu.ec\/vinculacion\/convocatoriasppp\/\">https:\/\/ruedge.ister.edu.ec\/vinculacion\/convocatoriasppp\/<\/a>, subiendo la factura emitida por recaudaci\u00f3n del pago del derecho de pr\u00e1cticas.<\/li><\/ol><p>\u00a0<\/p><p><strong>\u00a0<\/strong><\/p><p><strong>NOTA IMPORTANTE:<\/strong><br \/>Los <strong>estudiantes becados<\/strong> est\u00e1n exentos del pago del derecho de pr\u00e1cticas y deber\u00e1n realizar el proceso a partir del <strong>quinto paso<\/strong>.<\/p><p>En el caso de los estudiantes que cuentan con beca, el sistema identificar\u00e1 autom\u00e1ticamente su condici\u00f3n de becado. Por tanto, no ser\u00e1 necesario adjuntar la factura, \u00fanicamente deber\u00e1n completar los campos requeridos en el formulario correspondiente.<\/p>                        <\/div>\n\n                    <\/div>\n\n                <\/div><!-- .elementskit-card END -->\n\n                \n                <div class=\"elementskit-card active\">\n                    <div class=\"elementskit-card-header\" id=\"primaryHeading-1-049d77d\">\n                        <a href=\"#collapse-1e3386769f0d97ad7d87\" class=\"ekit-accordion--toggler elementskit-btn-link collapsed\" data-ekit-toggle=\"collapse\" data-target=\"#Collapse-1e3386769f0d97ad7d87\" aria-expanded=\"true\" aria-controls=\"Collapse-1e3386769f0d97ad7d87\">\n                            \n                            <span class=\"ekit-accordion-title\">Documentos a descargar<\/span>\n\n                            \n                                <div class=\"ekit_accordion_icon_group\">\n                                    <div class=\"ekit_accordion_normal_icon\">\n                                        <!-- Normal Icon -->\n\t\t\t\t\t\t\t\t\t\t<svg class=\"e-font-icon-svg e-fas-plus\" viewbox=\"0 0 448 512\" xmlns=\"http:\/\/www.w3.org\/2000\/svg\"><path d=\"M416 208H272V64c0-17.67-14.33-32-32-32h-32c-17.67 0-32 14.33-32 32v144H32c-17.67 0-32 14.33-32 32v32c0 17.67 14.33 32 32 32h144v144c0 17.67 14.33 32 32 32h32c17.67 0 32-14.33 32-32V304h144c17.67 0 32-14.33 32-32v-32c0-17.67-14.33-32-32-32z\"><\/path><\/svg>                                    <\/div>\n\n                                    <div class=\"ekit_accordion_active_icon\">\n                                        <!-- Active Icon -->\n\t\t\t\t\t\t\t\t\t\t<svg class=\"e-font-icon-svg e-fas-minus\" viewbox=\"0 0 448 512\" xmlns=\"http:\/\/www.w3.org\/2000\/svg\"><path d=\"M416 208H32c-17.67 0-32 14.33-32 32v32c0 17.67 14.33 32 32 32h384c17.67 0 32-14.33 32-32v-32c0-17.67-14.33-32-32-32z\"><\/path><\/svg>                                    <\/div>\n                                <\/div>\n\n                            \n                                                    <\/a>\n                    <\/div>\n\n                    <div id=\"Collapse-1e3386769f0d97ad7d87\" class=\"show collapse\" aria-labelledby=\"primaryHeading-1-049d77d\" data-parent=\"#accordion-69f0d97ad7d87\">\n\n                        <div class=\"elementskit-card-body ekit-accordion--content\">\n                            <p><a href=\"https:\/\/ister.edu.ec\/wp-content\/uploads\/INDICACIONES-Presentacion-informe-final-de-Validacion-de-Practicas-en-Contextos-Reales.pdf\">INDICACIONES Presentaci\u00f3n informe final de Validaci\u00f3n de Pr\u00e1cticas en Contextos Reales<\/a><\/p><p><strong><a href=\"https:\/\/ister.edu.ec\/wp-content\/uploads\/TUTOR-EMPRESARIAL-1.docx\">TUTOR EMPRESARIAL<\/a><\/strong><\/p><p><strong><a href=\"https:\/\/ister.edu.ec\/wp-content\/uploads\/TUTOR-ACADEMICO-1.docx\">TUTOR ACADEMICO<\/a><\/strong><\/p><p><strong><a href=\"https:\/\/ister.edu.ec\/wp-content\/uploads\/PLANIFICACION-1.docx\">PLANIFICACION<\/a><\/strong><\/p><p><strong><a href=\"https:\/\/ister.edu.ec\/wp-content\/uploads\/INFORME-MODELO-1.docx\">INFORME MODELO<\/a><\/strong><\/p><p><strong><a href=\"https:\/\/ister.edu.ec\/wp-content\/uploads\/CONTROL-AVANCE-1.docx\">CONTROL AVANCE<\/a><\/strong><\/p>                        <\/div>\n\n                    <\/div>\n\n                <\/div><!-- .elementskit-card END -->\n\n                \n                <div class=\"elementskit-card active\">\n                    <div class=\"elementskit-card-header\" id=\"primaryHeading-2-049d77d\">\n                        <a href=\"#collapse-68e2e6669f0d97ad7d87\" class=\"ekit-accordion--toggler elementskit-btn-link collapsed\" data-ekit-toggle=\"collapse\" data-target=\"#Collapse-68e2e6669f0d97ad7d87\" aria-expanded=\"true\" aria-controls=\"Collapse-68e2e6669f0d97ad7d87\">\n                            \n                            <span class=\"ekit-accordion-title\">M\u00f3dulo de plaza de pr\u00e1cticas<\/span>\n\n                            \n                                <div class=\"ekit_accordion_icon_group\">\n                                    <div class=\"ekit_accordion_normal_icon\">\n                                        <!-- Normal Icon -->\n\t\t\t\t\t\t\t\t\t\t<svg class=\"e-font-icon-svg e-fas-plus\" viewbox=\"0 0 448 512\" xmlns=\"http:\/\/www.w3.org\/2000\/svg\"><path d=\"M416 208H272V64c0-17.67-14.33-32-32-32h-32c-17.67 0-32 14.33-32 32v144H32c-17.67 0-32 14.33-32 32v32c0 17.67 14.33 32 32 32h144v144c0 17.67 14.33 32 32 32h32c17.67 0 32-14.33 32-32V304h144c17.67 0 32-14.33 32-32v-32c0-17.67-14.33-32-32-32z\"><\/path><\/svg>                                    <\/div>\n\n                                    <div class=\"ekit_accordion_active_icon\">\n                                        <!-- Active Icon -->\n\t\t\t\t\t\t\t\t\t\t<svg class=\"e-font-icon-svg e-fas-minus\" viewbox=\"0 0 448 512\" xmlns=\"http:\/\/www.w3.org\/2000\/svg\"><path d=\"M416 208H32c-17.67 0-32 14.33-32 32v32c0 17.67 14.33 32 32 32h384c17.67 0 32-14.33 32-32v-32c0-17.67-14.33-32-32-32z\"><\/path><\/svg>                                    <\/div>\n                                <\/div>\n\n                            \n                                                    <\/a>\n                    <\/div>\n\n                    <div id=\"Collapse-68e2e6669f0d97ad7d87\" class=\"show collapse\" aria-labelledby=\"primaryHeading-2-049d77d\" data-parent=\"#accordion-69f0d97ad7d87\">\n\n                        <div class=\"elementskit-card-body ekit-accordion--content\">\n                            <p>El M\u00f3dulo de Plaza de Pr\u00e1cticas tiene como objetivo gestionar y publicar las ofertas de pr\u00e1cticas profesionales provenientes de las empresas con las que la instituci\u00f3n mantiene convenios vigentes.<\/p><p>En este m\u00f3dulo, el estudiante encontrar\u00e1 las ofertas habilitadas correspondientes a su carrera, en las cuales podr\u00e1 postular.\u00a0<a href=\"https:\/\/ruedge.ister.edu.ec\/alu\/plazaspracticaspreprofesionales\/\">https:\/\/ruedge.ister.edu.ec\/alu\/plazaspracticaspreprofesionales\/<\/a><\/p>                        <\/div>\n\n                    <\/div>\n\n                <\/div><!-- .elementskit-card END -->\n\n                                        <\/div>\n    <\/div>\t\t\t\t<\/div>\n\t\t\t\t<\/div>\n\t\t\t\t<div class=\"elementor-element elementor-element-2043d49 elementor-widget elementor-widget-shortcode\" data-id=\"2043d49\" data-element_type=\"widget\" data-e-type=\"widget\" data-widget_type=\"shortcode.default\">\n\t\t\t\t<div class=\"elementor-widget-container\">\n\t\t\t\t\t\t\t<div class=\"elementor-shortcode\"><div class=\"real3dflipbook\" id=\"8_69f1d5bb74355\" style=\"position:absolute;\"><\/div><\/div>\n\t\t\t\t\t\t<\/div>\n\t\t\t\t<\/div>\n\t\t\t\t\t<\/div>\n\t\t\t\t<\/div>\n\t\t\t\t<\/div>\n\t\t<div id=\"e-n-tab-content-1972733492\" role=\"tabpanel\" aria-labelledby=\"e-n-tab-title-1972733492\" data-tab-index=\"2\" style=\"--n-tabs-title-order: 2;\" class=\"elementor-element elementor-element-462788b e-con-full e-flex e-con e-child\" data-id=\"462788b\" data-element_type=\"container\" data-e-type=\"container\">\n\t\t<div class=\"elementor-element elementor-element-58fa582 e-flex e-con-boxed e-con e-child\" data-id=\"58fa582\" data-element_type=\"container\" data-e-type=\"container\">\n\t\t\t\t\t<div class=\"e-con-inner\">\n\t\t\t\t<div class=\"elementor-element elementor-element-c1deed8 elementor-widget elementor-widget-text-editor\" data-id=\"c1deed8\" data-element_type=\"widget\" data-e-type=\"widget\" data-widget_type=\"text-editor.default\">\n\t\t\t\t<div class=\"elementor-widget-container\">\n\t\t\t\t\t\t\t\t\t<p>Para estudiante que desean participar en proyectos de investigaci\u00f3n de cada carrera.<\/p>\t\t\t\t\t\t\t\t<\/div>\n\t\t\t\t<\/div>\n\t\t\t\t<div class=\"elementor-element elementor-element-eca46b3 elementor-widget-tablet__width-initial elementor-widget-mobile__width-initial elementor-widget elementor-widget-elementskit-accordion\" data-id=\"eca46b3\" data-element_type=\"widget\" data-e-type=\"widget\" data-widget_type=\"elementskit-accordion.default\">\n\t\t\t\t<div class=\"elementor-widget-container\">\n\t\t\t\t\t<div class=\"ekit-wid-con\" >\n        <div class=\"elementskit-accordion accoedion-primary\" id=\"accordion-69f0d97ad8ef2\">\n\n            \n                <div class=\"elementskit-card active\">\n                    <div class=\"elementskit-card-header\" id=\"primaryHeading-0-eca46b3\">\n                        <a href=\"#collapse-e270b4569f0d97ad8ef2\" class=\"ekit-accordion--toggler elementskit-btn-link collapsed\" data-ekit-toggle=\"collapse\" data-target=\"#Collapse-e270b4569f0d97ad8ef2\" aria-expanded=\"true\" aria-controls=\"Collapse-e270b4569f0d97ad8ef2\">\n                            \n                            <span class=\"ekit-accordion-title\">INSCRIBIRSE<\/span>\n\n                            \n                                <div class=\"ekit_accordion_icon_group\">\n                                    <div class=\"ekit_accordion_normal_icon\">\n                                        <!-- Normal Icon -->\n\t\t\t\t\t\t\t\t\t\t<svg class=\"e-font-icon-svg e-fas-plus\" viewbox=\"0 0 448 512\" xmlns=\"http:\/\/www.w3.org\/2000\/svg\"><path d=\"M416 208H272V64c0-17.67-14.33-32-32-32h-32c-17.67 0-32 14.33-32 32v144H32c-17.67 0-32 14.33-32 32v32c0 17.67 14.33 32 32 32h144v144c0 17.67 14.33 32 32 32h32c17.67 0 32-14.33 32-32V304h144c17.67 0 32-14.33 32-32v-32c0-17.67-14.33-32-32-32z\"><\/path><\/svg>                                    <\/div>\n\n                                    <div class=\"ekit_accordion_active_icon\">\n                                        <!-- Active Icon -->\n\t\t\t\t\t\t\t\t\t\t<svg class=\"e-font-icon-svg e-fas-minus\" viewbox=\"0 0 448 512\" xmlns=\"http:\/\/www.w3.org\/2000\/svg\"><path d=\"M416 208H32c-17.67 0-32 14.33-32 32v32c0 17.67 14.33 32 32 32h384c17.67 0 32-14.33 32-32v-32c0-17.67-14.33-32-32-32z\"><\/path><\/svg>                                    <\/div>\n                                <\/div>\n\n                            \n                                                    <\/a>\n                    <\/div>\n\n                    <div id=\"Collapse-e270b4569f0d97ad8ef2\" class=\"show collapse\" aria-labelledby=\"primaryHeading-0-eca46b3\" data-parent=\"#accordion-69f0d97ad8ef2\">\n\n                        <div class=\"elementskit-card-body ekit-accordion--content\">\n                            <p><strong>Proceso a Seguir:<\/strong><\/p><ul><li>Realizar solicitud por el <span class=\"error misspelling\" title=\"Se ha encontrado un posible error ortogr\u00e1fico.\">SGA<\/span><span class=\"error grammar\" title=\"Posible error tipogr\u00e1fico: m\u00faltiples espacios en blanco\">\u00a0\u00a0<\/span><\/li><li>Ingresar a tr\u00e1mites y solicitudes<\/li><li>Elegir la opci\u00f3n, solicitud: <strong>08. VALIDACI\u00d3N DE PR\u00c1CTICAS PRE-PROFESIONALES POR AYUDANT\u00cdA EN INVESTIGACI\u00d3N PAO 2026-2026<\/strong><\/li><li>Anexar R\u00e9cord Acad\u00e9mico (<strong>Descargarse del <span class=\"error misspelling\" title=\"Se ha encontrado un posible error ortogr\u00e1fico.\">SGA<\/span><\/strong>) y comprobante de pago del derecho de pr\u00e1cticas $30,00.<\/li><li>Los estudiantes deben tener un promedio de calificaciones igual o mayor a 9 para participar en la validaci\u00f3n de Pr\u00e1cticas Pre Profesionales en Ayudant\u00eda en Investigaci\u00f3n.\u00a0<\/li><\/ul>                        <\/div>\n\n                    <\/div>\n\n                <\/div><!-- .elementskit-card END -->\n\n                                        <\/div>\n    <\/div>\t\t\t\t<\/div>\n\t\t\t\t<\/div>\n\t\t\t\t\t<\/div>\n\t\t\t\t<\/div>\n\t\t\t\t<\/div>\n\t\t<div id=\"e-n-tab-content-1972733493\" role=\"tabpanel\" aria-labelledby=\"e-n-tab-title-1972733493\" data-tab-index=\"3\" style=\"--n-tabs-title-order: 3;\" class=\"elementor-element elementor-element-9d14c78 e-con-full e-flex e-con e-child\" data-id=\"9d14c78\" data-element_type=\"container\" data-e-type=\"container\">\n\t\t<div class=\"elementor-element elementor-element-58366c0 e-flex e-con-boxed e-con e-child\" data-id=\"58366c0\" data-element_type=\"container\" data-e-type=\"container\">\n\t\t\t\t\t<div class=\"e-con-inner\">\n\t\t\t\t<div class=\"elementor-element elementor-element-bd6039f elementor-widget elementor-widget-image\" data-id=\"bd6039f\" data-element_type=\"widget\" data-e-type=\"widget\" data-widget_type=\"image.default\">\n\t\t\t\t<div class=\"elementor-widget-container\">\n\t\t\t\t\t\t\t\t\t\t\t\t\t\t\t<img loading=\"lazy\" decoding=\"async\" width=\"800\" height=\"800\" src=\"https:\/\/ister.edu.ec\/wp-content\/uploads\/Convocatoria-Validacion-por-Experiencia-Laboral-PAO-2026-1-1024x1024.webp\" class=\"attachment-large size-large wp-image-42718\" alt=\"Blue poster from Universidad Rumi\u00f1ahui announcing the PAO 2026-1 internship validation, dates Apr 20\u2013Jun 19, with steps and a QR code; shows students at a computer on the right.\" srcset=\"https:\/\/ister.edu.ec\/wp-content\/uploads\/Convocatoria-Validacion-por-Experiencia-Laboral-PAO-2026-1-1024x1024.webp 1024w, https:\/\/ister.edu.ec\/wp-content\/uploads\/Convocatoria-Validacion-por-Experiencia-Laboral-PAO-2026-1-300x300.webp 300w, https:\/\/ister.edu.ec\/wp-content\/uploads\/Convocatoria-Validacion-por-Experiencia-Laboral-PAO-2026-1-150x150.webp 150w, https:\/\/ister.edu.ec\/wp-content\/uploads\/Convocatoria-Validacion-por-Experiencia-Laboral-PAO-2026-1-768x768.webp 768w, https:\/\/ister.edu.ec\/wp-content\/uploads\/Convocatoria-Validacion-por-Experiencia-Laboral-PAO-2026-1-1536x1536.webp 1536w, https:\/\/ister.edu.ec\/wp-content\/uploads\/Convocatoria-Validacion-por-Experiencia-Laboral-PAO-2026-1.webp 1575w\" sizes=\"(max-width: 800px) 100vw, 800px\" title=\"Convocatoria Validaci\u00f3n por Experiencia Laboral PAO 2026-1 - Tecnol\u00f3gico Universitario Rumi\u00f1ahui\" \/>\t\t\t\t\t\t\t\t\t\t\t\t\t\t\t<\/div>\n\t\t\t\t<\/div>\n\t\t\t\t<div class=\"elementor-element elementor-element-d54d382 elementor-widget elementor-widget-text-editor\" data-id=\"d54d382\" data-element_type=\"widget\" data-e-type=\"widget\" data-widget_type=\"text-editor.default\">\n\t\t\t\t<div class=\"elementor-widget-container\">\n\t\t\t\t\t\t\t\t\t<p>Dirigida para estudiantes que trabajan en una empresa p\u00fablica o privada o tiene un emprendimiento y cumple actividades relacionadas a la carrera que estudia.<\/p><p><strong><em>IMPORTANTE: La Validaci\u00f3n de Pr\u00e1cticas Pre Profesionales por Experiencia Laboral es la \u00fanica que valida las horas de pr\u00e1cticas pre profesionales y las horas de Pr\u00e1cticas de Servicio Comunitario.<\/em><\/strong><\/p>\t\t\t\t\t\t\t\t<\/div>\n\t\t\t\t<\/div>\n\t\t\t\t<div class=\"elementor-element elementor-element-48897ea elementor-widget-tablet__width-initial elementor-widget-mobile__width-initial elementor-widget elementor-widget-elementskit-accordion\" data-id=\"48897ea\" data-element_type=\"widget\" data-e-type=\"widget\" data-widget_type=\"elementskit-accordion.default\">\n\t\t\t\t<div class=\"elementor-widget-container\">\n\t\t\t\t\t<div class=\"ekit-wid-con\" >\n        <div class=\"elementskit-accordion accoedion-primary\" id=\"accordion-69f0d97adaa76\">\n\n            \n                <div class=\"elementskit-card active\">\n                    <div class=\"elementskit-card-header\" id=\"primaryHeading-0-48897ea\">\n                        <a href=\"#collapse-e270b4569f0d97adaa76\" class=\"ekit-accordion--toggler elementskit-btn-link collapsed\" data-ekit-toggle=\"collapse\" data-target=\"#Collapse-e270b4569f0d97adaa76\" aria-expanded=\"true\" aria-controls=\"Collapse-e270b4569f0d97adaa76\">\n                            \n                            <span class=\"ekit-accordion-title\">INSCRIBIRSE<\/span>\n\n                            \n                                <div class=\"ekit_accordion_icon_group\">\n                                    <div class=\"ekit_accordion_normal_icon\">\n                                        <!-- Normal Icon -->\n\t\t\t\t\t\t\t\t\t\t<svg class=\"e-font-icon-svg e-fas-plus\" viewbox=\"0 0 448 512\" xmlns=\"http:\/\/www.w3.org\/2000\/svg\"><path d=\"M416 208H272V64c0-17.67-14.33-32-32-32h-32c-17.67 0-32 14.33-32 32v144H32c-17.67 0-32 14.33-32 32v32c0 17.67 14.33 32 32 32h144v144c0 17.67 14.33 32 32 32h32c17.67 0 32-14.33 32-32V304h144c17.67 0 32-14.33 32-32v-32c0-17.67-14.33-32-32-32z\"><\/path><\/svg>                                    <\/div>\n\n                                    <div class=\"ekit_accordion_active_icon\">\n                                        <!-- Active Icon -->\n\t\t\t\t\t\t\t\t\t\t<svg class=\"e-font-icon-svg e-fas-minus\" viewbox=\"0 0 448 512\" xmlns=\"http:\/\/www.w3.org\/2000\/svg\"><path d=\"M416 208H32c-17.67 0-32 14.33-32 32v32c0 17.67 14.33 32 32 32h384c17.67 0 32-14.33 32-32v-32c0-17.67-14.33-32-32-32z\"><\/path><\/svg>                                    <\/div>\n                                <\/div>\n\n                            \n                                                    <\/a>\n                    <\/div>\n\n                    <div id=\"Collapse-e270b4569f0d97adaa76\" class=\"show collapse\" aria-labelledby=\"primaryHeading-0-48897ea\" data-parent=\"#accordion-69f0d97adaa76\">\n\n                        <div class=\"elementskit-card-body ekit-accordion--content\">\n                            <ol><li>Realizar el pago del derecho de pr\u00e1cticas, ($30.00) a las cuentas del Instituto.<\/li><li><strong>Recopilar los requisitos necesarios para validaci\u00f3n.<\/strong><\/li><li>Ingresar a tr\u00e1mites y solicitudes\u00a0en el SGA.<\/li><li>Elegir la opci\u00f3n, solicitud: 7. VALIDACI\u00d3N DE PR\u00c1CTICAS PRE PROFESIONALES POR TRAYECTORIA PROFESIONAL<\/li><li>Adicionar el documento en PDF <strong>requisitos necesarios para validaci\u00f3n.<\/strong><\/li><\/ol><p><strong>\u00a0<\/strong><\/p><p><strong>Nota:<\/strong> Al realizar la solicitud de validaci\u00f3n adjuntar toda la documentaci\u00f3n (solicitud, certificados, comprobante de pago) que requiere el proceso en <strong>un solo archivo PDF<\/strong><\/p>                        <\/div>\n\n                    <\/div>\n\n                <\/div><!-- .elementskit-card END -->\n\n                \n                <div class=\"elementskit-card\">\n                    <div class=\"elementskit-card-header\" id=\"primaryHeading-1-48897ea\">\n                        <a href=\"#collapse-0084ec069f0d97adaa76\" class=\"ekit-accordion--toggler elementskit-btn-link collapsed\" data-ekit-toggle=\"collapse\" data-target=\"#Collapse-0084ec069f0d97adaa76\" aria-expanded=\"false\" aria-controls=\"Collapse-0084ec069f0d97adaa76\">\n                            \n                            <span class=\"ekit-accordion-title\">DOCUMENTOS<\/span>\n\n                            \n                                <div class=\"ekit_accordion_icon_group\">\n                                    <div class=\"ekit_accordion_normal_icon\">\n                                        <!-- Normal Icon -->\n\t\t\t\t\t\t\t\t\t\t<svg class=\"e-font-icon-svg e-fas-plus\" viewbox=\"0 0 448 512\" xmlns=\"http:\/\/www.w3.org\/2000\/svg\"><path d=\"M416 208H272V64c0-17.67-14.33-32-32-32h-32c-17.67 0-32 14.33-32 32v144H32c-17.67 0-32 14.33-32 32v32c0 17.67 14.33 32 32 32h144v144c0 17.67 14.33 32 32 32h32c17.67 0 32-14.33 32-32V304h144c17.67 0 32-14.33 32-32v-32c0-17.67-14.33-32-32-32z\"><\/path><\/svg>                                    <\/div>\n\n                                    <div class=\"ekit_accordion_active_icon\">\n                                        <!-- Active Icon -->\n\t\t\t\t\t\t\t\t\t\t<svg class=\"e-font-icon-svg e-fas-minus\" viewbox=\"0 0 448 512\" xmlns=\"http:\/\/www.w3.org\/2000\/svg\"><path d=\"M416 208H32c-17.67 0-32 14.33-32 32v32c0 17.67 14.33 32 32 32h384c17.67 0 32-14.33 32-32v-32c0-17.67-14.33-32-32-32z\"><\/path><\/svg>                                    <\/div>\n                                <\/div>\n\n                            \n                                                    <\/a>\n                    <\/div>\n\n                    <div id=\"Collapse-0084ec069f0d97adaa76\" class=\"collapse\" aria-labelledby=\"primaryHeading-1-48897ea\" data-parent=\"#accordion-69f0d97adaa76\">\n\n                        <div class=\"elementskit-card-body ekit-accordion--content\">\n                            <table><tbody><tr><td>Documento<\/td><td>Formatos para Experiencia Laboral (P\u00fablico y privado) o Emprendimientos<\/td><td>Descargar<\/td><\/tr><tr><td>001<\/td><td><strong>Solicitud de Validaci\u00f3n de PPP por Experiencia Profesional <\/strong><\/td><td><a href=\"https:\/\/ister.edu.ec\/wp-content\/uploads\/SOLICITUD-DE-VALIDACION-POR-EXPERIENCIA-LABORAL.docx\">VER DOCUMENTO<\/a><\/td><\/tr><tr><td>002<\/td><td><strong>Evaluaci\u00f3n Tutor Acad\u00e9mico. <\/strong><\/td><td><p><a href=\"https:\/\/ister.edu.ec\/wp-content\/uploads\/EVALUACION-POR-EMPRENDIMIENTO-2.docx\">EVALUACI\u00d3N POR EMPRENDIMIENTO<\/a><\/p><p><a href=\"https:\/\/ister.edu.ec\/wp-content\/uploads\/EVALUACION-POR-EMPRESA-FORMAL-1.docx\">EVALUACI\u00d3N POR EMPRESA FORMAL<\/a><\/p><\/td><\/tr><\/tbody><\/table>                        <\/div>\n\n                    <\/div>\n\n                <\/div><!-- .elementskit-card END -->\n\n                \n                <div class=\"elementskit-card\">\n                    <div class=\"elementskit-card-header\" id=\"primaryHeading-2-48897ea\">\n                        <a href=\"#collapse-c7e8fae69f0d97adaa76\" class=\"ekit-accordion--toggler elementskit-btn-link collapsed\" data-ekit-toggle=\"collapse\" data-target=\"#Collapse-c7e8fae69f0d97adaa76\" aria-expanded=\"false\" aria-controls=\"Collapse-c7e8fae69f0d97adaa76\">\n                            \n                            <span class=\"ekit-accordion-title\">REQUISITOS: VALIDACI\u00d3N DE PPP POR EXPERIENCIA LABORAL<\/span>\n\n                            \n                                <div class=\"ekit_accordion_icon_group\">\n                                    <div class=\"ekit_accordion_normal_icon\">\n                                        <!-- Normal Icon -->\n\t\t\t\t\t\t\t\t\t\t<svg class=\"e-font-icon-svg e-fas-plus\" viewbox=\"0 0 448 512\" xmlns=\"http:\/\/www.w3.org\/2000\/svg\"><path d=\"M416 208H272V64c0-17.67-14.33-32-32-32h-32c-17.67 0-32 14.33-32 32v144H32c-17.67 0-32 14.33-32 32v32c0 17.67 14.33 32 32 32h144v144c0 17.67 14.33 32 32 32h32c17.67 0 32-14.33 32-32V304h144c17.67 0 32-14.33 32-32v-32c0-17.67-14.33-32-32-32z\"><\/path><\/svg>                                    <\/div>\n\n                                    <div class=\"ekit_accordion_active_icon\">\n                                        <!-- Active Icon -->\n\t\t\t\t\t\t\t\t\t\t<svg class=\"e-font-icon-svg e-fas-minus\" viewbox=\"0 0 448 512\" xmlns=\"http:\/\/www.w3.org\/2000\/svg\"><path d=\"M416 208H32c-17.67 0-32 14.33-32 32v32c0 17.67 14.33 32 32 32h384c17.67 0 32-14.33 32-32v-32c0-17.67-14.33-32-32-32z\"><\/path><\/svg>                                    <\/div>\n                                <\/div>\n\n                            \n                                                    <\/a>\n                    <\/div>\n\n                    <div id=\"Collapse-c7e8fae69f0d97adaa76\" class=\"collapse\" aria-labelledby=\"primaryHeading-2-48897ea\" data-parent=\"#accordion-69f0d97adaa76\">\n\n                        <div class=\"elementskit-card-body ekit-accordion--content\">\n                            <ol><li><p>EMPRESA FORMAL (P\u00fablico o Privado)<\/p><ol><li><strong>Solicitud de validaci\u00f3n dirigida al Coordinador de la Carrera.<\/strong><\/li><li><strong>Certificado Laboral emitido por la empresa<\/strong> en hoja membretada con\u00a0tiempo de trabajo, cargo que ocupa (m\u00ednimo seis meses) y actividades que desempe\u00f1a.<\/li><li><strong>Copia del RUC<\/strong> de la empresa en\u00a0caso de ser empresas privadas.<\/li><li><strong>Formato 02:\u00a0EVALUACI\u00d3N DE VALIDACI\u00d3N DE\u00a0PR\u00c1CTICA PRE PROFESIONAL\u00a0-\u00a0TUTOR(A) ACAD\u00c9MICO(A) <\/strong>que es el coordinador o un docente de la carrera -\u00a0EMPRESA FORMAL, el estudiante debe llenar solo hasta el numeral dos.<\/li><li><strong>Resumen mecanizado del IESS<\/strong>o\u00a0m\u00ednimo seis facturas por servicios profesionales o rol de pagos certificados. Si no dispone de alguno de estos documentos no es posible validar practicas por experiencia laboral ya que no hay un documento que sustente su validaci\u00f3n.<\/li><\/ol><\/li><\/ol>                        <\/div>\n\n                    <\/div>\n\n                <\/div><!-- .elementskit-card END -->\n\n                \n                <div class=\"elementskit-card\">\n                    <div class=\"elementskit-card-header\" id=\"primaryHeading-3-48897ea\">\n                        <a href=\"#collapse-98a16a769f0d97adaa76\" class=\"ekit-accordion--toggler elementskit-btn-link collapsed\" data-ekit-toggle=\"collapse\" data-target=\"#Collapse-98a16a769f0d97adaa76\" aria-expanded=\"false\" aria-controls=\"Collapse-98a16a769f0d97adaa76\">\n                            \n                            <span class=\"ekit-accordion-title\">EMPRENDIMIENTO<\/span>\n\n                            \n                                <div class=\"ekit_accordion_icon_group\">\n                                    <div class=\"ekit_accordion_normal_icon\">\n                                        <!-- Normal Icon -->\n\t\t\t\t\t\t\t\t\t\t<svg class=\"e-font-icon-svg e-fas-plus\" viewbox=\"0 0 448 512\" xmlns=\"http:\/\/www.w3.org\/2000\/svg\"><path d=\"M416 208H272V64c0-17.67-14.33-32-32-32h-32c-17.67 0-32 14.33-32 32v144H32c-17.67 0-32 14.33-32 32v32c0 17.67 14.33 32 32 32h144v144c0 17.67 14.33 32 32 32h32c17.67 0 32-14.33 32-32V304h144c17.67 0 32-14.33 32-32v-32c0-17.67-14.33-32-32-32z\"><\/path><\/svg>                                    <\/div>\n\n                                    <div class=\"ekit_accordion_active_icon\">\n                                        <!-- Active Icon -->\n\t\t\t\t\t\t\t\t\t\t<svg class=\"e-font-icon-svg e-fas-minus\" viewbox=\"0 0 448 512\" xmlns=\"http:\/\/www.w3.org\/2000\/svg\"><path d=\"M416 208H32c-17.67 0-32 14.33-32 32v32c0 17.67 14.33 32 32 32h384c17.67 0 32-14.33 32-32v-32c0-17.67-14.33-32-32-32z\"><\/path><\/svg>                                    <\/div>\n                                <\/div>\n\n                            \n                                                    <\/a>\n                    <\/div>\n\n                    <div id=\"Collapse-98a16a769f0d97adaa76\" class=\"collapse\" aria-labelledby=\"primaryHeading-3-48897ea\" data-parent=\"#accordion-69f0d97adaa76\">\n\n                        <div class=\"elementskit-card-body ekit-accordion--content\">\n                            <ol><li><strong>Solicitud de validaci\u00f3n dirigida al Coordinador<\/strong> de la Carrera.<\/li><li><strong>Certificado de un cliente del emprendimiento<\/strong>, certificando que el estudiante fue proveedor de servicio o producto.<\/li><li>Formato 02: <strong>EVALUACI\u00d3N DE VALIDACI\u00d3N DE PR\u00c1CTICA PRE PROFESIONAL -TUTOR (A) ACADEMICO (A) - EMPRENDIMIENTO.<\/strong> solo llenar hasta el numeral 2. (<a href=\"https:\/\/ister.academicok.com\/login?ret=\/\">Formato descargarse del sga<\/a>)<\/li><li><strong>Copia del RUC o RIMPE<\/strong> del emprendimiento a nombre del estudiante; operando m\u00ednimo de seis meses.<\/li><li><strong>Declaraciones del SRI, Impuesto a la renta<\/strong> e impuesto valor agregado del \u00faltimo semestre o facturas-recibos emitidos.<\/li><li>La \u00fanica opci\u00f3n de Validaci\u00f3n de Pr\u00e1cticas Pre Profesionales en la que se valida la totalidad de las horas incluidas las horas de pr\u00e1cticas pre profesionales laborales y de trabajo comunitario es la validaci\u00f3n por experiencia laboral.<\/li><\/ol>                        <\/div>\n\n                    <\/div>\n\n                <\/div><!-- .elementskit-card END -->\n\n                \n                <div class=\"elementskit-card\">\n                    <div class=\"elementskit-card-header\" id=\"primaryHeading-4-48897ea\">\n                        <a href=\"#collapse-63fe7b069f0d97adaa76\" class=\"ekit-accordion--toggler elementskit-btn-link collapsed\" data-ekit-toggle=\"collapse\" data-target=\"#Collapse-63fe7b069f0d97adaa76\" aria-expanded=\"false\" aria-controls=\"Collapse-63fe7b069f0d97adaa76\">\n                            \n                            <span class=\"ekit-accordion-title\">BECARIOS \u2013 EXPERIENCIA LABORAL<\/span>\n\n                            \n                                <div class=\"ekit_accordion_icon_group\">\n                                    <div class=\"ekit_accordion_normal_icon\">\n                                        <!-- Normal Icon -->\n\t\t\t\t\t\t\t\t\t\t<svg class=\"e-font-icon-svg e-fas-plus\" viewbox=\"0 0 448 512\" xmlns=\"http:\/\/www.w3.org\/2000\/svg\"><path d=\"M416 208H272V64c0-17.67-14.33-32-32-32h-32c-17.67 0-32 14.33-32 32v144H32c-17.67 0-32 14.33-32 32v32c0 17.67 14.33 32 32 32h144v144c0 17.67 14.33 32 32 32h32c17.67 0 32-14.33 32-32V304h144c17.67 0 32-14.33 32-32v-32c0-17.67-14.33-32-32-32z\"><\/path><\/svg>                                    <\/div>\n\n                                    <div class=\"ekit_accordion_active_icon\">\n                                        <!-- Active Icon -->\n\t\t\t\t\t\t\t\t\t\t<svg class=\"e-font-icon-svg e-fas-minus\" viewbox=\"0 0 448 512\" xmlns=\"http:\/\/www.w3.org\/2000\/svg\"><path d=\"M416 208H32c-17.67 0-32 14.33-32 32v32c0 17.67 14.33 32 32 32h384c17.67 0 32-14.33 32-32v-32c0-17.67-14.33-32-32-32z\"><\/path><\/svg>                                    <\/div>\n                                <\/div>\n\n                            \n                                                    <\/a>\n                    <\/div>\n\n                    <div id=\"Collapse-63fe7b069f0d97adaa76\" class=\"collapse\" aria-labelledby=\"primaryHeading-4-48897ea\" data-parent=\"#accordion-69f0d97adaa76\">\n\n                        <div class=\"elementskit-card-body ekit-accordion--content\">\n                            <p>Los <strong>estudiantes becados (Futuro Femenino)<\/strong> est\u00e1n exentos del pago del derecho de pr\u00e1cticas y no ingresan su documentaci\u00f3n mediante el SGA.<\/p><p>La presentaci\u00f3n de esta documentaci\u00f3n deber\u00e1 enviarse al correo <a href=\"mailto:practicas@ister.edu.ec\">practicas@ister.edu.ec<\/a>, <strong>del 20 de abril al 19 de junio de 2026<\/strong>, indicando que es estudiante becario, por lo que ingresa por este medio su<strong> informe junto con los requisitos<\/strong> correspondientes.<\/p>                        <\/div>\n\n                    <\/div>\n\n                <\/div><!-- .elementskit-card END -->\n\n                                        <\/div>\n    <\/div>\t\t\t\t<\/div>\n\t\t\t\t<\/div>\n\t\t\t\t<div class=\"elementor-element elementor-element-51babb7 elementor-widget elementor-widget-video\" data-id=\"51babb7\" data-element_type=\"widget\" data-e-type=\"widget\" data-settings=\"{&quot;youtube_url&quot;:&quot;https:\\\/\\\/www.youtube.com\\\/watch?v=l4OVq7i91sI&amp;t=3s&quot;,&quot;start&quot;:10,&quot;end&quot;:70,&quot;video_type&quot;:&quot;youtube&quot;,&quot;controls&quot;:&quot;yes&quot;}\" data-widget_type=\"video.default\">\n\t\t\t\t<div class=\"elementor-widget-container\">\n\t\t\t\t\t\t\t<div class=\"elementor-wrapper elementor-open-inline\">\n\t\t\t<div class=\"elementor-video\"><\/div>\t\t<\/div>\n\t\t\t\t\t\t<\/div>\n\t\t\t\t<\/div>\n\t\t\t\t<div class=\"elementor-element elementor-element-312a72b elementor-widget elementor-widget-shortcode\" data-id=\"312a72b\" data-element_type=\"widget\" data-e-type=\"widget\" data-widget_type=\"shortcode.default\">\n\t\t\t\t<div class=\"elementor-widget-container\">\n\t\t\t\t\t\t\t<div class=\"elementor-shortcode\"><div class=\"real3dflipbook\" id=\"10_69f1d5bb75de3\" style=\"position:absolute;\"><\/div><\/div>\n\t\t\t\t\t\t<\/div>\n\t\t\t\t<\/div>\n\t\t\t\t\t<\/div>\n\t\t\t\t<\/div>\n\t\t\t\t<\/div>\n\t\t\t\t\t<\/div>\n\t\t<\/div>\n\t\t\t\t\t\t<\/div>\n\t\t\t\t<\/div>\n\t\t\t\t\t<\/div>\n\t\t\t\t<\/div>\n\t\t\t\t<\/div>\n\t\t\t\t\t<\/div>\n\t\t<\/div>\n\t\t\t\t\t\t<\/div>\n\t\t\t\t<\/div>\n\t\t\t\t<\/div>\n\t\t<div class=\"elementor-element elementor-element-8014208 e-con-full e-flex e-con e-child\" data-id=\"8014208\" data-element_type=\"container\" data-e-type=\"container\" data-settings=\"{&quot;background_background&quot;:&quot;classic&quot;}\">\n\t\t\t\t<div class=\"elementor-element elementor-element-be273e0 elementor-widget elementor-widget-image\" data-id=\"be273e0\" data-element_type=\"widget\" data-e-type=\"widget\" data-widget_type=\"image.default\">\n\t\t\t\t<div class=\"elementor-widget-container\">\n\t\t\t\t\t\t\t\t\t\t\t\t\t\t\t<img loading=\"lazy\" decoding=\"async\" width=\"300\" height=\"99\" src=\"https:\/\/ister.edu.ec\/wp-content\/uploads\/LOGO-VINCULACION-1-300x99.png\" class=\"attachment-medium size-medium wp-image-8462\" alt=\"\" srcset=\"https:\/\/ister.edu.ec\/wp-content\/uploads\/LOGO-VINCULACION-1-300x99.png 300w, https:\/\/ister.edu.ec\/wp-content\/uploads\/LOGO-VINCULACION-1-1024x338.png 1024w, https:\/\/ister.edu.ec\/wp-content\/uploads\/LOGO-VINCULACION-1-768x254.png 768w, https:\/\/ister.edu.ec\/wp-content\/uploads\/LOGO-VINCULACION-1.png 1187w\" sizes=\"(max-width: 300px) 100vw, 300px\" title=\"LOGO VINCULACION - Tecnol\u00f3gico Universitario Rumi\u00f1ahui\" \/>\t\t\t\t\t\t\t\t\t\t\t\t\t\t\t<\/div>\n\t\t\t\t<\/div>\n\t\t\t\t<div class=\"elementor-element elementor-element-c2bb97f elementor-widget elementor-widget-heading\" data-id=\"c2bb97f\" data-element_type=\"widget\" data-e-type=\"widget\" data-widget_type=\"heading.default\">\n\t\t\t\t<div class=\"elementor-widget-container\">\n\t\t\t\t\t<h2 class=\"elementor-heading-title elementor-size-default\">CONTACTO<\/h2>\t\t\t\t<\/div>\n\t\t\t\t<\/div>\n\t\t\t\t<div class=\"elementor-element elementor-element-20c6e2b elementor-icon-list--layout-traditional elementor-list-item-link-full_width elementor-widget elementor-widget-icon-list\" data-id=\"20c6e2b\" data-element_type=\"widget\" data-e-type=\"widget\" data-widget_type=\"icon-list.default\">\n\t\t\t\t<div class=\"elementor-widget-container\">\n\t\t\t\t\t\t\t<ul class=\"elementor-icon-list-items\">\n\t\t\t\t\t\t\t<li class=\"elementor-icon-list-item\">\n\t\t\t\t\t\t\t\t\t\t<span class=\"elementor-icon-list-text\"><b>CORREO<\/b>:<\/span>\n\t\t\t\t\t\t\t\t\t<\/li>\n\t\t\t\t\t\t\t\t<li class=\"elementor-icon-list-item\">\n\t\t\t\t\t\t\t\t\t\t\t<a href=\"mailto:direcciondevinculacipon@ister.edu.ec\">\n\n\t\t\t\t\t\t\t\t\t\t\t<span class=\"elementor-icon-list-text\">direcciondevinculacion@ister.edu.ec<\/span>\n\t\t\t\t\t\t\t\t\t\t\t<\/a>\n\t\t\t\t\t\t\t\t\t<\/li>\n\t\t\t\t\t\t\t\t<li class=\"elementor-icon-list-item\">\n\t\t\t\t\t\t\t\t\t\t<span class=\"elementor-icon-list-text\"><b>UBICACI\u00d3N<\/b><\/span>\n\t\t\t\t\t\t\t\t\t<\/li>\n\t\t\t\t\t\t\t\t<li class=\"elementor-icon-list-item\">\n\t\t\t\t\t\t\t\t\t\t<span class=\"elementor-icon-list-text\">Av. Atahualpa 1701 y 8 de Febrero, Sangolqu\u00ed<\/span>\n\t\t\t\t\t\t\t\t\t<\/li>\n\t\t\t\t\t\t\t\t<li class=\"elementor-icon-list-item\">\n\t\t\t\t\t\t\t\t\t\t<span class=\"elementor-icon-list-text\"><b>COMUNICAC\u00d3N<\/b><\/span>\n\t\t\t\t\t\t\t\t\t<\/li>\n\t\t\t\t\t\t\t\t<li class=\"elementor-icon-list-item\">\n\t\t\t\t\t\t\t\t\t\t<span class=\"elementor-icon-list-text\">022331628 EXT 0101<\/span>\n\t\t\t\t\t\t\t\t\t<\/li>\n\t\t\t\t\t\t<\/ul>\n\t\t\t\t\t\t<\/div>\n\t\t\t\t<\/div>\n\t\t\t\t<div class=\"elementor-element elementor-element-a90d669 elementor-align-start elementor-icon-list--layout-traditional elementor-list-item-link-full_width elementor-widget elementor-widget-icon-list\" data-id=\"a90d669\" data-element_type=\"widget\" data-e-type=\"widget\" data-widget_type=\"icon-list.default\">\n\t\t\t\t<div class=\"elementor-widget-container\">\n\t\t\t\t\t\t\t<ul class=\"elementor-icon-list-items\">\n\t\t\t\t\t\t\t<li class=\"elementor-icon-list-item\">\n\t\t\t\t\t\t\t\t\t\t<span class=\"elementor-icon-list-text\"><b>HORARIOS DE ATENCI\u00d3N<\/b><\/span>\n\t\t\t\t\t\t\t\t\t<\/li>\n\t\t\t\t\t\t\t\t<li class=\"elementor-icon-list-item\">\n\t\t\t\t\t\t\t\t\t\t<span class=\"elementor-icon-list-text\"><b>OFICINA<\/b><\/span>\n\t\t\t\t\t\t\t\t\t<\/li>\n\t\t\t\t\t\t\t\t<li class=\"elementor-icon-list-item\">\n\t\t\t\t\t\t\t\t\t\t<span class=\"elementor-icon-list-text\">LUN - VIER: <br>8:00 a 17:00<\/span>\n\t\t\t\t\t\t\t\t\t<\/li>\n\t\t\t\t\t\t<\/ul>\n\t\t\t\t\t\t<\/div>\n\t\t\t\t<\/div>\n\t\t\t\t<div class=\"elementor-element elementor-element-44fb439 elementor-align-center elementor-widget elementor-widget-button\" data-id=\"44fb439\" data-element_type=\"widget\" data-e-type=\"widget\" data-widget_type=\"button.default\">\n\t\t\t\t<div class=\"elementor-widget-container\">\n\t\t\t\t\t\t\t\t\t<div class=\"elementor-button-wrapper\">\n\t\t\t\t\t<a class=\"elementor-button elementor-button-link elementor-size-sm\" href=\"mailto:direcciondevinculacipon@ister.edu.ec\">\n\t\t\t\t\t\t<span class=\"elementor-button-content-wrapper\">\n\t\t\t\t\t\t<span class=\"elementor-button-icon\">\n\t\t\t\t<svg aria-hidden=\"true\" class=\"e-font-icon-svg e-fas-mail-bulk\" viewbox=\"0 0 576 512\" xmlns=\"http:\/\/www.w3.org\/2000\/svg\"><path d=\"M160 448c-25.6 0-51.2-22.4-64-32-64-44.8-83.2-60.8-96-70.4V480c0 17.67 14.33 32 32 32h256c17.67 0 32-14.33 32-32V345.6c-12.8 9.6-32 25.6-96 70.4-12.8 9.6-38.4 32-64 32zm128-192H32c-17.67 0-32 14.33-32 32v16c25.6 19.2 22.4 19.2 115.2 86.4 9.6 6.4 28.8 25.6 44.8 25.6s35.2-19.2 44.8-22.4c92.8-67.2 89.6-67.2 115.2-86.4V288c0-17.67-14.33-32-32-32zm256-96H224c-17.67 0-32 14.33-32 32v32h96c33.21 0 60.59 25.42 63.71 57.82l.29-.22V416h192c17.67 0 32-14.33 32-32V192c0-17.67-14.33-32-32-32zm-32 128h-64v-64h64v64zm-352-96c0-35.29 28.71-64 64-64h224V32c0-17.67-14.33-32-32-32H96C78.33 0 64 14.33 64 32v192h96v-32z\"><\/path><\/svg>\t\t\t<\/span>\n\t\t\t\t\t\t\t\t\t<span class=\"elementor-button-text\">ESCR\u00cdBENOS<\/span>\n\t\t\t\t\t<\/span>\n\t\t\t\t\t<\/a>\n\t\t\t\t<\/div>\n\t\t\t\t\t\t\t\t<\/div>\n\t\t\t\t<\/div>\n\t\t\t\t<\/div>\n\t\t\t\t\t<\/div>\n\t\t\t\t<\/div>\n\t\t<div class=\"elementor-element elementor-element-eca4d15 e-flex e-con-boxed e-con e-parent\" data-id=\"eca4d15\" data-element_type=\"container\" data-e-type=\"container\">\n\t\t\t\t\t<div class=\"e-con-inner\">\n\t\t\t\t<div class=\"elementor-element elementor-element-21a0146 elementor-widget elementor-widget-elementskit-heading\" data-id=\"21a0146\" data-element_type=\"widget\" data-e-type=\"widget\" data-widget_type=\"elementskit-heading.default\">\n\t\t\t\t<div class=\"elementor-widget-container\">\n\t\t\t\t\t<div class=\"ekit-wid-con\" ><div class=\"ekit-heading elementskit-section-title-wraper center   ekit_heading_tablet-   ekit_heading_mobile-\"><h3 class=\"ekit-heading--title elementskit-section-title\">Personas que impulsan tu futuro<\/h3>\t\t\t\t<div class='ekit-heading__description'>\n\t\t\t\t\t<p>Conoce al equipo de Vinculaci\u00f3n, comprometido con conectar la academia con la sociedad y el sector productivo.<\/p>\n\t\t\t\t<\/div>\n\t\t\t<div class=\"ekit_heading_separetor_wraper ekit_heading_elementskit-border-divider ekit-dotted\"><div class=\"elementskit-border-divider ekit-dotted\"><\/div><\/div><\/div><\/div>\t\t\t\t<\/div>\n\t\t\t\t<\/div>\n\t\t<div class=\"elementor-element elementor-element-095febd e-con-full e-grid e-con e-child\" data-id=\"095febd\" data-element_type=\"container\" data-e-type=\"container\">\n\t\t\t\t<div class=\"elementor-element elementor-element-a0a58f7 elementor-widget elementor-widget-elementskit-team\" data-id=\"a0a58f7\" data-element_type=\"widget\" data-e-type=\"widget\" data-widget_type=\"elementskit-team.default\">\n\t\t\t\t<div class=\"elementor-widget-container\">\n\t\t\t\t\t<div class=\"ekit-wid-con\">\t\t <div class=\"profile-square-v\"> \t\t\t\t\t\t\n\t\t<div class=\"profile-card elementor-animation- text-center ekit-team-style-centered_style\">\n\t\t\t\t\t\t\t<a aria-label=\"profile\" href=\"javascript:void(0)\" data-mfp-src=\"#ekit_team_modal_a0a58f7_24485\" class=\"ekit-team-popup\">\n\t\t\t\n\t\t\t\t<div class=\"profile-header ekit-team-img\"  data-toggle=\"modal\" data-target=\"ekit_team_modal_#a0a58f7_24485\" >\n\t\t\t\t\t<img loading=\"lazy\" decoding=\"async\" width=\"770\" height=\"1024\" src=\"https:\/\/ister.edu.ec\/wp-content\/uploads\/PAZ-OJEDA-SANDRA-PAULINA-Directora-vinculacion-ISTER-770x1024.webp\" class=\"attachment-large size-large wp-image-39248\" alt=\"Paz Ojeda Sandra Paulina, Directora de Vinculaci\u00f3n del ISTER\" srcset=\"https:\/\/ister.edu.ec\/wp-content\/uploads\/PAZ-OJEDA-SANDRA-PAULINA-Directora-vinculacion-ISTER-770x1024.webp 770w, https:\/\/ister.edu.ec\/wp-content\/uploads\/PAZ-OJEDA-SANDRA-PAULINA-Directora-vinculacion-ISTER-226x300.webp 226w, https:\/\/ister.edu.ec\/wp-content\/uploads\/PAZ-OJEDA-SANDRA-PAULINA-Directora-vinculacion-ISTER-768x1022.webp 768w, https:\/\/ister.edu.ec\/wp-content\/uploads\/PAZ-OJEDA-SANDRA-PAULINA-Directora-vinculacion-ISTER.webp 872w\" sizes=\"(max-width: 770px) 100vw, 770px\" title=\"paz-ojeda-sandra-paulina-directora-vinculacion-ister - Tecnol\u00f3gico Universitario Rumi\u00f1ahui\" \/>\t\t\t\t<\/div><!-- .profile-header END -->\n\t\t\t\t\t\t\t<\/a>\n\t\t\t\n\n\t\t\t\t<div class=\"profile-body\">\n\t\t\t\t\t\n\t\t\t\t\t<h2 class=\"profile-title\">\n\t\t\t\t\t\t\t\t\t\t\t<a aria-label=\"profile\" href=\"javascript:void(0)\" data-mfp-src=\"#ekit_team_modal_a0a58f7_24485\" class=\"ekit-team-popup\">\n\t\t\t\t\t\tMBA. Sandra Paz Ojeda\t\t\t\t\t\t<\/a>\n\t\t\t\t\t\t\t\t\t\t\t<\/h2>\n\t\t\t\t\t<p class=\"profile-designation\">Directora de Vinculaci\u00f3n<\/p>\n\t\t\t\t\t\t\t\t\t<\/div><!-- .profile-body END -->\n\n\t\t\t\t\t\t\t\t<\/div>\n\t\t\t\t <\/div> \t\t\t\n\t\t\t\n\t\t\t\t\t<div class=\"zoom-anim-dialog mfp-hide elementskit-team-popup team-popup-id-a0a58f7\" id=\"ekit_team_modal_a0a58f7_24485\" tabindex=\"-1\" role=\"dialog\" aria-modal=\"true\">\n\t\t\t\t<div class=\"modal-dialog modal-dialog-centered\" role=\"document\">\n\t\t\t\t\t<div class=\"modal-content\">\n\t\t\t\t\t\t<button type=\"button\" class=\"ekit-team-modal-close\">\n\t\t\t\t\t\t\t<svg aria-hidden=\"true\" class=\"e-font-icon-svg e-fas-times\" viewbox=\"0 0 352 512\" xmlns=\"http:\/\/www.w3.org\/2000\/svg\"><path d=\"M242.72 256l100.07-100.07c12.28-12.28 12.28-32.19 0-44.48l-22.24-22.24c-12.28-12.28-32.19-12.28-44.48 0L176 189.28 75.93 89.21c-12.28-12.28-32.19-12.28-44.48 0L9.21 111.45c-12.28 12.28-12.28 32.19 0 44.48L109.28 256 9.21 356.07c-12.28 12.28-12.28 32.19 0 44.48l22.24 22.24c12.28 12.28 32.2 12.28 44.48 0L176 322.72l100.07 100.07c12.28 12.28 32.2 12.28 44.48 0l22.24-22.24c12.28-12.28 12.28-32.19 0-44.48L242.72 256z\"><\/path><\/svg>\t\t\t\t\t\t<\/button>\n\n\t\t\t\t\t\t<div class=\"modal-body\">\n\t\t\t\t\t\t\t\t\t\t\t\t\t\t\t<div class=\"ekit-team-modal-img\">\n\t\t\t\t\t\t\t\t\t<img loading=\"lazy\" decoding=\"async\" width=\"770\" height=\"1024\" src=\"https:\/\/ister.edu.ec\/wp-content\/uploads\/PAZ-OJEDA-SANDRA-PAULINA-Directora-vinculacion-ISTER-770x1024.webp\" class=\"attachment-large size-large wp-image-39248\" alt=\"Paz Ojeda Sandra Paulina, Directora de Vinculaci\u00f3n del ISTER\" srcset=\"https:\/\/ister.edu.ec\/wp-content\/uploads\/PAZ-OJEDA-SANDRA-PAULINA-Directora-vinculacion-ISTER-770x1024.webp 770w, https:\/\/ister.edu.ec\/wp-content\/uploads\/PAZ-OJEDA-SANDRA-PAULINA-Directora-vinculacion-ISTER-226x300.webp 226w, https:\/\/ister.edu.ec\/wp-content\/uploads\/PAZ-OJEDA-SANDRA-PAULINA-Directora-vinculacion-ISTER-768x1022.webp 768w, https:\/\/ister.edu.ec\/wp-content\/uploads\/PAZ-OJEDA-SANDRA-PAULINA-Directora-vinculacion-ISTER.webp 872w\" sizes=\"(max-width: 770px) 100vw, 770px\" title=\"paz-ojeda-sandra-paulina-directora-vinculacion-ister - Tecnol\u00f3gico Universitario Rumi\u00f1ahui\" \/>\t\t\t\t\t\t\t\t<\/div>\n\t\t\t\t\t\t\t\n\t\t\t\t\t\t\t<div class=\"ekit-team-modal-info has-img\">\n\t\t\t\t\t\t\t\t<h2 class=\"ekit-team-modal-title\">MBA. Sandra Paz Ojeda<\/h2>\n\t\t\t\t\t\t\t\t<p class=\"ekit-team-modal-position\">Directora de Vinculaci\u00f3n<\/p>\n\n\t\t\t\t\t\t\t\t<div class=\"ekit-team-modal-content\">\n\t\t\t\t\t\t\t\t\tEncargada de gestionar la vinculaci\u00f3n con la sociedad y el sector productivo, mediante convenios, pr\u00e1cticas preprofesionales, proyectos sociales y alianzas estrat\u00e9gicas que fortalezcan el impacto institucional.\t\t\t\t\t\t\t\t<\/div>\n\n\t\t\t\t\t\t\t\t\t\t\t\t\t\t\t\t\t<ul class=\"ekit-team-modal-list\">\n\t\t\t\t\t\t\t\t\t\t\n\t\t\t\t\t\t\t\t\t\t\t\t\t\t\t\t\t\t\t\t\t<li><strong>Email:<\/strong><a href=\"mailto:direcciondevinculacion@ister.edu.ec\">direcciondevinculacion@ister.edu.ec<\/a><\/li>\n\t\t\t\t\t\t\t\t\t\t\t\t\t\t\t\t\t\t\t<\/ul>\n\t\t\t\t\t\t\t\t\n\t\t\t\t\t\t\t\t\t\t\t\t\t\t\t<\/div>\n\t\t\t\t\t\t<\/div>\n\t\t\t\t\t<\/div>\n\t\t\t\t<\/div>\n\t\t\t<\/div>\n\t\t\t\t<\/div>\t\t\t\t<\/div>\n\t\t\t\t<\/div>\n\t\t\t\t<\/div>\n\t\t\t\t\t<\/div>\n\t\t\t\t<\/div>\n\t\t\t\t<\/div>","protected":false},"excerpt":{"rendered":"<p>promovemos la transformaci\u00f3n a trav\u00e9s de PRACTICAS PRE-PROFESIONALES PRACTICAS PRE-PROFESIONALES De acuerdo con disposici\u00f3n del Reglamento de R\u00e9gimen Acad\u00e9mico del pa\u00eds; el estudiante debe cumplir horas de pr\u00e1cticas preprofesionales laborales y horas de pr\u00e1cticas de servicio comunitario para poder titularse Cronograma Horas de pr\u00e1cticas Horas de pr\u00e1cticas laborables Horas de pr\u00e1cticas de servicio comunitario TECNICATURAS [&hellip;]<\/p>\n","protected":false},"author":4,"featured_media":0,"parent":0,"menu_order":0,"comment_status":"closed","ping_status":"closed","template":"","meta":{"om_disable_all_campaigns":false,"_monsterinsights_skip_tracking":false,"_monsterinsights_sitenote_active":false,"_monsterinsights_sitenote_note":"","_monsterinsights_sitenote_category":0,"footnotes":""},"class_list":["post-24485","page","type-page","status-publish","hentry"],"aioseo_notices":[],"_links":{"self":[{"href":"https:\/\/ister.edu.ec\/en\/wp-json\/wp\/v2\/pages\/24485","targetHints":{"allow":["GET"]}}],"collection":[{"href":"https:\/\/ister.edu.ec\/en\/wp-json\/wp\/v2\/pages"}],"about":[{"href":"https:\/\/ister.edu.ec\/en\/wp-json\/wp\/v2\/types\/page"}],"author":[{"embeddable":true,"href":"https:\/\/ister.edu.ec\/en\/wp-json\/wp\/v2\/users\/4"}],"replies":[{"embeddable":true,"href":"https:\/\/ister.edu.ec\/en\/wp-json\/wp\/v2\/comments?post=24485"}],"version-history":[{"count":277,"href":"https:\/\/ister.edu.ec\/en\/wp-json\/wp\/v2\/pages\/24485\/revisions"}],"predecessor-version":[{"id":42723,"href":"https:\/\/ister.edu.ec\/en\/wp-json\/wp\/v2\/pages\/24485\/revisions\/42723"}],"wp:attachment":[{"href":"https:\/\/ister.edu.ec\/en\/wp-json\/wp\/v2\/media?parent=24485"}],"curies":[{"name":"wp","href":"https:\/\/api.w.org\/{rel}","templated":true}]}}