{"id":24601,"date":"2025-02-06T15:37:09","date_gmt":"2025-02-06T20:37:09","guid":{"rendered":"https:\/\/ister.edu.ec\/?page_id=24601"},"modified":"2026-02-09T10:19:35","modified_gmt":"2026-02-09T15:19:35","slug":"educacion-continua","status":"publish","type":"page","link":"https:\/\/ister.edu.ec\/en\/educacion-continua\/","title":{"rendered":"Continuing Education"},"content":{"rendered":"<div data-elementor-type=\"wp-page\" data-elementor-id=\"24601\" class=\"elementor elementor-24601\" data-elementor-post-type=\"page\">\n\t\t\t\t\t\t<section class=\"elementor-section elementor-top-section elementor-element elementor-element-b04be2b elementor-section-content-middle elementor-section-boxed elementor-section-height-default elementor-section-height-default\" data-id=\"b04be2b\" data-element_type=\"section\" data-e-type=\"section\" data-settings=\"{&quot;background_background&quot;:&quot;classic&quot;}\">\n\t\t\t\t\t\t\t<div class=\"elementor-background-overlay\"><\/div>\n\t\t\t\t\t\t\t<div class=\"elementor-container elementor-column-gap-default\">\n\t\t\t\t\t<div class=\"elementor-column elementor-col-50 elementor-top-column elementor-element elementor-element-268bc5b\" data-id=\"268bc5b\" data-element_type=\"column\" data-e-type=\"column\" data-settings=\"{&quot;background_background&quot;:&quot;classic&quot;}\">\n\t\t\t<div class=\"elementor-widget-wrap elementor-element-populated\">\n\t\t\t\t\t\t<div class=\"elementor-element elementor-element-65e89be elementor-widget elementor-widget-heading\" data-id=\"65e89be\" data-element_type=\"widget\" data-e-type=\"widget\" data-widget_type=\"heading.default\">\n\t\t\t\t<div class=\"elementor-widget-container\">\n\t\t\t\t\t<h2 class=\"elementor-heading-title elementor-size-default\">promovemos la transformaci\u00f3n a trav\u00e9s de<\/h2>\t\t\t\t<\/div>\n\t\t\t\t<\/div>\n\t\t\t\t<div class=\"elementor-element elementor-element-4c1e501 elementor-widget elementor-widget-heading\" data-id=\"4c1e501\" data-element_type=\"widget\" data-e-type=\"widget\" data-widget_type=\"heading.default\">\n\t\t\t\t<div class=\"elementor-widget-container\">\n\t\t\t\t\t<h2 class=\"elementor-heading-title elementor-size-default\">EDUCACI\u00d3N CONTINUA<\/h2>\t\t\t\t<\/div>\n\t\t\t\t<\/div>\n\t\t\t\t\t<\/div>\n\t\t<\/div>\n\t\t\t\t<div class=\"elementor-column elementor-col-50 elementor-top-column elementor-element elementor-element-8811c94 elementor-hidden-tablet elementor-hidden-phone\" data-id=\"8811c94\" data-element_type=\"column\" data-e-type=\"column\">\n\t\t\t<div class=\"elementor-widget-wrap\">\n\t\t\t\t\t\t\t<\/div>\n\t\t<\/div>\n\t\t\t\t\t<\/div>\n\t\t<\/section>\n\t\t<div class=\"elementor-element elementor-element-52a25b0b e-flex e-con-boxed e-con e-parent\" data-id=\"52a25b0b\" data-element_type=\"container\" data-e-type=\"container\">\n\t\t\t\t\t<div class=\"e-con-inner\">\n\t\t\t\t<div class=\"elementor-element elementor-element-45bef5c2 elementor-widget__width-initial elementor-widget-mobile__width-inherit elementor-widget elementor-widget-elementskit-heading\" data-id=\"45bef5c2\" data-element_type=\"widget\" data-e-type=\"widget\" data-widget_type=\"elementskit-heading.default\">\n\t\t\t\t<div class=\"elementor-widget-container\">\n\t\t\t\t\t<div class=\"ekit-wid-con\" ><div class=\"ekit-heading elementskit-section-title-wraper center   ekit_heading_tablet-   ekit_heading_mobile-\"><h2 class=\"ekit-heading--title elementskit-section-title\">Aprende, actual\u00edzate y transforma tu futuro<\/h2>\t\t\t\t<div class='ekit-heading__description'>\n\t\t\t\t\t<p>Nuestros cursos de <strong>Continuing Education<\/strong> est\u00e1n dise\u00f1ados para brindarte herramientas pr\u00e1cticas y actualizadas que fortalecen tus competencias profesionales y personales. Son programas flexibles, pensados para adaptarse a tus necesidades, que te permitir\u00e1n adquirir nuevos conocimientos, mejorar tus habilidades y mantenerte al d\u00eda con las demandas del mundo actual.<\/p>\n\t\t\t\t<\/div>\n\t\t\t<div class=\"ekit_heading_separetor_wraper ekit_heading_elementskit-border-divider ekit-dotted\"><div class=\"elementskit-border-divider ekit-dotted\"><\/div><\/div><\/div><\/div>\t\t\t\t<\/div>\n\t\t\t\t<\/div>\n\t\t\t\t\t<\/div>\n\t\t\t\t<\/div>\n\t\t<div class=\"elementor-element elementor-element-320204b e-flex e-con-boxed e-con e-parent\" data-id=\"320204b\" data-element_type=\"container\" data-e-type=\"container\">\n\t\t\t\t\t<div class=\"e-con-inner\">\n\t\t<div class=\"elementor-element elementor-element-4dae459 e-con-full e-flex e-con e-child\" data-id=\"4dae459\" data-element_type=\"container\" data-e-type=\"container\">\n\t\t\t\t<div class=\"elementor-element elementor-element-efb5cd2 elementor-align-center elementor-widget elementor-widget-button\" data-id=\"efb5cd2\" data-element_type=\"widget\" data-e-type=\"widget\" data-widget_type=\"button.default\">\n\t\t\t\t<div class=\"elementor-widget-container\">\n\t\t\t\t\t\t\t\t\t<div class=\"elementor-button-wrapper\">\n\t\t\t\t\t<a class=\"elementor-button elementor-button-link elementor-size-sm\" href=\"#desarolloemp\">\n\t\t\t\t\t\t<span class=\"elementor-button-content-wrapper\">\n\t\t\t\t\t\t\t\t\t<span class=\"elementor-button-text\">DESAROLLO EMPRESARIAL<\/span>\n\t\t\t\t\t<\/span>\n\t\t\t\t\t<\/a>\n\t\t\t\t<\/div>\n\t\t\t\t\t\t\t\t<\/div>\n\t\t\t\t<\/div>\n\t\t\t\t<\/div>\n\t\t<div class=\"elementor-element elementor-element-b713782 e-con-full e-flex e-con e-child\" data-id=\"b713782\" data-element_type=\"container\" data-e-type=\"container\">\n\t\t\t\t<div class=\"elementor-element elementor-element-c23f793 elementor-align-center elementor-widget elementor-widget-button\" data-id=\"c23f793\" data-element_type=\"widget\" data-e-type=\"widget\" data-widget_type=\"button.default\">\n\t\t\t\t<div class=\"elementor-widget-container\">\n\t\t\t\t\t\t\t\t\t<div class=\"elementor-button-wrapper\">\n\t\t\t\t\t<a class=\"elementor-button elementor-button-link elementor-size-sm\" href=\"#ingenieria-dise\u00f1o\">\n\t\t\t\t\t\t<span class=\"elementor-button-content-wrapper\">\n\t\t\t\t\t\t\t\t\t<span class=\"elementor-button-text\">INGENIER\u00cdA, DISE\u00d1O Y CONSTRUCCI\u00d3N<\/span>\n\t\t\t\t\t<\/span>\n\t\t\t\t\t<\/a>\n\t\t\t\t<\/div>\n\t\t\t\t\t\t\t\t<\/div>\n\t\t\t\t<\/div>\n\t\t\t\t<\/div>\n\t\t<div class=\"elementor-element elementor-element-fa193b1 e-con-full e-flex e-con e-child\" data-id=\"fa193b1\" data-element_type=\"container\" data-e-type=\"container\">\n\t\t\t\t<div class=\"elementor-element elementor-element-2788983 elementor-align-center elementor-widget elementor-widget-button\" data-id=\"2788983\" data-element_type=\"widget\" data-e-type=\"widget\" data-widget_type=\"button.default\">\n\t\t\t\t<div class=\"elementor-widget-container\">\n\t\t\t\t\t\t\t\t\t<div class=\"elementor-button-wrapper\">\n\t\t\t\t\t<a class=\"elementor-button elementor-button-link elementor-size-sm\" href=\"#saludhumana\">\n\t\t\t\t\t\t<span class=\"elementor-button-content-wrapper\">\n\t\t\t\t\t\t\t\t\t<span class=\"elementor-button-text\">SALUD HUMANA<\/span>\n\t\t\t\t\t<\/span>\n\t\t\t\t\t<\/a>\n\t\t\t\t<\/div>\n\t\t\t\t\t\t\t\t<\/div>\n\t\t\t\t<\/div>\n\t\t\t\t<\/div>\n\t\t\t\t\t<\/div>\n\t\t\t\t<\/div>\n\t\t<div class=\"elementor-element elementor-element-0eb92d8 e-flex e-con-boxed e-con e-parent\" data-id=\"0eb92d8\" data-element_type=\"container\" data-e-type=\"container\">\n\t\t\t\t\t<div class=\"e-con-inner\">\n\t\t<div class=\"elementor-element elementor-element-45786c5 e-con-full e-flex e-con e-child\" data-id=\"45786c5\" data-element_type=\"container\" data-e-type=\"container\">\n\t\t\t\t<div class=\"elementor-element elementor-element-789c506 elementor-align-center elementor-widget elementor-widget-button\" data-id=\"789c506\" data-element_type=\"widget\" data-e-type=\"widget\" data-widget_type=\"button.default\">\n\t\t\t\t<div class=\"elementor-widget-container\">\n\t\t\t\t\t\t\t\t\t<div class=\"elementor-button-wrapper\">\n\t\t\t\t\t<a class=\"elementor-button elementor-button-link elementor-size-sm\" href=\"#tecnologia-educacion\">\n\t\t\t\t\t\t<span class=\"elementor-button-content-wrapper\">\n\t\t\t\t\t\t\t\t\t<span class=\"elementor-button-text\">TECNOLOGIA<\/span>\n\t\t\t\t\t<\/span>\n\t\t\t\t\t<\/a>\n\t\t\t\t<\/div>\n\t\t\t\t\t\t\t\t<\/div>\n\t\t\t\t<\/div>\n\t\t\t\t<\/div>\n\t\t<div class=\"elementor-element elementor-element-cbf419e e-con-full e-flex e-con e-child\" data-id=\"cbf419e\" data-element_type=\"container\" data-e-type=\"container\">\n\t\t\t\t<div class=\"elementor-element elementor-element-1c4a9f5 elementor-align-center elementor-widget elementor-widget-button\" data-id=\"1c4a9f5\" data-element_type=\"widget\" data-e-type=\"widget\" data-widget_type=\"button.default\">\n\t\t\t\t<div class=\"elementor-widget-container\">\n\t\t\t\t\t\t\t\t\t<div class=\"elementor-button-wrapper\">\n\t\t\t\t\t<a class=\"elementor-button elementor-button-link elementor-size-sm\" href=\"#saberessociales\">\n\t\t\t\t\t\t<span class=\"elementor-button-content-wrapper\">\n\t\t\t\t\t\t\t\t\t<span class=\"elementor-button-text\">SABERES SOCIALES Y HUMANOS<\/span>\n\t\t\t\t\t<\/span>\n\t\t\t\t\t<\/a>\n\t\t\t\t<\/div>\n\t\t\t\t\t\t\t\t<\/div>\n\t\t\t\t<\/div>\n\t\t\t\t<\/div>\n\t\t\t\t\t<\/div>\n\t\t\t\t<\/div>\n\t\t<div class=\"elementor-element elementor-element-7b1b5e8 e-flex e-con-boxed e-con e-parent\" data-id=\"7b1b5e8\" data-element_type=\"container\" data-e-type=\"container\" id=\"desarolloemp\">\n\t\t\t\t\t<div class=\"e-con-inner\">\n\t\t\t\t<div class=\"elementor-element elementor-element-cedd9f6 elementor-widget elementor-widget-elementskit-heading\" data-id=\"cedd9f6\" data-element_type=\"widget\" data-e-type=\"widget\" data-widget_type=\"elementskit-heading.default\">\n\t\t\t\t<div class=\"elementor-widget-container\">\n\t\t\t\t\t<div class=\"ekit-wid-con\" ><div class=\"ekit-heading elementskit-section-title-wraper center   ekit_heading_tablet-   ekit_heading_mobile-\"><h2 class=\"ekit-heading--title elementskit-section-title\">DESAROLLO EMPRESARIAL<\/h2><div class=\"ekit_heading_separetor_wraper ekit_heading_elementskit-border-divider ekit-dotted\"><div class=\"elementskit-border-divider ekit-dotted\"><\/div><\/div>\t\t\t\t<div class='ekit-heading__description'>\n\t\t\t\t\t<p><strong>Estos cursos se oferta bajo pedido<\/strong>, para grupos e instituciones p\u00fablicas o privadas<\/p>\n\t\t\t\t<\/div>\n\t\t\t<\/div><\/div>\t\t\t\t<\/div>\n\t\t\t\t<\/div>\n\t\t<div class=\"elementor-element elementor-element-7b7b9411 e-con-full e-flex e-con e-child\" data-id=\"7b7b9411\" data-element_type=\"container\" data-e-type=\"container\">\n\t\t\t\t<div class=\"elementor-element elementor-element-1cdaeef3 ekit-equal-height-disable elementor-widget elementor-widget-elementskit-image-box\" data-id=\"1cdaeef3\" data-element_type=\"widget\" data-e-type=\"widget\" data-widget_type=\"elementskit-image-box.default\">\n\t\t\t\t<div class=\"elementor-widget-container\">\n\t\t\t\t\t<div class=\"ekit-wid-con\" >\n            <div class=\"elementskit-info-image-box ekit-image-box text-center hover_from_center hover-border-bottom\" >\n\n                \n                <div class=\"elementskit-box-header image-box-img-center\">\n\n                    <img fetchpriority=\"high\" decoding=\"async\" width=\"768\" height=\"432\" src=\"https:\/\/ister.edu.ec\/wp-content\/uploads\/Analisis-financiero.webp\" class=\"attachment-full size-full wp-image-24616\" alt=\"\" srcset=\"https:\/\/ister.edu.ec\/wp-content\/uploads\/Analisis-financiero.webp 768w, https:\/\/ister.edu.ec\/wp-content\/uploads\/Analisis-financiero-300x169.webp 300w\" sizes=\"(max-width: 768px) 100vw, 768px\" title=\"Administrador-eclesiastico - Tecnol\u00f3gico Universitario Rumi\u00f1ahui\" \/>\n                <\/div>\n                \n                <div class=\"elementskit-box-body ekit-image-box-body\">\n                    <div class=\"elementskit-box-content ekit-image-box-body-inner\">\n                                                <h3 class=\"elementskit-info-box-title\">\n\n                        An\u00e1lisis financiero \n                        \n                    <\/h3>\n                                                            <div class=\"elementskit-box-style-content\">\n                        <b>Inicio:<\/b>\u00a0Este curso se oferta bajo pedido, para grupos e instituciones p\u00fablicas o privadas\n<br>\n<b>Duraci\u00f3n: 64 horas<\/b><\/br>                    <\/div>\n                                    <\/div>\n\n                                <div class=\"elementskit-box-footer\">\n                    <div class=\"box-footer\">\n                        <div class=\"btn-wraper\">\n                                                            <a href=\"#\" class=\"elementskit-btn whitespace--normal\">\n                                    \n                                    \n                                    INSCR\u00cdBETE                                <\/a>\n                                                        <\/div>\n                    <\/div>\n                <\/div>\n                            <\/div>\n            <\/div>\n    <\/div>\t\t\t\t<\/div>\n\t\t\t\t<\/div>\n\t\t\t\t<div class=\"elementor-element elementor-element-80ba8eb ekit-equal-height-disable elementor-widget elementor-widget-elementskit-image-box\" data-id=\"80ba8eb\" data-element_type=\"widget\" data-e-type=\"widget\" data-widget_type=\"elementskit-image-box.default\">\n\t\t\t\t<div class=\"elementor-widget-container\">\n\t\t\t\t\t<div class=\"ekit-wid-con\" >\n            <div class=\"elementskit-info-image-box ekit-image-box text-center hover_from_center hover-border-bottom\" >\n\n                \n                <div class=\"elementskit-box-header image-box-img-center\">\n\n                    <img decoding=\"async\" width=\"768\" height=\"432\" src=\"https:\/\/ister.edu.ec\/wp-content\/uploads\/Administrador-eclesiastico.webp\" class=\"attachment-full size-full wp-image-24620\" alt=\"\" srcset=\"https:\/\/ister.edu.ec\/wp-content\/uploads\/Administrador-eclesiastico.webp 768w, https:\/\/ister.edu.ec\/wp-content\/uploads\/Administrador-eclesiastico-300x169.webp 300w\" sizes=\"(max-width: 768px) 100vw, 768px\" title=\"Administrador-eclesiastico - Tecnol\u00f3gico Universitario Rumi\u00f1ahui\" \/>\n                <\/div>\n                \n                <div class=\"elementskit-box-body ekit-image-box-body\">\n                    <div class=\"elementskit-box-content ekit-image-box-body-inner\">\n                                                <h3 class=\"elementskit-info-box-title\">\n\n                        Administrador eclesi\u00e1stico \n                        \n                    <\/h3>\n                                                            <div class=\"elementskit-box-style-content\">\n                        <b>Inicio:<\/b>\u00a0Este curso se oferta bajo pedido, para grupos e instituciones p\u00fablicas o privadas\n<br>\n<b>Duraci\u00f3n: 40 horas<\/b><\/br>                    <\/div>\n                                    <\/div>\n\n                                <div class=\"elementskit-box-footer\">\n                    <div class=\"box-footer\">\n                        <div class=\"btn-wraper\">\n                                                            <a href=\"#\" class=\"elementskit-btn whitespace--normal\">\n                                    \n                                    \n                                    INSCR\u00cdBETE                                <\/a>\n                                                        <\/div>\n                    <\/div>\n                <\/div>\n                            <\/div>\n            <\/div>\n    <\/div>\t\t\t\t<\/div>\n\t\t\t\t<\/div>\n\t\t\t\t<div class=\"elementor-element elementor-element-6698daa ekit-equal-height-disable elementor-widget elementor-widget-elementskit-image-box\" data-id=\"6698daa\" data-element_type=\"widget\" data-e-type=\"widget\" data-widget_type=\"elementskit-image-box.default\">\n\t\t\t\t<div class=\"elementor-widget-container\">\n\t\t\t\t\t<div class=\"ekit-wid-con\" >\n            <div class=\"elementskit-info-image-box ekit-image-box text-center hover_from_center hover-border-bottom\" >\n\n                \n                <div class=\"elementskit-box-header image-box-img-center\">\n\n                    <img decoding=\"async\" width=\"768\" height=\"432\" src=\"https:\/\/ister.edu.ec\/wp-content\/uploads\/Comunity-manager.webp\" class=\"attachment-full size-full wp-image-24624\" alt=\"\" srcset=\"https:\/\/ister.edu.ec\/wp-content\/uploads\/Comunity-manager.webp 768w, https:\/\/ister.edu.ec\/wp-content\/uploads\/Comunity-manager-300x169.webp 300w\" sizes=\"(max-width: 768px) 100vw, 768px\" title=\"Comunity-manager - Tecnol\u00f3gico Universitario Rumi\u00f1ahui\" \/>\n                <\/div>\n                \n                <div class=\"elementskit-box-body ekit-image-box-body\">\n                    <div class=\"elementskit-box-content ekit-image-box-body-inner\">\n                                                <h3 class=\"elementskit-info-box-title\">\n\n                        Community manager\n                        \n                    <\/h3>\n                                                            <div class=\"elementskit-box-style-content\">\n                        <b>Inicio:<\/b>\u00a0Este curso se oferta bajo pedido, para grupos e instituciones p\u00fablicas o privadas\n<br>\n<b>Duraci\u00f3n: 40horas<\/b><\/br>                    <\/div>\n                                    <\/div>\n\n                                <div class=\"elementskit-box-footer\">\n                    <div class=\"box-footer\">\n                        <div class=\"btn-wraper\">\n                                                            <a href=\"#\" class=\"elementskit-btn whitespace--normal\">\n                                    \n                                    \n                                    INSCR\u00cdBETE                                <\/a>\n                                                        <\/div>\n                    <\/div>\n                <\/div>\n                            <\/div>\n            <\/div>\n    <\/div>\t\t\t\t<\/div>\n\t\t\t\t<\/div>\n\t\t\t\t<\/div>\n\t\t<div class=\"elementor-element elementor-element-8c4daa8 e-con-full e-flex e-con e-child\" data-id=\"8c4daa8\" data-element_type=\"container\" data-e-type=\"container\">\n\t\t\t\t<div class=\"elementor-element elementor-element-bc6aaf2 ekit-equal-height-disable elementor-widget elementor-widget-elementskit-image-box\" data-id=\"bc6aaf2\" data-element_type=\"widget\" data-e-type=\"widget\" data-widget_type=\"elementskit-image-box.default\">\n\t\t\t\t<div class=\"elementor-widget-container\">\n\t\t\t\t\t<div class=\"ekit-wid-con\" >\n            <div class=\"elementskit-info-image-box ekit-image-box text-center hover_from_center hover-border-bottom\" >\n\n                \n                <div class=\"elementskit-box-header image-box-img-center\">\n\n                    <img loading=\"lazy\" decoding=\"async\" width=\"768\" height=\"432\" src=\"https:\/\/ister.edu.ec\/wp-content\/uploads\/Tributacion.webp\" class=\"attachment-full size-full wp-image-24625\" alt=\"\" srcset=\"https:\/\/ister.edu.ec\/wp-content\/uploads\/Tributacion.webp 768w, https:\/\/ister.edu.ec\/wp-content\/uploads\/Tributacion-300x169.webp 300w\" sizes=\"(max-width: 768px) 100vw, 768px\" title=\"Tributacion - Tecnol\u00f3gico Universitario Rumi\u00f1ahui\" \/>\n                <\/div>\n                \n                <div class=\"elementskit-box-body ekit-image-box-body\">\n                    <div class=\"elementskit-box-content ekit-image-box-body-inner\">\n                                                <h3 class=\"elementskit-info-box-title\">\n\n                        Tributaci\u00f3n \n                        \n                    <\/h3>\n                                                            <div class=\"elementskit-box-style-content\">\n                        <b>Inicio:<\/b>\u00a0Este curso se oferta bajo pedido, para grupos e instituciones p\u00fablicas o privadas\n<br>\n<b>Duraci\u00f3n: 64 horas<\/b><\/br>                    <\/div>\n                                    <\/div>\n\n                                <div class=\"elementskit-box-footer\">\n                    <div class=\"box-footer\">\n                        <div class=\"btn-wraper\">\n                                                            <a href=\"#\" class=\"elementskit-btn whitespace--normal\">\n                                    \n                                    \n                                    INSCR\u00cdBETE                                <\/a>\n                                                        <\/div>\n                    <\/div>\n                <\/div>\n                            <\/div>\n            <\/div>\n    <\/div>\t\t\t\t<\/div>\n\t\t\t\t<\/div>\n\t\t\t\t<div class=\"elementor-element elementor-element-43e862e ekit-equal-height-disable elementor-widget elementor-widget-elementskit-image-box\" data-id=\"43e862e\" data-element_type=\"widget\" data-e-type=\"widget\" data-widget_type=\"elementskit-image-box.default\">\n\t\t\t\t<div class=\"elementor-widget-container\">\n\t\t\t\t\t<div class=\"ekit-wid-con\" >\n            <div class=\"elementskit-info-image-box ekit-image-box text-center hover_from_center hover-border-bottom\" >\n\n                \n                <div class=\"elementskit-box-header image-box-img-center\">\n\n                    <img loading=\"lazy\" decoding=\"async\" width=\"768\" height=\"432\" src=\"https:\/\/ister.edu.ec\/wp-content\/uploads\/Decoracion-de-postres.webp\" class=\"attachment-full size-full wp-image-24626\" alt=\"\" srcset=\"https:\/\/ister.edu.ec\/wp-content\/uploads\/Decoracion-de-postres.webp 768w, https:\/\/ister.edu.ec\/wp-content\/uploads\/Decoracion-de-postres-300x169.webp 300w\" sizes=\"(max-width: 768px) 100vw, 768px\" title=\"Decoracion-de-postres - Tecnol\u00f3gico Universitario Rumi\u00f1ahui\" \/>\n                <\/div>\n                \n                <div class=\"elementskit-box-body ekit-image-box-body\">\n                    <div class=\"elementskit-box-content ekit-image-box-body-inner\">\n                                                <h3 class=\"elementskit-info-box-title\">\n\n                        Decoraci\u00f3n y presentaci\u00f3n de postres \n                        \n                    <\/h3>\n                                                            <div class=\"elementskit-box-style-content\">\n                        <b>Inicio:<\/b>\u00a0Este curso se oferta bajo pedido, para grupos e instituciones p\u00fablicas o privadas\n<br>\n<b>Duraci\u00f3n: 40 horas<\/b><\/br>                    <\/div>\n                                    <\/div>\n\n                                <div class=\"elementskit-box-footer\">\n                    <div class=\"box-footer\">\n                        <div class=\"btn-wraper\">\n                                                            <a href=\"#\" class=\"elementskit-btn whitespace--normal\">\n                                    \n                                    \n                                    INSCR\u00cdBETE                                <\/a>\n                                                        <\/div>\n                    <\/div>\n                <\/div>\n                            <\/div>\n            <\/div>\n    <\/div>\t\t\t\t<\/div>\n\t\t\t\t<\/div>\n\t\t\t\t<div class=\"elementor-element elementor-element-82edbef ekit-equal-height-disable elementor-widget elementor-widget-elementskit-image-box\" data-id=\"82edbef\" data-element_type=\"widget\" data-e-type=\"widget\" data-widget_type=\"elementskit-image-box.default\">\n\t\t\t\t<div class=\"elementor-widget-container\">\n\t\t\t\t\t<div class=\"ekit-wid-con\" >\n            <div class=\"elementskit-info-image-box ekit-image-box text-center hover_from_center hover-border-bottom\" >\n\n                \n                <div class=\"elementskit-box-header image-box-img-center\">\n\n                    <img loading=\"lazy\" decoding=\"async\" width=\"768\" height=\"432\" src=\"https:\/\/ister.edu.ec\/wp-content\/uploads\/Marketing-Digital.webp\" class=\"attachment-full size-full wp-image-24671\" alt=\"\" srcset=\"https:\/\/ister.edu.ec\/wp-content\/uploads\/Marketing-Digital.webp 768w, https:\/\/ister.edu.ec\/wp-content\/uploads\/Marketing-Digital-300x169.webp 300w\" sizes=\"(max-width: 768px) 100vw, 768px\" title=\"Marketing-Digital - Tecnol\u00f3gico Universitario Rumi\u00f1ahui\" \/>\n                <\/div>\n                \n                <div class=\"elementskit-box-body ekit-image-box-body\">\n                    <div class=\"elementskit-box-content ekit-image-box-body-inner\">\n                                                <h3 class=\"elementskit-info-box-title\">\n\n                        Marketing digital \n                        \n                    <\/h3>\n                                                            <div class=\"elementskit-box-style-content\">\n                        <b>Inicio:<\/b>\u00a0Este curso se oferta bajo pedido, para grupos e instituciones p\u00fablicas o privadas\n<br>\n<b>Duraci\u00f3n: 40horas<\/b><\/br>                    <\/div>\n                                    <\/div>\n\n                                <div class=\"elementskit-box-footer\">\n                    <div class=\"box-footer\">\n                        <div class=\"btn-wraper\">\n                                                            <a href=\"#\" class=\"elementskit-btn whitespace--normal\">\n                                    \n                                    \n                                    INSCR\u00cdBETE                                <\/a>\n                                                        <\/div>\n                    <\/div>\n                <\/div>\n                            <\/div>\n            <\/div>\n    <\/div>\t\t\t\t<\/div>\n\t\t\t\t<\/div>\n\t\t\t\t<\/div>\n\t\t<div class=\"elementor-element elementor-element-9b147e2 e-con-full e-flex e-con e-child\" data-id=\"9b147e2\" data-element_type=\"container\" data-e-type=\"container\">\n\t\t\t\t<div class=\"elementor-element elementor-element-e3dc661 elementor-widget__width-initial ekit-equal-height-disable elementor-widget elementor-widget-elementskit-image-box\" data-id=\"e3dc661\" data-element_type=\"widget\" data-e-type=\"widget\" data-widget_type=\"elementskit-image-box.default\">\n\t\t\t\t<div class=\"elementor-widget-container\">\n\t\t\t\t\t<div class=\"ekit-wid-con\" >\n            <div class=\"elementskit-info-image-box ekit-image-box text-center hover_from_center hover-border-bottom\" >\n\n                \n                <div class=\"elementskit-box-header image-box-img-center\">\n\n                    <img loading=\"lazy\" decoding=\"async\" width=\"768\" height=\"432\" src=\"https:\/\/ister.edu.ec\/wp-content\/uploads\/Trasnporte.webp\" class=\"attachment-full size-full wp-image-24630\" alt=\"\" srcset=\"https:\/\/ister.edu.ec\/wp-content\/uploads\/Trasnporte.webp 768w, https:\/\/ister.edu.ec\/wp-content\/uploads\/Trasnporte-300x169.webp 300w\" sizes=\"(max-width: 768px) 100vw, 768px\" title=\"Trasnporte - Tecnol\u00f3gico Universitario Rumi\u00f1ahui\" \/>\n                <\/div>\n                \n                <div class=\"elementskit-box-body ekit-image-box-body\">\n                    <div class=\"elementskit-box-content ekit-image-box-body-inner\">\n                                                <h3 class=\"elementskit-info-box-title\">\n\n                        Organizaci\u00f3n y gesti\u00f3n de operadoras de servicios terrestres de pasajeros y de carga liviana \n                        \n                    <\/h3>\n                                                            <div class=\"elementskit-box-style-content\">\n                        <b>Inicio:<\/b>\u00a0Este curso se oferta bajo pedido, para grupos e instituciones p\u00fablicas o privadas\n<br>\n<b>Duraci\u00f3n: 64 horas<\/b><\/br>                    <\/div>\n                                    <\/div>\n\n                                <div class=\"elementskit-box-footer\">\n                    <div class=\"box-footer\">\n                        <div class=\"btn-wraper\">\n                                                            <a href=\"#\" class=\"elementskit-btn whitespace--normal\">\n                                    \n                                    \n                                    INSCR\u00cdBETE                                <\/a>\n                                                        <\/div>\n                    <\/div>\n                <\/div>\n                            <\/div>\n            <\/div>\n    <\/div>\t\t\t\t<\/div>\n\t\t\t\t<\/div>\n\t\t\t\t<div class=\"elementor-element elementor-element-1ad9a96 ekit-equal-height-disable elementor-widget elementor-widget-elementskit-image-box\" data-id=\"1ad9a96\" data-element_type=\"widget\" data-e-type=\"widget\" data-widget_type=\"elementskit-image-box.default\">\n\t\t\t\t<div class=\"elementor-widget-container\">\n\t\t\t\t\t<div class=\"ekit-wid-con\" >\n            <div class=\"elementskit-info-image-box ekit-image-box text-center hover_from_center hover-border-bottom\" >\n\n                \n                <div class=\"elementskit-box-header image-box-img-center\">\n\n                    <img loading=\"lazy\" decoding=\"async\" width=\"768\" height=\"432\" src=\"https:\/\/ister.edu.ec\/wp-content\/uploads\/Asistencia-Administrativa.webp\" class=\"attachment-full size-full wp-image-24682\" alt=\"\" srcset=\"https:\/\/ister.edu.ec\/wp-content\/uploads\/Asistencia-Administrativa.webp 768w, https:\/\/ister.edu.ec\/wp-content\/uploads\/Asistencia-Administrativa-300x169.webp 300w\" sizes=\"(max-width: 768px) 100vw, 768px\" title=\"Asistencia-Administrativa - Tecnol\u00f3gico Universitario Rumi\u00f1ahui\" \/>\n                <\/div>\n                \n                <div class=\"elementskit-box-body ekit-image-box-body\">\n                    <div class=\"elementskit-box-content ekit-image-box-body-inner\">\n                                                <h3 class=\"elementskit-info-box-title\">\n\n                        Asistencia administrativa\n                        \n                    <\/h3>\n                                                            <div class=\"elementskit-box-style-content\">\n                        <b>Inicio:<\/b>\u00a0Este curso se oferta bajo pedido, para grupos e instituciones p\u00fablicas o privadas\n<br>\n<b>Duraci\u00f3n: 64 horas<\/b><\/br>                    <\/div>\n                                    <\/div>\n\n                                <div class=\"elementskit-box-footer\">\n                    <div class=\"box-footer\">\n                        <div class=\"btn-wraper\">\n                                                            <a href=\"#\" class=\"elementskit-btn whitespace--normal\">\n                                    \n                                    \n                                    INSCR\u00cdBETE                                <\/a>\n                                                        <\/div>\n                    <\/div>\n                <\/div>\n                            <\/div>\n            <\/div>\n    <\/div>\t\t\t\t<\/div>\n\t\t\t\t<\/div>\n\t\t\t\t<div class=\"elementor-element elementor-element-a0f0eab ekit-equal-height-disable elementor-widget elementor-widget-elementskit-image-box\" data-id=\"a0f0eab\" data-element_type=\"widget\" data-e-type=\"widget\" data-widget_type=\"elementskit-image-box.default\">\n\t\t\t\t<div class=\"elementor-widget-container\">\n\t\t\t\t\t<div class=\"ekit-wid-con\" >\n            <div class=\"elementskit-info-image-box ekit-image-box text-center hover_from_center hover-border-bottom\" >\n\n                \n                <div class=\"elementskit-box-header image-box-img-center\">\n\n                    <img loading=\"lazy\" decoding=\"async\" width=\"768\" height=\"432\" src=\"https:\/\/ister.edu.ec\/wp-content\/uploads\/Asistente-contable.webp\" class=\"attachment-full size-full wp-image-24683\" alt=\"\" srcset=\"https:\/\/ister.edu.ec\/wp-content\/uploads\/Asistente-contable.webp 768w, https:\/\/ister.edu.ec\/wp-content\/uploads\/Asistente-contable-300x169.webp 300w\" sizes=\"(max-width: 768px) 100vw, 768px\" title=\"Asistente-contable - Tecnol\u00f3gico Universitario Rumi\u00f1ahui\" \/>\n                <\/div>\n                \n                <div class=\"elementskit-box-body ekit-image-box-body\">\n                    <div class=\"elementskit-box-content ekit-image-box-body-inner\">\n                                                <h3 class=\"elementskit-info-box-title\">\n\n                        Asistencia de contabilidad\n                        \n                    <\/h3>\n                                                            <div class=\"elementskit-box-style-content\">\n                        <b>Inicio:<\/b>\u00a0Este curso se oferta bajo pedido, para grupos e instituciones p\u00fablicas o privadas\n<br>\n<b>Duraci\u00f3n: 120horas<\/b><\/br>                    <\/div>\n                                    <\/div>\n\n                                <div class=\"elementskit-box-footer\">\n                    <div class=\"box-footer\">\n                        <div class=\"btn-wraper\">\n                                                            <a href=\"#\" class=\"elementskit-btn whitespace--normal\">\n                                    \n                                    \n                                    INSCR\u00cdBETE                                <\/a>\n                                                        <\/div>\n                    <\/div>\n                <\/div>\n                            <\/div>\n            <\/div>\n    <\/div>\t\t\t\t<\/div>\n\t\t\t\t<\/div>\n\t\t\t\t<\/div>\n\t\t<div class=\"elementor-element elementor-element-d426081 e-con-full e-flex e-con e-child\" data-id=\"d426081\" data-element_type=\"container\" data-e-type=\"container\">\n\t\t\t\t<div class=\"elementor-element elementor-element-46363a3 elementor-widget__width-initial ekit-equal-height-disable elementor-widget elementor-widget-elementskit-image-box\" data-id=\"46363a3\" data-element_type=\"widget\" data-e-type=\"widget\" data-widget_type=\"elementskit-image-box.default\">\n\t\t\t\t<div class=\"elementor-widget-container\">\n\t\t\t\t\t<div class=\"ekit-wid-con\" >\n            <div class=\"elementskit-info-image-box ekit-image-box text-center hover_from_center hover-border-bottom\" >\n\n                \n                <div class=\"elementskit-box-header image-box-img-center\">\n\n                    <img loading=\"lazy\" decoding=\"async\" width=\"768\" height=\"432\" src=\"https:\/\/ister.edu.ec\/wp-content\/uploads\/Riegos-laborables.webp\" class=\"attachment-full size-full wp-image-24688\" alt=\"\" srcset=\"https:\/\/ister.edu.ec\/wp-content\/uploads\/Riegos-laborables.webp 768w, https:\/\/ister.edu.ec\/wp-content\/uploads\/Riegos-laborables-300x169.webp 300w\" sizes=\"(max-width: 768px) 100vw, 768px\" title=\"Riegos-laborables - Tecnol\u00f3gico Universitario Rumi\u00f1ahui\" \/>\n                <\/div>\n                \n                <div class=\"elementskit-box-body ekit-image-box-body\">\n                    <div class=\"elementskit-box-content ekit-image-box-body-inner\">\n                                                <h3 class=\"elementskit-info-box-title\">\n\n                        Prevenci\u00f3n de riesgos laborables\n                        \n                    <\/h3>\n                                                            <div class=\"elementskit-box-style-content\">\n                        <b>Inicio:<\/b>\u00a0Este curso se oferta bajo pedido, para grupos e instituciones p\u00fablicas o privadas\n<br>\n<b>Duraci\u00f3n: 120 horas<\/b><\/br>                    <\/div>\n                                    <\/div>\n\n                                <div class=\"elementskit-box-footer\">\n                    <div class=\"box-footer\">\n                        <div class=\"btn-wraper\">\n                                                            <a href=\"#\" class=\"elementskit-btn whitespace--normal\">\n                                    \n                                    \n                                    INSCR\u00cdBETE                                <\/a>\n                                                        <\/div>\n                    <\/div>\n                <\/div>\n                            <\/div>\n            <\/div>\n    <\/div>\t\t\t\t<\/div>\n\t\t\t\t<\/div>\n\t\t\t\t<\/div>\n\t\t\t\t\t<\/div>\n\t\t\t\t<\/div>\n\t\t<div class=\"elementor-element elementor-element-9509b69 e-flex e-con-boxed e-con e-parent\" data-id=\"9509b69\" data-element_type=\"container\" data-e-type=\"container\" id=\"ingenieria-dise\u00f1o\">\n\t\t\t\t\t<div class=\"e-con-inner\">\n\t\t\t\t<div class=\"elementor-element elementor-element-0cf2880 elementor-widget elementor-widget-elementskit-heading\" data-id=\"0cf2880\" data-element_type=\"widget\" data-e-type=\"widget\" data-widget_type=\"elementskit-heading.default\">\n\t\t\t\t<div class=\"elementor-widget-container\">\n\t\t\t\t\t<div class=\"ekit-wid-con\" ><div class=\"ekit-heading elementskit-section-title-wraper center   ekit_heading_tablet-   ekit_heading_mobile-\"><h2 class=\"ekit-heading--title elementskit-section-title\">INGENIER\u00cdA, DISE\u00d1O Y CONSTRUCCI\u00d3N<\/h2><div class=\"ekit_heading_separetor_wraper ekit_heading_elementskit-border-divider ekit-dotted\"><div class=\"elementskit-border-divider ekit-dotted\"><\/div><\/div>\t\t\t\t<div class='ekit-heading__description'>\n\t\t\t\t\t<p><strong>Estos cursos se oferta bajo pedido<\/strong>, para grupos e instituciones p\u00fablicas o privadas<\/p>\n\t\t\t\t<\/div>\n\t\t\t<\/div><\/div>\t\t\t\t<\/div>\n\t\t\t\t<\/div>\n\t\t<div class=\"elementor-element elementor-element-3600535 e-con-full e-flex e-con e-child\" data-id=\"3600535\" data-element_type=\"container\" data-e-type=\"container\">\n\t\t\t\t<div class=\"elementor-element elementor-element-27da2c3 ekit-equal-height-disable elementor-widget elementor-widget-elementskit-image-box\" data-id=\"27da2c3\" data-element_type=\"widget\" data-e-type=\"widget\" data-widget_type=\"elementskit-image-box.default\">\n\t\t\t\t<div class=\"elementor-widget-container\">\n\t\t\t\t\t<div class=\"ekit-wid-con\" >\n            <div class=\"elementskit-info-image-box ekit-image-box text-center hover_from_center hover-border-bottom\" >\n\n                \n                <div class=\"elementskit-box-header image-box-img-center\">\n\n                    <img loading=\"lazy\" decoding=\"async\" width=\"768\" height=\"432\" src=\"https:\/\/ister.edu.ec\/wp-content\/uploads\/Instalaciones-electricas.webp\" class=\"attachment-full size-full wp-image-24631\" alt=\"\" srcset=\"https:\/\/ister.edu.ec\/wp-content\/uploads\/Instalaciones-electricas.webp 768w, https:\/\/ister.edu.ec\/wp-content\/uploads\/Instalaciones-electricas-300x169.webp 300w\" sizes=\"(max-width: 768px) 100vw, 768px\" title=\"Instalaciones-electricas - Tecnol\u00f3gico Universitario Rumi\u00f1ahui\" \/>\n                <\/div>\n                \n                <div class=\"elementskit-box-body ekit-image-box-body\">\n                    <div class=\"elementskit-box-content ekit-image-box-body-inner\">\n                                                <h3 class=\"elementskit-info-box-title\">\n\n                        Instalaciones el\u00e9ctricas residenciales \n                        \n                    <\/h3>\n                                                            <div class=\"elementskit-box-style-content\">\n                        <b>Inicio:<\/b>\u00a0Este curso se oferta bajo pedido, para grupos e instituciones p\u00fablicas o privadas\n<br>\n<b>Duraci\u00f3n: 40 horas<\/b><\/br>                    <\/div>\n                                    <\/div>\n\n                                <div class=\"elementskit-box-footer\">\n                    <div class=\"box-footer\">\n                        <div class=\"btn-wraper\">\n                                                            <a href=\"#\" class=\"elementskit-btn whitespace--normal\">\n                                    \n                                    \n                                    INSCR\u00cdBETE                                <\/a>\n                                                        <\/div>\n                    <\/div>\n                <\/div>\n                            <\/div>\n            <\/div>\n    <\/div>\t\t\t\t<\/div>\n\t\t\t\t<\/div>\n\t\t\t\t<div class=\"elementor-element elementor-element-ae08197 ekit-equal-height-disable elementor-widget elementor-widget-elementskit-image-box\" data-id=\"ae08197\" data-element_type=\"widget\" data-e-type=\"widget\" data-widget_type=\"elementskit-image-box.default\">\n\t\t\t\t<div class=\"elementor-widget-container\">\n\t\t\t\t\t<div class=\"ekit-wid-con\" >\n            <div class=\"elementskit-info-image-box ekit-image-box text-center hover_from_center hover-border-bottom\" >\n\n                \n                <div class=\"elementskit-box-header image-box-img-center\">\n\n                    <img loading=\"lazy\" decoding=\"async\" width=\"768\" height=\"432\" src=\"https:\/\/ister.edu.ec\/wp-content\/uploads\/Prevension-de-petroleos.webp\" class=\"attachment-full size-full wp-image-24696\" alt=\"\" srcset=\"https:\/\/ister.edu.ec\/wp-content\/uploads\/Prevension-de-petroleos.webp 768w, https:\/\/ister.edu.ec\/wp-content\/uploads\/Prevension-de-petroleos-300x169.webp 300w\" sizes=\"(max-width: 768px) 100vw, 768px\" title=\"Prevension-de-petroleos - Tecnol\u00f3gico Universitario Rumi\u00f1ahui\" \/>\n                <\/div>\n                \n                <div class=\"elementskit-box-body ekit-image-box-body\">\n                    <div class=\"elementskit-box-content ekit-image-box-body-inner\">\n                                                <h3 class=\"elementskit-info-box-title\">\n\n                        Gesti\u00f3n de operaciones petroleras\n                        \n                    <\/h3>\n                                                            <div class=\"elementskit-box-style-content\">\n                        <b>Inicio:<\/b>\u00a0Este curso se oferta bajo pedido, para grupos e instituciones p\u00fablicas o privadas\n<br>\n<b>Duraci\u00f3n: 120 horas<\/b><\/br>                    <\/div>\n                                    <\/div>\n\n                                <div class=\"elementskit-box-footer\">\n                    <div class=\"box-footer\">\n                        <div class=\"btn-wraper\">\n                                                            <a href=\"#\" class=\"elementskit-btn whitespace--normal\">\n                                    \n                                    \n                                    INSCR\u00cdBETE                                <\/a>\n                                                        <\/div>\n                    <\/div>\n                <\/div>\n                            <\/div>\n            <\/div>\n    <\/div>\t\t\t\t<\/div>\n\t\t\t\t<\/div>\n\t\t\t\t<div class=\"elementor-element elementor-element-4352579 ekit-equal-height-disable elementor-widget elementor-widget-elementskit-image-box\" data-id=\"4352579\" data-element_type=\"widget\" data-e-type=\"widget\" data-widget_type=\"elementskit-image-box.default\">\n\t\t\t\t<div class=\"elementor-widget-container\">\n\t\t\t\t\t<div class=\"ekit-wid-con\" >\n            <div class=\"elementskit-info-image-box ekit-image-box text-center hover_from_center hover-border-bottom\" >\n\n                \n                <div class=\"elementskit-box-header image-box-img-center\">\n\n                    <img loading=\"lazy\" decoding=\"async\" width=\"768\" height=\"432\" src=\"https:\/\/ister.edu.ec\/wp-content\/uploads\/Mecanico.webp\" class=\"attachment-full size-full wp-image-24695\" alt=\"\" srcset=\"https:\/\/ister.edu.ec\/wp-content\/uploads\/Mecanico.webp 768w, https:\/\/ister.edu.ec\/wp-content\/uploads\/Mecanico-300x169.webp 300w\" sizes=\"(max-width: 768px) 100vw, 768px\" title=\"Mecanico - Tecnol\u00f3gico Universitario Rumi\u00f1ahui\" \/>\n                <\/div>\n                \n                <div class=\"elementskit-box-body ekit-image-box-body\">\n                    <div class=\"elementskit-box-content ekit-image-box-body-inner\">\n                                                <h3 class=\"elementskit-info-box-title\">\n\n                        Mantenimiento de veh\u00edculos automotores\n                        \n                    <\/h3>\n                                                            <div class=\"elementskit-box-style-content\">\n                        <b>Inicio:<\/b>\u00a0Este curso se oferta bajo pedido, para grupos e instituciones p\u00fablicas o privadas\n<br>\n<b>Duraci\u00f3n: 120 horas<\/b><\/br>                    <\/div>\n                                    <\/div>\n\n                                <div class=\"elementskit-box-footer\">\n                    <div class=\"box-footer\">\n                        <div class=\"btn-wraper\">\n                                                            <a href=\"#\" class=\"elementskit-btn whitespace--normal\">\n                                    \n                                    \n                                    INSCR\u00cdBETE                                <\/a>\n                                                        <\/div>\n                    <\/div>\n                <\/div>\n                            <\/div>\n            <\/div>\n    <\/div>\t\t\t\t<\/div>\n\t\t\t\t<\/div>\n\t\t\t\t<\/div>\n\t\t\t\t\t<\/div>\n\t\t\t\t<\/div>\n\t\t<div class=\"elementor-element elementor-element-eff1e21 e-flex e-con-boxed e-con e-parent\" data-id=\"eff1e21\" data-element_type=\"container\" data-e-type=\"container\" id=\"saludhumana\">\n\t\t\t\t\t<div class=\"e-con-inner\">\n\t\t\t\t<div class=\"elementor-element elementor-element-43eb566 elementor-widget elementor-widget-elementskit-heading\" data-id=\"43eb566\" data-element_type=\"widget\" data-e-type=\"widget\" data-widget_type=\"elementskit-heading.default\">\n\t\t\t\t<div class=\"elementor-widget-container\">\n\t\t\t\t\t<div class=\"ekit-wid-con\" ><div class=\"ekit-heading elementskit-section-title-wraper center   ekit_heading_tablet-   ekit_heading_mobile-\"><h2 class=\"ekit-heading--title elementskit-section-title\">SALUD HUMANA<\/h2><div class=\"ekit_heading_separetor_wraper ekit_heading_elementskit-border-divider ekit-dotted\"><div class=\"elementskit-border-divider ekit-dotted\"><\/div><\/div>\t\t\t\t<div class='ekit-heading__description'>\n\t\t\t\t\t<p><strong>Estos cursos se oferta bajo pedido<\/strong>, para grupos e instituciones p\u00fablicas o privadas<\/p>\n\t\t\t\t<\/div>\n\t\t\t<\/div><\/div>\t\t\t\t<\/div>\n\t\t\t\t<\/div>\n\t\t<div class=\"elementor-element elementor-element-4ca98dc e-con-full e-flex e-con e-child\" data-id=\"4ca98dc\" data-element_type=\"container\" data-e-type=\"container\">\n\t\t\t\t<div class=\"elementor-element elementor-element-675f10d ekit-equal-height-disable elementor-widget elementor-widget-elementskit-image-box\" data-id=\"675f10d\" data-element_type=\"widget\" data-e-type=\"widget\" data-widget_type=\"elementskit-image-box.default\">\n\t\t\t\t<div class=\"elementor-widget-container\">\n\t\t\t\t\t<div class=\"ekit-wid-con\" >\n            <div class=\"elementskit-info-image-box ekit-image-box text-center hover_from_center hover-border-bottom\" >\n\n                \n                <div class=\"elementskit-box-header image-box-img-center\">\n\n                    <img loading=\"lazy\" decoding=\"async\" width=\"768\" height=\"432\" src=\"https:\/\/ister.edu.ec\/wp-content\/uploads\/Primeros-auxilios.webp\" class=\"attachment-full size-full wp-image-24635\" alt=\"\" srcset=\"https:\/\/ister.edu.ec\/wp-content\/uploads\/Primeros-auxilios.webp 768w, https:\/\/ister.edu.ec\/wp-content\/uploads\/Primeros-auxilios-300x169.webp 300w\" sizes=\"(max-width: 768px) 100vw, 768px\" title=\"Primeros-auxilios - Tecnol\u00f3gico Universitario Rumi\u00f1ahui\" \/>\n                <\/div>\n                \n                <div class=\"elementskit-box-body ekit-image-box-body\">\n                    <div class=\"elementskit-box-content ekit-image-box-body-inner\">\n                                                <h3 class=\"elementskit-info-box-title\">\n\n                        Primeros Auxilios\n                        \n                    <\/h3>\n                                                            <div class=\"elementskit-box-style-content\">\n                        <b>Inicio:<\/b>\u00a0Este curso se oferta bajo pedido, para grupos e instituciones p\u00fablicas o privadas\n<br>\n<b>Duraci\u00f3n: 64 horas<\/b><\/br>                    <\/div>\n                                    <\/div>\n\n                                <div class=\"elementskit-box-footer\">\n                    <div class=\"box-footer\">\n                        <div class=\"btn-wraper\">\n                                                            <a href=\"#\" class=\"elementskit-btn whitespace--normal\">\n                                    \n                                    \n                                    INSCR\u00cdBETE                                <\/a>\n                                                        <\/div>\n                    <\/div>\n                <\/div>\n                            <\/div>\n            <\/div>\n    <\/div>\t\t\t\t<\/div>\n\t\t\t\t<\/div>\n\t\t\t\t<\/div>\n\t\t\t\t\t<\/div>\n\t\t\t\t<\/div>\n\t\t<div class=\"elementor-element elementor-element-03881af e-flex e-con-boxed e-con e-parent\" data-id=\"03881af\" data-element_type=\"container\" data-e-type=\"container\" id=\"tecnologia-educacion\">\n\t\t\t\t\t<div class=\"e-con-inner\">\n\t\t\t\t<div class=\"elementor-element elementor-element-64b209d elementor-widget elementor-widget-elementskit-heading\" data-id=\"64b209d\" data-element_type=\"widget\" data-e-type=\"widget\" data-widget_type=\"elementskit-heading.default\">\n\t\t\t\t<div class=\"elementor-widget-container\">\n\t\t\t\t\t<div class=\"ekit-wid-con\" ><div class=\"ekit-heading elementskit-section-title-wraper center   ekit_heading_tablet-   ekit_heading_mobile-\"><h2 class=\"ekit-heading--title elementskit-section-title\">TECNOLOGIA<\/h2><div class=\"ekit_heading_separetor_wraper ekit_heading_elementskit-border-divider ekit-dotted\"><div class=\"elementskit-border-divider ekit-dotted\"><\/div><\/div>\t\t\t\t<div class='ekit-heading__description'>\n\t\t\t\t\t<p><strong>Estos cursos se oferta bajo pedido<\/strong>, para grupos e instituciones p\u00fablicas o privadas<\/p>\n\t\t\t\t<\/div>\n\t\t\t<\/div><\/div>\t\t\t\t<\/div>\n\t\t\t\t<\/div>\n\t\t<div class=\"elementor-element elementor-element-6159a20 e-con-full e-flex e-con e-child\" data-id=\"6159a20\" data-element_type=\"container\" data-e-type=\"container\">\n\t\t\t\t<div class=\"elementor-element elementor-element-3898887 ekit-equal-height-disable elementor-widget elementor-widget-elementskit-image-box\" data-id=\"3898887\" data-element_type=\"widget\" data-e-type=\"widget\" data-widget_type=\"elementskit-image-box.default\">\n\t\t\t\t<div class=\"elementor-widget-container\">\n\t\t\t\t\t<div class=\"ekit-wid-con\" >\n            <div class=\"elementskit-info-image-box ekit-image-box text-center hover_from_center hover-border-bottom\" >\n\n                \n                <div class=\"elementskit-box-header image-box-img-center\">\n\n                    <img loading=\"lazy\" decoding=\"async\" width=\"768\" height=\"432\" src=\"https:\/\/ister.edu.ec\/wp-content\/uploads\/Administrador-de-base-de-datos.webp\" class=\"attachment-full size-full wp-image-24639\" alt=\"\" srcset=\"https:\/\/ister.edu.ec\/wp-content\/uploads\/Administrador-de-base-de-datos.webp 768w, https:\/\/ister.edu.ec\/wp-content\/uploads\/Administrador-de-base-de-datos-300x169.webp 300w\" sizes=\"(max-width: 768px) 100vw, 768px\" title=\"Administrador-de-base-de-datos - Tecnol\u00f3gico Universitario Rumi\u00f1ahui\" \/>\n                <\/div>\n                \n                <div class=\"elementskit-box-body ekit-image-box-body\">\n                    <div class=\"elementskit-box-content ekit-image-box-body-inner\">\n                                                <h3 class=\"elementskit-info-box-title\">\n\n                        Mysql administraci\u00f3n de base de datos \n                        \n                    <\/h3>\n                                                            <div class=\"elementskit-box-style-content\">\n                        <b>Inicio:<\/b>\u00a0Este curso se oferta bajo pedido, para grupos e instituciones p\u00fablicas o privadas\n<br>\n<b>Duraci\u00f3n: 40 horas<\/b><\/br>                    <\/div>\n                                    <\/div>\n\n                                <div class=\"elementskit-box-footer\">\n                    <div class=\"box-footer\">\n                        <div class=\"btn-wraper\">\n                                                            <a href=\"#\" class=\"elementskit-btn whitespace--normal\">\n                                    \n                                    \n                                    INSCR\u00cdBETE                                <\/a>\n                                                        <\/div>\n                    <\/div>\n                <\/div>\n                            <\/div>\n            <\/div>\n    <\/div>\t\t\t\t<\/div>\n\t\t\t\t<\/div>\n\t\t\t\t<\/div>\n\t\t\t\t\t<\/div>\n\t\t\t\t<\/div>\n\t\t<div class=\"elementor-element elementor-element-a4430e5 e-flex e-con-boxed e-con e-parent\" data-id=\"a4430e5\" data-element_type=\"container\" data-e-type=\"container\" id=\"saberessociales\">\n\t\t\t\t\t<div class=\"e-con-inner\">\n\t\t\t\t<div class=\"elementor-element elementor-element-41941c5 elementor-widget elementor-widget-elementskit-heading\" data-id=\"41941c5\" data-element_type=\"widget\" data-e-type=\"widget\" data-widget_type=\"elementskit-heading.default\">\n\t\t\t\t<div class=\"elementor-widget-container\">\n\t\t\t\t\t<div class=\"ekit-wid-con\" ><div class=\"ekit-heading elementskit-section-title-wraper center   ekit_heading_tablet-   ekit_heading_mobile-\"><h2 class=\"ekit-heading--title elementskit-section-title\">SABERES SOCIALES Y HUMANOS<\/h2><div class=\"ekit_heading_separetor_wraper ekit_heading_elementskit-border-divider ekit-dotted\"><div class=\"elementskit-border-divider ekit-dotted\"><\/div><\/div>\t\t\t\t<div class='ekit-heading__description'>\n\t\t\t\t\t<p><strong>Estos cursos se oferta bajo pedido<\/strong>, para grupos e instituciones p\u00fablicas o privadas<\/p>\n\t\t\t\t<\/div>\n\t\t\t<\/div><\/div>\t\t\t\t<\/div>\n\t\t\t\t<\/div>\n\t\t<div class=\"elementor-element elementor-element-1c7895f e-con-full e-flex e-con e-child\" data-id=\"1c7895f\" data-element_type=\"container\" data-e-type=\"container\">\n\t\t\t\t<div class=\"elementor-element elementor-element-b1adeef ekit-equal-height-disable elementor-widget elementor-widget-elementskit-image-box\" data-id=\"b1adeef\" data-element_type=\"widget\" data-e-type=\"widget\" data-widget_type=\"elementskit-image-box.default\">\n\t\t\t\t<div class=\"elementor-widget-container\">\n\t\t\t\t\t<div class=\"ekit-wid-con\" >\n            <div class=\"elementskit-info-image-box ekit-image-box text-center hover_from_center hover-border-bottom\" >\n\n                \n                <div class=\"elementskit-box-header image-box-img-center\">\n\n                    <img loading=\"lazy\" decoding=\"async\" width=\"768\" height=\"432\" src=\"https:\/\/ister.edu.ec\/wp-content\/uploads\/Asistencia-Administrativa.webp\" class=\"attachment-full size-full wp-image-24682\" alt=\"\" srcset=\"https:\/\/ister.edu.ec\/wp-content\/uploads\/Asistencia-Administrativa.webp 768w, https:\/\/ister.edu.ec\/wp-content\/uploads\/Asistencia-Administrativa-300x169.webp 300w\" sizes=\"(max-width: 768px) 100vw, 768px\" title=\"Asistencia-Administrativa - Tecnol\u00f3gico Universitario Rumi\u00f1ahui\" \/>\n                <\/div>\n                \n                <div class=\"elementskit-box-body ekit-image-box-body\">\n                    <div class=\"elementskit-box-content ekit-image-box-body-inner\">\n                                                <h3 class=\"elementskit-info-box-title\">\n\n                        Formador de formadores\n                        \n                    <\/h3>\n                                                            <div class=\"elementskit-box-style-content\">\n                        <b>Inicio:<\/b>\u00a0Este curso se oferta bajo pedido, para grupos e instituciones p\u00fablicas o privadas\n<br>\n<b>Duraci\u00f3n: 40 horas<\/b><\/br>                    <\/div>\n                                    <\/div>\n\n                                <div class=\"elementskit-box-footer\">\n                    <div class=\"box-footer\">\n                        <div class=\"btn-wraper\">\n                                                            <a href=\"#\" class=\"elementskit-btn whitespace--normal\">\n                                    \n                                    \n                                    INSCR\u00cdBETE                                <\/a>\n                                                        <\/div>\n                    <\/div>\n                <\/div>\n                            <\/div>\n            <\/div>\n    <\/div>\t\t\t\t<\/div>\n\t\t\t\t<\/div>\n\t\t\t\t<div class=\"elementor-element elementor-element-3f12705 elementor-fixed elementor-invisible elementor-widget elementor-widget-button\" data-id=\"3f12705\" data-element_type=\"widget\" data-e-type=\"widget\" data-settings=\"{&quot;_position&quot;:&quot;fixed&quot;,&quot;_animation&quot;:&quot;fadeInLeft&quot;}\" data-widget_type=\"button.default\">\n\t\t\t\t<div class=\"elementor-widget-container\">\n\t\t\t\t\t\t\t\t\t<div class=\"elementor-button-wrapper\">\n\t\t\t\t\t<a class=\"elementor-button elementor-button-link elementor-size-sm\" href=\"https:\/\/ister.edu.ec\/en\/matriculate\/\">\n\t\t\t\t\t\t<span class=\"elementor-button-content-wrapper\">\n\t\t\t\t\t\t\t\t\t<span class=\"elementor-button-text\">APPLY NOW!<\/span>\n\t\t\t\t\t<\/span>\n\t\t\t\t\t<\/a>\n\t\t\t\t<\/div>\n\t\t\t\t\t\t\t\t<\/div>\n\t\t\t\t<\/div>\n\t\t\t\t<\/div>\n\t\t\t\t\t<\/div>\n\t\t\t\t<\/div>\n\t\t<div class=\"elementor-element elementor-element-ef6871a e-flex e-con-boxed e-con e-parent\" data-id=\"ef6871a\" data-element_type=\"container\" data-e-type=\"container\">\n\t\t\t\t\t<div class=\"e-con-inner\">\n\t\t\t\t<div class=\"elementor-element elementor-element-6821beb elementor-widget elementor-widget-elementskit-heading\" data-id=\"6821beb\" data-element_type=\"widget\" data-e-type=\"widget\" data-widget_type=\"elementskit-heading.default\">\n\t\t\t\t<div class=\"elementor-widget-container\">\n\t\t\t\t\t<div class=\"ekit-wid-con\" ><div class=\"ekit-heading elementskit-section-title-wraper center   ekit_heading_tablet-   ekit_heading_mobile-\"><h3 class=\"ekit-heading--title elementskit-section-title\">Personas que impulsan tu futuro<\/h3>\t\t\t\t<div class='ekit-heading__description'>\n\t\t\t\t\t<p>Conoce al equipo de Vinculaci\u00f3n, comprometido con conectar la academia con la sociedad y el sector productivo.<\/p>\n\t\t\t\t<\/div>\n\t\t\t<div class=\"ekit_heading_separetor_wraper ekit_heading_elementskit-border-divider ekit-dotted\"><div class=\"elementskit-border-divider ekit-dotted\"><\/div><\/div><\/div><\/div>\t\t\t\t<\/div>\n\t\t\t\t<\/div>\n\t\t<div class=\"elementor-element elementor-element-221e26c e-con-full e-grid e-con e-child\" data-id=\"221e26c\" data-element_type=\"container\" data-e-type=\"container\">\n\t\t\t\t<div class=\"elementor-element elementor-element-4ac34e5 elementor-widget elementor-widget-elementskit-team\" data-id=\"4ac34e5\" data-element_type=\"widget\" data-e-type=\"widget\" data-widget_type=\"elementskit-team.default\">\n\t\t\t\t<div class=\"elementor-widget-container\">\n\t\t\t\t\t<div class=\"ekit-wid-con\">\t\t <div class=\"profile-square-v\"> \t\t\t\t\t\t\n\t\t<div class=\"profile-card elementor-animation- text-center ekit-team-style-centered_style\">\n\t\t\t\t\t\t\t<a aria-label=\"profile\" href=\"javascript:void(0)\" data-mfp-src=\"#ekit_team_modal_4ac34e5_24601\" class=\"ekit-team-popup\">\n\t\t\t\n\t\t\t\t<div class=\"profile-header ekit-team-img\"  data-toggle=\"modal\" data-target=\"ekit_team_modal_#4ac34e5_24601\" >\n\t\t\t\t\t<img loading=\"lazy\" decoding=\"async\" width=\"770\" height=\"1024\" src=\"https:\/\/ister.edu.ec\/wp-content\/uploads\/PAZ-OJEDA-SANDRA-PAULINA-Directora-vinculacion-ISTER-770x1024.webp\" class=\"attachment-large size-large wp-image-39248\" alt=\"Paz Ojeda Sandra Paulina, Directora de Vinculaci\u00f3n del ISTER\" srcset=\"https:\/\/ister.edu.ec\/wp-content\/uploads\/PAZ-OJEDA-SANDRA-PAULINA-Directora-vinculacion-ISTER-770x1024.webp 770w, https:\/\/ister.edu.ec\/wp-content\/uploads\/PAZ-OJEDA-SANDRA-PAULINA-Directora-vinculacion-ISTER-226x300.webp 226w, https:\/\/ister.edu.ec\/wp-content\/uploads\/PAZ-OJEDA-SANDRA-PAULINA-Directora-vinculacion-ISTER-768x1022.webp 768w, https:\/\/ister.edu.ec\/wp-content\/uploads\/PAZ-OJEDA-SANDRA-PAULINA-Directora-vinculacion-ISTER.webp 872w\" sizes=\"(max-width: 770px) 100vw, 770px\" title=\"paz-ojeda-sandra-paulina-directora-vinculacion-ister - Tecnol\u00f3gico Universitario Rumi\u00f1ahui\" \/>\t\t\t\t<\/div><!-- .profile-header END -->\n\t\t\t\t\t\t\t<\/a>\n\t\t\t\n\n\t\t\t\t<div class=\"profile-body\">\n\t\t\t\t\t\n\t\t\t\t\t<h2 class=\"profile-title\">\n\t\t\t\t\t\t\t\t\t\t\t<a aria-label=\"profile\" href=\"javascript:void(0)\" data-mfp-src=\"#ekit_team_modal_4ac34e5_24601\" class=\"ekit-team-popup\">\n\t\t\t\t\t\tMBA. Sandra Paz Ojeda\t\t\t\t\t\t<\/a>\n\t\t\t\t\t\t\t\t\t\t\t<\/h2>\n\t\t\t\t\t<p class=\"profile-designation\">Directora de Vinculaci\u00f3n<\/p>\n\t\t\t\t\t\t\t\t\t<\/div><!-- .profile-body END -->\n\n\t\t\t\t\t\t\t\t<\/div>\n\t\t\t\t <\/div> \t\t\t\n\t\t\t\n\t\t\t\t\t<div class=\"zoom-anim-dialog mfp-hide elementskit-team-popup team-popup-id-4ac34e5\" id=\"ekit_team_modal_4ac34e5_24601\" tabindex=\"-1\" role=\"dialog\" aria-modal=\"true\">\n\t\t\t\t<div class=\"modal-dialog modal-dialog-centered\" role=\"document\">\n\t\t\t\t\t<div class=\"modal-content\">\n\t\t\t\t\t\t<button type=\"button\" class=\"ekit-team-modal-close\">\n\t\t\t\t\t\t\t<svg aria-hidden=\"true\" class=\"e-font-icon-svg e-fas-times\" viewbox=\"0 0 352 512\" xmlns=\"http:\/\/www.w3.org\/2000\/svg\"><path d=\"M242.72 256l100.07-100.07c12.28-12.28 12.28-32.19 0-44.48l-22.24-22.24c-12.28-12.28-32.19-12.28-44.48 0L176 189.28 75.93 89.21c-12.28-12.28-32.19-12.28-44.48 0L9.21 111.45c-12.28 12.28-12.28 32.19 0 44.48L109.28 256 9.21 356.07c-12.28 12.28-12.28 32.19 0 44.48l22.24 22.24c12.28 12.28 32.2 12.28 44.48 0L176 322.72l100.07 100.07c12.28 12.28 32.2 12.28 44.48 0l22.24-22.24c12.28-12.28 12.28-32.19 0-44.48L242.72 256z\"><\/path><\/svg>\t\t\t\t\t\t<\/button>\n\n\t\t\t\t\t\t<div class=\"modal-body\">\n\t\t\t\t\t\t\t\t\t\t\t\t\t\t\t<div class=\"ekit-team-modal-img\">\n\t\t\t\t\t\t\t\t\t<img loading=\"lazy\" decoding=\"async\" width=\"770\" height=\"1024\" src=\"https:\/\/ister.edu.ec\/wp-content\/uploads\/PAZ-OJEDA-SANDRA-PAULINA-Directora-vinculacion-ISTER-770x1024.webp\" class=\"attachment-large size-large wp-image-39248\" alt=\"Paz Ojeda Sandra Paulina, Directora de Vinculaci\u00f3n del ISTER\" srcset=\"https:\/\/ister.edu.ec\/wp-content\/uploads\/PAZ-OJEDA-SANDRA-PAULINA-Directora-vinculacion-ISTER-770x1024.webp 770w, https:\/\/ister.edu.ec\/wp-content\/uploads\/PAZ-OJEDA-SANDRA-PAULINA-Directora-vinculacion-ISTER-226x300.webp 226w, https:\/\/ister.edu.ec\/wp-content\/uploads\/PAZ-OJEDA-SANDRA-PAULINA-Directora-vinculacion-ISTER-768x1022.webp 768w, https:\/\/ister.edu.ec\/wp-content\/uploads\/PAZ-OJEDA-SANDRA-PAULINA-Directora-vinculacion-ISTER.webp 872w\" sizes=\"(max-width: 770px) 100vw, 770px\" title=\"paz-ojeda-sandra-paulina-directora-vinculacion-ister - Tecnol\u00f3gico Universitario Rumi\u00f1ahui\" \/>\t\t\t\t\t\t\t\t<\/div>\n\t\t\t\t\t\t\t\n\t\t\t\t\t\t\t<div class=\"ekit-team-modal-info has-img\">\n\t\t\t\t\t\t\t\t<h2 class=\"ekit-team-modal-title\">MBA. Sandra Paz Ojeda<\/h2>\n\t\t\t\t\t\t\t\t<p class=\"ekit-team-modal-position\">Directora de Vinculaci\u00f3n<\/p>\n\n\t\t\t\t\t\t\t\t<div class=\"ekit-team-modal-content\">\n\t\t\t\t\t\t\t\t\tEncargada de gestionar la vinculaci\u00f3n con la sociedad y el sector productivo, mediante convenios, pr\u00e1cticas preprofesionales, proyectos sociales y alianzas estrat\u00e9gicas que fortalezcan el impacto institucional.\t\t\t\t\t\t\t\t<\/div>\n\n\t\t\t\t\t\t\t\t\t\t\t\t\t\t\t\t\t<ul class=\"ekit-team-modal-list\">\n\t\t\t\t\t\t\t\t\t\t\n\t\t\t\t\t\t\t\t\t\t\t\t\t\t\t\t\t\t\t\t\t<li><strong>Email:<\/strong><a href=\"mailto:direcciondevinculacion@ister.edu.ec\">direcciondevinculacion@ister.edu.ec<\/a><\/li>\n\t\t\t\t\t\t\t\t\t\t\t\t\t\t\t\t\t\t\t<\/ul>\n\t\t\t\t\t\t\t\t\n\t\t\t\t\t\t\t\t\t\t\t\t\t\t\t<\/div>\n\t\t\t\t\t\t<\/div>\n\t\t\t\t\t<\/div>\n\t\t\t\t<\/div>\n\t\t\t<\/div>\n\t\t\t\t<\/div>\t\t\t\t<\/div>\n\t\t\t\t<\/div>\n\t\t\t\t<\/div>\n\t\t\t\t\t<\/div>\n\t\t\t\t<\/div>\n\t\t\t\t<\/div>","protected":false},"excerpt":{"rendered":"<p>promovemos la transformaci\u00f3n a trav\u00e9s de EDUCACI\u00d3N CONTINUA Aprende, actual\u00edzate y transforma tu futuro Nuestros cursos de Educaci\u00f3n Continua est\u00e1n dise\u00f1ados para brindarte herramientas pr\u00e1cticas y actualizadas que fortalecen tus competencias profesionales y personales. Son programas flexibles, pensados para adaptarse a tus necesidades, que te permitir\u00e1n adquirir nuevos conocimientos, mejorar tus habilidades y mantenerte al [&hellip;]<\/p>\n","protected":false},"author":4,"featured_media":0,"parent":0,"menu_order":0,"comment_status":"closed","ping_status":"closed","template":"","meta":{"om_disable_all_campaigns":false,"_monsterinsights_skip_tracking":false,"_monsterinsights_sitenote_active":false,"_monsterinsights_sitenote_note":"","_monsterinsights_sitenote_category":0,"footnotes":""},"class_list":["post-24601","page","type-page","status-publish","hentry"],"aioseo_notices":[],"_links":{"self":[{"href":"https:\/\/ister.edu.ec\/en\/wp-json\/wp\/v2\/pages\/24601","targetHints":{"allow":["GET"]}}],"collection":[{"href":"https:\/\/ister.edu.ec\/en\/wp-json\/wp\/v2\/pages"}],"about":[{"href":"https:\/\/ister.edu.ec\/en\/wp-json\/wp\/v2\/types\/page"}],"author":[{"embeddable":true,"href":"https:\/\/ister.edu.ec\/en\/wp-json\/wp\/v2\/users\/4"}],"replies":[{"embeddable":true,"href":"https:\/\/ister.edu.ec\/en\/wp-json\/wp\/v2\/comments?post=24601"}],"version-history":[{"count":157,"href":"https:\/\/ister.edu.ec\/en\/wp-json\/wp\/v2\/pages\/24601\/revisions"}],"predecessor-version":[{"id":39830,"href":"https:\/\/ister.edu.ec\/en\/wp-json\/wp\/v2\/pages\/24601\/revisions\/39830"}],"wp:attachment":[{"href":"https:\/\/ister.edu.ec\/en\/wp-json\/wp\/v2\/media?parent=24601"}],"curies":[{"name":"wp","href":"https:\/\/api.w.org\/{rel}","templated":true}]}}