{"id":28451,"date":"2025-06-19T13:53:42","date_gmt":"2025-06-19T18:53:42","guid":{"rendered":"https:\/\/ister.edu.ec\/?page_id=28451"},"modified":"2025-10-02T13:41:32","modified_gmt":"2025-10-02T18:41:32","slug":"proyectos-de-investigacion-2019-2022","status":"publish","type":"page","link":"https:\/\/ister.edu.ec\/en\/proyectos-de-investigacion-2019-2022\/","title":{"rendered":"Proyectos de Investigaci\u00f3n 2019 &#8211; 2022"},"content":{"rendered":"<div data-elementor-type=\"wp-page\" data-elementor-id=\"28451\" class=\"elementor elementor-28451\" data-elementor-post-type=\"page\">\n\t\t\t\t<div class=\"elementor-element elementor-element-9947134 e-flex e-con-boxed e-con e-parent\" data-id=\"9947134\" data-element_type=\"container\" data-e-type=\"container\" data-settings=\"{&quot;background_background&quot;:&quot;classic&quot;}\">\n\t\t\t\t\t<div class=\"e-con-inner\">\n\t\t<div class=\"elementor-element elementor-element-2bd5cab e-con-full e-flex e-con e-child\" data-id=\"2bd5cab\" data-element_type=\"container\" data-e-type=\"container\" data-settings=\"{&quot;background_background&quot;:&quot;classic&quot;}\">\n\t\t\t\t<div class=\"elementor-element elementor-element-9d73e25 elementor-widget elementor-widget-heading\" data-id=\"9d73e25\" data-element_type=\"widget\" data-e-type=\"widget\" data-widget_type=\"heading.default\">\n\t\t\t\t<div class=\"elementor-widget-container\">\n\t\t\t\t\t<h2 class=\"elementor-heading-title elementor-size-default\">Exploramos. Descubrimos<\/h2>\t\t\t\t<\/div>\n\t\t\t\t<\/div>\n\t\t\t\t<div class=\"elementor-element elementor-element-018f2d6 elementor-widget elementor-widget-heading\" data-id=\"018f2d6\" data-element_type=\"widget\" data-e-type=\"widget\" data-widget_type=\"heading.default\">\n\t\t\t\t<div class=\"elementor-widget-container\">\n\t\t\t\t\t<h2 class=\"elementor-heading-title elementor-size-default\">Avanzamos.<\/h2>\t\t\t\t<\/div>\n\t\t\t\t<\/div>\n\t\t\t\t<\/div>\n\t\t<div class=\"elementor-element elementor-element-12ae0b1 elementor-hidden-tablet elementor-hidden-phone e-con-full e-flex e-con e-child\" data-id=\"12ae0b1\" data-element_type=\"container\" data-e-type=\"container\">\n\t\t\t\t<\/div>\n\t\t\t\t\t<\/div>\n\t\t\t\t<\/div>\n\t\t<div class=\"elementor-element elementor-element-e977fc1 e-flex e-con-boxed e-con e-parent\" data-id=\"e977fc1\" data-element_type=\"container\" data-e-type=\"container\">\n\t\t\t\t\t<div class=\"e-con-inner\">\n\t\t\t\t<div class=\"elementor-element elementor-element-3280ba9 elementor-widget elementor-widget-heading\" data-id=\"3280ba9\" data-element_type=\"widget\" data-e-type=\"widget\" data-widget_type=\"heading.default\">\n\t\t\t\t<div class=\"elementor-widget-container\">\n\t\t\t\t\t<h4 class=\"elementor-heading-title elementor-size-default\">PROYECTOS DE INVESTIGACI\u00d3N<\/h4>\t\t\t\t<\/div>\n\t\t\t\t<\/div>\n\t\t\t\t<div class=\"elementor-element elementor-element-cc3a402 elementor-widget elementor-widget-heading\" data-id=\"cc3a402\" data-element_type=\"widget\" data-e-type=\"widget\" data-widget_type=\"heading.default\">\n\t\t\t\t<div class=\"elementor-widget-container\">\n\t\t\t\t\t<h2 class=\"elementor-heading-title elementor-size-default\">Unidad de informaci\u00f3n que apoya a la docencia, investigaci\u00f3n y consultas bibliogr\u00e1ficas de la comunidad ISU- ISTER y del p\u00fablico en general<\/h2>\t\t\t\t<\/div>\n\t\t\t\t<\/div>\n\t\t\t\t\t<\/div>\n\t\t\t\t<\/div>\n\t\t<div class=\"elementor-element elementor-element-a4e64e2 e-flex e-con-boxed e-con e-parent\" data-id=\"a4e64e2\" data-element_type=\"container\" data-e-type=\"container\">\n\t\t\t\t\t<div class=\"e-con-inner\">\n\t\t\t\t<div class=\"elementor-element elementor-element-9f51376 e-n-tabs-mobile elementor-widget elementor-widget-n-tabs\" data-id=\"9f51376\" data-element_type=\"widget\" data-e-type=\"widget\" data-settings=\"{&quot;horizontal_scroll&quot;:&quot;disable&quot;}\" data-widget_type=\"nested-tabs.default\">\n\t\t\t\t<div class=\"elementor-widget-container\">\n\t\t\t\t\t\t\t<div class=\"e-n-tabs\" data-widget-number=\"167056246\" aria-label=\"Tabs. Open items with Enter or Space, close with Escape and navigate using the Arrow keys.\">\n\t\t\t<div class=\"e-n-tabs-heading\" role=\"tablist\">\n\t\t\t\t\t<button id=\"e-n-tab-title-1670562461\" data-tab-title-id=\"e-n-tab-title-1670562461\" class=\"e-n-tab-title\" aria-selected=\"true\" data-tab-index=\"1\" role=\"tab\" tabindex=\"0\" aria-controls=\"e-n-tab-content-1670562461\" style=\"--n-tabs-title-order: 1;\">\n\t\t\t\t\t\t<span class=\"e-n-tab-title-text\">\n\t\t\t\t2023\t\t\t<\/span>\n\t\t<\/button>\n\t\t\t\t<button id=\"e-n-tab-title-1670562462\" data-tab-title-id=\"e-n-tab-title-1670562462\" class=\"e-n-tab-title\" aria-selected=\"false\" data-tab-index=\"2\" role=\"tab\" tabindex=\"-1\" aria-controls=\"e-n-tab-content-1670562462\" style=\"--n-tabs-title-order: 2;\">\n\t\t\t\t\t\t<span class=\"e-n-tab-title-text\">\n\t\t\t\t2022\t\t\t<\/span>\n\t\t<\/button>\n\t\t\t\t<button id=\"e-n-tab-title-1670562463\" data-tab-title-id=\"e-n-tab-title-1670562463\" class=\"e-n-tab-title\" aria-selected=\"false\" data-tab-index=\"3\" role=\"tab\" tabindex=\"-1\" aria-controls=\"e-n-tab-content-1670562463\" style=\"--n-tabs-title-order: 3;\">\n\t\t\t\t\t\t<span class=\"e-n-tab-title-text\">\n\t\t\t\t2021\t\t\t<\/span>\n\t\t<\/button>\n\t\t\t\t<button id=\"e-n-tab-title-1670562464\" data-tab-title-id=\"e-n-tab-title-1670562464\" class=\"e-n-tab-title\" aria-selected=\"false\" data-tab-index=\"4\" role=\"tab\" tabindex=\"-1\" aria-controls=\"e-n-tab-content-1670562464\" style=\"--n-tabs-title-order: 4;\">\n\t\t\t\t\t\t<span class=\"e-n-tab-title-text\">\n\t\t\t\t2020\t\t\t<\/span>\n\t\t<\/button>\n\t\t\t\t<button id=\"e-n-tab-title-1670562465\" data-tab-title-id=\"e-n-tab-title-1670562465\" class=\"e-n-tab-title\" aria-selected=\"false\" data-tab-index=\"5\" role=\"tab\" tabindex=\"-1\" aria-controls=\"e-n-tab-content-1670562465\" style=\"--n-tabs-title-order: 5;\">\n\t\t\t\t\t\t<span class=\"e-n-tab-title-text\">\n\t\t\t\t2019\t\t\t<\/span>\n\t\t<\/button>\n\t\t\t\t\t<\/div>\n\t\t\t<div class=\"e-n-tabs-content\">\n\t\t\t\t<div id=\"e-n-tab-content-1670562461\" role=\"tabpanel\" aria-labelledby=\"e-n-tab-title-1670562461\" data-tab-index=\"1\" style=\"--n-tabs-title-order: 1;\" class=\"e-active elementor-element elementor-element-fcbf726 e-con-full e-flex e-con e-child\" data-id=\"fcbf726\" data-element_type=\"container\" data-e-type=\"container\">\n\t\t\t\t<div class=\"elementor-element elementor-element-fa9bb4d elementor-widget elementor-widget-n-accordion\" data-id=\"fa9bb4d\" data-element_type=\"widget\" data-e-type=\"widget\" data-settings=\"{&quot;default_state&quot;:&quot;all_collapsed&quot;,&quot;max_items_expended&quot;:&quot;one&quot;,&quot;n_accordion_animation_duration&quot;:{&quot;unit&quot;:&quot;ms&quot;,&quot;size&quot;:400,&quot;sizes&quot;:[]}}\" data-widget_type=\"nested-accordion.default\">\n\t\t\t\t<div class=\"elementor-widget-container\">\n\t\t\t\t\t\t\t<div class=\"e-n-accordion\" aria-label=\"Accordion. Open links with Enter or Space, close with Escape, and navigate with Arrow Keys\">\n\t\t\t\t\t\t<details id=\"e-n-accordion-item-2620\" class=\"e-n-accordion-item\" >\n\t\t\t\t<summary class=\"e-n-accordion-item-title\" data-accordion-index=\"1\" tabindex=\"0\" aria-expanded=\"false\" aria-controls=\"e-n-accordion-item-2620\" >\n\t\t\t\t\t<span class='e-n-accordion-item-title-header'><div class=\"e-n-accordion-item-title-text\"> 1.SISTEMA DE APOYO Y SUPERVISI\u00d3N PARA EL PERSONAL T\u00c1CTICO DE RESPUESTA A UN INCENDIO FORESTAL. <\/div><\/span>\n\t\t\t\t\t\t\t<span class='e-n-accordion-item-title-icon'>\n\t\t\t<span class='e-opened' ><svg aria-hidden=\"true\" class=\"e-font-icon-svg e-fas-folder-open\" viewbox=\"0 0 576 512\" xmlns=\"http:\/\/www.w3.org\/2000\/svg\"><path d=\"M572.694 292.093L500.27 416.248A63.997 63.997 0 0 1 444.989 448H45.025c-18.523 0-30.064-20.093-20.731-36.093l72.424-124.155A64 64 0 0 1 152 256h399.964c18.523 0 30.064 20.093 20.73 36.093zM152 224h328v-48c0-26.51-21.49-48-48-48H272l-64-64H48C21.49 64 0 85.49 0 112v278.046l69.077-118.418C86.214 242.25 117.989 224 152 224z\"><\/path><\/svg><\/span>\n\t\t\t<span class='e-closed'><svg aria-hidden=\"true\" class=\"e-font-icon-svg e-fas-folder\" viewbox=\"0 0 512 512\" xmlns=\"http:\/\/www.w3.org\/2000\/svg\"><path d=\"M464 128H272l-64-64H48C21.49 64 0 85.49 0 112v288c0 26.51 21.49 48 48 48h416c26.51 0 48-21.49 48-48V176c0-26.51-21.49-48-48-48z\"><\/path><\/svg><\/span>\n\t\t<\/span>\n\n\t\t\t\t\t\t<\/summary>\n\t\t\t\t<div role=\"region\" aria-labelledby=\"e-n-accordion-item-2620\" class=\"elementor-element elementor-element-5e5beb2 e-con-full e-flex e-con e-child\" data-id=\"5e5beb2\" data-element_type=\"container\" data-e-type=\"container\">\n\t\t\t\t<div class=\"elementor-element elementor-element-2516147 elementor-widget elementor-widget-text-editor\" data-id=\"2516147\" data-element_type=\"widget\" data-e-type=\"widget\" data-widget_type=\"text-editor.default\">\n\t\t\t\t<div class=\"elementor-widget-container\">\n\t\t\t\t\t\t\t\t\t<p><strong>OBJETIVO:<\/strong>\u00a0Dise\u00f1ar un Cuadro de Mando Integral que contemple las 4 perspectivas del BSC, para microempresas, peque\u00f1as y medianas empresas, con la finalidad de medir el desempe\u00f1o organizacional.<\/p><p><strong>L\u00cdNEA DE INVESTIGACI\u00d3N<\/strong><\/p><p>Administraci\u00f3n, Econom\u00eda y Servicios<\/p><p><strong>DIRECTOR DEL PROYECTO<\/strong><\/p><p>PhD. Marcelo Zambrano.<\/p><p><strong>LINK DEL PROYECTO<\/strong><\/p><p><a href=\"https:\/\/repositorio.ister.edu.ec\/jspui\/handle\/68000\/209\">Documento<\/a><\/p><p><strong>INTEGRANTES<\/strong><\/p><p>Paulina Viviana Quinaluisa Paredes, Patricia Estefan\u00eda Aguaiza Loja, Wilmer Gustavo Gualotu\u00f1a Pachacama.<\/p>\t\t\t\t\t\t\t\t<\/div>\n\t\t\t\t<\/div>\n\t\t\t\t<\/div>\n\t\t\t\t\t<\/details>\n\t\t\t\t\t\t<details id=\"e-n-accordion-item-2621\" class=\"e-n-accordion-item\" >\n\t\t\t\t<summary class=\"e-n-accordion-item-title\" data-accordion-index=\"2\" tabindex=\"-1\" aria-expanded=\"false\" aria-controls=\"e-n-accordion-item-2621\" >\n\t\t\t\t\t<span class='e-n-accordion-item-title-header'><div class=\"e-n-accordion-item-title-text\"> 2.BARRERAS ARANCELARIAS DE LA UNI\u00d3N EUROPEA PARA LAS EXPORTACIONES DE LAS ARTESAN\u00cdAS DE PRODUCTORES EN EL VALLE DE LOS CHILLOS DEL ECUADOR <\/div><\/span>\n\t\t\t\t\t\t\t<span class='e-n-accordion-item-title-icon'>\n\t\t\t<span class='e-opened' ><svg aria-hidden=\"true\" class=\"e-font-icon-svg e-fas-folder-open\" viewbox=\"0 0 576 512\" xmlns=\"http:\/\/www.w3.org\/2000\/svg\"><path d=\"M572.694 292.093L500.27 416.248A63.997 63.997 0 0 1 444.989 448H45.025c-18.523 0-30.064-20.093-20.731-36.093l72.424-124.155A64 64 0 0 1 152 256h399.964c18.523 0 30.064 20.093 20.73 36.093zM152 224h328v-48c0-26.51-21.49-48-48-48H272l-64-64H48C21.49 64 0 85.49 0 112v278.046l69.077-118.418C86.214 242.25 117.989 224 152 224z\"><\/path><\/svg><\/span>\n\t\t\t<span class='e-closed'><svg aria-hidden=\"true\" class=\"e-font-icon-svg e-fas-folder\" viewbox=\"0 0 512 512\" xmlns=\"http:\/\/www.w3.org\/2000\/svg\"><path d=\"M464 128H272l-64-64H48C21.49 64 0 85.49 0 112v288c0 26.51 21.49 48 48 48h416c26.51 0 48-21.49 48-48V176c0-26.51-21.49-48-48-48z\"><\/path><\/svg><\/span>\n\t\t<\/span>\n\n\t\t\t\t\t\t<\/summary>\n\t\t\t\t<div role=\"region\" aria-labelledby=\"e-n-accordion-item-2621\" class=\"elementor-element elementor-element-b735622 e-con-full e-flex e-con e-child\" data-id=\"b735622\" data-element_type=\"container\" data-e-type=\"container\">\n\t\t\t\t<div class=\"elementor-element elementor-element-cccd3c8 elementor-widget elementor-widget-text-editor\" data-id=\"cccd3c8\" data-element_type=\"widget\" data-e-type=\"widget\" data-widget_type=\"text-editor.default\">\n\t\t\t\t<div class=\"elementor-widget-container\">\n\t\t\t\t\t\t\t\t\t<p><strong>OBJETIVO:<\/strong>\u00a0Elaborar un aplicativo de simulaci\u00f3n del proceso y requisitos de exportaci\u00f3n para artesan\u00edas al mercado espa\u00f1ol, enfocado en los productores del Valle de los Chillos.<\/p><p><strong>L\u00cdNEA DE INVESTIGACI\u00d3N<\/strong><\/p><p>Administraci\u00f3n, Econom\u00eda y Servicios<\/p><p><strong>DIRECTOR DEL PROYECTO<\/strong><\/p><p>Wilmer Gustavo Gualotu\u00f1a Pachacama<\/p><p><strong>LINK DEL PROYECTO<\/strong><\/p><p><a href=\"https:\/\/repositorio.ister.edu.ec\/jspui\/handle\/68000\/228\">Documento<\/a><\/p><p><strong>INTEGRANTES<\/strong><\/p><p>Paulina Viviana Quinaluisa Paredes, Patricia Estefan\u00eda Aguaiza Loja, Washington An\u00edbal Altamirano Salazar, Luis Reinaldo \u00c1lvarez Villacr\u00e9s<\/p>\t\t\t\t\t\t\t\t<\/div>\n\t\t\t\t<\/div>\n\t\t\t\t<\/div>\n\t\t\t\t\t<\/details>\n\t\t\t\t\t\t<details id=\"e-n-accordion-item-2622\" class=\"e-n-accordion-item\" >\n\t\t\t\t<summary class=\"e-n-accordion-item-title\" data-accordion-index=\"3\" tabindex=\"-1\" aria-expanded=\"false\" aria-controls=\"e-n-accordion-item-2622\" >\n\t\t\t\t\t<span class='e-n-accordion-item-title-header'><div class=\"e-n-accordion-item-title-text\"> 3.CALCULADORA DE EFICIENCIA FINANCIERA PARA LAS MIPYMES DEL SECTOR TRANSPORTE Y ALMACENAMIENTO DEL CANT\u00d3N RUMI\u00d1AHUI <\/div><\/span>\n\t\t\t\t\t\t\t<span class='e-n-accordion-item-title-icon'>\n\t\t\t<span class='e-opened' ><svg aria-hidden=\"true\" class=\"e-font-icon-svg e-fas-folder-open\" viewbox=\"0 0 576 512\" xmlns=\"http:\/\/www.w3.org\/2000\/svg\"><path d=\"M572.694 292.093L500.27 416.248A63.997 63.997 0 0 1 444.989 448H45.025c-18.523 0-30.064-20.093-20.731-36.093l72.424-124.155A64 64 0 0 1 152 256h399.964c18.523 0 30.064 20.093 20.73 36.093zM152 224h328v-48c0-26.51-21.49-48-48-48H272l-64-64H48C21.49 64 0 85.49 0 112v278.046l69.077-118.418C86.214 242.25 117.989 224 152 224z\"><\/path><\/svg><\/span>\n\t\t\t<span class='e-closed'><svg aria-hidden=\"true\" class=\"e-font-icon-svg e-fas-folder\" viewbox=\"0 0 512 512\" xmlns=\"http:\/\/www.w3.org\/2000\/svg\"><path d=\"M464 128H272l-64-64H48C21.49 64 0 85.49 0 112v288c0 26.51 21.49 48 48 48h416c26.51 0 48-21.49 48-48V176c0-26.51-21.49-48-48-48z\"><\/path><\/svg><\/span>\n\t\t<\/span>\n\n\t\t\t\t\t\t<\/summary>\n\t\t\t\t<div role=\"region\" aria-labelledby=\"e-n-accordion-item-2622\" class=\"elementor-element elementor-element-b553610 e-con-full e-flex e-con e-child\" data-id=\"b553610\" data-element_type=\"container\" data-e-type=\"container\">\n\t\t\t\t<div class=\"elementor-element elementor-element-f8d9226 elementor-widget elementor-widget-text-editor\" data-id=\"f8d9226\" data-element_type=\"widget\" data-e-type=\"widget\" data-widget_type=\"text-editor.default\">\n\t\t\t\t<div class=\"elementor-widget-container\">\n\t\t\t\t\t\t\t\t\t<p><strong>OBJETIVO:<\/strong>\u00a0Dise\u00f1ar una calculadora que permita diagnosticar la eficiencia financiera empresarial, con el fin de ofrecer escenarios para la toma de decisiones de los empresarios del sector de trasporte y almacenamiento de cant\u00f3n Rumi\u00f1ahui.<\/p><p><strong>L\u00cdNEA DE INVESTIGACI\u00d3N<\/strong><\/p><p>Administraci\u00f3n, Econom\u00eda y Servicios<\/p><p><strong>DIRECTOR DEL PROYECTO<\/strong><\/p><p>Nicol\u00e1s Collaguazo<\/p><p><strong>LINK DEL PROYECTO<\/strong><\/p><p><a href=\"https:\/\/repositorio.ister.edu.ec\/jspui\/handle\/68000\/208\">Documento<\/a><\/p><p><strong>INTEGRANTES<\/strong><\/p><p>Jenny C\u00e1rdenas, Pa\u00fal Rodr\u00edguez, Soledad Buend\u00eda<\/p>\t\t\t\t\t\t\t\t<\/div>\n\t\t\t\t<\/div>\n\t\t\t\t<\/div>\n\t\t\t\t\t<\/details>\n\t\t\t\t\t\t<details id=\"e-n-accordion-item-2623\" class=\"e-n-accordion-item\" >\n\t\t\t\t<summary class=\"e-n-accordion-item-title\" data-accordion-index=\"4\" tabindex=\"-1\" aria-expanded=\"false\" aria-controls=\"e-n-accordion-item-2623\" >\n\t\t\t\t\t<span class='e-n-accordion-item-title-header'><div class=\"e-n-accordion-item-title-text\"> 4. MODELO DE FINANCIAMIENTO Y SU IMPACTO EN EL INGRESO A LA EDUCACI\u00d3N SUPERIOR <\/div><\/span>\n\t\t\t\t\t\t\t<span class='e-n-accordion-item-title-icon'>\n\t\t\t<span class='e-opened' ><svg aria-hidden=\"true\" class=\"e-font-icon-svg e-fas-folder-open\" viewbox=\"0 0 576 512\" xmlns=\"http:\/\/www.w3.org\/2000\/svg\"><path d=\"M572.694 292.093L500.27 416.248A63.997 63.997 0 0 1 444.989 448H45.025c-18.523 0-30.064-20.093-20.731-36.093l72.424-124.155A64 64 0 0 1 152 256h399.964c18.523 0 30.064 20.093 20.73 36.093zM152 224h328v-48c0-26.51-21.49-48-48-48H272l-64-64H48C21.49 64 0 85.49 0 112v278.046l69.077-118.418C86.214 242.25 117.989 224 152 224z\"><\/path><\/svg><\/span>\n\t\t\t<span class='e-closed'><svg aria-hidden=\"true\" class=\"e-font-icon-svg e-fas-folder\" viewbox=\"0 0 512 512\" xmlns=\"http:\/\/www.w3.org\/2000\/svg\"><path d=\"M464 128H272l-64-64H48C21.49 64 0 85.49 0 112v288c0 26.51 21.49 48 48 48h416c26.51 0 48-21.49 48-48V176c0-26.51-21.49-48-48-48z\"><\/path><\/svg><\/span>\n\t\t<\/span>\n\n\t\t\t\t\t\t<\/summary>\n\t\t\t\t<div role=\"region\" aria-labelledby=\"e-n-accordion-item-2623\" class=\"elementor-element elementor-element-ac404b4 e-flex e-con-boxed e-con e-child\" data-id=\"ac404b4\" data-element_type=\"container\" data-e-type=\"container\">\n\t\t\t\t\t<div class=\"e-con-inner\">\n\t\t\t\t<div class=\"elementor-element elementor-element-660ba32 elementor-widget elementor-widget-text-editor\" data-id=\"660ba32\" data-element_type=\"widget\" data-e-type=\"widget\" data-widget_type=\"text-editor.default\">\n\t\t\t\t<div class=\"elementor-widget-container\">\n\t\t\t\t\t\t\t\t\t<p><strong>OBJETIVO:<\/strong>\u00a0Proponer e implementar un modelo de financiamiento dentro del marco de la econom\u00eda popular y solidaria para mejorar el acceso a la educaci\u00f3n superior.<\/p><p><strong>L\u00cdNEA DE INVESTIGACI\u00d3N<\/strong><\/p><p>Administraci\u00f3n, Econom\u00eda y Servicios<\/p><p><strong>DIRECTOR DEL PROYECTO<\/strong><\/p><p>Washington An\u00edbal Altamirano Salazar<\/p><p><strong>LINK DEL PROYECTO<\/strong><\/p><p><a href=\"https:\/\/repositorio.ister.edu.ec\/jspui\/handle\/68000\/213\">Documento<\/a><\/p><p><strong>INTEGRANTES<\/strong><\/p><p>Eduardo Ramiro Pastas Guti\u00e9rrez, Luis Alberto Carrera Torres, Pa\u00fal Armando Rodr\u00edguez Mu\u00f1oz<\/p>\t\t\t\t\t\t\t\t<\/div>\n\t\t\t\t<\/div>\n\t\t\t\t\t<\/div>\n\t\t\t\t<\/div>\n\t\t\t\t\t<\/details>\n\t\t\t\t\t\t<details id=\"e-n-accordion-item-2624\" class=\"e-n-accordion-item\" >\n\t\t\t\t<summary class=\"e-n-accordion-item-title\" data-accordion-index=\"5\" tabindex=\"-1\" aria-expanded=\"false\" aria-controls=\"e-n-accordion-item-2624\" >\n\t\t\t\t\t<span class='e-n-accordion-item-title-header'><div class=\"e-n-accordion-item-title-text\"> 5.AN\u00c1LISIS DE MODELOS DE NEGOCIO PARA EMPRESAS DEL SECTOR DE MANTENIMIENTO AUTOMOTRIZ EN EL CANT\u00d3N RUMI\u00d1AHUI Y SU INCIDENCIA EN LA RENTABILIDAD. <\/div><\/span>\n\t\t\t\t\t\t\t<span class='e-n-accordion-item-title-icon'>\n\t\t\t<span class='e-opened' ><svg aria-hidden=\"true\" class=\"e-font-icon-svg e-fas-folder-open\" viewbox=\"0 0 576 512\" xmlns=\"http:\/\/www.w3.org\/2000\/svg\"><path d=\"M572.694 292.093L500.27 416.248A63.997 63.997 0 0 1 444.989 448H45.025c-18.523 0-30.064-20.093-20.731-36.093l72.424-124.155A64 64 0 0 1 152 256h399.964c18.523 0 30.064 20.093 20.73 36.093zM152 224h328v-48c0-26.51-21.49-48-48-48H272l-64-64H48C21.49 64 0 85.49 0 112v278.046l69.077-118.418C86.214 242.25 117.989 224 152 224z\"><\/path><\/svg><\/span>\n\t\t\t<span class='e-closed'><svg aria-hidden=\"true\" class=\"e-font-icon-svg e-fas-folder\" viewbox=\"0 0 512 512\" xmlns=\"http:\/\/www.w3.org\/2000\/svg\"><path d=\"M464 128H272l-64-64H48C21.49 64 0 85.49 0 112v288c0 26.51 21.49 48 48 48h416c26.51 0 48-21.49 48-48V176c0-26.51-21.49-48-48-48z\"><\/path><\/svg><\/span>\n\t\t<\/span>\n\n\t\t\t\t\t\t<\/summary>\n\t\t\t\t<div role=\"region\" aria-labelledby=\"e-n-accordion-item-2624\" class=\"elementor-element elementor-element-6846c86 e-flex e-con-boxed e-con e-child\" data-id=\"6846c86\" data-element_type=\"container\" data-e-type=\"container\">\n\t\t\t\t\t<div class=\"e-con-inner\">\n\t\t\t\t<div class=\"elementor-element elementor-element-b59d4da elementor-widget elementor-widget-text-editor\" data-id=\"b59d4da\" data-element_type=\"widget\" data-e-type=\"widget\" data-widget_type=\"text-editor.default\">\n\t\t\t\t<div class=\"elementor-widget-container\">\n\t\t\t\t\t\t\t\t\t<p><strong>OBJETIVO:<\/strong>\u00a0El Proyecto evidenciar\u00e1 la problem\u00e1tica del sector automotriz en relaci\u00f3n al servicio al cliente en el valle de los Chillos, as\u00ed como la necesidad de cambio del modelo de negocios para las unidades econ\u00f3micas automotrices que se encuentran dentro del \u00e1rea investigada.<\/p><p><strong>L\u00cdNEA DE INVESTIGACI\u00d3N<\/strong><\/p><p>Administraci\u00f3n, Econom\u00eda y Servicios<\/p><p><strong>DIRECTOR DEL PROYECTO<\/strong><\/p><p>Luis Alberto Carrera Toro<\/p><p><strong>LINK DEL PROYECTO<\/strong><\/p><p><a href=\"https:\/\/repositorio.ister.edu.ec\/jspui\/handle\/68000\/214\">Documento<\/a><\/p><p><strong>INTEGRANTES<\/strong><\/p><p>Luis Alberto Carrera Toro, Marco Patricio Verdezoto Carrillo, Max Abel Paredes Parada<\/p>\t\t\t\t\t\t\t\t<\/div>\n\t\t\t\t<\/div>\n\t\t\t\t\t<\/div>\n\t\t\t\t<\/div>\n\t\t\t\t\t<\/details>\n\t\t\t\t\t\t<details id=\"e-n-accordion-item-2625\" class=\"e-n-accordion-item\" >\n\t\t\t\t<summary class=\"e-n-accordion-item-title\" data-accordion-index=\"6\" tabindex=\"-1\" aria-expanded=\"false\" aria-controls=\"e-n-accordion-item-2625\" >\n\t\t\t\t\t<span class='e-n-accordion-item-title-header'><div class=\"e-n-accordion-item-title-text\"> 6.DESARROLLO E IMPLEMENTACI\u00d3N DE UN PROTOTIPO DE ASISTENTE VIRTUAL BASADO EN INTELIGENCIA ARTIFICIAL E INTERNET DE LAS COSAS <\/div><\/span>\n\t\t\t\t\t\t\t<span class='e-n-accordion-item-title-icon'>\n\t\t\t<span class='e-opened' ><svg aria-hidden=\"true\" class=\"e-font-icon-svg e-fas-folder-open\" viewbox=\"0 0 576 512\" xmlns=\"http:\/\/www.w3.org\/2000\/svg\"><path d=\"M572.694 292.093L500.27 416.248A63.997 63.997 0 0 1 444.989 448H45.025c-18.523 0-30.064-20.093-20.731-36.093l72.424-124.155A64 64 0 0 1 152 256h399.964c18.523 0 30.064 20.093 20.73 36.093zM152 224h328v-48c0-26.51-21.49-48-48-48H272l-64-64H48C21.49 64 0 85.49 0 112v278.046l69.077-118.418C86.214 242.25 117.989 224 152 224z\"><\/path><\/svg><\/span>\n\t\t\t<span class='e-closed'><svg aria-hidden=\"true\" class=\"e-font-icon-svg e-fas-folder\" viewbox=\"0 0 512 512\" xmlns=\"http:\/\/www.w3.org\/2000\/svg\"><path d=\"M464 128H272l-64-64H48C21.49 64 0 85.49 0 112v288c0 26.51 21.49 48 48 48h416c26.51 0 48-21.49 48-48V176c0-26.51-21.49-48-48-48z\"><\/path><\/svg><\/span>\n\t\t<\/span>\n\n\t\t\t\t\t\t<\/summary>\n\t\t\t\t<div role=\"region\" aria-labelledby=\"e-n-accordion-item-2625\" class=\"elementor-element elementor-element-156c7c0 e-flex e-con-boxed e-con e-child\" data-id=\"156c7c0\" data-element_type=\"container\" data-e-type=\"container\">\n\t\t\t\t\t<div class=\"e-con-inner\">\n\t\t\t\t<div class=\"elementor-element elementor-element-f265836 elementor-widget elementor-widget-text-editor\" data-id=\"f265836\" data-element_type=\"widget\" data-e-type=\"widget\" data-widget_type=\"text-editor.default\">\n\t\t\t\t<div class=\"elementor-widget-container\">\n\t\t\t\t\t\t\t\t\t<p><strong>OBJETIVO:<\/strong>\u00a0El objetivo general de crear un asistente virtual con inteligencia artificial e Internet de las cosas (IoT) es proporcionar una soluci\u00f3n integral que mejore la eficiencia, la efectividad y la comodidad en la vida cotidiana y en el lugar de trabajo.<\/p><p><strong>L\u00cdNEA DE INVESTIGACI\u00d3N<\/strong><\/p><p>Tecnolog\u00eda e Industria<\/p><p><strong>DIRECTOR DEL PROYECTO<\/strong><\/p><p>Juan Minango<\/p><p><strong>LINK DEL PROYECTO<\/strong><\/p><p><a href=\"https:\/\/repositorio.ister.edu.ec\/jspui\/handle\/68000\/212\">Documento<\/a><\/p><p><strong>INTEGRANTES<\/strong><\/p><p>Marcelo Zambrano<\/p>\t\t\t\t\t\t\t\t<\/div>\n\t\t\t\t<\/div>\n\t\t\t\t\t<\/div>\n\t\t\t\t<\/div>\n\t\t\t\t\t<\/details>\n\t\t\t\t\t\t<details id=\"e-n-accordion-item-2626\" class=\"e-n-accordion-item\" >\n\t\t\t\t<summary class=\"e-n-accordion-item-title\" data-accordion-index=\"7\" tabindex=\"-1\" aria-expanded=\"false\" aria-controls=\"e-n-accordion-item-2626\" >\n\t\t\t\t\t<span class='e-n-accordion-item-title-header'><div class=\"e-n-accordion-item-title-text\"> 7.EMISI\u00d3N, VALIDACI\u00d3N Y VERIFICACI\u00d3N DE CERTIFICADOS EDUCATIVOS DIGITALES CON BLOCKCHAIN <\/div><\/span>\n\t\t\t\t\t\t\t<span class='e-n-accordion-item-title-icon'>\n\t\t\t<span class='e-opened' ><svg aria-hidden=\"true\" class=\"e-font-icon-svg e-fas-folder-open\" viewbox=\"0 0 576 512\" xmlns=\"http:\/\/www.w3.org\/2000\/svg\"><path d=\"M572.694 292.093L500.27 416.248A63.997 63.997 0 0 1 444.989 448H45.025c-18.523 0-30.064-20.093-20.731-36.093l72.424-124.155A64 64 0 0 1 152 256h399.964c18.523 0 30.064 20.093 20.73 36.093zM152 224h328v-48c0-26.51-21.49-48-48-48H272l-64-64H48C21.49 64 0 85.49 0 112v278.046l69.077-118.418C86.214 242.25 117.989 224 152 224z\"><\/path><\/svg><\/span>\n\t\t\t<span class='e-closed'><svg aria-hidden=\"true\" class=\"e-font-icon-svg e-fas-folder\" viewbox=\"0 0 512 512\" xmlns=\"http:\/\/www.w3.org\/2000\/svg\"><path d=\"M464 128H272l-64-64H48C21.49 64 0 85.49 0 112v288c0 26.51 21.49 48 48 48h416c26.51 0 48-21.49 48-48V176c0-26.51-21.49-48-48-48z\"><\/path><\/svg><\/span>\n\t\t<\/span>\n\n\t\t\t\t\t\t<\/summary>\n\t\t\t\t<div role=\"region\" aria-labelledby=\"e-n-accordion-item-2626\" class=\"elementor-element elementor-element-6fabbc2 e-flex e-con-boxed e-con e-child\" data-id=\"6fabbc2\" data-element_type=\"container\" data-e-type=\"container\">\n\t\t\t\t\t<div class=\"e-con-inner\">\n\t\t\t\t<div class=\"elementor-element elementor-element-3c14699 elementor-widget elementor-widget-text-editor\" data-id=\"3c14699\" data-element_type=\"widget\" data-e-type=\"widget\" data-widget_type=\"text-editor.default\">\n\t\t\t\t<div class=\"elementor-widget-container\">\n\t\t\t\t\t\t\t\t\t<p><strong>OBJETIVO:<\/strong>\u00a0El objetivo del presente proyecto, es proporcionar un mecanismo para emitir, validar y verificar certificados educativos digitales del congreso CI3, los cuales sean anti-falsificaci\u00f3n a trav\u00e9s de una base de datos colectiva o tambi\u00e9n conocida como tecnolog\u00eda blockchain donde se guarde toda la informaci\u00f3n de los certificados.<\/p><p><strong>L\u00cdNEA DE INVESTIGACI\u00d3N<\/strong><\/p><p>Tecnolog\u00eda e Industria<\/p><p><strong>DIRECTOR DEL PROYECTO<\/strong><\/p><p>Juan Minango<\/p><p><strong>LINK DEL PROYECTO<\/strong><\/p><p><a href=\"https:\/\/repositorio.ister.edu.ec\/jspui\/handle\/68000\/207\">Documento<\/a><\/p><p><strong>INTEGRANTES<\/strong><\/p><p>Marcelo Zambrano, Cristian Tasiguano<\/p>\t\t\t\t\t\t\t\t<\/div>\n\t\t\t\t<\/div>\n\t\t\t\t\t<\/div>\n\t\t\t\t<\/div>\n\t\t\t\t\t<\/details>\n\t\t\t\t\t\t<details id=\"e-n-accordion-item-2627\" class=\"e-n-accordion-item\" >\n\t\t\t\t<summary class=\"e-n-accordion-item-title\" data-accordion-index=\"8\" tabindex=\"-1\" aria-expanded=\"false\" aria-controls=\"e-n-accordion-item-2627\" >\n\t\t\t\t\t<span class='e-n-accordion-item-title-header'><div class=\"e-n-accordion-item-title-text\"> 8.ACTIVIDADES DIGITALES DIRIGIDAS A REFORZAR EL APRENDIZAJE DE LA LECTOESCRITURA EN NI\u00d1OS DE SEGUNDO A\u00d1O DE B\u00c1SICA <\/div><\/span>\n\t\t\t\t\t\t\t<span class='e-n-accordion-item-title-icon'>\n\t\t\t<span class='e-opened' ><svg aria-hidden=\"true\" class=\"e-font-icon-svg e-fas-folder-open\" viewbox=\"0 0 576 512\" xmlns=\"http:\/\/www.w3.org\/2000\/svg\"><path d=\"M572.694 292.093L500.27 416.248A63.997 63.997 0 0 1 444.989 448H45.025c-18.523 0-30.064-20.093-20.731-36.093l72.424-124.155A64 64 0 0 1 152 256h399.964c18.523 0 30.064 20.093 20.73 36.093zM152 224h328v-48c0-26.51-21.49-48-48-48H272l-64-64H48C21.49 64 0 85.49 0 112v278.046l69.077-118.418C86.214 242.25 117.989 224 152 224z\"><\/path><\/svg><\/span>\n\t\t\t<span class='e-closed'><svg aria-hidden=\"true\" class=\"e-font-icon-svg e-fas-folder\" viewbox=\"0 0 512 512\" xmlns=\"http:\/\/www.w3.org\/2000\/svg\"><path d=\"M464 128H272l-64-64H48C21.49 64 0 85.49 0 112v288c0 26.51 21.49 48 48 48h416c26.51 0 48-21.49 48-48V176c0-26.51-21.49-48-48-48z\"><\/path><\/svg><\/span>\n\t\t<\/span>\n\n\t\t\t\t\t\t<\/summary>\n\t\t\t\t<div role=\"region\" aria-labelledby=\"e-n-accordion-item-2627\" class=\"elementor-element elementor-element-ef8522b e-flex e-con-boxed e-con e-child\" data-id=\"ef8522b\" data-element_type=\"container\" data-e-type=\"container\">\n\t\t\t\t\t<div class=\"e-con-inner\">\n\t\t\t\t<div class=\"elementor-element elementor-element-2f090a9 elementor-widget elementor-widget-text-editor\" data-id=\"2f090a9\" data-element_type=\"widget\" data-e-type=\"widget\" data-widget_type=\"text-editor.default\">\n\t\t\t\t<div class=\"elementor-widget-container\">\n\t\t\t\t\t\t\t\t\t<p><strong>OBJETIVO:<\/strong>\u00a0Implementar actividades digitales para reforzar el aprendizaje de la lectoescritura en los ni\u00f1os de segundo grado de la ense\u00f1anza general b\u00e1sica.<\/p><p><strong>L\u00cdNEA DE INVESTIGACI\u00d3N<\/strong><\/p><p>Filosof\u00eda y Educaci\u00f3n<\/p><p><strong>DIRECTOR DEL PROYECTO<\/strong><\/p><p>Ignacio Garc\u00eda \u00c1lvarez<\/p><p><strong>LINK DEL PROYECTO<\/strong><\/p><p><a href=\"https:\/\/repositorio.ister.edu.ec\/jspui\/handle\/68000\/225\">Documento<\/a><\/p><p><strong>INTEGRANTES<\/strong><\/p><p>Carlos G\u00f3mez Avil\u00e9s, Franklin Daniel Aguilar Enr\u00edquez, Mar\u00eda Jos\u00e9 Rivera, Estefany Elizabeth Nenger Le\u00f3n<\/p>\t\t\t\t\t\t\t\t<\/div>\n\t\t\t\t<\/div>\n\t\t\t\t\t<\/div>\n\t\t\t\t<\/div>\n\t\t\t\t\t<\/details>\n\t\t\t\t\t\t<details id=\"e-n-accordion-item-2628\" class=\"e-n-accordion-item\" >\n\t\t\t\t<summary class=\"e-n-accordion-item-title\" data-accordion-index=\"9\" tabindex=\"-1\" aria-expanded=\"false\" aria-controls=\"e-n-accordion-item-2628\" >\n\t\t\t\t\t<span class='e-n-accordion-item-title-header'><div class=\"e-n-accordion-item-title-text\"> 9.ACTIVIDADES EDUCATIVAS DIGITALES CON APOYO EN EL AULA INTERACTIVA PARA LA ESTIMULACI\u00d3N DE DESTREZAS EN NI\u00d1OS DE 3 A 6 A\u00d1OS <\/div><\/span>\n\t\t\t\t\t\t\t<span class='e-n-accordion-item-title-icon'>\n\t\t\t<span class='e-opened' ><svg aria-hidden=\"true\" class=\"e-font-icon-svg e-fas-folder-open\" viewbox=\"0 0 576 512\" xmlns=\"http:\/\/www.w3.org\/2000\/svg\"><path d=\"M572.694 292.093L500.27 416.248A63.997 63.997 0 0 1 444.989 448H45.025c-18.523 0-30.064-20.093-20.731-36.093l72.424-124.155A64 64 0 0 1 152 256h399.964c18.523 0 30.064 20.093 20.73 36.093zM152 224h328v-48c0-26.51-21.49-48-48-48H272l-64-64H48C21.49 64 0 85.49 0 112v278.046l69.077-118.418C86.214 242.25 117.989 224 152 224z\"><\/path><\/svg><\/span>\n\t\t\t<span class='e-closed'><svg aria-hidden=\"true\" class=\"e-font-icon-svg e-fas-folder\" viewbox=\"0 0 512 512\" xmlns=\"http:\/\/www.w3.org\/2000\/svg\"><path d=\"M464 128H272l-64-64H48C21.49 64 0 85.49 0 112v288c0 26.51 21.49 48 48 48h416c26.51 0 48-21.49 48-48V176c0-26.51-21.49-48-48-48z\"><\/path><\/svg><\/span>\n\t\t<\/span>\n\n\t\t\t\t\t\t<\/summary>\n\t\t\t\t<div role=\"region\" aria-labelledby=\"e-n-accordion-item-2628\" class=\"elementor-element elementor-element-4ed026a e-flex e-con-boxed e-con e-child\" data-id=\"4ed026a\" data-element_type=\"container\" data-e-type=\"container\">\n\t\t\t\t\t<div class=\"e-con-inner\">\n\t\t\t\t<div class=\"elementor-element elementor-element-d939b87 elementor-widget elementor-widget-text-editor\" data-id=\"d939b87\" data-element_type=\"widget\" data-e-type=\"widget\" data-widget_type=\"text-editor.default\">\n\t\t\t\t<div class=\"elementor-widget-container\">\n\t\t\t\t\t\t\t\t\t<p><strong>OBJETIVO:\u00a0<\/strong>Aplicar actividades educativas digitales para la estimulaci\u00f3n de destrezas en ni\u00f1os de 3 a 6 a\u00f1os.<\/p><p><strong>L\u00cdNEA DE INVESTIGACI\u00d3N<\/strong><\/p><p>Filosof\u00eda y Educaci\u00f3n<\/p><p><strong>DIRECTOR DEL PROYECTO<\/strong><\/p><p>Estefany Elizabeth Nenger Le\u00f3n<\/p><p><strong>LINK DEL PROYECTO<\/strong><\/p><p>N\/A<\/p><p><strong>INTEGRANTES<\/strong><\/p><p>Aguilar Enr\u00edquez Franklin Daniel, Garc\u00eda \u00c1lvarez Ignacio, Carlos G\u00f3mez Avil\u00e9s, Mar\u00eda Jos\u00e9 Rivera<\/p>\t\t\t\t\t\t\t\t<\/div>\n\t\t\t\t<\/div>\n\t\t\t\t\t<\/div>\n\t\t\t\t<\/div>\n\t\t\t\t\t<\/details>\n\t\t\t\t\t\t<details id=\"e-n-accordion-item-2629\" class=\"e-n-accordion-item\" >\n\t\t\t\t<summary class=\"e-n-accordion-item-title\" data-accordion-index=\"10\" tabindex=\"-1\" aria-expanded=\"false\" aria-controls=\"e-n-accordion-item-2629\" >\n\t\t\t\t\t<span class='e-n-accordion-item-title-header'><div class=\"e-n-accordion-item-title-text\"> 10.DISE\u00d1O E IMPLEMENTACI\u00d3N DE UN ROBOT SOCIAL PARA ASISTENCIA A VISITANTES DE LA COMUNIDAD UNIVERSITARIA ISTER. <\/div><\/span>\n\t\t\t\t\t\t\t<span class='e-n-accordion-item-title-icon'>\n\t\t\t<span class='e-opened' ><svg aria-hidden=\"true\" class=\"e-font-icon-svg e-fas-folder-open\" viewbox=\"0 0 576 512\" xmlns=\"http:\/\/www.w3.org\/2000\/svg\"><path d=\"M572.694 292.093L500.27 416.248A63.997 63.997 0 0 1 444.989 448H45.025c-18.523 0-30.064-20.093-20.731-36.093l72.424-124.155A64 64 0 0 1 152 256h399.964c18.523 0 30.064 20.093 20.73 36.093zM152 224h328v-48c0-26.51-21.49-48-48-48H272l-64-64H48C21.49 64 0 85.49 0 112v278.046l69.077-118.418C86.214 242.25 117.989 224 152 224z\"><\/path><\/svg><\/span>\n\t\t\t<span class='e-closed'><svg aria-hidden=\"true\" class=\"e-font-icon-svg e-fas-folder\" viewbox=\"0 0 512 512\" xmlns=\"http:\/\/www.w3.org\/2000\/svg\"><path d=\"M464 128H272l-64-64H48C21.49 64 0 85.49 0 112v288c0 26.51 21.49 48 48 48h416c26.51 0 48-21.49 48-48V176c0-26.51-21.49-48-48-48z\"><\/path><\/svg><\/span>\n\t\t<\/span>\n\n\t\t\t\t\t\t<\/summary>\n\t\t\t\t<div role=\"region\" aria-labelledby=\"e-n-accordion-item-2629\" class=\"elementor-element elementor-element-2481676 e-flex e-con-boxed e-con e-child\" data-id=\"2481676\" data-element_type=\"container\" data-e-type=\"container\">\n\t\t\t\t\t<div class=\"e-con-inner\">\n\t\t\t\t<div class=\"elementor-element elementor-element-1099eb7 elementor-widget elementor-widget-text-editor\" data-id=\"1099eb7\" data-element_type=\"widget\" data-e-type=\"widget\" data-widget_type=\"text-editor.default\">\n\t\t\t\t<div class=\"elementor-widget-container\">\n\t\t\t\t\t\t\t\t\t<p><strong>OBJETIVO:<\/strong>\u00a0Implementar un agente virtual social a trav\u00e9s de herramientas tecnolog\u00edas de inteligencia artificial para la mejora de servicios esenciales en la comunidad del Instituto Tecnol\u00f3gico Universitario Rumi\u00f1ahui en la proporci\u00f3n de una experiencia m\u00e1s agradable y conveniente a los estudiantes, docentes y visitantes.<\/p><p><strong>L\u00cdNEA DE INVESTIGACI\u00d3N<\/strong><\/p><p>Tecnolog\u00eda e Industria<\/p><p><strong>DIRECTOR DEL PROYECTO<\/strong><\/p><p>C\u00e9sar Minaya<\/p><p><strong>LINK DEL PROYECTO<\/strong><\/p><p>N\/A<\/p><p><strong>INTEGRANTES<\/strong><\/p><p>Marcelo Zambrano, Ricardo Rosero<\/p>\t\t\t\t\t\t\t\t<\/div>\n\t\t\t\t<\/div>\n\t\t\t\t\t<\/div>\n\t\t\t\t<\/div>\n\t\t\t\t\t<\/details>\n\t\t\t\t\t\t<details id=\"e-n-accordion-item-26210\" class=\"e-n-accordion-item\" >\n\t\t\t\t<summary class=\"e-n-accordion-item-title\" data-accordion-index=\"11\" tabindex=\"-1\" aria-expanded=\"false\" aria-controls=\"e-n-accordion-item-26210\" >\n\t\t\t\t\t<span class='e-n-accordion-item-title-header'><div class=\"e-n-accordion-item-title-text\"> 11.ADAPTACI\u00d3N DEL MODELO DE CUIDADOS DE VIRGINIA HENDERSON PARA CUIDADOS INTEGRALES DE SALUD A PACIENTES AMBULATORIOS CANT\u00d3N RUMI\u00d1AHUI <\/div><\/span>\n\t\t\t\t\t\t\t<span class='e-n-accordion-item-title-icon'>\n\t\t\t<span class='e-opened' ><svg aria-hidden=\"true\" class=\"e-font-icon-svg e-fas-folder-open\" viewbox=\"0 0 576 512\" xmlns=\"http:\/\/www.w3.org\/2000\/svg\"><path d=\"M572.694 292.093L500.27 416.248A63.997 63.997 0 0 1 444.989 448H45.025c-18.523 0-30.064-20.093-20.731-36.093l72.424-124.155A64 64 0 0 1 152 256h399.964c18.523 0 30.064 20.093 20.73 36.093zM152 224h328v-48c0-26.51-21.49-48-48-48H272l-64-64H48C21.49 64 0 85.49 0 112v278.046l69.077-118.418C86.214 242.25 117.989 224 152 224z\"><\/path><\/svg><\/span>\n\t\t\t<span class='e-closed'><svg aria-hidden=\"true\" class=\"e-font-icon-svg e-fas-folder\" viewbox=\"0 0 512 512\" xmlns=\"http:\/\/www.w3.org\/2000\/svg\"><path d=\"M464 128H272l-64-64H48C21.49 64 0 85.49 0 112v288c0 26.51 21.49 48 48 48h416c26.51 0 48-21.49 48-48V176c0-26.51-21.49-48-48-48z\"><\/path><\/svg><\/span>\n\t\t<\/span>\n\n\t\t\t\t\t\t<\/summary>\n\t\t\t\t<div role=\"region\" aria-labelledby=\"e-n-accordion-item-26210\" class=\"elementor-element elementor-element-55d9efd e-flex e-con-boxed e-con e-child\" data-id=\"55d9efd\" data-element_type=\"container\" data-e-type=\"container\">\n\t\t\t\t\t<div class=\"e-con-inner\">\n\t\t\t\t<div class=\"elementor-element elementor-element-8a4d929 elementor-widget elementor-widget-text-editor\" data-id=\"8a4d929\" data-element_type=\"widget\" data-e-type=\"widget\" data-widget_type=\"text-editor.default\">\n\t\t\t\t<div class=\"elementor-widget-container\">\n\t\t\t\t\t\t\t\t\t<p><strong>OBJETIVO:<\/strong>\u00a0Implementar la adaptaci\u00f3n del modelo de cuidados de Virginia Henderson para cuidados integrales de salud a pacientes ambulatorios del cant\u00f3n Rumi\u00f1ahui.<\/p><p><strong>L\u00cdNEA DE INVESTIGACI\u00d3N<\/strong><\/p><p>Salud y Bienestar<\/p><p><strong>DIRECTOR DEL PROYECTO<\/strong><\/p><p>Dewis Esqueila Brice Hern\u00e1ndez<\/p><p><strong>LINK DEL PROYECTO<\/strong><\/p><p><a href=\"https:\/\/repositorio.ister.edu.ec\/jspui\/handle\/68000\/216\">Documento<\/a><\/p><p><strong>INTEGRANTES<\/strong><\/p><p>Byron Ponce, Mario Garz\u00f3n, Erika Ordo\u00f1ez, Camila Morocho, Cristhian S\u00e1nchez, Janeth Almeida, Raquel J\u00e1come<\/p>\t\t\t\t\t\t\t\t<\/div>\n\t\t\t\t<\/div>\n\t\t\t\t\t<\/div>\n\t\t\t\t<\/div>\n\t\t\t\t\t<\/details>\n\t\t\t\t\t\t<details id=\"e-n-accordion-item-26211\" class=\"e-n-accordion-item\" >\n\t\t\t\t<summary class=\"e-n-accordion-item-title\" data-accordion-index=\"12\" tabindex=\"-1\" aria-expanded=\"false\" aria-controls=\"e-n-accordion-item-26211\" >\n\t\t\t\t\t<span class='e-n-accordion-item-title-header'><div class=\"e-n-accordion-item-title-text\"> 12.LOS RESIDUOS ALIMENTARIOS COMO GENERADORES DE BIOG\u00c1S EN EL INSTITUTO RUMI\u00d1AHUI <\/div><\/span>\n\t\t\t\t\t\t\t<span class='e-n-accordion-item-title-icon'>\n\t\t\t<span class='e-opened' ><svg aria-hidden=\"true\" class=\"e-font-icon-svg e-fas-folder-open\" viewbox=\"0 0 576 512\" xmlns=\"http:\/\/www.w3.org\/2000\/svg\"><path d=\"M572.694 292.093L500.27 416.248A63.997 63.997 0 0 1 444.989 448H45.025c-18.523 0-30.064-20.093-20.731-36.093l72.424-124.155A64 64 0 0 1 152 256h399.964c18.523 0 30.064 20.093 20.73 36.093zM152 224h328v-48c0-26.51-21.49-48-48-48H272l-64-64H48C21.49 64 0 85.49 0 112v278.046l69.077-118.418C86.214 242.25 117.989 224 152 224z\"><\/path><\/svg><\/span>\n\t\t\t<span class='e-closed'><svg aria-hidden=\"true\" class=\"e-font-icon-svg e-fas-folder\" viewbox=\"0 0 512 512\" xmlns=\"http:\/\/www.w3.org\/2000\/svg\"><path d=\"M464 128H272l-64-64H48C21.49 64 0 85.49 0 112v288c0 26.51 21.49 48 48 48h416c26.51 0 48-21.49 48-48V176c0-26.51-21.49-48-48-48z\"><\/path><\/svg><\/span>\n\t\t<\/span>\n\n\t\t\t\t\t\t<\/summary>\n\t\t\t\t<div role=\"region\" aria-labelledby=\"e-n-accordion-item-26211\" class=\"elementor-element elementor-element-5c1b7fe e-flex e-con-boxed e-con e-child\" data-id=\"5c1b7fe\" data-element_type=\"container\" data-e-type=\"container\">\n\t\t\t\t\t<div class=\"e-con-inner\">\n\t\t\t\t<div class=\"elementor-element elementor-element-82ba0cb elementor-widget elementor-widget-text-editor\" data-id=\"82ba0cb\" data-element_type=\"widget\" data-e-type=\"widget\" data-widget_type=\"text-editor.default\">\n\t\t\t\t<div class=\"elementor-widget-container\">\n\t\t\t\t\t\t\t\t\t<p><strong>OBJETIVO:<\/strong>\u00a0Investigar e implementar el dise\u00f1o de un biodigestor y evaluar la producci\u00f3n de biog\u00e1s generado a partir de los RSO de mayor producci\u00f3n de los talleres del Instituto Universitario Rumi\u00f1ahui.<\/p><p><strong>L\u00cdNEA DE INVESTIGACI\u00d3N<\/strong><\/p><p>Administraci\u00f3n, Econom\u00eda y Servicios<\/p><p><strong>DIRECTOR DEL PROYECTO<\/strong><\/p><p>Andr\u00e9s Arcos<\/p><p><strong>LINK DEL PROYECTO<\/strong><\/p><p><a href=\"https:\/\/repositorio.ister.edu.ec\/jspui\/handle\/68000\/211\">Documento<\/a><\/p><p><strong>INTEGRANTES<\/strong><\/p><p>Renato S\u00e1nchez, Gabriel Galarraga, Santiago P\u00e9rez, Alexandra Hern\u00e1ndez \u2013 Qu\u00edmico (Externo)<\/p>\t\t\t\t\t\t\t\t<\/div>\n\t\t\t\t<\/div>\n\t\t\t\t\t<\/div>\n\t\t\t\t<\/div>\n\t\t\t\t\t<\/details>\n\t\t\t\t\t\t<details id=\"e-n-accordion-item-26212\" class=\"e-n-accordion-item\" >\n\t\t\t\t<summary class=\"e-n-accordion-item-title\" data-accordion-index=\"13\" tabindex=\"-1\" aria-expanded=\"false\" aria-controls=\"e-n-accordion-item-26212\" >\n\t\t\t\t\t<span class='e-n-accordion-item-title-header'><div class=\"e-n-accordion-item-title-text\"> 13.ESTUDIO Y AN\u00c1LISIS DE COMENTARIOS NEGATIVOS EN LA RED SOCIAL TWITTER <\/div><\/span>\n\t\t\t\t\t\t\t<span class='e-n-accordion-item-title-icon'>\n\t\t\t<span class='e-opened' ><svg aria-hidden=\"true\" class=\"e-font-icon-svg e-fas-folder-open\" viewbox=\"0 0 576 512\" xmlns=\"http:\/\/www.w3.org\/2000\/svg\"><path d=\"M572.694 292.093L500.27 416.248A63.997 63.997 0 0 1 444.989 448H45.025c-18.523 0-30.064-20.093-20.731-36.093l72.424-124.155A64 64 0 0 1 152 256h399.964c18.523 0 30.064 20.093 20.73 36.093zM152 224h328v-48c0-26.51-21.49-48-48-48H272l-64-64H48C21.49 64 0 85.49 0 112v278.046l69.077-118.418C86.214 242.25 117.989 224 152 224z\"><\/path><\/svg><\/span>\n\t\t\t<span class='e-closed'><svg aria-hidden=\"true\" class=\"e-font-icon-svg e-fas-folder\" viewbox=\"0 0 512 512\" xmlns=\"http:\/\/www.w3.org\/2000\/svg\"><path d=\"M464 128H272l-64-64H48C21.49 64 0 85.49 0 112v288c0 26.51 21.49 48 48 48h416c26.51 0 48-21.49 48-48V176c0-26.51-21.49-48-48-48z\"><\/path><\/svg><\/span>\n\t\t<\/span>\n\n\t\t\t\t\t\t<\/summary>\n\t\t\t\t<div role=\"region\" aria-labelledby=\"e-n-accordion-item-26212\" class=\"elementor-element elementor-element-dd5e9c8 e-flex e-con-boxed e-con e-child\" data-id=\"dd5e9c8\" data-element_type=\"container\" data-e-type=\"container\">\n\t\t\t\t\t<div class=\"e-con-inner\">\n\t\t\t\t<div class=\"elementor-element elementor-element-46557d3 elementor-widget elementor-widget-text-editor\" data-id=\"46557d3\" data-element_type=\"widget\" data-e-type=\"widget\" data-widget_type=\"text-editor.default\">\n\t\t\t\t<div class=\"elementor-widget-container\">\n\t\t\t\t\t\t\t\t\t<p><strong>OBJETIVO:<\/strong>\u00a0Desarrollar una aplicaci\u00f3n que permita medir los niveles de violencia, acoso o agresi\u00f3n denominada EL ODIOMETRO.<\/p><p><strong>L\u00cdNEA DE INVESTIGACI\u00d3N<\/strong><\/p><p>Administraci\u00f3n, Econom\u00eda y Servicios<\/p><p><strong>DIRECTOR DEL PROYECTO<\/strong><\/p><p>Jorge S\u00e1nchez<\/p><p><strong>LINK DEL PROYECTO<\/strong><\/p><p>N\/A<\/p><p><strong>INTEGRANTES<\/strong><\/p><p>Danilo Santill\u00e1n, Alejandro Arevalo, Pa\u00fal Ochoa (Externo)<\/p>\t\t\t\t\t\t\t\t<\/div>\n\t\t\t\t<\/div>\n\t\t\t\t\t<\/div>\n\t\t\t\t<\/div>\n\t\t\t\t\t<\/details>\n\t\t\t\t\t\t<details id=\"e-n-accordion-item-26213\" class=\"e-n-accordion-item\" >\n\t\t\t\t<summary class=\"e-n-accordion-item-title\" data-accordion-index=\"14\" tabindex=\"-1\" aria-expanded=\"false\" aria-controls=\"e-n-accordion-item-26213\" >\n\t\t\t\t\t<span class='e-n-accordion-item-title-header'><div class=\"e-n-accordion-item-title-text\"> 14.HERRAMIENTA PARA EL AN\u00c1LISIS, DIAGN\u00d3STICO Y SOLUCI\u00d3N EN LA ADMINISTRACI\u00d3N DE LA RED EN UNA INSTITUCI\u00d3N EDUCATIVA <\/div><\/span>\n\t\t\t\t\t\t\t<span class='e-n-accordion-item-title-icon'>\n\t\t\t<span class='e-opened' ><svg aria-hidden=\"true\" class=\"e-font-icon-svg e-fas-folder-open\" viewbox=\"0 0 576 512\" xmlns=\"http:\/\/www.w3.org\/2000\/svg\"><path d=\"M572.694 292.093L500.27 416.248A63.997 63.997 0 0 1 444.989 448H45.025c-18.523 0-30.064-20.093-20.731-36.093l72.424-124.155A64 64 0 0 1 152 256h399.964c18.523 0 30.064 20.093 20.73 36.093zM152 224h328v-48c0-26.51-21.49-48-48-48H272l-64-64H48C21.49 64 0 85.49 0 112v278.046l69.077-118.418C86.214 242.25 117.989 224 152 224z\"><\/path><\/svg><\/span>\n\t\t\t<span class='e-closed'><svg aria-hidden=\"true\" class=\"e-font-icon-svg e-fas-folder\" viewbox=\"0 0 512 512\" xmlns=\"http:\/\/www.w3.org\/2000\/svg\"><path d=\"M464 128H272l-64-64H48C21.49 64 0 85.49 0 112v288c0 26.51 21.49 48 48 48h416c26.51 0 48-21.49 48-48V176c0-26.51-21.49-48-48-48z\"><\/path><\/svg><\/span>\n\t\t<\/span>\n\n\t\t\t\t\t\t<\/summary>\n\t\t\t\t<div role=\"region\" aria-labelledby=\"e-n-accordion-item-26213\" class=\"elementor-element elementor-element-6ecf1f2 e-flex e-con-boxed e-con e-child\" data-id=\"6ecf1f2\" data-element_type=\"container\" data-e-type=\"container\">\n\t\t\t\t\t<div class=\"e-con-inner\">\n\t\t\t\t<div class=\"elementor-element elementor-element-2aa28c5 elementor-widget elementor-widget-text-editor\" data-id=\"2aa28c5\" data-element_type=\"widget\" data-e-type=\"widget\" data-widget_type=\"text-editor.default\">\n\t\t\t\t<div class=\"elementor-widget-container\">\n\t\t\t\t\t\t\t\t\t<p><strong>OBJETIVO:<\/strong>\u00a0Implementar una herramienta para el an\u00e1lisis, diagn\u00f3stico y soluci\u00f3n en la administraci\u00f3n de la red en una instituci\u00f3n educativa.<\/p><p><strong>L\u00cdNEA DE INVESTIGACI\u00d3N<\/strong><\/p><p>Filosof\u00eda y Educaci\u00f3n<\/p><p><strong>DIRECTOR DEL PROYECTO<\/strong><\/p><p>Zharayth G\u00f3mez<\/p><p><strong>LINK DEL PROYECTO<\/strong><\/p><p><a href=\"https:\/\/repositorio.ister.edu.ec\/jspui\/handle\/68000\/217\">Documento<\/a><\/p><p><strong>INTEGRANTES<\/strong><\/p><p>Mois\u00e9s Toapanta, Dra. Carmita Su\u00e1rez, Dr. \u00c1ngel Huerta, MSc. Carmita Huerta, Elizabeth Ord\u00f3\u00f1ez, Marcelo Zambrano, Iv\u00e1n L\u00f3pez<\/p>\t\t\t\t\t\t\t\t<\/div>\n\t\t\t\t<\/div>\n\t\t\t\t\t<\/div>\n\t\t\t\t<\/div>\n\t\t\t\t\t<\/details>\n\t\t\t\t\t\t<details id=\"e-n-accordion-item-26214\" class=\"e-n-accordion-item\" >\n\t\t\t\t<summary class=\"e-n-accordion-item-title\" data-accordion-index=\"15\" tabindex=\"-1\" aria-expanded=\"false\" aria-controls=\"e-n-accordion-item-26214\" >\n\t\t\t\t\t<span class='e-n-accordion-item-title-header'><div class=\"e-n-accordion-item-title-text\"> 15.MODELO DE GESTI\u00d3N COMERCIAL Y SU IMPACTO EN LA RENTABILIDAD PARA LOS EMPRENDEDORES DEL SECTOR GASTRON\u00d3MICO Y TUR\u00cdSTICO DEL ECUADOR <\/div><\/span>\n\t\t\t\t\t\t\t<span class='e-n-accordion-item-title-icon'>\n\t\t\t<span class='e-opened' ><svg aria-hidden=\"true\" class=\"e-font-icon-svg e-fas-folder-open\" viewbox=\"0 0 576 512\" xmlns=\"http:\/\/www.w3.org\/2000\/svg\"><path d=\"M572.694 292.093L500.27 416.248A63.997 63.997 0 0 1 444.989 448H45.025c-18.523 0-30.064-20.093-20.731-36.093l72.424-124.155A64 64 0 0 1 152 256h399.964c18.523 0 30.064 20.093 20.73 36.093zM152 224h328v-48c0-26.51-21.49-48-48-48H272l-64-64H48C21.49 64 0 85.49 0 112v278.046l69.077-118.418C86.214 242.25 117.989 224 152 224z\"><\/path><\/svg><\/span>\n\t\t\t<span class='e-closed'><svg aria-hidden=\"true\" class=\"e-font-icon-svg e-fas-folder\" viewbox=\"0 0 512 512\" xmlns=\"http:\/\/www.w3.org\/2000\/svg\"><path d=\"M464 128H272l-64-64H48C21.49 64 0 85.49 0 112v288c0 26.51 21.49 48 48 48h416c26.51 0 48-21.49 48-48V176c0-26.51-21.49-48-48-48z\"><\/path><\/svg><\/span>\n\t\t<\/span>\n\n\t\t\t\t\t\t<\/summary>\n\t\t\t\t<div role=\"region\" aria-labelledby=\"e-n-accordion-item-26214\" class=\"elementor-element elementor-element-49ef219 e-flex e-con-boxed e-con e-child\" data-id=\"49ef219\" data-element_type=\"container\" data-e-type=\"container\">\n\t\t\t\t\t<div class=\"e-con-inner\">\n\t\t\t\t<div class=\"elementor-element elementor-element-47e2f22 elementor-widget elementor-widget-text-editor\" data-id=\"47e2f22\" data-element_type=\"widget\" data-e-type=\"widget\" data-widget_type=\"text-editor.default\">\n\t\t\t\t<div class=\"elementor-widget-container\">\n\t\t\t\t\t\t\t\t\t<p><strong>OBJETIVO:<\/strong>\u00a0Dise\u00f1ar un modelo de gesti\u00f3n en un aplicativo de f\u00e1cil acceso, que permita a los emprendedores contar con informaci\u00f3n actualizada de clientes y proveedores de la zona, tomar decisiones t\u00e9cnicas ajustada a sus necesidades habituales, disminuyendo riesgos, generando continuidad en el tiempo, rentabilidad y competitividad.<\/p><p><strong>L\u00cdNEA DE INVESTIGACI\u00d3N<\/strong><\/p><p>Administraci\u00f3n, Econom\u00eda y Servicios<\/p><p><strong>DIRECTOR DEL PROYECTO<\/strong><\/p><p>Patricia Ar\u00e9valo<\/p><p><strong>LINK DEL PROYECTO<\/strong><\/p><p><a href=\"https:\/\/repositorio.ister.edu.ec\/jspui\/handle\/68000\/215\">Documento<\/a><\/p><p><strong>INTEGRANTES<\/strong><\/p><p>Alexis Villalba, Yadira Garc\u00eda, Dandy Mayorga, Willman Bravo, Sergio Carrera, Melisa Rodr\u00edguez<\/p>\t\t\t\t\t\t\t\t<\/div>\n\t\t\t\t<\/div>\n\t\t\t\t\t<\/div>\n\t\t\t\t<\/div>\n\t\t\t\t\t<\/details>\n\t\t\t\t\t\t<details id=\"e-n-accordion-item-26215\" class=\"e-n-accordion-item\" >\n\t\t\t\t<summary class=\"e-n-accordion-item-title\" data-accordion-index=\"16\" tabindex=\"-1\" aria-expanded=\"false\" aria-controls=\"e-n-accordion-item-26215\" >\n\t\t\t\t\t<span class='e-n-accordion-item-title-header'><div class=\"e-n-accordion-item-title-text\"> 16.ORIENTACI\u00d3N EDUCATIVA PARA LA PREVENCI\u00d3N DE LA VIOLENCIA EN LAS FAMILIAS CON LA MEDIACI\u00d3N PASTORAL Y DE LA IGLESIA CRISTIANA <\/div><\/span>\n\t\t\t\t\t\t\t<span class='e-n-accordion-item-title-icon'>\n\t\t\t<span class='e-opened' ><svg aria-hidden=\"true\" class=\"e-font-icon-svg e-fas-folder-open\" viewbox=\"0 0 576 512\" xmlns=\"http:\/\/www.w3.org\/2000\/svg\"><path d=\"M572.694 292.093L500.27 416.248A63.997 63.997 0 0 1 444.989 448H45.025c-18.523 0-30.064-20.093-20.731-36.093l72.424-124.155A64 64 0 0 1 152 256h399.964c18.523 0 30.064 20.093 20.73 36.093zM152 224h328v-48c0-26.51-21.49-48-48-48H272l-64-64H48C21.49 64 0 85.49 0 112v278.046l69.077-118.418C86.214 242.25 117.989 224 152 224z\"><\/path><\/svg><\/span>\n\t\t\t<span class='e-closed'><svg aria-hidden=\"true\" class=\"e-font-icon-svg e-fas-folder\" viewbox=\"0 0 512 512\" xmlns=\"http:\/\/www.w3.org\/2000\/svg\"><path d=\"M464 128H272l-64-64H48C21.49 64 0 85.49 0 112v288c0 26.51 21.49 48 48 48h416c26.51 0 48-21.49 48-48V176c0-26.51-21.49-48-48-48z\"><\/path><\/svg><\/span>\n\t\t<\/span>\n\n\t\t\t\t\t\t<\/summary>\n\t\t\t\t<div role=\"region\" aria-labelledby=\"e-n-accordion-item-26215\" class=\"elementor-element elementor-element-30f98c8 e-flex e-con-boxed e-con e-child\" data-id=\"30f98c8\" data-element_type=\"container\" data-e-type=\"container\">\n\t\t\t\t\t<div class=\"e-con-inner\">\n\t\t\t\t<div class=\"elementor-element elementor-element-1bf391e elementor-widget elementor-widget-text-editor\" data-id=\"1bf391e\" data-element_type=\"widget\" data-e-type=\"widget\" data-widget_type=\"text-editor.default\">\n\t\t\t\t<div class=\"elementor-widget-container\">\n\t\t\t\t\t\t\t\t\t<p><strong>OBJETIVO:<\/strong>\u00a0Elaborar una estrategia de orientaci\u00f3n educativa dirigida a la prevenci\u00f3n de la violencia familiar con la mediaci\u00f3n pastoral y de la iglesia cristiana.<\/p><p><strong>L\u00cdNEA DE INVESTIGACI\u00d3N<\/strong><\/p><p>Filosof\u00eda y Educaci\u00f3n<\/p><p><strong>DIRECTOR DEL PROYECTO<\/strong><\/p><p>Raisa Emilia Bernal Cerza<\/p><p><strong>LINK DEL PROYECTO<\/strong><\/p><p><a href=\"https:\/\/repositorio.ister.edu.ec\/jspui\/handle\/68000\/224\">Documento<\/a><\/p><p><strong>INTEGRANTES<\/strong><\/p><p>Orelvis Ben\u00edtez Correa, Mauricio Esp\u00edn Guerr\u00f3n, Jacobo Jim\u00e9nez, Pastor Torres Fuentes<\/p>\t\t\t\t\t\t\t\t<\/div>\n\t\t\t\t<\/div>\n\t\t\t\t\t<\/div>\n\t\t\t\t<\/div>\n\t\t\t\t\t<\/details>\n\t\t\t\t\t\t<details id=\"e-n-accordion-item-26216\" class=\"e-n-accordion-item\" >\n\t\t\t\t<summary class=\"e-n-accordion-item-title\" data-accordion-index=\"17\" tabindex=\"-1\" aria-expanded=\"false\" aria-controls=\"e-n-accordion-item-26216\" >\n\t\t\t\t\t<span class='e-n-accordion-item-title-header'><div class=\"e-n-accordion-item-title-text\"> 17.ESTRATEGIA METODOL\u00d3GICA PARA LA CAPACITACI\u00d3N A DOCENTES DE LA EDUCACI\u00d3N INICIAL <\/div><\/span>\n\t\t\t\t\t\t\t<span class='e-n-accordion-item-title-icon'>\n\t\t\t<span class='e-opened' ><svg aria-hidden=\"true\" class=\"e-font-icon-svg e-fas-folder-open\" viewbox=\"0 0 576 512\" xmlns=\"http:\/\/www.w3.org\/2000\/svg\"><path d=\"M572.694 292.093L500.27 416.248A63.997 63.997 0 0 1 444.989 448H45.025c-18.523 0-30.064-20.093-20.731-36.093l72.424-124.155A64 64 0 0 1 152 256h399.964c18.523 0 30.064 20.093 20.73 36.093zM152 224h328v-48c0-26.51-21.49-48-48-48H272l-64-64H48C21.49 64 0 85.49 0 112v278.046l69.077-118.418C86.214 242.25 117.989 224 152 224z\"><\/path><\/svg><\/span>\n\t\t\t<span class='e-closed'><svg aria-hidden=\"true\" class=\"e-font-icon-svg e-fas-folder\" viewbox=\"0 0 512 512\" xmlns=\"http:\/\/www.w3.org\/2000\/svg\"><path d=\"M464 128H272l-64-64H48C21.49 64 0 85.49 0 112v288c0 26.51 21.49 48 48 48h416c26.51 0 48-21.49 48-48V176c0-26.51-21.49-48-48-48z\"><\/path><\/svg><\/span>\n\t\t<\/span>\n\n\t\t\t\t\t\t<\/summary>\n\t\t\t\t<div role=\"region\" aria-labelledby=\"e-n-accordion-item-26216\" class=\"elementor-element elementor-element-5845356 e-flex e-con-boxed e-con e-child\" data-id=\"5845356\" data-element_type=\"container\" data-e-type=\"container\">\n\t\t\t\t\t<div class=\"e-con-inner\">\n\t\t\t\t<div class=\"elementor-element elementor-element-45efafa elementor-widget elementor-widget-text-editor\" data-id=\"45efafa\" data-element_type=\"widget\" data-e-type=\"widget\" data-widget_type=\"text-editor.default\">\n\t\t\t\t<div class=\"elementor-widget-container\">\n\t\t\t\t\t\t\t\t\t<p><strong>OBJETIVO:<\/strong>\u00a0Implementar una estrategia metodol\u00f3gica que contribuya a la preparaci\u00f3n de los docentes de Educaci\u00f3n Inicial del Municipio Rumi\u00f1ahui para mejorar sus desempe\u00f1os pedag\u00f3gicos.<\/p><p><strong>L\u00cdNEA DE INVESTIGACI\u00d3N<\/strong><\/p><p>Filosof\u00eda y Educaci\u00f3n<\/p><p><strong>DIRECTOR DEL PROYECTO<\/strong><\/p><p>Raisa Emilia Bernal Cerza<\/p><p><strong>LINK DEL PROYECTO<\/strong><\/p><p><a href=\"https:\/\/repositorio.ister.edu.ec\/jspui\/handle\/68000\/227\">Documento<\/a><\/p><p><strong>INTEGRANTES<\/strong><\/p><p>Mar\u00eda Jos\u00e9 Rivera, Franklin Daniel Aguilar Enr\u00edquez, Catalina \u00d1acato (Externo \u2013 Coord. CDI GADMUR)<\/p>\t\t\t\t\t\t\t\t<\/div>\n\t\t\t\t<\/div>\n\t\t\t\t\t<\/div>\n\t\t\t\t<\/div>\n\t\t\t\t\t<\/details>\n\t\t\t\t\t\t<details id=\"e-n-accordion-item-26217\" class=\"e-n-accordion-item\" >\n\t\t\t\t<summary class=\"e-n-accordion-item-title\" data-accordion-index=\"18\" tabindex=\"-1\" aria-expanded=\"false\" aria-controls=\"e-n-accordion-item-26217\" >\n\t\t\t\t\t<span class='e-n-accordion-item-title-header'><div class=\"e-n-accordion-item-title-text\"> 18.M\u00d3DULO DID\u00c1CTICO PARA PR\u00c1CTICAS REMOTAS DE AUTOMATIZACI\u00d3N Y CONTROL (MDPRAC) <\/div><\/span>\n\t\t\t\t\t\t\t<span class='e-n-accordion-item-title-icon'>\n\t\t\t<span class='e-opened' ><svg aria-hidden=\"true\" class=\"e-font-icon-svg e-fas-folder-open\" viewbox=\"0 0 576 512\" xmlns=\"http:\/\/www.w3.org\/2000\/svg\"><path d=\"M572.694 292.093L500.27 416.248A63.997 63.997 0 0 1 444.989 448H45.025c-18.523 0-30.064-20.093-20.731-36.093l72.424-124.155A64 64 0 0 1 152 256h399.964c18.523 0 30.064 20.093 20.73 36.093zM152 224h328v-48c0-26.51-21.49-48-48-48H272l-64-64H48C21.49 64 0 85.49 0 112v278.046l69.077-118.418C86.214 242.25 117.989 224 152 224z\"><\/path><\/svg><\/span>\n\t\t\t<span class='e-closed'><svg aria-hidden=\"true\" class=\"e-font-icon-svg e-fas-folder\" viewbox=\"0 0 512 512\" xmlns=\"http:\/\/www.w3.org\/2000\/svg\"><path d=\"M464 128H272l-64-64H48C21.49 64 0 85.49 0 112v288c0 26.51 21.49 48 48 48h416c26.51 0 48-21.49 48-48V176c0-26.51-21.49-48-48-48z\"><\/path><\/svg><\/span>\n\t\t<\/span>\n\n\t\t\t\t\t\t<\/summary>\n\t\t\t\t<div role=\"region\" aria-labelledby=\"e-n-accordion-item-26217\" class=\"elementor-element elementor-element-7c4a621 e-flex e-con-boxed e-con e-child\" data-id=\"7c4a621\" data-element_type=\"container\" data-e-type=\"container\">\n\t\t\t\t\t<div class=\"e-con-inner\">\n\t\t\t\t<div class=\"elementor-element elementor-element-e23b189 elementor-widget elementor-widget-text-editor\" data-id=\"e23b189\" data-element_type=\"widget\" data-e-type=\"widget\" data-widget_type=\"text-editor.default\">\n\t\t\t\t<div class=\"elementor-widget-container\">\n\t\t\t\t\t\t\t\t\t<p><strong>OBJETIVO:<\/strong>\u00a0Dise\u00f1ar y construir un m\u00f3dulo did\u00e1ctico remoto, por medio de la integraci\u00f3n de diferentes sensores, controladores y actuadores en una sola placa electr\u00f3nica, para la realizaci\u00f3n de diferentes pr\u00e1cticas en el \u00e1rea de la automatizaci\u00f3n y control.<\/p><p><strong>L\u00cdNEA DE INVESTIGACI\u00d3N<\/strong><\/p><p>Tecnolog\u00eda e Industria<\/p><p><strong>DIRECTOR DEL PROYECTO<\/strong><\/p><p>Ricardo Rosero<\/p><p><strong>LINK DEL PROYECTO<\/strong><\/p><p>N\/A<\/p><p><strong>INTEGRANTES<\/strong><\/p><p>Marcelo Zambrano, C\u00e9sar Minaya, Paola Portero<\/p>\t\t\t\t\t\t\t\t<\/div>\n\t\t\t\t<\/div>\n\t\t\t\t\t<\/div>\n\t\t\t\t<\/div>\n\t\t\t\t\t<\/details>\n\t\t\t\t\t\t<details id=\"e-n-accordion-item-26218\" class=\"e-n-accordion-item\" >\n\t\t\t\t<summary class=\"e-n-accordion-item-title\" data-accordion-index=\"19\" tabindex=\"-1\" aria-expanded=\"false\" aria-controls=\"e-n-accordion-item-26218\" >\n\t\t\t\t\t<span class='e-n-accordion-item-title-header'><div class=\"e-n-accordion-item-title-text\"> 19.SISTEMA DE CONTROL PARA EL DIRECCIONAMIENTO DE UNA SILLA DE RUEDAS EL\u00c9CTRICA POR MEDIO DE SE\u00d1ALES ELECTROENCEFALOGR\u00c1FICAS <\/div><\/span>\n\t\t\t\t\t\t\t<span class='e-n-accordion-item-title-icon'>\n\t\t\t<span class='e-opened' ><svg aria-hidden=\"true\" class=\"e-font-icon-svg e-fas-folder-open\" viewbox=\"0 0 576 512\" xmlns=\"http:\/\/www.w3.org\/2000\/svg\"><path d=\"M572.694 292.093L500.27 416.248A63.997 63.997 0 0 1 444.989 448H45.025c-18.523 0-30.064-20.093-20.731-36.093l72.424-124.155A64 64 0 0 1 152 256h399.964c18.523 0 30.064 20.093 20.73 36.093zM152 224h328v-48c0-26.51-21.49-48-48-48H272l-64-64H48C21.49 64 0 85.49 0 112v278.046l69.077-118.418C86.214 242.25 117.989 224 152 224z\"><\/path><\/svg><\/span>\n\t\t\t<span class='e-closed'><svg aria-hidden=\"true\" class=\"e-font-icon-svg e-fas-folder\" viewbox=\"0 0 512 512\" xmlns=\"http:\/\/www.w3.org\/2000\/svg\"><path d=\"M464 128H272l-64-64H48C21.49 64 0 85.49 0 112v288c0 26.51 21.49 48 48 48h416c26.51 0 48-21.49 48-48V176c0-26.51-21.49-48-48-48z\"><\/path><\/svg><\/span>\n\t\t<\/span>\n\n\t\t\t\t\t\t<\/summary>\n\t\t\t\t<div role=\"region\" aria-labelledby=\"e-n-accordion-item-26218\" class=\"elementor-element elementor-element-7bc0304 e-flex e-con-boxed e-con e-child\" data-id=\"7bc0304\" data-element_type=\"container\" data-e-type=\"container\">\n\t\t\t\t\t<div class=\"e-con-inner\">\n\t\t\t\t<div class=\"elementor-element elementor-element-52e8cf2 elementor-widget elementor-widget-text-editor\" data-id=\"52e8cf2\" data-element_type=\"widget\" data-e-type=\"widget\" data-widget_type=\"text-editor.default\">\n\t\t\t\t<div class=\"elementor-widget-container\">\n\t\t\t\t\t\t\t\t\t<p><strong>OBJETIVO:<\/strong>\u00a0Implementar un sistema de control que permita el direccionamiento de una silla de ruedas el\u00e9ctrica por medio de se\u00f1ales electroencefalogr\u00e1ficas.<\/p><p><strong>L\u00cdNEA DE INVESTIGACI\u00d3N<\/strong><\/p><p>Tecnolog\u00eda e Industria<\/p><p><strong>DIRECTOR DEL PROYECTO<\/strong><\/p><p>Paola Portero<\/p><p><strong>LINK DEL PROYECTO<\/strong><\/p><p>N\/A<\/p><p><strong>INTEGRANTES<\/strong><\/p><p>Francisco Curicama, Ricardo Rosero, Juan Pablo Rodr\u00edguez<\/p>\t\t\t\t\t\t\t\t<\/div>\n\t\t\t\t<\/div>\n\t\t\t\t\t<\/div>\n\t\t\t\t<\/div>\n\t\t\t\t\t<\/details>\n\t\t\t\t\t\t<details id=\"e-n-accordion-item-26219\" class=\"e-n-accordion-item\" >\n\t\t\t\t<summary class=\"e-n-accordion-item-title\" data-accordion-index=\"20\" tabindex=\"-1\" aria-expanded=\"false\" aria-controls=\"e-n-accordion-item-26219\" >\n\t\t\t\t\t<span class='e-n-accordion-item-title-header'><div class=\"e-n-accordion-item-title-text\"> 20.IMPLEMENTACI\u00d3N DE UN ROBOT EVASOR DE OBST\u00c1CULOS USANDO VISI\u00d3N ARTIFICIAL <\/div><\/span>\n\t\t\t\t\t\t\t<span class='e-n-accordion-item-title-icon'>\n\t\t\t<span class='e-opened' ><svg aria-hidden=\"true\" class=\"e-font-icon-svg e-fas-folder-open\" viewbox=\"0 0 576 512\" xmlns=\"http:\/\/www.w3.org\/2000\/svg\"><path d=\"M572.694 292.093L500.27 416.248A63.997 63.997 0 0 1 444.989 448H45.025c-18.523 0-30.064-20.093-20.731-36.093l72.424-124.155A64 64 0 0 1 152 256h399.964c18.523 0 30.064 20.093 20.73 36.093zM152 224h328v-48c0-26.51-21.49-48-48-48H272l-64-64H48C21.49 64 0 85.49 0 112v278.046l69.077-118.418C86.214 242.25 117.989 224 152 224z\"><\/path><\/svg><\/span>\n\t\t\t<span class='e-closed'><svg aria-hidden=\"true\" class=\"e-font-icon-svg e-fas-folder\" viewbox=\"0 0 512 512\" xmlns=\"http:\/\/www.w3.org\/2000\/svg\"><path d=\"M464 128H272l-64-64H48C21.49 64 0 85.49 0 112v288c0 26.51 21.49 48 48 48h416c26.51 0 48-21.49 48-48V176c0-26.51-21.49-48-48-48z\"><\/path><\/svg><\/span>\n\t\t<\/span>\n\n\t\t\t\t\t\t<\/summary>\n\t\t\t\t<div role=\"region\" aria-labelledby=\"e-n-accordion-item-26219\" class=\"elementor-element elementor-element-a77baaa e-flex e-con-boxed e-con e-child\" data-id=\"a77baaa\" data-element_type=\"container\" data-e-type=\"container\">\n\t\t\t\t\t<div class=\"e-con-inner\">\n\t\t\t\t<div class=\"elementor-element elementor-element-e4a99d1 elementor-widget elementor-widget-text-editor\" data-id=\"e4a99d1\" data-element_type=\"widget\" data-e-type=\"widget\" data-widget_type=\"text-editor.default\">\n\t\t\t\t<div class=\"elementor-widget-container\">\n\t\t\t\t\t\t\t\t\t<p><strong>OBJETIVO:<\/strong>\u00a0Implementar un robot oruga que evada obst\u00e1culos utilizando una c\u00e1mara y algoritmos de visi\u00f3n artificial.<\/p><p><strong>L\u00cdNEA DE INVESTIGACI\u00d3N<\/strong><\/p><p>Tecnolog\u00eda e Industria<\/p><p><strong>DIRECTOR DEL PROYECTO<\/strong><\/p><p>Rosero Yugsi Ricardo Elicio<\/p><p><strong>LINK DEL PROYECTO<\/strong><\/p><p>N\/A<\/p><p><strong>INTEGRANTES<\/strong><\/p><p>Maxwell Arbey Salazar Guilcamaigua, \u00d3scar Marcelo Zambrano Vizuete, C\u00e9sar Andr\u00e9s Minaya Andino<\/p>\t\t\t\t\t\t\t\t<\/div>\n\t\t\t\t<\/div>\n\t\t\t\t\t<\/div>\n\t\t\t\t<\/div>\n\t\t\t\t\t<\/details>\n\t\t\t\t\t\t<details id=\"e-n-accordion-item-26220\" class=\"e-n-accordion-item\" >\n\t\t\t\t<summary class=\"e-n-accordion-item-title\" data-accordion-index=\"21\" tabindex=\"-1\" aria-expanded=\"false\" aria-controls=\"e-n-accordion-item-26220\" >\n\t\t\t\t\t<span class='e-n-accordion-item-title-header'><div class=\"e-n-accordion-item-title-text\"> 21.EMPLEO DE TUB\u00c9RCULOS ANDINOS COMO SUSTITUTO DE LA LEVADURA FRESCA PARA PANIFICACI\u00d3N EN EL CANT\u00d3N RUMI\u00d1AHUI <\/div><\/span>\n\t\t\t\t\t\t\t<span class='e-n-accordion-item-title-icon'>\n\t\t\t<span class='e-opened' ><svg aria-hidden=\"true\" class=\"e-font-icon-svg e-fas-folder-open\" viewbox=\"0 0 576 512\" xmlns=\"http:\/\/www.w3.org\/2000\/svg\"><path d=\"M572.694 292.093L500.27 416.248A63.997 63.997 0 0 1 444.989 448H45.025c-18.523 0-30.064-20.093-20.731-36.093l72.424-124.155A64 64 0 0 1 152 256h399.964c18.523 0 30.064 20.093 20.73 36.093zM152 224h328v-48c0-26.51-21.49-48-48-48H272l-64-64H48C21.49 64 0 85.49 0 112v278.046l69.077-118.418C86.214 242.25 117.989 224 152 224z\"><\/path><\/svg><\/span>\n\t\t\t<span class='e-closed'><svg aria-hidden=\"true\" class=\"e-font-icon-svg e-fas-folder\" viewbox=\"0 0 512 512\" xmlns=\"http:\/\/www.w3.org\/2000\/svg\"><path d=\"M464 128H272l-64-64H48C21.49 64 0 85.49 0 112v288c0 26.51 21.49 48 48 48h416c26.51 0 48-21.49 48-48V176c0-26.51-21.49-48-48-48z\"><\/path><\/svg><\/span>\n\t\t<\/span>\n\n\t\t\t\t\t\t<\/summary>\n\t\t\t\t<div role=\"region\" aria-labelledby=\"e-n-accordion-item-26220\" class=\"elementor-element elementor-element-0bd3f89 e-flex e-con-boxed e-con e-child\" data-id=\"0bd3f89\" data-element_type=\"container\" data-e-type=\"container\">\n\t\t\t\t\t<div class=\"e-con-inner\">\n\t\t\t\t<div class=\"elementor-element elementor-element-b49cf4a elementor-widget elementor-widget-text-editor\" data-id=\"b49cf4a\" data-element_type=\"widget\" data-e-type=\"widget\" data-widget_type=\"text-editor.default\">\n\t\t\t\t<div class=\"elementor-widget-container\">\n\t\t\t\t\t\t\t\t\t<p><strong>OBJETIVO:<\/strong>\u00a0En el siguiente proyecto se plantea investigar la utilizaci\u00f3n de tub\u00e9rculos andinos como mashua, ocas, entre otros. Con la finalidad de dise\u00f1ar leudantes alternativos en la panificaci\u00f3n del cant\u00f3n de Rumi\u00f1ahui.<\/p><p><strong>L\u00cdNEA DE INVESTIGACI\u00d3N<\/strong><\/p><p>Administraci\u00f3n, Econom\u00eda y ServiciosTecnolog\u00eda e Industria<\/p><p><strong>DIRECTOR DEL PROYECTO<\/strong><\/p><p>Luis Armando Donoso<\/p><p><strong>LINK DEL PROYECTO<\/strong><\/p><p><a href=\"https:\/\/repositorio.ister.edu.ec\/jspui\/handle\/68000\/210\">Documento<\/a><\/p><p><strong>INTEGRANTES<\/strong><\/p><p>Armando Donoso, Carlos Toapanta, Fabricio Ordo\u00f1ez, Mar\u00eda Jos\u00e9 Chac\u00f3n<\/p>\t\t\t\t\t\t\t\t<\/div>\n\t\t\t\t<\/div>\n\t\t\t\t\t<\/div>\n\t\t\t\t<\/div>\n\t\t\t\t\t<\/details>\n\t\t\t\t\t\t<details id=\"e-n-accordion-item-26221\" class=\"e-n-accordion-item\" >\n\t\t\t\t<summary class=\"e-n-accordion-item-title\" data-accordion-index=\"22\" tabindex=\"-1\" aria-expanded=\"false\" aria-controls=\"e-n-accordion-item-26221\" >\n\t\t\t\t\t<span class='e-n-accordion-item-title-header'><div class=\"e-n-accordion-item-title-text\"> 22.ESTIMACI\u00d3N DE HOSTING CAPACITY MEDIANTE ANAL\u00cdTICA PREDICTIVA SIN MODELOS DE RED <\/div><\/span>\n\t\t\t\t\t\t\t<span class='e-n-accordion-item-title-icon'>\n\t\t\t<span class='e-opened' ><svg aria-hidden=\"true\" class=\"e-font-icon-svg e-fas-folder-open\" viewbox=\"0 0 576 512\" xmlns=\"http:\/\/www.w3.org\/2000\/svg\"><path d=\"M572.694 292.093L500.27 416.248A63.997 63.997 0 0 1 444.989 448H45.025c-18.523 0-30.064-20.093-20.731-36.093l72.424-124.155A64 64 0 0 1 152 256h399.964c18.523 0 30.064 20.093 20.73 36.093zM152 224h328v-48c0-26.51-21.49-48-48-48H272l-64-64H48C21.49 64 0 85.49 0 112v278.046l69.077-118.418C86.214 242.25 117.989 224 152 224z\"><\/path><\/svg><\/span>\n\t\t\t<span class='e-closed'><svg aria-hidden=\"true\" class=\"e-font-icon-svg e-fas-folder\" viewbox=\"0 0 512 512\" xmlns=\"http:\/\/www.w3.org\/2000\/svg\"><path d=\"M464 128H272l-64-64H48C21.49 64 0 85.49 0 112v288c0 26.51 21.49 48 48 48h416c26.51 0 48-21.49 48-48V176c0-26.51-21.49-48-48-48z\"><\/path><\/svg><\/span>\n\t\t<\/span>\n\n\t\t\t\t\t\t<\/summary>\n\t\t\t\t<div role=\"region\" aria-labelledby=\"e-n-accordion-item-26221\" class=\"elementor-element elementor-element-0bd14a2 e-flex e-con-boxed e-con e-child\" data-id=\"0bd14a2\" data-element_type=\"container\" data-e-type=\"container\">\n\t\t\t\t\t<div class=\"e-con-inner\">\n\t\t\t\t<div class=\"elementor-element elementor-element-7186417 elementor-widget elementor-widget-text-editor\" data-id=\"7186417\" data-element_type=\"widget\" data-e-type=\"widget\" data-widget_type=\"text-editor.default\">\n\t\t\t\t<div class=\"elementor-widget-container\">\n\t\t\t\t\t\t\t\t\t<p><strong>OBJETIVO:<\/strong>\u00a0Realizar la comparativa de modelos de estimaci\u00f3n de voltajes y potencias mediante modelos predictivos sin red para la determinaci\u00f3n de Hosting Capacity en un nodo de bajo voltaje.<\/p><p><strong>L\u00cdNEA DE INVESTIGACI\u00d3N<\/strong><\/p><p>Tecnolog\u00eda e Industria<\/p><p><strong>DIRECTOR DEL PROYECTO<\/strong><\/p><p>Luis Daniel Andagoya-Alba<\/p><p><strong>LINK DEL PROYECTO<\/strong><\/p><p><a href=\"https:\/\/repositorio.ister.edu.ec\/jspui\/handle\/68000\/218\">Documento<\/a><\/p><p><strong>INTEGRANTES<\/strong><\/p><p>Johanna Cristina Jara Bustillos, Pablo C\u00e9sar Catota Ocapana, Edison Patricio Paredes Pucachaqui, Rommel Xavier Valencia Moya<\/p>\t\t\t\t\t\t\t\t<\/div>\n\t\t\t\t<\/div>\n\t\t\t\t\t<\/div>\n\t\t\t\t<\/div>\n\t\t\t\t\t<\/details>\n\t\t\t\t\t\t<details id=\"e-n-accordion-item-26222\" class=\"e-n-accordion-item\" >\n\t\t\t\t<summary class=\"e-n-accordion-item-title\" data-accordion-index=\"23\" tabindex=\"-1\" aria-expanded=\"false\" aria-controls=\"e-n-accordion-item-26222\" >\n\t\t\t\t\t<span class='e-n-accordion-item-title-header'><div class=\"e-n-accordion-item-title-text\"> 23.DISE\u00d1O E IMPLEMENTACI\u00d3N DE UN SISTEMA INTELIGENTE PARA MEDICI\u00d3N DEL CONSUMO DE ENERG\u00cdA EL\u00c9CTRICA MEDIANTE VISI\u00d3N ARTIFICIAL <\/div><\/span>\n\t\t\t\t\t\t\t<span class='e-n-accordion-item-title-icon'>\n\t\t\t<span class='e-opened' ><svg aria-hidden=\"true\" class=\"e-font-icon-svg e-fas-folder-open\" viewbox=\"0 0 576 512\" xmlns=\"http:\/\/www.w3.org\/2000\/svg\"><path d=\"M572.694 292.093L500.27 416.248A63.997 63.997 0 0 1 444.989 448H45.025c-18.523 0-30.064-20.093-20.731-36.093l72.424-124.155A64 64 0 0 1 152 256h399.964c18.523 0 30.064 20.093 20.73 36.093zM152 224h328v-48c0-26.51-21.49-48-48-48H272l-64-64H48C21.49 64 0 85.49 0 112v278.046l69.077-118.418C86.214 242.25 117.989 224 152 224z\"><\/path><\/svg><\/span>\n\t\t\t<span class='e-closed'><svg aria-hidden=\"true\" class=\"e-font-icon-svg e-fas-folder\" viewbox=\"0 0 512 512\" xmlns=\"http:\/\/www.w3.org\/2000\/svg\"><path d=\"M464 128H272l-64-64H48C21.49 64 0 85.49 0 112v288c0 26.51 21.49 48 48 48h416c26.51 0 48-21.49 48-48V176c0-26.51-21.49-48-48-48z\"><\/path><\/svg><\/span>\n\t\t<\/span>\n\n\t\t\t\t\t\t<\/summary>\n\t\t\t\t<div role=\"region\" aria-labelledby=\"e-n-accordion-item-26222\" class=\"elementor-element elementor-element-eea6c1a e-flex e-con-boxed e-con e-child\" data-id=\"eea6c1a\" data-element_type=\"container\" data-e-type=\"container\">\n\t\t\t\t\t<div class=\"e-con-inner\">\n\t\t\t\t<div class=\"elementor-element elementor-element-5a7d31a elementor-widget elementor-widget-text-editor\" data-id=\"5a7d31a\" data-element_type=\"widget\" data-e-type=\"widget\" data-widget_type=\"text-editor.default\">\n\t\t\t\t<div class=\"elementor-widget-container\">\n\t\t\t\t\t\t\t\t\t<p><strong>OBJETIVO:<\/strong>\u00a0Desarrollar un sistema de monitoreo remoto mediante inteligencia artificial para reconocer los d\u00edgitos del contador de energ\u00eda el\u00e9ctrica en medidores convencionales instalados en zonas rurales y urbano marginales.<\/p><p><strong>L\u00cdNEA DE INVESTIGACI\u00d3N<\/strong><\/p><p>Tecnolog\u00eda e Industria<\/p><p><strong>DIRECTOR DEL PROYECTO<\/strong><\/p><p>William Germ\u00e1nico Yugcha Quinatoa<\/p><p><strong>LINK DEL PROYECTO<\/strong><\/p><p><a href=\"https:\/\/repositorio.ister.edu.ec\/jspui\/handle\/68000\/219\">Documento<\/a><\/p><p><strong>INTEGRANTES<\/strong><\/p><p>Vicente Pa\u00fal Astudillo Cort\u00e9z, Paolo Andr\u00e9s Pancho Ram\u00edrez, Diego Fernando Pichoasam\u00edn Morales<\/p>\t\t\t\t\t\t\t\t<\/div>\n\t\t\t\t<\/div>\n\t\t\t\t\t<\/div>\n\t\t\t\t<\/div>\n\t\t\t\t\t<\/details>\n\t\t\t\t\t\t<details id=\"e-n-accordion-item-26223\" class=\"e-n-accordion-item\" >\n\t\t\t\t<summary class=\"e-n-accordion-item-title\" data-accordion-index=\"24\" tabindex=\"-1\" aria-expanded=\"false\" aria-controls=\"e-n-accordion-item-26223\" >\n\t\t\t\t\t<span class='e-n-accordion-item-title-header'><div class=\"e-n-accordion-item-title-text\"> 24.DESARROLLO DE UNA PR\u00d3TESIS ROB\u00d3TICA <\/div><\/span>\n\t\t\t\t\t\t\t<span class='e-n-accordion-item-title-icon'>\n\t\t\t<span class='e-opened' ><svg aria-hidden=\"true\" class=\"e-font-icon-svg e-fas-folder-open\" viewbox=\"0 0 576 512\" xmlns=\"http:\/\/www.w3.org\/2000\/svg\"><path d=\"M572.694 292.093L500.27 416.248A63.997 63.997 0 0 1 444.989 448H45.025c-18.523 0-30.064-20.093-20.731-36.093l72.424-124.155A64 64 0 0 1 152 256h399.964c18.523 0 30.064 20.093 20.73 36.093zM152 224h328v-48c0-26.51-21.49-48-48-48H272l-64-64H48C21.49 64 0 85.49 0 112v278.046l69.077-118.418C86.214 242.25 117.989 224 152 224z\"><\/path><\/svg><\/span>\n\t\t\t<span class='e-closed'><svg aria-hidden=\"true\" class=\"e-font-icon-svg e-fas-folder\" viewbox=\"0 0 512 512\" xmlns=\"http:\/\/www.w3.org\/2000\/svg\"><path d=\"M464 128H272l-64-64H48C21.49 64 0 85.49 0 112v288c0 26.51 21.49 48 48 48h416c26.51 0 48-21.49 48-48V176c0-26.51-21.49-48-48-48z\"><\/path><\/svg><\/span>\n\t\t<\/span>\n\n\t\t\t\t\t\t<\/summary>\n\t\t\t\t<div role=\"region\" aria-labelledby=\"e-n-accordion-item-26223\" class=\"elementor-element elementor-element-fbc6807 e-flex e-con-boxed e-con e-child\" data-id=\"fbc6807\" data-element_type=\"container\" data-e-type=\"container\">\n\t\t\t\t\t<div class=\"e-con-inner\">\n\t\t\t\t<div class=\"elementor-element elementor-element-be8e05c elementor-widget elementor-widget-text-editor\" data-id=\"be8e05c\" data-element_type=\"widget\" data-e-type=\"widget\" data-widget_type=\"text-editor.default\">\n\t\t\t\t<div class=\"elementor-widget-container\">\n\t\t\t\t\t\t\t\t\t<p><strong>OBJETIVO:<\/strong>\u00a0Desarrollar una pr\u00f3tesis rob\u00f3tica utilizando el modelado param\u00e9trico de partes en los sistemas CAD- CAE y la interfaz gr\u00e1fica MATLAB para evaluar condiciones de movimiento del cuerpo humano.<\/p><p><strong>L\u00cdNEA DE INVESTIGACI\u00d3N<\/strong><\/p><p>Tecnolog\u00eda e Industria<\/p><p><strong>DIRECTOR DEL PROYECTO<\/strong><\/p><p>Maxwell Arbey Salazar Guilcamaigua<\/p><p><strong>LINK DEL PROYECTO<\/strong><\/p><p>N\/A<\/p><p><strong>INTEGRANTES<\/strong><\/p><p>Ricardo Elicio Rosero Yugsi, \u00d3scar Marcelo Zambrano Vizuete, Paola Alexandra Portero Donoso<\/p>\t\t\t\t\t\t\t\t<\/div>\n\t\t\t\t<\/div>\n\t\t\t\t\t<\/div>\n\t\t\t\t<\/div>\n\t\t\t\t\t<\/details>\n\t\t\t\t\t\t<details id=\"e-n-accordion-item-26224\" class=\"e-n-accordion-item\" >\n\t\t\t\t<summary class=\"e-n-accordion-item-title\" data-accordion-index=\"25\" tabindex=\"-1\" aria-expanded=\"false\" aria-controls=\"e-n-accordion-item-26224\" >\n\t\t\t\t\t<span class='e-n-accordion-item-title-header'><div class=\"e-n-accordion-item-title-text\"> 25.DISE\u00d1O Y CONSTRUCCI\u00d3N DE UN REACTOR DE PIROLISIS T\u00c9RMICA, PARA EL APROVECHAMIENTO DE RESIDUOS PL\u00c1STICOS GENERADOS EN EL INSTITUTO SUPERIOR RUMI\u00d1AHUI Y LA PARROQUIA SANGOLQU\u00cd <\/div><\/span>\n\t\t\t\t\t\t\t<span class='e-n-accordion-item-title-icon'>\n\t\t\t<span class='e-opened' ><svg aria-hidden=\"true\" class=\"e-font-icon-svg e-fas-folder-open\" viewbox=\"0 0 576 512\" xmlns=\"http:\/\/www.w3.org\/2000\/svg\"><path d=\"M572.694 292.093L500.27 416.248A63.997 63.997 0 0 1 444.989 448H45.025c-18.523 0-30.064-20.093-20.731-36.093l72.424-124.155A64 64 0 0 1 152 256h399.964c18.523 0 30.064 20.093 20.73 36.093zM152 224h328v-48c0-26.51-21.49-48-48-48H272l-64-64H48C21.49 64 0 85.49 0 112v278.046l69.077-118.418C86.214 242.25 117.989 224 152 224z\"><\/path><\/svg><\/span>\n\t\t\t<span class='e-closed'><svg aria-hidden=\"true\" class=\"e-font-icon-svg e-fas-folder\" viewbox=\"0 0 512 512\" xmlns=\"http:\/\/www.w3.org\/2000\/svg\"><path d=\"M464 128H272l-64-64H48C21.49 64 0 85.49 0 112v288c0 26.51 21.49 48 48 48h416c26.51 0 48-21.49 48-48V176c0-26.51-21.49-48-48-48z\"><\/path><\/svg><\/span>\n\t\t<\/span>\n\n\t\t\t\t\t\t<\/summary>\n\t\t\t\t<div role=\"region\" aria-labelledby=\"e-n-accordion-item-26224\" class=\"elementor-element elementor-element-46fef88 e-flex e-con-boxed e-con e-child\" data-id=\"46fef88\" data-element_type=\"container\" data-e-type=\"container\">\n\t\t\t\t\t<div class=\"e-con-inner\">\n\t\t\t\t<div class=\"elementor-element elementor-element-afcbc53 elementor-widget elementor-widget-text-editor\" data-id=\"afcbc53\" data-element_type=\"widget\" data-e-type=\"widget\" data-widget_type=\"text-editor.default\">\n\t\t\t\t<div class=\"elementor-widget-container\">\n\t\t\t\t\t\t\t\t\t<p><strong>OBJETIVO:<\/strong>\u00a0Dise\u00f1ar y construir un reactor de pirolisis t\u00e9rmica, para el aprovechamiento de residuos pl\u00e1sticos.<\/p><p><strong>L\u00cdNEA DE INVESTIGACI\u00d3N<\/strong><\/p><p>Tecnolog\u00eda e Industria<\/p><p><strong>DIRECTOR DEL PROYECTO<\/strong><\/p><p>Luis Alfredo \u00c1lvarez Lazo<\/p><p><strong>LINK DEL PROYECTO<\/strong><\/p><p>N\/A<\/p><p><strong>INTEGRANTES<\/strong><\/p><p>Jefferson Fabricio Llumiquinga, Lizeth Fernanda Fueres Fueres, Jacqueline Elizabeth D\u00e1vila Pab\u00f3n<\/p>\t\t\t\t\t\t\t\t<\/div>\n\t\t\t\t<\/div>\n\t\t\t\t\t<\/div>\n\t\t\t\t<\/div>\n\t\t\t\t\t<\/details>\n\t\t\t\t\t\t<details id=\"e-n-accordion-item-26225\" class=\"e-n-accordion-item\" >\n\t\t\t\t<summary class=\"e-n-accordion-item-title\" data-accordion-index=\"26\" tabindex=\"-1\" aria-expanded=\"false\" aria-controls=\"e-n-accordion-item-26225\" >\n\t\t\t\t\t<span class='e-n-accordion-item-title-header'><div class=\"e-n-accordion-item-title-text\"> 26.IMPACTO DE LA ECONOM\u00cdA POPULAR Y SOLIDARIA EN LA PARROQUIA RURAL DE RUMIPAMBA <\/div><\/span>\n\t\t\t\t\t\t\t<span class='e-n-accordion-item-title-icon'>\n\t\t\t<span class='e-opened' ><svg aria-hidden=\"true\" class=\"e-font-icon-svg e-fas-folder-open\" viewbox=\"0 0 576 512\" xmlns=\"http:\/\/www.w3.org\/2000\/svg\"><path d=\"M572.694 292.093L500.27 416.248A63.997 63.997 0 0 1 444.989 448H45.025c-18.523 0-30.064-20.093-20.731-36.093l72.424-124.155A64 64 0 0 1 152 256h399.964c18.523 0 30.064 20.093 20.73 36.093zM152 224h328v-48c0-26.51-21.49-48-48-48H272l-64-64H48C21.49 64 0 85.49 0 112v278.046l69.077-118.418C86.214 242.25 117.989 224 152 224z\"><\/path><\/svg><\/span>\n\t\t\t<span class='e-closed'><svg aria-hidden=\"true\" class=\"e-font-icon-svg e-fas-folder\" viewbox=\"0 0 512 512\" xmlns=\"http:\/\/www.w3.org\/2000\/svg\"><path d=\"M464 128H272l-64-64H48C21.49 64 0 85.49 0 112v288c0 26.51 21.49 48 48 48h416c26.51 0 48-21.49 48-48V176c0-26.51-21.49-48-48-48z\"><\/path><\/svg><\/span>\n\t\t<\/span>\n\n\t\t\t\t\t\t<\/summary>\n\t\t\t\t<div role=\"region\" aria-labelledby=\"e-n-accordion-item-26225\" class=\"elementor-element elementor-element-9ceec09 e-flex e-con-boxed e-con e-child\" data-id=\"9ceec09\" data-element_type=\"container\" data-e-type=\"container\">\n\t\t\t\t\t<div class=\"e-con-inner\">\n\t\t\t\t<div class=\"elementor-element elementor-element-1b7b191 elementor-widget elementor-widget-text-editor\" data-id=\"1b7b191\" data-element_type=\"widget\" data-e-type=\"widget\" data-widget_type=\"text-editor.default\">\n\t\t\t\t<div class=\"elementor-widget-container\">\n\t\t\t\t\t\t\t\t\t<p><strong>OBJETIVO:<\/strong>\u00a0Identificar la Econom\u00eda Popular y Solidaria y su efecto en la actividad tur\u00edstica.<\/p><p><strong>L\u00cdNEA DE INVESTIGACI\u00d3N<\/strong><\/p><p>Administraci\u00f3n, Econom\u00eda y Servicios<\/p><p><strong>DIRECTOR DEL PROYECTO<\/strong><\/p><p>M\u00f3nica Loacham\u00edn<\/p><p><strong>LINK DEL PROYECTO<\/strong><\/p><p><a href=\"https:\/\/repositorio.ister.edu.ec\/jspui\/handle\/68000\/222\">Documento<\/a><\/p><p><strong>INTEGRANTES<\/strong><\/p><p>Laura Araujo, Daniela Leiva, Elizabeth Narv\u00e1ez<\/p>\t\t\t\t\t\t\t\t<\/div>\n\t\t\t\t<\/div>\n\t\t\t\t\t<\/div>\n\t\t\t\t<\/div>\n\t\t\t\t\t<\/details>\n\t\t\t\t\t\t<details id=\"e-n-accordion-item-26226\" class=\"e-n-accordion-item\" >\n\t\t\t\t<summary class=\"e-n-accordion-item-title\" data-accordion-index=\"27\" tabindex=\"-1\" aria-expanded=\"false\" aria-controls=\"e-n-accordion-item-26226\" >\n\t\t\t\t\t<span class='e-n-accordion-item-title-header'><div class=\"e-n-accordion-item-title-text\"> 27.CREACI\u00d3N DE UN TOKEN (RUMICOIN) PARA ENTREGAR RECOMPENSAS POR EL USO DE SERVICIOS EN LOS ERAS DEL ISU-ISTER <\/div><\/span>\n\t\t\t\t\t\t\t<span class='e-n-accordion-item-title-icon'>\n\t\t\t<span class='e-opened' ><svg aria-hidden=\"true\" class=\"e-font-icon-svg e-fas-folder-open\" viewbox=\"0 0 576 512\" xmlns=\"http:\/\/www.w3.org\/2000\/svg\"><path d=\"M572.694 292.093L500.27 416.248A63.997 63.997 0 0 1 444.989 448H45.025c-18.523 0-30.064-20.093-20.731-36.093l72.424-124.155A64 64 0 0 1 152 256h399.964c18.523 0 30.064 20.093 20.73 36.093zM152 224h328v-48c0-26.51-21.49-48-48-48H272l-64-64H48C21.49 64 0 85.49 0 112v278.046l69.077-118.418C86.214 242.25 117.989 224 152 224z\"><\/path><\/svg><\/span>\n\t\t\t<span class='e-closed'><svg aria-hidden=\"true\" class=\"e-font-icon-svg e-fas-folder\" viewbox=\"0 0 512 512\" xmlns=\"http:\/\/www.w3.org\/2000\/svg\"><path d=\"M464 128H272l-64-64H48C21.49 64 0 85.49 0 112v288c0 26.51 21.49 48 48 48h416c26.51 0 48-21.49 48-48V176c0-26.51-21.49-48-48-48z\"><\/path><\/svg><\/span>\n\t\t<\/span>\n\n\t\t\t\t\t\t<\/summary>\n\t\t\t\t<div role=\"region\" aria-labelledby=\"e-n-accordion-item-26226\" class=\"elementor-element elementor-element-065130a e-flex e-con-boxed e-con e-child\" data-id=\"065130a\" data-element_type=\"container\" data-e-type=\"container\">\n\t\t\t\t\t<div class=\"e-con-inner\">\n\t\t\t\t<div class=\"elementor-element elementor-element-8184440 elementor-widget elementor-widget-text-editor\" data-id=\"8184440\" data-element_type=\"widget\" data-e-type=\"widget\" data-widget_type=\"text-editor.default\">\n\t\t\t\t<div class=\"elementor-widget-container\">\n\t\t\t\t\t\t\t\t\t<p><strong>OBJETIVO:<\/strong>\u00a0Desarrollar un Token que permita entregar recompensas en forma de criptomonedas por el uso de servicios\/productos de los ERAs del ISU-ISTER.<\/p><p><strong>L\u00cdNEA DE INVESTIGACI\u00d3N<\/strong><\/p><p>Tecnolog\u00eda de la Informaci\u00f3n y Comunicacion<\/p><p><strong>DIRECTOR DEL PROYECTO<\/strong><\/p><p>Julio Gancino<\/p><p><strong>LINK DEL PROYECTO<\/strong><\/p><p><a href=\"https:\/\/repositorio.ister.edu.ec\/jspui\/handle\/68000\/221\">Documento<\/a><\/p><p><strong>INTEGRANTES<\/strong><\/p><p>Danny P\u00e1ez, Yngrid Melo<\/p>\t\t\t\t\t\t\t\t<\/div>\n\t\t\t\t<\/div>\n\t\t\t\t\t<\/div>\n\t\t\t\t<\/div>\n\t\t\t\t\t<\/details>\n\t\t\t\t\t\t<details id=\"e-n-accordion-item-26227\" class=\"e-n-accordion-item\" >\n\t\t\t\t<summary class=\"e-n-accordion-item-title\" data-accordion-index=\"28\" tabindex=\"-1\" aria-expanded=\"false\" aria-controls=\"e-n-accordion-item-26227\" >\n\t\t\t\t\t<span class='e-n-accordion-item-title-header'><div class=\"e-n-accordion-item-title-text\"> 28.BIBLIOTECAS VIRTUALES: SU APLICACI\u00d3N DESDE LAS INSTITUCIONES EDUCATIVAS Y BIBLIOTECAS MUNICIPALES DEL CANT\u00d3N RUMI\u00d1AHUI <\/div><\/span>\n\t\t\t\t\t\t\t<span class='e-n-accordion-item-title-icon'>\n\t\t\t<span class='e-opened' ><svg aria-hidden=\"true\" class=\"e-font-icon-svg e-fas-folder-open\" viewbox=\"0 0 576 512\" xmlns=\"http:\/\/www.w3.org\/2000\/svg\"><path d=\"M572.694 292.093L500.27 416.248A63.997 63.997 0 0 1 444.989 448H45.025c-18.523 0-30.064-20.093-20.731-36.093l72.424-124.155A64 64 0 0 1 152 256h399.964c18.523 0 30.064 20.093 20.73 36.093zM152 224h328v-48c0-26.51-21.49-48-48-48H272l-64-64H48C21.49 64 0 85.49 0 112v278.046l69.077-118.418C86.214 242.25 117.989 224 152 224z\"><\/path><\/svg><\/span>\n\t\t\t<span class='e-closed'><svg aria-hidden=\"true\" class=\"e-font-icon-svg e-fas-folder\" viewbox=\"0 0 512 512\" xmlns=\"http:\/\/www.w3.org\/2000\/svg\"><path d=\"M464 128H272l-64-64H48C21.49 64 0 85.49 0 112v288c0 26.51 21.49 48 48 48h416c26.51 0 48-21.49 48-48V176c0-26.51-21.49-48-48-48z\"><\/path><\/svg><\/span>\n\t\t<\/span>\n\n\t\t\t\t\t\t<\/summary>\n\t\t\t\t<div role=\"region\" aria-labelledby=\"e-n-accordion-item-26227\" class=\"elementor-element elementor-element-31776d9 e-flex e-con-boxed e-con e-child\" data-id=\"31776d9\" data-element_type=\"container\" data-e-type=\"container\">\n\t\t\t\t\t<div class=\"e-con-inner\">\n\t\t\t\t<div class=\"elementor-element elementor-element-df10431 elementor-widget elementor-widget-text-editor\" data-id=\"df10431\" data-element_type=\"widget\" data-e-type=\"widget\" data-widget_type=\"text-editor.default\">\n\t\t\t\t<div class=\"elementor-widget-container\">\n\t\t\t\t\t\t\t\t\t<p><strong>OBJETIVO:<\/strong>\u00a0Implementar un usuario de la Biblioteca Virtual E-Libro en las Instituciones Educativas de Educaci\u00f3n Inicial y Bibliotecas Municipales del Cant\u00f3n Rumi\u00f1ahui.<\/p><p><strong>L\u00cdNEA DE INVESTIGACI\u00d3N<\/strong><\/p><p>Tecnolog\u00eda e Industria<\/p><p><strong>DIRECTOR DEL PROYECTO<\/strong><\/p><p>Mar\u00eda Jos\u00e9 Rivera<\/p><p><strong>LINK DEL PROYECTO<\/strong><\/p><p><a href=\"https:\/\/repositorio.ister.edu.ec\/jspui\/handle\/68000\/229\">Documento<\/a><\/p><p><strong>INTEGRANTES<\/strong><\/p><p>Raisa Emilia Bernal Cerza, Marcelo Zambrano<\/p>\t\t\t\t\t\t\t\t<\/div>\n\t\t\t\t<\/div>\n\t\t\t\t\t<\/div>\n\t\t\t\t<\/div>\n\t\t\t\t\t<\/details>\n\t\t\t\t\t\t<details id=\"e-n-accordion-item-26228\" class=\"e-n-accordion-item\" >\n\t\t\t\t<summary class=\"e-n-accordion-item-title\" data-accordion-index=\"29\" tabindex=\"-1\" aria-expanded=\"false\" aria-controls=\"e-n-accordion-item-26228\" >\n\t\t\t\t\t<span class='e-n-accordion-item-title-header'><div class=\"e-n-accordion-item-title-text\"> 29.AN\u00c1LISIS DE T\u00c9CNICAS AVANZADAS DE MONITOREO Y TELEMETR\u00cdA PARA OPTIMIZAR LA GESTI\u00d3N ENERG\u00c9TICA DEL SUMINISTRO DE POTENCIA EN TRANSFORMADORES DE LA RED DE DISTRIBUCI\u00d3N EL\u00c9CTRICA DE BAJA TENSI\u00d3N <\/div><\/span>\n\t\t\t\t\t\t\t<span class='e-n-accordion-item-title-icon'>\n\t\t\t<span class='e-opened' ><svg aria-hidden=\"true\" class=\"e-font-icon-svg e-fas-folder-open\" viewbox=\"0 0 576 512\" xmlns=\"http:\/\/www.w3.org\/2000\/svg\"><path d=\"M572.694 292.093L500.27 416.248A63.997 63.997 0 0 1 444.989 448H45.025c-18.523 0-30.064-20.093-20.731-36.093l72.424-124.155A64 64 0 0 1 152 256h399.964c18.523 0 30.064 20.093 20.73 36.093zM152 224h328v-48c0-26.51-21.49-48-48-48H272l-64-64H48C21.49 64 0 85.49 0 112v278.046l69.077-118.418C86.214 242.25 117.989 224 152 224z\"><\/path><\/svg><\/span>\n\t\t\t<span class='e-closed'><svg aria-hidden=\"true\" class=\"e-font-icon-svg e-fas-folder\" viewbox=\"0 0 512 512\" xmlns=\"http:\/\/www.w3.org\/2000\/svg\"><path d=\"M464 128H272l-64-64H48C21.49 64 0 85.49 0 112v288c0 26.51 21.49 48 48 48h416c26.51 0 48-21.49 48-48V176c0-26.51-21.49-48-48-48z\"><\/path><\/svg><\/span>\n\t\t<\/span>\n\n\t\t\t\t\t\t<\/summary>\n\t\t\t\t<div role=\"region\" aria-labelledby=\"e-n-accordion-item-26228\" class=\"elementor-element elementor-element-78a957d e-flex e-con-boxed e-con e-child\" data-id=\"78a957d\" data-element_type=\"container\" data-e-type=\"container\">\n\t\t\t\t\t<div class=\"e-con-inner\">\n\t\t\t\t<div class=\"elementor-element elementor-element-24b85f2 elementor-widget elementor-widget-text-editor\" data-id=\"24b85f2\" data-element_type=\"widget\" data-e-type=\"widget\" data-widget_type=\"text-editor.default\">\n\t\t\t\t<div class=\"elementor-widget-container\">\n\t\t\t\t\t\t\t\t\t<p><strong>OBJETIVO:<\/strong>\u00a0Construir prototipo de telemetr\u00eda del suministro de potencia de los transformadores en la red de distribuci\u00f3n, con el fin de mejorar la eficiencia en la gesti\u00f3n de la energ\u00eda el\u00e9ctrica.<\/p><p><strong>L\u00cdNEA DE INVESTIGACI\u00d3N<\/strong><\/p><p>Tecnolog\u00eda e Industria<\/p><p><strong>DIRECTOR DEL PROYECTO<\/strong><\/p><p>Santiago Rogelio P\u00e9rez Mora<\/p><p><strong>LINK DEL PROYECTO<\/strong><\/p><p><a href=\"https:\/\/repositorio.ister.edu.ec\/jspui\/handle\/68000\/220\">Documento<\/a><\/p><p><strong>INTEGRANTES<\/strong><\/p><p>Flavio Andr\u00e9s Barbosa Jaramillo (Externo)<\/p>\t\t\t\t\t\t\t\t<\/div>\n\t\t\t\t<\/div>\n\t\t\t\t\t<\/div>\n\t\t\t\t<\/div>\n\t\t\t\t\t<\/details>\n\t\t\t\t\t\t<details id=\"e-n-accordion-item-26229\" class=\"e-n-accordion-item\" >\n\t\t\t\t<summary class=\"e-n-accordion-item-title\" data-accordion-index=\"30\" tabindex=\"-1\" aria-expanded=\"false\" aria-controls=\"e-n-accordion-item-26229\" >\n\t\t\t\t\t<span class='e-n-accordion-item-title-header'><div class=\"e-n-accordion-item-title-text\"> 30.SISTEMA DE GESTI\u00d3N Y CONTROL DE PROCESOS DEPORTIVOS Y ADMINISTRATIVOS DE LA LIGA DEPORTIVA CANTONAL RUMI\u00d1AHUI <\/div><\/span>\n\t\t\t\t\t\t\t<span class='e-n-accordion-item-title-icon'>\n\t\t\t<span class='e-opened' ><svg aria-hidden=\"true\" class=\"e-font-icon-svg e-fas-folder-open\" viewbox=\"0 0 576 512\" xmlns=\"http:\/\/www.w3.org\/2000\/svg\"><path d=\"M572.694 292.093L500.27 416.248A63.997 63.997 0 0 1 444.989 448H45.025c-18.523 0-30.064-20.093-20.731-36.093l72.424-124.155A64 64 0 0 1 152 256h399.964c18.523 0 30.064 20.093 20.73 36.093zM152 224h328v-48c0-26.51-21.49-48-48-48H272l-64-64H48C21.49 64 0 85.49 0 112v278.046l69.077-118.418C86.214 242.25 117.989 224 152 224z\"><\/path><\/svg><\/span>\n\t\t\t<span class='e-closed'><svg aria-hidden=\"true\" class=\"e-font-icon-svg e-fas-folder\" viewbox=\"0 0 512 512\" xmlns=\"http:\/\/www.w3.org\/2000\/svg\"><path d=\"M464 128H272l-64-64H48C21.49 64 0 85.49 0 112v288c0 26.51 21.49 48 48 48h416c26.51 0 48-21.49 48-48V176c0-26.51-21.49-48-48-48z\"><\/path><\/svg><\/span>\n\t\t<\/span>\n\n\t\t\t\t\t\t<\/summary>\n\t\t\t\t<div role=\"region\" aria-labelledby=\"e-n-accordion-item-26229\" class=\"elementor-element elementor-element-df03cf9 e-flex e-con-boxed e-con e-child\" data-id=\"df03cf9\" data-element_type=\"container\" data-e-type=\"container\">\n\t\t\t\t\t<div class=\"e-con-inner\">\n\t\t\t\t<div class=\"elementor-element elementor-element-300739e elementor-widget elementor-widget-text-editor\" data-id=\"300739e\" data-element_type=\"widget\" data-e-type=\"widget\" data-widget_type=\"text-editor.default\">\n\t\t\t\t<div class=\"elementor-widget-container\">\n\t\t\t\t\t\t\t\t\t<p><strong>OBJETIVO:<\/strong>\u00a0Desarrollar un sistema para la gesti\u00f3n y control de los procesos tanto deportivos como administrativos para la Liga Deportiva Cantonal Rumi\u00f1ahui (LDCR).<\/p><p><strong>L\u00cdNEA DE INVESTIGACI\u00d3N<\/strong><\/p><p>Tecnolog\u00eda de la Informaci\u00f3n y Comunicacion<\/p><p><strong>DIRECTOR DEL PROYECTO<\/strong><\/p><p>Yngrid Melo<\/p><p><strong>LINK DEL PROYECTO<\/strong><\/p><p><a href=\"https:\/\/repositorio.ister.edu.ec\/jspui\/handle\/68000\/223\">Documento<\/a><\/p><p><strong>INTEGRANTES<\/strong><\/p><p>Marcelo Zambrano<\/p>\t\t\t\t\t\t\t\t<\/div>\n\t\t\t\t<\/div>\n\t\t\t\t\t<\/div>\n\t\t\t\t<\/div>\n\t\t\t\t\t<\/details>\n\t\t\t\t\t\t<details id=\"e-n-accordion-item-26230\" class=\"e-n-accordion-item\" >\n\t\t\t\t<summary class=\"e-n-accordion-item-title\" data-accordion-index=\"31\" tabindex=\"-1\" aria-expanded=\"false\" aria-controls=\"e-n-accordion-item-26230\" >\n\t\t\t\t\t<span class='e-n-accordion-item-title-header'><div class=\"e-n-accordion-item-title-text\"> 31.PROTOTIPO PARA LA MICROMOVILIDAD DENTRO DE LOS ESPACIOS URBANOS DE LAS CIUDADES. FASE 1 <\/div><\/span>\n\t\t\t\t\t\t\t<span class='e-n-accordion-item-title-icon'>\n\t\t\t<span class='e-opened' ><svg aria-hidden=\"true\" class=\"e-font-icon-svg e-fas-folder-open\" viewbox=\"0 0 576 512\" xmlns=\"http:\/\/www.w3.org\/2000\/svg\"><path d=\"M572.694 292.093L500.27 416.248A63.997 63.997 0 0 1 444.989 448H45.025c-18.523 0-30.064-20.093-20.731-36.093l72.424-124.155A64 64 0 0 1 152 256h399.964c18.523 0 30.064 20.093 20.73 36.093zM152 224h328v-48c0-26.51-21.49-48-48-48H272l-64-64H48C21.49 64 0 85.49 0 112v278.046l69.077-118.418C86.214 242.25 117.989 224 152 224z\"><\/path><\/svg><\/span>\n\t\t\t<span class='e-closed'><svg aria-hidden=\"true\" class=\"e-font-icon-svg e-fas-folder\" viewbox=\"0 0 512 512\" xmlns=\"http:\/\/www.w3.org\/2000\/svg\"><path d=\"M464 128H272l-64-64H48C21.49 64 0 85.49 0 112v288c0 26.51 21.49 48 48 48h416c26.51 0 48-21.49 48-48V176c0-26.51-21.49-48-48-48z\"><\/path><\/svg><\/span>\n\t\t<\/span>\n\n\t\t\t\t\t\t<\/summary>\n\t\t\t\t<div role=\"region\" aria-labelledby=\"e-n-accordion-item-26230\" class=\"elementor-element elementor-element-4d423e1 e-flex e-con-boxed e-con e-child\" data-id=\"4d423e1\" data-element_type=\"container\" data-e-type=\"container\">\n\t\t\t\t\t<div class=\"e-con-inner\">\n\t\t\t\t<div class=\"elementor-element elementor-element-074b22c elementor-widget elementor-widget-text-editor\" data-id=\"074b22c\" data-element_type=\"widget\" data-e-type=\"widget\" data-widget_type=\"text-editor.default\">\n\t\t\t\t<div class=\"elementor-widget-container\">\n\t\t\t\t\t\t\t\t\t<p><strong>OBJETIVO:<\/strong>\u00a0Evaluar la viabilidad t\u00e9cnica -financiera de un prototipo de veh\u00edculo de micromovilidad para entornos urbanos del Distrito Metropolitano de Quito.<\/p><p><strong>L\u00cdNEA DE INVESTIGACI\u00d3N<\/strong><\/p><p>Tecnolog\u00eda e Industria<\/p><p><strong>DIRECTOR DEL PROYECTO<\/strong><\/p><p>Jaime Fernando Antamba Guasgua<\/p><p><strong>LINK DEL PROYECTO<\/strong><\/p><p>N\/A<\/p><p><strong>INTEGRANTES<\/strong><\/p><p>Danny Pe\u00f1afiel, Guillermo O\u00f1a, Jos\u00e9 Aguaiza, Paola Hinojosa, Juan Pablo Palaguachi, Melisa Rodr\u00edguezo<\/p>\t\t\t\t\t\t\t\t<\/div>\n\t\t\t\t<\/div>\n\t\t\t\t\t<\/div>\n\t\t\t\t<\/div>\n\t\t\t\t\t<\/details>\n\t\t\t\t\t\t<details id=\"e-n-accordion-item-26231\" class=\"e-n-accordion-item\" >\n\t\t\t\t<summary class=\"e-n-accordion-item-title\" data-accordion-index=\"32\" tabindex=\"-1\" aria-expanded=\"false\" aria-controls=\"e-n-accordion-item-26231\" >\n\t\t\t\t\t<span class='e-n-accordion-item-title-header'><div class=\"e-n-accordion-item-title-text\"> 32.CAMPA\u00d1A TRANSMEDIA PARA LA PROMOCI\u00d3N DEL TURISMO SOSTENIBLE EN EL CANT\u00d3N RUMI\u00d1AHUI <\/div><\/span>\n\t\t\t\t\t\t\t<span class='e-n-accordion-item-title-icon'>\n\t\t\t<span class='e-opened' ><svg aria-hidden=\"true\" class=\"e-font-icon-svg e-fas-folder-open\" viewbox=\"0 0 576 512\" xmlns=\"http:\/\/www.w3.org\/2000\/svg\"><path d=\"M572.694 292.093L500.27 416.248A63.997 63.997 0 0 1 444.989 448H45.025c-18.523 0-30.064-20.093-20.731-36.093l72.424-124.155A64 64 0 0 1 152 256h399.964c18.523 0 30.064 20.093 20.73 36.093zM152 224h328v-48c0-26.51-21.49-48-48-48H272l-64-64H48C21.49 64 0 85.49 0 112v278.046l69.077-118.418C86.214 242.25 117.989 224 152 224z\"><\/path><\/svg><\/span>\n\t\t\t<span class='e-closed'><svg aria-hidden=\"true\" class=\"e-font-icon-svg e-fas-folder\" viewbox=\"0 0 512 512\" xmlns=\"http:\/\/www.w3.org\/2000\/svg\"><path d=\"M464 128H272l-64-64H48C21.49 64 0 85.49 0 112v288c0 26.51 21.49 48 48 48h416c26.51 0 48-21.49 48-48V176c0-26.51-21.49-48-48-48z\"><\/path><\/svg><\/span>\n\t\t<\/span>\n\n\t\t\t\t\t\t<\/summary>\n\t\t\t\t<div role=\"region\" aria-labelledby=\"e-n-accordion-item-26231\" class=\"elementor-element elementor-element-deec6cb e-flex e-con-boxed e-con e-child\" data-id=\"deec6cb\" data-element_type=\"container\" data-e-type=\"container\">\n\t\t\t\t\t<div class=\"e-con-inner\">\n\t\t\t\t<div class=\"elementor-element elementor-element-04e2ee0 elementor-widget elementor-widget-text-editor\" data-id=\"04e2ee0\" data-element_type=\"widget\" data-e-type=\"widget\" data-widget_type=\"text-editor.default\">\n\t\t\t\t<div class=\"elementor-widget-container\">\n\t\t\t\t\t\t\t\t\t<p><strong>OBJETIVO:<\/strong>\u00a0Crear una campa\u00f1a transmedia de promoci\u00f3n para exponer las bondades del destino tur\u00edstico Rumi\u00f1ahui.<\/p><p><strong>L\u00cdNEA DE INVESTIGACI\u00d3N<\/strong><\/p><p>Administraci\u00f3n, Econom\u00eda y Servicios<\/p><p><strong>DIRECTOR DEL PROYECTO<\/strong><\/p><p>Eduardo Cadena<\/p><p><strong>LINK DEL PROYECTO<\/strong><\/p><p>N\/A<\/p><p><strong>INTEGRANTES<\/strong><\/p><p>Danny Pe\u00f1afiel, Guillermo Alexandra Gualotu\u00f1a, Jonathan Vinueza, Elizabeth Castro, Marjory Cortez<\/p>\t\t\t\t\t\t\t\t<\/div>\n\t\t\t\t<\/div>\n\t\t\t\t\t<\/div>\n\t\t\t\t<\/div>\n\t\t\t\t\t<\/details>\n\t\t\t\t\t\t<details id=\"e-n-accordion-item-26232\" class=\"e-n-accordion-item\" >\n\t\t\t\t<summary class=\"e-n-accordion-item-title\" data-accordion-index=\"33\" tabindex=\"-1\" aria-expanded=\"false\" aria-controls=\"e-n-accordion-item-26232\" >\n\t\t\t\t\t<span class='e-n-accordion-item-title-header'><div class=\"e-n-accordion-item-title-text\"> 33.PRODUCTOS MULTIMEDIA INTERACTIVOS PARA EL MUSEO Y CENTRO CULTURAL DE RUMI\u00d1AHUI <\/div><\/span>\n\t\t\t\t\t\t\t<span class='e-n-accordion-item-title-icon'>\n\t\t\t<span class='e-opened' ><svg aria-hidden=\"true\" class=\"e-font-icon-svg e-fas-folder-open\" viewbox=\"0 0 576 512\" xmlns=\"http:\/\/www.w3.org\/2000\/svg\"><path d=\"M572.694 292.093L500.27 416.248A63.997 63.997 0 0 1 444.989 448H45.025c-18.523 0-30.064-20.093-20.731-36.093l72.424-124.155A64 64 0 0 1 152 256h399.964c18.523 0 30.064 20.093 20.73 36.093zM152 224h328v-48c0-26.51-21.49-48-48-48H272l-64-64H48C21.49 64 0 85.49 0 112v278.046l69.077-118.418C86.214 242.25 117.989 224 152 224z\"><\/path><\/svg><\/span>\n\t\t\t<span class='e-closed'><svg aria-hidden=\"true\" class=\"e-font-icon-svg e-fas-folder\" viewbox=\"0 0 512 512\" xmlns=\"http:\/\/www.w3.org\/2000\/svg\"><path d=\"M464 128H272l-64-64H48C21.49 64 0 85.49 0 112v288c0 26.51 21.49 48 48 48h416c26.51 0 48-21.49 48-48V176c0-26.51-21.49-48-48-48z\"><\/path><\/svg><\/span>\n\t\t<\/span>\n\n\t\t\t\t\t\t<\/summary>\n\t\t\t\t<div role=\"region\" aria-labelledby=\"e-n-accordion-item-26232\" class=\"elementor-element elementor-element-9a5d036 e-flex e-con-boxed e-con e-child\" data-id=\"9a5d036\" data-element_type=\"container\" data-e-type=\"container\">\n\t\t\t\t\t<div class=\"e-con-inner\">\n\t\t\t\t<div class=\"elementor-element elementor-element-c4ed685 elementor-widget elementor-widget-text-editor\" data-id=\"c4ed685\" data-element_type=\"widget\" data-e-type=\"widget\" data-widget_type=\"text-editor.default\">\n\t\t\t\t<div class=\"elementor-widget-container\">\n\t\t\t\t\t\t\t\t\t<p><strong>OBJETIVO:<\/strong>\u00a0Desarrollar e implementar productos multimedia interactivos que enriquezcan la experiencia de los visitantes, brindando una mayor comprensi\u00f3n y apreciaci\u00f3n de la cultura ind\u00edgena y la historia de Rumi\u00f1ahui, y contribuyan a la difusi\u00f3n y preservaci\u00f3n del patrimonio cultural de la regi\u00f3n.<\/p><p><strong>L\u00cdNEA DE INVESTIGACI\u00d3N<\/strong><\/p><p>Tecnolog\u00eda e Industria<\/p><p><strong>DIRECTOR DEL PROYECTO<\/strong><\/p><p>Marjory Cortez<\/p><p><strong>LINK DEL PROYECTO<\/strong><\/p><p>N\/A<\/p><p><strong>INTEGRANTES<\/strong><\/p><p>Alejandro Bustamante, Eduardo Cadena, Roberto Verdezoto<\/p>\t\t\t\t\t\t\t\t<\/div>\n\t\t\t\t<\/div>\n\t\t\t\t\t<\/div>\n\t\t\t\t<\/div>\n\t\t\t\t\t<\/details>\n\t\t\t\t\t<\/div>\n\t\t\t\t\t\t<\/div>\n\t\t\t\t<\/div>\n\t\t\t\t<\/div>\n\t\t<div id=\"e-n-tab-content-1670562462\" role=\"tabpanel\" aria-labelledby=\"e-n-tab-title-1670562462\" data-tab-index=\"2\" style=\"--n-tabs-title-order: 2;\" class=\"elementor-element elementor-element-67efa5e e-con-full e-flex e-con e-child\" data-id=\"67efa5e\" data-element_type=\"container\" data-e-type=\"container\">\n\t\t\t\t<div class=\"elementor-element elementor-element-49fdd9a elementor-widget elementor-widget-n-accordion\" data-id=\"49fdd9a\" data-element_type=\"widget\" data-e-type=\"widget\" data-settings=\"{&quot;default_state&quot;:&quot;all_collapsed&quot;,&quot;max_items_expended&quot;:&quot;one&quot;,&quot;n_accordion_animation_duration&quot;:{&quot;unit&quot;:&quot;ms&quot;,&quot;size&quot;:400,&quot;sizes&quot;:[]}}\" data-widget_type=\"nested-accordion.default\">\n\t\t\t\t<div class=\"elementor-widget-container\">\n\t\t\t\t\t\t\t<div class=\"e-n-accordion\" aria-label=\"Accordion. Open links with Enter or Space, close with Escape, and navigate with Arrow Keys\">\n\t\t\t\t\t\t<details id=\"e-n-accordion-item-7750\" class=\"e-n-accordion-item\" >\n\t\t\t\t<summary class=\"e-n-accordion-item-title\" data-accordion-index=\"1\" tabindex=\"0\" aria-expanded=\"false\" aria-controls=\"e-n-accordion-item-7750\" >\n\t\t\t\t\t<span class='e-n-accordion-item-title-header'><div class=\"e-n-accordion-item-title-text\"> 1.AN\u00c1LISIS DE LA EFICIENCIA DE LAS EMPRESAS QUE COTIZAN EN LA BOLSA DE VALORES DE QUITO Y LA INCIDENCIA EN EL COMPORTAMIENTO DE LAS NEGOCIACIONES DE SUS T\u00cdTULOS VALORES DURANTE EL A\u00d1O 2020, PER\u00cdODO AFECTADO POR LA PANDEMIA DEL COVID 2019. <\/div><\/span>\n\t\t\t\t\t\t\t<span class='e-n-accordion-item-title-icon'>\n\t\t\t<span class='e-opened' ><svg aria-hidden=\"true\" class=\"e-font-icon-svg e-fas-folder-open\" viewbox=\"0 0 576 512\" xmlns=\"http:\/\/www.w3.org\/2000\/svg\"><path d=\"M572.694 292.093L500.27 416.248A63.997 63.997 0 0 1 444.989 448H45.025c-18.523 0-30.064-20.093-20.731-36.093l72.424-124.155A64 64 0 0 1 152 256h399.964c18.523 0 30.064 20.093 20.73 36.093zM152 224h328v-48c0-26.51-21.49-48-48-48H272l-64-64H48C21.49 64 0 85.49 0 112v278.046l69.077-118.418C86.214 242.25 117.989 224 152 224z\"><\/path><\/svg><\/span>\n\t\t\t<span class='e-closed'><svg aria-hidden=\"true\" class=\"e-font-icon-svg e-fas-folder\" viewbox=\"0 0 512 512\" xmlns=\"http:\/\/www.w3.org\/2000\/svg\"><path d=\"M464 128H272l-64-64H48C21.49 64 0 85.49 0 112v288c0 26.51 21.49 48 48 48h416c26.51 0 48-21.49 48-48V176c0-26.51-21.49-48-48-48z\"><\/path><\/svg><\/span>\n\t\t<\/span>\n\n\t\t\t\t\t\t<\/summary>\n\t\t\t\t<div role=\"region\" aria-labelledby=\"e-n-accordion-item-7750\" class=\"elementor-element elementor-element-63f4a29 e-con-full e-flex e-con e-child\" data-id=\"63f4a29\" data-element_type=\"container\" data-e-type=\"container\">\n\t\t\t\t<div class=\"elementor-element elementor-element-4a71b2c elementor-widget elementor-widget-text-editor\" data-id=\"4a71b2c\" data-element_type=\"widget\" data-e-type=\"widget\" data-widget_type=\"text-editor.default\">\n\t\t\t\t<div class=\"elementor-widget-container\">\n\t\t\t\t\t\t\t\t\t<p><strong>OBJETIVO:<\/strong>\u00a0Analizar la eficiencia de las empresas que cotizan en la Bolsa de Valores de Quito y su incidencia en el comportamiento de las negociaciones de sus t\u00edtulos valores durante el a\u00f1o 2020, per\u00edodo afectado por la pandemia del COVID 2019.<\/p><p><strong>L\u00cdNEA DE INVESTIGACI\u00d3N<\/strong><\/p><p>Industria y Sociedad<\/p><p><strong>DIRECTOR DEL PROYECTO<\/strong><\/p><p>Ximena Cayambe<\/p><p><strong>INTEGRANTES<\/strong><\/p><p>Ximena Cayambe, Marco Verdezoto, Luis Carrera, Pa\u00fal Rodr\u00edguez, Alexis Villalba, Wilmer Gualotu\u00f1a<\/p>\t\t\t\t\t\t\t\t<\/div>\n\t\t\t\t<\/div>\n\t\t\t\t<\/div>\n\t\t\t\t\t<\/details>\n\t\t\t\t\t\t<details id=\"e-n-accordion-item-7751\" class=\"e-n-accordion-item\" >\n\t\t\t\t<summary class=\"e-n-accordion-item-title\" data-accordion-index=\"2\" tabindex=\"-1\" aria-expanded=\"false\" aria-controls=\"e-n-accordion-item-7751\" >\n\t\t\t\t\t<span class='e-n-accordion-item-title-header'><div class=\"e-n-accordion-item-title-text\"> 2.DESARROLLO DE HERRAMIENTAS PARA PREVENIR LA VIOLENCIA Y DISCRIMINACI\u00d3N DE G\u00c9NERO EN EL \u00c1MBITO EDUCATIVO SUPERIOR <\/div><\/span>\n\t\t\t\t\t\t\t<span class='e-n-accordion-item-title-icon'>\n\t\t\t<span class='e-opened' ><svg aria-hidden=\"true\" class=\"e-font-icon-svg e-fas-folder-open\" viewbox=\"0 0 576 512\" xmlns=\"http:\/\/www.w3.org\/2000\/svg\"><path d=\"M572.694 292.093L500.27 416.248A63.997 63.997 0 0 1 444.989 448H45.025c-18.523 0-30.064-20.093-20.731-36.093l72.424-124.155A64 64 0 0 1 152 256h399.964c18.523 0 30.064 20.093 20.73 36.093zM152 224h328v-48c0-26.51-21.49-48-48-48H272l-64-64H48C21.49 64 0 85.49 0 112v278.046l69.077-118.418C86.214 242.25 117.989 224 152 224z\"><\/path><\/svg><\/span>\n\t\t\t<span class='e-closed'><svg aria-hidden=\"true\" class=\"e-font-icon-svg e-fas-folder\" viewbox=\"0 0 512 512\" xmlns=\"http:\/\/www.w3.org\/2000\/svg\"><path d=\"M464 128H272l-64-64H48C21.49 64 0 85.49 0 112v288c0 26.51 21.49 48 48 48h416c26.51 0 48-21.49 48-48V176c0-26.51-21.49-48-48-48z\"><\/path><\/svg><\/span>\n\t\t<\/span>\n\n\t\t\t\t\t\t<\/summary>\n\t\t\t\t<div role=\"region\" aria-labelledby=\"e-n-accordion-item-7751\" class=\"elementor-element elementor-element-b758c53 e-con-full e-flex e-con e-child\" data-id=\"b758c53\" data-element_type=\"container\" data-e-type=\"container\">\n\t\t\t\t<div class=\"elementor-element elementor-element-2534ddb elementor-widget elementor-widget-text-editor\" data-id=\"2534ddb\" data-element_type=\"widget\" data-e-type=\"widget\" data-widget_type=\"text-editor.default\">\n\t\t\t\t<div class=\"elementor-widget-container\">\n\t\t\t\t\t\t\t\t\t<p><strong>OBJETIVO:<\/strong>\u00a0Desarrollar un diagn\u00f3stico sobre la violencia de g\u00e9nero en el \u00e1mbito de educaci\u00f3n superior, generar un protocolo para prevenir, atender, sancionar y erradicar estas conductas y aportar en la transformaci\u00f3n de pr\u00e1cticas institucionales asociadas a la violencia y la discriminaci\u00f3n y un programa de formaci\u00f3n con enfoque de g\u00e9nero para docentes, personal administrativo y estudiantes en la instituci\u00f3n.<\/p><p><strong>L\u00cdNEA DE INVESTIGACI\u00d3N<\/strong><\/p><p>Industria y Sociedad<\/p><p><strong>DIRECTOR DEL PROYECTO<\/strong><\/p><p>Mar\u00eda Soledad Buend\u00eda<\/p><p><strong>INTEGRANTES<\/strong><\/p><p>Daniel Aguilar, Willman Bravo, Patricia Ar\u00e9valo<\/p>\t\t\t\t\t\t\t\t<\/div>\n\t\t\t\t<\/div>\n\t\t\t\t<\/div>\n\t\t\t\t\t<\/details>\n\t\t\t\t\t\t<details id=\"e-n-accordion-item-7752\" class=\"e-n-accordion-item\" >\n\t\t\t\t<summary class=\"e-n-accordion-item-title\" data-accordion-index=\"3\" tabindex=\"-1\" aria-expanded=\"false\" aria-controls=\"e-n-accordion-item-7752\" >\n\t\t\t\t\t<span class='e-n-accordion-item-title-header'><div class=\"e-n-accordion-item-title-text\"> 3.IMPLEMENTACI\u00d3N DE UN LABORATORIO DE INTERNET DE LAS COSAS PARA INSTRUMENTACI\u00d3N <\/div><\/span>\n\t\t\t\t\t\t\t<span class='e-n-accordion-item-title-icon'>\n\t\t\t<span class='e-opened' ><svg aria-hidden=\"true\" class=\"e-font-icon-svg e-fas-folder-open\" viewbox=\"0 0 576 512\" xmlns=\"http:\/\/www.w3.org\/2000\/svg\"><path d=\"M572.694 292.093L500.27 416.248A63.997 63.997 0 0 1 444.989 448H45.025c-18.523 0-30.064-20.093-20.731-36.093l72.424-124.155A64 64 0 0 1 152 256h399.964c18.523 0 30.064 20.093 20.73 36.093zM152 224h328v-48c0-26.51-21.49-48-48-48H272l-64-64H48C21.49 64 0 85.49 0 112v278.046l69.077-118.418C86.214 242.25 117.989 224 152 224z\"><\/path><\/svg><\/span>\n\t\t\t<span class='e-closed'><svg aria-hidden=\"true\" class=\"e-font-icon-svg e-fas-folder\" viewbox=\"0 0 512 512\" xmlns=\"http:\/\/www.w3.org\/2000\/svg\"><path d=\"M464 128H272l-64-64H48C21.49 64 0 85.49 0 112v288c0 26.51 21.49 48 48 48h416c26.51 0 48-21.49 48-48V176c0-26.51-21.49-48-48-48z\"><\/path><\/svg><\/span>\n\t\t<\/span>\n\n\t\t\t\t\t\t<\/summary>\n\t\t\t\t<div role=\"region\" aria-labelledby=\"e-n-accordion-item-7752\" class=\"elementor-element elementor-element-6df8f3f e-con-full e-flex e-con e-child\" data-id=\"6df8f3f\" data-element_type=\"container\" data-e-type=\"container\">\n\t\t\t\t<div class=\"elementor-element elementor-element-7fc4ae6 elementor-widget elementor-widget-text-editor\" data-id=\"7fc4ae6\" data-element_type=\"widget\" data-e-type=\"widget\" data-widget_type=\"text-editor.default\">\n\t\t\t\t<div class=\"elementor-widget-container\">\n\t\t\t\t\t\t\t\t\t<p><strong>OBJETIVO:<\/strong>\u00a0Implementar un Laboratorio de Internet de las Cosas (IoT), por medio de dispositivos baja tecnolog\u00eda arduino, para incrementar las competencias de los estudiantes de la carrera de electr\u00f3nica.<\/p><p><strong>L\u00cdNEA DE INVESTIGACI\u00d3N<\/strong><\/p><p>Tecnolog\u00eda e Innovaci\u00f3n<\/p><p><strong>DIRECTOR DEL PROYECTO<\/strong><\/p><p>Ricardo Rosero<\/p><p><strong>INTEGRANTES<\/strong><\/p><p>Carlos Paspuel, Juan Pablo Rodr\u00edguez, Curicama Francisco Javier<\/p>\t\t\t\t\t\t\t\t<\/div>\n\t\t\t\t<\/div>\n\t\t\t\t<\/div>\n\t\t\t\t\t<\/details>\n\t\t\t\t\t\t<details id=\"e-n-accordion-item-7753\" class=\"e-n-accordion-item\" >\n\t\t\t\t<summary class=\"e-n-accordion-item-title\" data-accordion-index=\"4\" tabindex=\"-1\" aria-expanded=\"false\" aria-controls=\"e-n-accordion-item-7753\" >\n\t\t\t\t\t<span class='e-n-accordion-item-title-header'><div class=\"e-n-accordion-item-title-text\"> 4.COMPORTAMIENTO DE LOS DETERMINANTES DE SALUD SOBRE LA INCIDENCIA DE LA HIPERTENSI\u00d3N ARTERIAL EN LA POBLACI\u00d3N MAYOR DE 18 A\u00d1OS DEL CANT\u00d3N RUMI\u00d1AHUI <\/div><\/span>\n\t\t\t\t\t\t\t<span class='e-n-accordion-item-title-icon'>\n\t\t\t<span class='e-opened' ><svg aria-hidden=\"true\" class=\"e-font-icon-svg e-fas-folder-open\" viewbox=\"0 0 576 512\" xmlns=\"http:\/\/www.w3.org\/2000\/svg\"><path d=\"M572.694 292.093L500.27 416.248A63.997 63.997 0 0 1 444.989 448H45.025c-18.523 0-30.064-20.093-20.731-36.093l72.424-124.155A64 64 0 0 1 152 256h399.964c18.523 0 30.064 20.093 20.73 36.093zM152 224h328v-48c0-26.51-21.49-48-48-48H272l-64-64H48C21.49 64 0 85.49 0 112v278.046l69.077-118.418C86.214 242.25 117.989 224 152 224z\"><\/path><\/svg><\/span>\n\t\t\t<span class='e-closed'><svg aria-hidden=\"true\" class=\"e-font-icon-svg e-fas-folder\" viewbox=\"0 0 512 512\" xmlns=\"http:\/\/www.w3.org\/2000\/svg\"><path d=\"M464 128H272l-64-64H48C21.49 64 0 85.49 0 112v288c0 26.51 21.49 48 48 48h416c26.51 0 48-21.49 48-48V176c0-26.51-21.49-48-48-48z\"><\/path><\/svg><\/span>\n\t\t<\/span>\n\n\t\t\t\t\t\t<\/summary>\n\t\t\t\t<div role=\"region\" aria-labelledby=\"e-n-accordion-item-7753\" class=\"elementor-element elementor-element-a81b237 e-flex e-con-boxed e-con e-child\" data-id=\"a81b237\" data-element_type=\"container\" data-e-type=\"container\">\n\t\t\t\t\t<div class=\"e-con-inner\">\n\t\t\t\t<div class=\"elementor-element elementor-element-a664a6e elementor-widget elementor-widget-text-editor\" data-id=\"a664a6e\" data-element_type=\"widget\" data-e-type=\"widget\" data-widget_type=\"text-editor.default\">\n\t\t\t\t<div class=\"elementor-widget-container\">\n\t\t\t\t\t\t\t\t\t<p><strong>OBJETIVO:<\/strong>\u00a0Evaluar el comportamiento de los determinantes de salud sobre la incidencia de la Hipertensi\u00f3n Arterial en la poblaci\u00f3n mayor de 18 a\u00f1os en el cant\u00f3n Rumi\u00f1ahui.<\/p><p><strong>L\u00cdNEA DE INVESTIGACI\u00d3N<\/strong><\/p><p>Desarrollo Humano y Social<\/p><p><strong>DIRECTOR DEL PROYECTO<\/strong><\/p><p>Dewis Esqueila Brice Hern\u00e1ndez<\/p><p><strong>INTEGRANTES<\/strong><\/p><p>Maide Marisol Mendoza Valdespino, Erika Marisol Ordo\u00f1ez Ch\u00e1vez, Mario Oswaldo Garz\u00f3n P\u00e1ramo, Byron Javier Ponce Imbaquingo, Abel Caraballo Ramos<\/p>\t\t\t\t\t\t\t\t<\/div>\n\t\t\t\t<\/div>\n\t\t\t\t\t<\/div>\n\t\t\t\t<\/div>\n\t\t\t\t\t<\/details>\n\t\t\t\t\t\t<details id=\"e-n-accordion-item-7754\" class=\"e-n-accordion-item\" >\n\t\t\t\t<summary class=\"e-n-accordion-item-title\" data-accordion-index=\"5\" tabindex=\"-1\" aria-expanded=\"false\" aria-controls=\"e-n-accordion-item-7754\" >\n\t\t\t\t\t<span class='e-n-accordion-item-title-header'><div class=\"e-n-accordion-item-title-text\"> 5.OBSERVATORIO SOBRE TEXTOS ANTIGUOS <\/div><\/span>\n\t\t\t\t\t\t\t<span class='e-n-accordion-item-title-icon'>\n\t\t\t<span class='e-opened' ><svg aria-hidden=\"true\" class=\"e-font-icon-svg e-fas-folder-open\" viewbox=\"0 0 576 512\" xmlns=\"http:\/\/www.w3.org\/2000\/svg\"><path d=\"M572.694 292.093L500.27 416.248A63.997 63.997 0 0 1 444.989 448H45.025c-18.523 0-30.064-20.093-20.731-36.093l72.424-124.155A64 64 0 0 1 152 256h399.964c18.523 0 30.064 20.093 20.73 36.093zM152 224h328v-48c0-26.51-21.49-48-48-48H272l-64-64H48C21.49 64 0 85.49 0 112v278.046l69.077-118.418C86.214 242.25 117.989 224 152 224z\"><\/path><\/svg><\/span>\n\t\t\t<span class='e-closed'><svg aria-hidden=\"true\" class=\"e-font-icon-svg e-fas-folder\" viewbox=\"0 0 512 512\" xmlns=\"http:\/\/www.w3.org\/2000\/svg\"><path d=\"M464 128H272l-64-64H48C21.49 64 0 85.49 0 112v288c0 26.51 21.49 48 48 48h416c26.51 0 48-21.49 48-48V176c0-26.51-21.49-48-48-48z\"><\/path><\/svg><\/span>\n\t\t<\/span>\n\n\t\t\t\t\t\t<\/summary>\n\t\t\t\t<div role=\"region\" aria-labelledby=\"e-n-accordion-item-7754\" class=\"elementor-element elementor-element-e0c081d e-flex e-con-boxed e-con e-child\" data-id=\"e0c081d\" data-element_type=\"container\" data-e-type=\"container\">\n\t\t\t\t\t<div class=\"e-con-inner\">\n\t\t\t\t<div class=\"elementor-element elementor-element-465e420 elementor-widget elementor-widget-text-editor\" data-id=\"465e420\" data-element_type=\"widget\" data-e-type=\"widget\" data-widget_type=\"text-editor.default\">\n\t\t\t\t<div class=\"elementor-widget-container\">\n\t\t\t\t\t\t\t\t\t<p><strong>OBJETIVO:<\/strong>\u00a0Presentar una estructura conceptual sistem\u00e1tica a la comunidad pastoral y eclesi\u00e1stica, a trav\u00e9s de un observatorio acad\u00e9mico, con el fin aumentar la informaci\u00f3n actualizada sobre la aproximaci\u00f3n hermen\u00e9utica adecuada al texto b\u00edblico y su divulgaci\u00f3n en los diferentes escenarios de la sociedad actual.<\/p><p><strong>L\u00cdNEA DE INVESTIGACI\u00d3N<\/strong><\/p><p>Desarrollo Humano y Social<\/p><p><strong>DIRECTOR DEL PROYECTO<\/strong><\/p><p>Orelvis Ben\u00edtez Correa<\/p><p><strong>INTEGRANTES<\/strong><\/p><p>Orelvis Ben\u00edtez Correa, Mauricio Xavier Esp\u00edn Guerr\u00f3n<\/p>\t\t\t\t\t\t\t\t<\/div>\n\t\t\t\t<\/div>\n\t\t\t\t\t<\/div>\n\t\t\t\t<\/div>\n\t\t\t\t\t<\/details>\n\t\t\t\t\t\t<details id=\"e-n-accordion-item-7755\" class=\"e-n-accordion-item\" >\n\t\t\t\t<summary class=\"e-n-accordion-item-title\" data-accordion-index=\"6\" tabindex=\"-1\" aria-expanded=\"false\" aria-controls=\"e-n-accordion-item-7755\" >\n\t\t\t\t\t<span class='e-n-accordion-item-title-header'><div class=\"e-n-accordion-item-title-text\"> 6.EL VALOR ESTRAT\u00c9GICO DEL TURISMO RURAL COMO ALTERNATIVA SOSTENIBLE DE DESARROLLO TERRITORIAL EN LA PARROQUIA DE RUMIPAMBA <\/div><\/span>\n\t\t\t\t\t\t\t<span class='e-n-accordion-item-title-icon'>\n\t\t\t<span class='e-opened' ><svg aria-hidden=\"true\" class=\"e-font-icon-svg e-fas-folder-open\" viewbox=\"0 0 576 512\" xmlns=\"http:\/\/www.w3.org\/2000\/svg\"><path d=\"M572.694 292.093L500.27 416.248A63.997 63.997 0 0 1 444.989 448H45.025c-18.523 0-30.064-20.093-20.731-36.093l72.424-124.155A64 64 0 0 1 152 256h399.964c18.523 0 30.064 20.093 20.73 36.093zM152 224h328v-48c0-26.51-21.49-48-48-48H272l-64-64H48C21.49 64 0 85.49 0 112v278.046l69.077-118.418C86.214 242.25 117.989 224 152 224z\"><\/path><\/svg><\/span>\n\t\t\t<span class='e-closed'><svg aria-hidden=\"true\" class=\"e-font-icon-svg e-fas-folder\" viewbox=\"0 0 512 512\" xmlns=\"http:\/\/www.w3.org\/2000\/svg\"><path d=\"M464 128H272l-64-64H48C21.49 64 0 85.49 0 112v288c0 26.51 21.49 48 48 48h416c26.51 0 48-21.49 48-48V176c0-26.51-21.49-48-48-48z\"><\/path><\/svg><\/span>\n\t\t<\/span>\n\n\t\t\t\t\t\t<\/summary>\n\t\t\t\t<div role=\"region\" aria-labelledby=\"e-n-accordion-item-7755\" class=\"elementor-element elementor-element-09e83d5 e-flex e-con-boxed e-con e-child\" data-id=\"09e83d5\" data-element_type=\"container\" data-e-type=\"container\">\n\t\t\t\t\t<div class=\"e-con-inner\">\n\t\t\t\t<div class=\"elementor-element elementor-element-d437153 elementor-widget elementor-widget-text-editor\" data-id=\"d437153\" data-element_type=\"widget\" data-e-type=\"widget\" data-widget_type=\"text-editor.default\">\n\t\t\t\t<div class=\"elementor-widget-container\">\n\t\t\t\t\t\t\t\t\t<p><strong>OBJETIVO:<\/strong>\u00a0Fortalecer las capacidades de gesti\u00f3n del Turismo Rural para mejorar la competitividad de los destinos \u2013 Estudio de Caso Parroquia Rural Rumipamba \u2013 Ecuador.<\/p><p><strong>L\u00cdNEA DE INVESTIGACI\u00d3N<\/strong><\/p><p>Industria y Sociedad<\/p><p><strong>DIRECTOR DEL PROYECTO<\/strong><\/p><p>Laura Araujo<\/p><p><strong>INTEGRANTES<\/strong><\/p><p>Melisa Rodr\u00edgiuez, Elizabeth Narvaez, Daniela Leiva<\/p>\t\t\t\t\t\t\t\t<\/div>\n\t\t\t\t<\/div>\n\t\t\t\t\t<\/div>\n\t\t\t\t<\/div>\n\t\t\t\t\t<\/details>\n\t\t\t\t\t\t<details id=\"e-n-accordion-item-7756\" class=\"e-n-accordion-item\" >\n\t\t\t\t<summary class=\"e-n-accordion-item-title\" data-accordion-index=\"7\" tabindex=\"-1\" aria-expanded=\"false\" aria-controls=\"e-n-accordion-item-7756\" >\n\t\t\t\t\t<span class='e-n-accordion-item-title-header'><div class=\"e-n-accordion-item-title-text\"> 7.MONITOREO REMOTO DE VARIABLES EL\u00c9CTRICAS Y FALLAS EN PANELES FOTOVOLTAICOS <\/div><\/span>\n\t\t\t\t\t\t\t<span class='e-n-accordion-item-title-icon'>\n\t\t\t<span class='e-opened' ><svg aria-hidden=\"true\" class=\"e-font-icon-svg e-fas-folder-open\" viewbox=\"0 0 576 512\" xmlns=\"http:\/\/www.w3.org\/2000\/svg\"><path d=\"M572.694 292.093L500.27 416.248A63.997 63.997 0 0 1 444.989 448H45.025c-18.523 0-30.064-20.093-20.731-36.093l72.424-124.155A64 64 0 0 1 152 256h399.964c18.523 0 30.064 20.093 20.73 36.093zM152 224h328v-48c0-26.51-21.49-48-48-48H272l-64-64H48C21.49 64 0 85.49 0 112v278.046l69.077-118.418C86.214 242.25 117.989 224 152 224z\"><\/path><\/svg><\/span>\n\t\t\t<span class='e-closed'><svg aria-hidden=\"true\" class=\"e-font-icon-svg e-fas-folder\" viewbox=\"0 0 512 512\" xmlns=\"http:\/\/www.w3.org\/2000\/svg\"><path d=\"M464 128H272l-64-64H48C21.49 64 0 85.49 0 112v288c0 26.51 21.49 48 48 48h416c26.51 0 48-21.49 48-48V176c0-26.51-21.49-48-48-48z\"><\/path><\/svg><\/span>\n\t\t<\/span>\n\n\t\t\t\t\t\t<\/summary>\n\t\t\t\t<div role=\"region\" aria-labelledby=\"e-n-accordion-item-7756\" class=\"elementor-element elementor-element-89dee8a e-flex e-con-boxed e-con e-child\" data-id=\"89dee8a\" data-element_type=\"container\" data-e-type=\"container\">\n\t\t\t\t\t<div class=\"e-con-inner\">\n\t\t\t\t<div class=\"elementor-element elementor-element-955abf9 elementor-widget elementor-widget-text-editor\" data-id=\"955abf9\" data-element_type=\"widget\" data-e-type=\"widget\" data-widget_type=\"text-editor.default\">\n\t\t\t\t<div class=\"elementor-widget-container\">\n\t\t\t\t\t\t\t\t\t<p><strong>OBJETIVO:<\/strong>\u00a0Desarrollar un sistema de monitoreo remoto con una plataforma de microcontrolador y sensores para la medici\u00f3n de variables el\u00e9ctricas (voltaje y corriente) y del medio ambiente (temperatura y radiaci\u00f3n solar) de paneles fotovoltaicos y por medio de un puerto de comunicaciones, el env\u00edo de estos datos hacia el internet y poder realizar una visualizaci\u00f3n remota. Adem\u00e1s, poder realizar una clasificaci\u00f3n de las principales fallas que se puedan reproducir en laboratorio.<\/p><p><strong>L\u00cdNEA DE INVESTIGACI\u00d3N<\/strong><\/p><p>Tecnolog\u00eda e Innovaci\u00f3n<\/p><p><strong>DIRECTOR DEL PROYECTO<\/strong><\/p><p>Fernando J\u00e1come<\/p><p><strong>INTEGRANTES<\/strong><\/p><p>Henry Osorio, Edwin Flores, Patricio Paredes<\/p>\t\t\t\t\t\t\t\t<\/div>\n\t\t\t\t<\/div>\n\t\t\t\t\t<\/div>\n\t\t\t\t<\/div>\n\t\t\t\t\t<\/details>\n\t\t\t\t\t\t<details id=\"e-n-accordion-item-7757\" class=\"e-n-accordion-item\" >\n\t\t\t\t<summary class=\"e-n-accordion-item-title\" data-accordion-index=\"8\" tabindex=\"-1\" aria-expanded=\"false\" aria-controls=\"e-n-accordion-item-7757\" >\n\t\t\t\t\t<span class='e-n-accordion-item-title-header'><div class=\"e-n-accordion-item-title-text\"> 8.LA NARRATIVA TRANSMEDIA COMO MODELO ESTRAT\u00c9GICO Y ENFOQUE SOCIAL EN CAMPA\u00d1AS DE CONCIENTIZACI\u00d3N PARA CONTRIBUIR A LA DISMINUCI\u00d3N DEL \u00cdNDICE DE EMBARAZO ADOLESCENTE. CASO DE ESTUDIO FUNDACI\u00d3N LA RIBERA <\/div><\/span>\n\t\t\t\t\t\t\t<span class='e-n-accordion-item-title-icon'>\n\t\t\t<span class='e-opened' ><svg aria-hidden=\"true\" class=\"e-font-icon-svg e-fas-folder-open\" viewbox=\"0 0 576 512\" xmlns=\"http:\/\/www.w3.org\/2000\/svg\"><path d=\"M572.694 292.093L500.27 416.248A63.997 63.997 0 0 1 444.989 448H45.025c-18.523 0-30.064-20.093-20.731-36.093l72.424-124.155A64 64 0 0 1 152 256h399.964c18.523 0 30.064 20.093 20.73 36.093zM152 224h328v-48c0-26.51-21.49-48-48-48H272l-64-64H48C21.49 64 0 85.49 0 112v278.046l69.077-118.418C86.214 242.25 117.989 224 152 224z\"><\/path><\/svg><\/span>\n\t\t\t<span class='e-closed'><svg aria-hidden=\"true\" class=\"e-font-icon-svg e-fas-folder\" viewbox=\"0 0 512 512\" xmlns=\"http:\/\/www.w3.org\/2000\/svg\"><path d=\"M464 128H272l-64-64H48C21.49 64 0 85.49 0 112v288c0 26.51 21.49 48 48 48h416c26.51 0 48-21.49 48-48V176c0-26.51-21.49-48-48-48z\"><\/path><\/svg><\/span>\n\t\t<\/span>\n\n\t\t\t\t\t\t<\/summary>\n\t\t\t\t<div role=\"region\" aria-labelledby=\"e-n-accordion-item-7757\" class=\"elementor-element elementor-element-e8b0dbe e-flex e-con-boxed e-con e-child\" data-id=\"e8b0dbe\" data-element_type=\"container\" data-e-type=\"container\">\n\t\t\t\t\t<div class=\"e-con-inner\">\n\t\t\t\t<div class=\"elementor-element elementor-element-6efa422 elementor-widget elementor-widget-text-editor\" data-id=\"6efa422\" data-element_type=\"widget\" data-e-type=\"widget\" data-widget_type=\"text-editor.default\">\n\t\t\t\t<div class=\"elementor-widget-container\">\n\t\t\t\t\t\t\t\t\t<p><strong>OBJETIVO:<\/strong>\u00a0Desarrollar y aplicar estrategias de la narrativa transmedia en campa\u00f1as sociales de concientizaci\u00f3n sobre el embarazo adolescente.<\/p><p><strong>L\u00cdNEA DE INVESTIGACI\u00d3N<\/strong><\/p><p>Tecnolog\u00eda e Innovaci\u00f3n<\/p><p><strong>DIRECTOR DEL PROYECTO<\/strong><\/p><p>Jorge Cadena<\/p><p><strong>INTEGRANTES<\/strong><\/p><p>Roberto Verdezoto, Javier Carrera, Marjory Cortez<\/p>\t\t\t\t\t\t\t\t<\/div>\n\t\t\t\t<\/div>\n\t\t\t\t\t<\/div>\n\t\t\t\t<\/div>\n\t\t\t\t\t<\/details>\n\t\t\t\t\t\t<details id=\"e-n-accordion-item-7758\" class=\"e-n-accordion-item\" >\n\t\t\t\t<summary class=\"e-n-accordion-item-title\" data-accordion-index=\"9\" tabindex=\"-1\" aria-expanded=\"false\" aria-controls=\"e-n-accordion-item-7758\" >\n\t\t\t\t\t<span class='e-n-accordion-item-title-header'><div class=\"e-n-accordion-item-title-text\"> 9.DISE\u00d1O E IMPLEMENTACI\u00d3N DE SOFTWARE DE GESTI\u00d3N DE PROYECTOS DE INVESTIGACI\u00d3N <\/div><\/span>\n\t\t\t\t\t\t\t<span class='e-n-accordion-item-title-icon'>\n\t\t\t<span class='e-opened' ><svg aria-hidden=\"true\" class=\"e-font-icon-svg e-fas-folder-open\" viewbox=\"0 0 576 512\" xmlns=\"http:\/\/www.w3.org\/2000\/svg\"><path d=\"M572.694 292.093L500.27 416.248A63.997 63.997 0 0 1 444.989 448H45.025c-18.523 0-30.064-20.093-20.731-36.093l72.424-124.155A64 64 0 0 1 152 256h399.964c18.523 0 30.064 20.093 20.73 36.093zM152 224h328v-48c0-26.51-21.49-48-48-48H272l-64-64H48C21.49 64 0 85.49 0 112v278.046l69.077-118.418C86.214 242.25 117.989 224 152 224z\"><\/path><\/svg><\/span>\n\t\t\t<span class='e-closed'><svg aria-hidden=\"true\" class=\"e-font-icon-svg e-fas-folder\" viewbox=\"0 0 512 512\" xmlns=\"http:\/\/www.w3.org\/2000\/svg\"><path d=\"M464 128H272l-64-64H48C21.49 64 0 85.49 0 112v288c0 26.51 21.49 48 48 48h416c26.51 0 48-21.49 48-48V176c0-26.51-21.49-48-48-48z\"><\/path><\/svg><\/span>\n\t\t<\/span>\n\n\t\t\t\t\t\t<\/summary>\n\t\t\t\t<div role=\"region\" aria-labelledby=\"e-n-accordion-item-7758\" class=\"elementor-element elementor-element-dc1234b e-flex e-con-boxed e-con e-child\" data-id=\"dc1234b\" data-element_type=\"container\" data-e-type=\"container\">\n\t\t\t\t\t<div class=\"e-con-inner\">\n\t\t\t\t<div class=\"elementor-element elementor-element-4b31abf elementor-widget elementor-widget-text-editor\" data-id=\"4b31abf\" data-element_type=\"widget\" data-e-type=\"widget\" data-widget_type=\"text-editor.default\">\n\t\t\t\t<div class=\"elementor-widget-container\">\n\t\t\t\t\t\t\t\t\t<p><strong>OBJETIVO:<\/strong>\u00a0Dise\u00f1ar, desarrollar e implementar un software de gesti\u00f3n de documentos electr\u00f3nicos para el seguimiento de proyectos dentro del departamento de investigaci\u00f3n del Instituto Universitario Tecnol\u00f3gico Rumi\u00f1ahui.<\/p><p><strong>L\u00cdNEA DE INVESTIGACI\u00d3N<\/strong><\/p><p>Tecnolog\u00eda e Innovaci\u00f3n<\/p><p><strong>DIRECTOR DEL PROYECTO<\/strong><\/p><p>Marcelo Zambrano<\/p><p><strong>INTEGRANTES<\/strong><\/p><p>Juan Minango, Mar\u00eda Jos\u00e9 Rivera, Fernando Asimbaya<\/p>\t\t\t\t\t\t\t\t<\/div>\n\t\t\t\t<\/div>\n\t\t\t\t\t<\/div>\n\t\t\t\t<\/div>\n\t\t\t\t\t<\/details>\n\t\t\t\t\t\t<details id=\"e-n-accordion-item-7759\" class=\"e-n-accordion-item\" >\n\t\t\t\t<summary class=\"e-n-accordion-item-title\" data-accordion-index=\"10\" tabindex=\"-1\" aria-expanded=\"false\" aria-controls=\"e-n-accordion-item-7759\" >\n\t\t\t\t\t<span class='e-n-accordion-item-title-header'><div class=\"e-n-accordion-item-title-text\"> 10.MEJORAMIENTO DE LA COMPRESI\u00d3N DEL PULSO USANDO ECUALIZACI\u00d3N DE LA VENTANA Y REPLICACI\u00d3N CORREGIDO DEL FILTRO CASADO EN UN RADAR BASADO EN CHIRP PULSADO <\/div><\/span>\n\t\t\t\t\t\t\t<span class='e-n-accordion-item-title-icon'>\n\t\t\t<span class='e-opened' ><svg aria-hidden=\"true\" class=\"e-font-icon-svg e-fas-folder-open\" viewbox=\"0 0 576 512\" xmlns=\"http:\/\/www.w3.org\/2000\/svg\"><path d=\"M572.694 292.093L500.27 416.248A63.997 63.997 0 0 1 444.989 448H45.025c-18.523 0-30.064-20.093-20.731-36.093l72.424-124.155A64 64 0 0 1 152 256h399.964c18.523 0 30.064 20.093 20.73 36.093zM152 224h328v-48c0-26.51-21.49-48-48-48H272l-64-64H48C21.49 64 0 85.49 0 112v278.046l69.077-118.418C86.214 242.25 117.989 224 152 224z\"><\/path><\/svg><\/span>\n\t\t\t<span class='e-closed'><svg aria-hidden=\"true\" class=\"e-font-icon-svg e-fas-folder\" viewbox=\"0 0 512 512\" xmlns=\"http:\/\/www.w3.org\/2000\/svg\"><path d=\"M464 128H272l-64-64H48C21.49 64 0 85.49 0 112v288c0 26.51 21.49 48 48 48h416c26.51 0 48-21.49 48-48V176c0-26.51-21.49-48-48-48z\"><\/path><\/svg><\/span>\n\t\t<\/span>\n\n\t\t\t\t\t\t<\/summary>\n\t\t\t\t<div role=\"region\" aria-labelledby=\"e-n-accordion-item-7759\" class=\"elementor-element elementor-element-fd9c7ad e-flex e-con-boxed e-con e-child\" data-id=\"fd9c7ad\" data-element_type=\"container\" data-e-type=\"container\">\n\t\t\t\t\t<div class=\"e-con-inner\">\n\t\t\t\t<div class=\"elementor-element elementor-element-c835fcf elementor-widget elementor-widget-text-editor\" data-id=\"c835fcf\" data-element_type=\"widget\" data-e-type=\"widget\" data-widget_type=\"text-editor.default\">\n\t\t\t\t<div class=\"elementor-widget-container\">\n\t\t\t\t\t\t\t\t\t<p><strong>OBJETIVO:<\/strong>\u00a0Estimar el mejoramiento de la compresi\u00f3n del pulso usando ecualizaci\u00f3n de la ventana y replicaci\u00f3n corregido del filtro casado en un radar basado en chirp pulsado.<\/p><p><strong>L\u00cdNEA DE INVESTIGACI\u00d3N<\/strong><\/p><p>Tecnolog\u00eda e Innovaci\u00f3n<\/p><p><strong>DIRECTOR DEL PROYECTO<\/strong><\/p><p>Juan Minango<\/p><p><strong>INTEGRANTES<\/strong><\/p><p>Andrea Carolina Flores, Cristian Tasiguano<\/p>\t\t\t\t\t\t\t\t<\/div>\n\t\t\t\t<\/div>\n\t\t\t\t\t<\/div>\n\t\t\t\t<\/div>\n\t\t\t\t\t<\/details>\n\t\t\t\t\t\t<details id=\"e-n-accordion-item-77510\" class=\"e-n-accordion-item\" >\n\t\t\t\t<summary class=\"e-n-accordion-item-title\" data-accordion-index=\"11\" tabindex=\"-1\" aria-expanded=\"false\" aria-controls=\"e-n-accordion-item-77510\" >\n\t\t\t\t\t<span class='e-n-accordion-item-title-header'><div class=\"e-n-accordion-item-title-text\"> 11.DETECCI\u00d3N DE ENFERMEDADES DE LAS PLANTAS MEDIANTE APRENDIZAJE PROFUNDO (DEEP LEARNING) MEDIANTE UN APLICATIVO M\u00d3VIL <\/div><\/span>\n\t\t\t\t\t\t\t<span class='e-n-accordion-item-title-icon'>\n\t\t\t<span class='e-opened' ><svg aria-hidden=\"true\" class=\"e-font-icon-svg e-fas-folder-open\" viewbox=\"0 0 576 512\" xmlns=\"http:\/\/www.w3.org\/2000\/svg\"><path d=\"M572.694 292.093L500.27 416.248A63.997 63.997 0 0 1 444.989 448H45.025c-18.523 0-30.064-20.093-20.731-36.093l72.424-124.155A64 64 0 0 1 152 256h399.964c18.523 0 30.064 20.093 20.73 36.093zM152 224h328v-48c0-26.51-21.49-48-48-48H272l-64-64H48C21.49 64 0 85.49 0 112v278.046l69.077-118.418C86.214 242.25 117.989 224 152 224z\"><\/path><\/svg><\/span>\n\t\t\t<span class='e-closed'><svg aria-hidden=\"true\" class=\"e-font-icon-svg e-fas-folder\" viewbox=\"0 0 512 512\" xmlns=\"http:\/\/www.w3.org\/2000\/svg\"><path d=\"M464 128H272l-64-64H48C21.49 64 0 85.49 0 112v288c0 26.51 21.49 48 48 48h416c26.51 0 48-21.49 48-48V176c0-26.51-21.49-48-48-48z\"><\/path><\/svg><\/span>\n\t\t<\/span>\n\n\t\t\t\t\t\t<\/summary>\n\t\t\t\t<div role=\"region\" aria-labelledby=\"e-n-accordion-item-77510\" class=\"elementor-element elementor-element-1d2b485 e-flex e-con-boxed e-con e-child\" data-id=\"1d2b485\" data-element_type=\"container\" data-e-type=\"container\">\n\t\t\t\t\t<div class=\"e-con-inner\">\n\t\t\t\t<div class=\"elementor-element elementor-element-d6fd9c0 elementor-widget elementor-widget-text-editor\" data-id=\"d6fd9c0\" data-element_type=\"widget\" data-e-type=\"widget\" data-widget_type=\"text-editor.default\">\n\t\t\t\t<div class=\"elementor-widget-container\">\n\t\t\t\t\t\t\t\t\t<p><strong>OBJETIVO:<\/strong>\u00a0Desarrollar e implementar un aplicativo movil para loa detecci\u00f3n de enfermedades de las plantas mediante aprendizaje profundo (Deep learning).<\/p><p><strong>L\u00cdNEA DE INVESTIGACI\u00d3N<\/strong><\/p><p>Tecnolog\u00eda e Innovaci\u00f3n<\/p><p><strong>DIRECTOR DEL PROYECTO<\/strong><\/p><p>Juan Minango<\/p><p><strong>INTEGRANTES<\/strong><\/p><p>Juan Minango, Mar\u00eda Jos\u00e9 Rivera, Karla Ayala<\/p>\t\t\t\t\t\t\t\t<\/div>\n\t\t\t\t<\/div>\n\t\t\t\t\t<\/div>\n\t\t\t\t<\/div>\n\t\t\t\t\t<\/details>\n\t\t\t\t\t\t<details id=\"e-n-accordion-item-77511\" class=\"e-n-accordion-item\" >\n\t\t\t\t<summary class=\"e-n-accordion-item-title\" data-accordion-index=\"12\" tabindex=\"-1\" aria-expanded=\"false\" aria-controls=\"e-n-accordion-item-77511\" >\n\t\t\t\t\t<span class='e-n-accordion-item-title-header'><div class=\"e-n-accordion-item-title-text\"> 12.IMPLEMENTACI\u00d3N DE LA TECNOLOG\u00cdA CORDA BLOCKCHAIN PARA LA GESTI\u00d3N DE LA CADENA DE SUMINISTRO DE ALIMENTOS AGR\u00cdCOLAS <\/div><\/span>\n\t\t\t\t\t\t\t<span class='e-n-accordion-item-title-icon'>\n\t\t\t<span class='e-opened' ><svg aria-hidden=\"true\" class=\"e-font-icon-svg e-fas-folder-open\" viewbox=\"0 0 576 512\" xmlns=\"http:\/\/www.w3.org\/2000\/svg\"><path d=\"M572.694 292.093L500.27 416.248A63.997 63.997 0 0 1 444.989 448H45.025c-18.523 0-30.064-20.093-20.731-36.093l72.424-124.155A64 64 0 0 1 152 256h399.964c18.523 0 30.064 20.093 20.73 36.093zM152 224h328v-48c0-26.51-21.49-48-48-48H272l-64-64H48C21.49 64 0 85.49 0 112v278.046l69.077-118.418C86.214 242.25 117.989 224 152 224z\"><\/path><\/svg><\/span>\n\t\t\t<span class='e-closed'><svg aria-hidden=\"true\" class=\"e-font-icon-svg e-fas-folder\" viewbox=\"0 0 512 512\" xmlns=\"http:\/\/www.w3.org\/2000\/svg\"><path d=\"M464 128H272l-64-64H48C21.49 64 0 85.49 0 112v288c0 26.51 21.49 48 48 48h416c26.51 0 48-21.49 48-48V176c0-26.51-21.49-48-48-48z\"><\/path><\/svg><\/span>\n\t\t<\/span>\n\n\t\t\t\t\t\t<\/summary>\n\t\t\t\t<div role=\"region\" aria-labelledby=\"e-n-accordion-item-77511\" class=\"elementor-element elementor-element-9506f6b e-flex e-con-boxed e-con e-child\" data-id=\"9506f6b\" data-element_type=\"container\" data-e-type=\"container\">\n\t\t\t\t\t<div class=\"e-con-inner\">\n\t\t\t\t<div class=\"elementor-element elementor-element-4209880 elementor-widget elementor-widget-text-editor\" data-id=\"4209880\" data-element_type=\"widget\" data-e-type=\"widget\" data-widget_type=\"text-editor.default\">\n\t\t\t\t<div class=\"elementor-widget-container\">\n\t\t\t\t\t\t\t\t\t<p><strong>OBJETIVO:<\/strong>\u00a0: Implementar una prueba de concepto y un producto minino viable de la tecnolog\u00eda Corda Blockchain para la gesti\u00f3n de la cadena de suministro de alimentos agr\u00edcolas.<\/p><p><strong>L\u00cdNEA DE INVESTIGACI\u00d3N<\/strong><\/p><p>Tecnolog\u00eda e Innovaci\u00f3n<\/p><p><strong>DIRECTOR DEL PROYECTO<\/strong><\/p><p>Juan Minango<\/p><p><strong>INTEGRANTES<\/strong><\/p><p>Juan Minango<\/p>\t\t\t\t\t\t\t\t<\/div>\n\t\t\t\t<\/div>\n\t\t\t\t\t<\/div>\n\t\t\t\t<\/div>\n\t\t\t\t\t<\/details>\n\t\t\t\t\t\t<details id=\"e-n-accordion-item-77512\" class=\"e-n-accordion-item\" >\n\t\t\t\t<summary class=\"e-n-accordion-item-title\" data-accordion-index=\"13\" tabindex=\"-1\" aria-expanded=\"false\" aria-controls=\"e-n-accordion-item-77512\" >\n\t\t\t\t\t<span class='e-n-accordion-item-title-header'><div class=\"e-n-accordion-item-title-text\"> 13.USO DE SIMULADORES VIRTUALES APLICADOS A LA ELECTRICIDAD EN EL SISTEMA DE EDUCACI\u00d3N SUPERIOR COMO HERRAMIENTA DE ENSE\u00d1ANZA \u2013 APRENDIZAJE <\/div><\/span>\n\t\t\t\t\t\t\t<span class='e-n-accordion-item-title-icon'>\n\t\t\t<span class='e-opened' ><svg aria-hidden=\"true\" class=\"e-font-icon-svg e-fas-folder-open\" viewbox=\"0 0 576 512\" xmlns=\"http:\/\/www.w3.org\/2000\/svg\"><path d=\"M572.694 292.093L500.27 416.248A63.997 63.997 0 0 1 444.989 448H45.025c-18.523 0-30.064-20.093-20.731-36.093l72.424-124.155A64 64 0 0 1 152 256h399.964c18.523 0 30.064 20.093 20.73 36.093zM152 224h328v-48c0-26.51-21.49-48-48-48H272l-64-64H48C21.49 64 0 85.49 0 112v278.046l69.077-118.418C86.214 242.25 117.989 224 152 224z\"><\/path><\/svg><\/span>\n\t\t\t<span class='e-closed'><svg aria-hidden=\"true\" class=\"e-font-icon-svg e-fas-folder\" viewbox=\"0 0 512 512\" xmlns=\"http:\/\/www.w3.org\/2000\/svg\"><path d=\"M464 128H272l-64-64H48C21.49 64 0 85.49 0 112v288c0 26.51 21.49 48 48 48h416c26.51 0 48-21.49 48-48V176c0-26.51-21.49-48-48-48z\"><\/path><\/svg><\/span>\n\t\t<\/span>\n\n\t\t\t\t\t\t<\/summary>\n\t\t\t\t<div role=\"region\" aria-labelledby=\"e-n-accordion-item-77512\" class=\"elementor-element elementor-element-c059aa2 e-flex e-con-boxed e-con e-child\" data-id=\"c059aa2\" data-element_type=\"container\" data-e-type=\"container\">\n\t\t\t\t\t<div class=\"e-con-inner\">\n\t\t\t\t<div class=\"elementor-element elementor-element-24afa74 elementor-widget elementor-widget-text-editor\" data-id=\"24afa74\" data-element_type=\"widget\" data-e-type=\"widget\" data-widget_type=\"text-editor.default\">\n\t\t\t\t<div class=\"elementor-widget-container\">\n\t\t\t\t\t\t\t\t\t<p><strong>OBJETIVO:<\/strong>\u00a0: Evaluar el proceso de ense\u00f1anza mediante el uso de simuladores virtuales de los estudiantes de la carrera Tecnol\u00f3gica Superior en Electricidad en el sistema de Educaci\u00f3n Superior.<\/p><p><strong>L\u00cdNEA DE INVESTIGACI\u00d3N<\/strong><\/p><p>Tecnolog\u00eda e Innovaci\u00f3n<\/p><p><strong>DIRECTOR DEL PROYECTO<\/strong><\/p><p>Gabriela Vera<\/p><p><strong>INTEGRANTES<\/strong><\/p><p>Cristian Tasiguano, Pilar Barrios, Henrry Moller<\/p>\t\t\t\t\t\t\t\t<\/div>\n\t\t\t\t<\/div>\n\t\t\t\t\t<\/div>\n\t\t\t\t<\/div>\n\t\t\t\t\t<\/details>\n\t\t\t\t\t\t<details id=\"e-n-accordion-item-77513\" class=\"e-n-accordion-item\" >\n\t\t\t\t<summary class=\"e-n-accordion-item-title\" data-accordion-index=\"14\" tabindex=\"-1\" aria-expanded=\"false\" aria-controls=\"e-n-accordion-item-77513\" >\n\t\t\t\t\t<span class='e-n-accordion-item-title-header'><div class=\"e-n-accordion-item-title-text\"> 14.DISE\u00d1O DE UN PORTAL WEB TUR\u00cdSTICO PARA EMPRENDIMIENTOS DE ECOTURISMO, MONTA\u00d1ISMO LIBRE Y TURISMO DE AVENTURA <\/div><\/span>\n\t\t\t\t\t\t\t<span class='e-n-accordion-item-title-icon'>\n\t\t\t<span class='e-opened' ><svg aria-hidden=\"true\" class=\"e-font-icon-svg e-fas-folder-open\" viewbox=\"0 0 576 512\" xmlns=\"http:\/\/www.w3.org\/2000\/svg\"><path d=\"M572.694 292.093L500.27 416.248A63.997 63.997 0 0 1 444.989 448H45.025c-18.523 0-30.064-20.093-20.731-36.093l72.424-124.155A64 64 0 0 1 152 256h399.964c18.523 0 30.064 20.093 20.73 36.093zM152 224h328v-48c0-26.51-21.49-48-48-48H272l-64-64H48C21.49 64 0 85.49 0 112v278.046l69.077-118.418C86.214 242.25 117.989 224 152 224z\"><\/path><\/svg><\/span>\n\t\t\t<span class='e-closed'><svg aria-hidden=\"true\" class=\"e-font-icon-svg e-fas-folder\" viewbox=\"0 0 512 512\" xmlns=\"http:\/\/www.w3.org\/2000\/svg\"><path d=\"M464 128H272l-64-64H48C21.49 64 0 85.49 0 112v288c0 26.51 21.49 48 48 48h416c26.51 0 48-21.49 48-48V176c0-26.51-21.49-48-48-48z\"><\/path><\/svg><\/span>\n\t\t<\/span>\n\n\t\t\t\t\t\t<\/summary>\n\t\t\t\t<div role=\"region\" aria-labelledby=\"e-n-accordion-item-77513\" class=\"elementor-element elementor-element-8fe034d e-flex e-con-boxed e-con e-child\" data-id=\"8fe034d\" data-element_type=\"container\" data-e-type=\"container\">\n\t\t\t\t\t<div class=\"e-con-inner\">\n\t\t\t\t<div class=\"elementor-element elementor-element-cf37c8c elementor-widget elementor-widget-text-editor\" data-id=\"cf37c8c\" data-element_type=\"widget\" data-e-type=\"widget\" data-widget_type=\"text-editor.default\">\n\t\t\t\t<div class=\"elementor-widget-container\">\n\t\t\t\t\t\t\t\t\t<p><strong>OBJETIVO:<\/strong>\u00a0Dise\u00f1ar un Porta WEB de negocio para el turismo de aventura que agrupe emprendimientos de ecoturismo, monta\u00f1ismo libre aplicando estrategias de marketing digital.<\/p><p><strong>L\u00cdNEA DE INVESTIGACI\u00d3N<\/strong><\/p><p>Industria y Sociedad<\/p><p><strong>DIRECTOR DEL PROYECTO<\/strong><\/p><p>Danilo Santill\u00e1n<\/p><p><strong>INTEGRANTES<\/strong><\/p><p>Melisa Rodr\u00edguez, Pa\u00fal Vargas<\/p>\t\t\t\t\t\t\t\t<\/div>\n\t\t\t\t<\/div>\n\t\t\t\t\t<\/div>\n\t\t\t\t<\/div>\n\t\t\t\t\t<\/details>\n\t\t\t\t\t\t<details id=\"e-n-accordion-item-77514\" class=\"e-n-accordion-item\" >\n\t\t\t\t<summary class=\"e-n-accordion-item-title\" data-accordion-index=\"15\" tabindex=\"-1\" aria-expanded=\"false\" aria-controls=\"e-n-accordion-item-77514\" >\n\t\t\t\t\t<span class='e-n-accordion-item-title-header'><div class=\"e-n-accordion-item-title-text\"> 15.MONITORIZACI\u00d3N DE VARIABLES EL\u00c9CTRICAS EN TIEMPO REAL BASADO EN IoT <\/div><\/span>\n\t\t\t\t\t\t\t<span class='e-n-accordion-item-title-icon'>\n\t\t\t<span class='e-opened' ><svg aria-hidden=\"true\" class=\"e-font-icon-svg e-fas-folder-open\" viewbox=\"0 0 576 512\" xmlns=\"http:\/\/www.w3.org\/2000\/svg\"><path d=\"M572.694 292.093L500.27 416.248A63.997 63.997 0 0 1 444.989 448H45.025c-18.523 0-30.064-20.093-20.731-36.093l72.424-124.155A64 64 0 0 1 152 256h399.964c18.523 0 30.064 20.093 20.73 36.093zM152 224h328v-48c0-26.51-21.49-48-48-48H272l-64-64H48C21.49 64 0 85.49 0 112v278.046l69.077-118.418C86.214 242.25 117.989 224 152 224z\"><\/path><\/svg><\/span>\n\t\t\t<span class='e-closed'><svg aria-hidden=\"true\" class=\"e-font-icon-svg e-fas-folder\" viewbox=\"0 0 512 512\" xmlns=\"http:\/\/www.w3.org\/2000\/svg\"><path d=\"M464 128H272l-64-64H48C21.49 64 0 85.49 0 112v288c0 26.51 21.49 48 48 48h416c26.51 0 48-21.49 48-48V176c0-26.51-21.49-48-48-48z\"><\/path><\/svg><\/span>\n\t\t<\/span>\n\n\t\t\t\t\t\t<\/summary>\n\t\t\t\t<div role=\"region\" aria-labelledby=\"e-n-accordion-item-77514\" class=\"elementor-element elementor-element-b8e531f e-flex e-con-boxed e-con e-child\" data-id=\"b8e531f\" data-element_type=\"container\" data-e-type=\"container\">\n\t\t\t\t\t<div class=\"e-con-inner\">\n\t\t\t\t<div class=\"elementor-element elementor-element-ce6e0f1 elementor-widget elementor-widget-text-editor\" data-id=\"ce6e0f1\" data-element_type=\"widget\" data-e-type=\"widget\" data-widget_type=\"text-editor.default\">\n\t\t\t\t<div class=\"elementor-widget-container\">\n\t\t\t\t\t\t\t\t\t<p><strong>OBJETIVO:<\/strong>\u00a0Implementar un prototipo para monitorear variables el\u00e9ctricas en tiempo real basado en IoT.<\/p><p><strong>L\u00cdNEA DE INVESTIGACI\u00d3N<\/strong><\/p><p>Tecnolog\u00eda e Innovaci\u00f3n<\/p><p><strong>DIRECTOR DEL PROYECTO<\/strong><\/p><p>Rommel Xavier Valencia Moya<\/p><p><strong>INTEGRANTES<\/strong><\/p><p>Andagoya Alba Luis Daniel, Tasiguano Pozo Cristian Andr\u00e9s, Pablo Cesar Catota Ocapana<\/p>\t\t\t\t\t\t\t\t<\/div>\n\t\t\t\t<\/div>\n\t\t\t\t\t<\/div>\n\t\t\t\t<\/div>\n\t\t\t\t\t<\/details>\n\t\t\t\t\t<\/div>\n\t\t\t\t\t\t<\/div>\n\t\t\t\t<\/div>\n\t\t\t\t<\/div>\n\t\t<div id=\"e-n-tab-content-1670562463\" role=\"tabpanel\" aria-labelledby=\"e-n-tab-title-1670562463\" data-tab-index=\"3\" style=\"--n-tabs-title-order: 3;\" class=\"elementor-element elementor-element-a44b442 e-con-full e-flex e-con e-child\" data-id=\"a44b442\" data-element_type=\"container\" data-e-type=\"container\">\n\t\t\t\t<div class=\"elementor-element elementor-element-774cf27 elementor-widget elementor-widget-n-accordion\" data-id=\"774cf27\" data-element_type=\"widget\" data-e-type=\"widget\" data-settings=\"{&quot;default_state&quot;:&quot;all_collapsed&quot;,&quot;max_items_expended&quot;:&quot;one&quot;,&quot;n_accordion_animation_duration&quot;:{&quot;unit&quot;:&quot;ms&quot;,&quot;size&quot;:400,&quot;sizes&quot;:[]}}\" data-widget_type=\"nested-accordion.default\">\n\t\t\t\t<div class=\"elementor-widget-container\">\n\t\t\t\t\t\t\t<div class=\"e-n-accordion\" aria-label=\"Accordion. Open links with Enter or Space, close with Escape, and navigate with Arrow Keys\">\n\t\t\t\t\t\t<details id=\"e-n-accordion-item-1250\" class=\"e-n-accordion-item\" >\n\t\t\t\t<summary class=\"e-n-accordion-item-title\" data-accordion-index=\"1\" tabindex=\"0\" aria-expanded=\"false\" aria-controls=\"e-n-accordion-item-1250\" >\n\t\t\t\t\t<span class='e-n-accordion-item-title-header'><div class=\"e-n-accordion-item-title-text\"> 1.AN\u00c1LISIS DE LA EFICIENCIA Y COMPETITIVIDAD DE LA MIPYMES EN EL ECUADOR <\/div><\/span>\n\t\t\t\t\t\t\t<span class='e-n-accordion-item-title-icon'>\n\t\t\t<span class='e-opened' ><svg aria-hidden=\"true\" class=\"e-font-icon-svg e-fas-folder-open\" viewbox=\"0 0 576 512\" xmlns=\"http:\/\/www.w3.org\/2000\/svg\"><path d=\"M572.694 292.093L500.27 416.248A63.997 63.997 0 0 1 444.989 448H45.025c-18.523 0-30.064-20.093-20.731-36.093l72.424-124.155A64 64 0 0 1 152 256h399.964c18.523 0 30.064 20.093 20.73 36.093zM152 224h328v-48c0-26.51-21.49-48-48-48H272l-64-64H48C21.49 64 0 85.49 0 112v278.046l69.077-118.418C86.214 242.25 117.989 224 152 224z\"><\/path><\/svg><\/span>\n\t\t\t<span class='e-closed'><svg aria-hidden=\"true\" class=\"e-font-icon-svg e-fas-folder\" viewbox=\"0 0 512 512\" xmlns=\"http:\/\/www.w3.org\/2000\/svg\"><path d=\"M464 128H272l-64-64H48C21.49 64 0 85.49 0 112v288c0 26.51 21.49 48 48 48h416c26.51 0 48-21.49 48-48V176c0-26.51-21.49-48-48-48z\"><\/path><\/svg><\/span>\n\t\t<\/span>\n\n\t\t\t\t\t\t<\/summary>\n\t\t\t\t<div role=\"region\" aria-labelledby=\"e-n-accordion-item-1250\" class=\"elementor-element elementor-element-0e69774 e-flex e-con-boxed e-con e-child\" data-id=\"0e69774\" data-element_type=\"container\" data-e-type=\"container\">\n\t\t\t\t\t<div class=\"e-con-inner\">\n\t\t\t\t<div class=\"elementor-element elementor-element-77a9f8d elementor-widget elementor-widget-text-editor\" data-id=\"77a9f8d\" data-element_type=\"widget\" data-e-type=\"widget\" data-widget_type=\"text-editor.default\">\n\t\t\t\t<div class=\"elementor-widget-container\">\n\t\t\t\t\t\t\t\t\t<p><strong>OBJETIVO:<\/strong>\u00a0Evaluar la eficiencia y competitividad de las MIPYMES en Ecuador en los sectores industriales.<\/p><p><strong>L\u00cdNEA DE INVESTIGACI\u00d3N<\/strong><\/p><p>Industria y Sociedad<\/p><p><strong>DIRECTOR DEL PROYECTO<\/strong><\/p><p>Patricia Ar\u00e9valo<\/p><p><strong>INTEGRANTES<\/strong><\/p><p>Marco Verdezoto, Paul Rodr\u00edguez, M\u00f3nica Loacham\u00edn, Ximena Cayambe<\/p>\t\t\t\t\t\t\t\t<\/div>\n\t\t\t\t<\/div>\n\t\t\t\t\t<\/div>\n\t\t\t\t<\/div>\n\t\t\t\t\t<\/details>\n\t\t\t\t\t\t<details id=\"e-n-accordion-item-1251\" class=\"e-n-accordion-item\" >\n\t\t\t\t<summary class=\"e-n-accordion-item-title\" data-accordion-index=\"2\" tabindex=\"-1\" aria-expanded=\"false\" aria-controls=\"e-n-accordion-item-1251\" >\n\t\t\t\t\t<span class='e-n-accordion-item-title-header'><div class=\"e-n-accordion-item-title-text\"> 2.MODELOS Y ESTRATEGIAS DIGITALES EN LOS NEGOCIOS Y PROYECTOS DE EMPRENDIMIENTO DE LAS MIPYMES EN ECUADOR <\/div><\/span>\n\t\t\t\t\t\t\t<span class='e-n-accordion-item-title-icon'>\n\t\t\t<span class='e-opened' ><svg aria-hidden=\"true\" class=\"e-font-icon-svg e-fas-folder-open\" viewbox=\"0 0 576 512\" xmlns=\"http:\/\/www.w3.org\/2000\/svg\"><path d=\"M572.694 292.093L500.27 416.248A63.997 63.997 0 0 1 444.989 448H45.025c-18.523 0-30.064-20.093-20.731-36.093l72.424-124.155A64 64 0 0 1 152 256h399.964c18.523 0 30.064 20.093 20.73 36.093zM152 224h328v-48c0-26.51-21.49-48-48-48H272l-64-64H48C21.49 64 0 85.49 0 112v278.046l69.077-118.418C86.214 242.25 117.989 224 152 224z\"><\/path><\/svg><\/span>\n\t\t\t<span class='e-closed'><svg aria-hidden=\"true\" class=\"e-font-icon-svg e-fas-folder\" viewbox=\"0 0 512 512\" xmlns=\"http:\/\/www.w3.org\/2000\/svg\"><path d=\"M464 128H272l-64-64H48C21.49 64 0 85.49 0 112v288c0 26.51 21.49 48 48 48h416c26.51 0 48-21.49 48-48V176c0-26.51-21.49-48-48-48z\"><\/path><\/svg><\/span>\n\t\t<\/span>\n\n\t\t\t\t\t\t<\/summary>\n\t\t\t\t<div role=\"region\" aria-labelledby=\"e-n-accordion-item-1251\" class=\"elementor-element elementor-element-a86459a e-flex e-con-boxed e-con e-child\" data-id=\"a86459a\" data-element_type=\"container\" data-e-type=\"container\">\n\t\t\t\t\t<div class=\"e-con-inner\">\n\t\t\t\t<div class=\"elementor-element elementor-element-cd52502 elementor-widget elementor-widget-text-editor\" data-id=\"cd52502\" data-element_type=\"widget\" data-e-type=\"widget\" data-widget_type=\"text-editor.default\">\n\t\t\t\t<div class=\"elementor-widget-container\">\n\t\t\t\t\t\t\t\t\t<p><strong>OBJETIVO:<\/strong>\u00a0Evaluar los modelos y estrategias digitales de emprendimiento de las MIPYMES en Ecuador para la comercializaci\u00f3n de productos f\u00edsicos, servicios y productos digitales.<\/p><p><strong>L\u00cdNEA DE INVESTIGACI\u00d3N<\/strong><\/p><p>Industria y Sociedad<\/p><p><strong>DIRECTOR DEL PROYECTO<\/strong><\/p><p>Danilo Santill\u00e1n<\/p><p><strong>INTEGRANTES<\/strong><\/p><p>Ricardo Ortega, Daniel Aguilar, Alain Quintana<\/p>\t\t\t\t\t\t\t\t<\/div>\n\t\t\t\t<\/div>\n\t\t\t\t\t<\/div>\n\t\t\t\t<\/div>\n\t\t\t\t\t<\/details>\n\t\t\t\t\t\t<details id=\"e-n-accordion-item-1252\" class=\"e-n-accordion-item\" >\n\t\t\t\t<summary class=\"e-n-accordion-item-title\" data-accordion-index=\"3\" tabindex=\"-1\" aria-expanded=\"false\" aria-controls=\"e-n-accordion-item-1252\" >\n\t\t\t\t\t<span class='e-n-accordion-item-title-header'><div class=\"e-n-accordion-item-title-text\"> 3.COMPETENCIAS COMUNICATIVAS TECNOL\u00d3GICAS PARA MEJORAR EL DESEMPE\u00d1O DEL DOCENTE <\/div><\/span>\n\t\t\t\t\t\t\t<span class='e-n-accordion-item-title-icon'>\n\t\t\t<span class='e-opened' ><svg aria-hidden=\"true\" class=\"e-font-icon-svg e-fas-folder-open\" viewbox=\"0 0 576 512\" xmlns=\"http:\/\/www.w3.org\/2000\/svg\"><path d=\"M572.694 292.093L500.27 416.248A63.997 63.997 0 0 1 444.989 448H45.025c-18.523 0-30.064-20.093-20.731-36.093l72.424-124.155A64 64 0 0 1 152 256h399.964c18.523 0 30.064 20.093 20.73 36.093zM152 224h328v-48c0-26.51-21.49-48-48-48H272l-64-64H48C21.49 64 0 85.49 0 112v278.046l69.077-118.418C86.214 242.25 117.989 224 152 224z\"><\/path><\/svg><\/span>\n\t\t\t<span class='e-closed'><svg aria-hidden=\"true\" class=\"e-font-icon-svg e-fas-folder\" viewbox=\"0 0 512 512\" xmlns=\"http:\/\/www.w3.org\/2000\/svg\"><path d=\"M464 128H272l-64-64H48C21.49 64 0 85.49 0 112v288c0 26.51 21.49 48 48 48h416c26.51 0 48-21.49 48-48V176c0-26.51-21.49-48-48-48z\"><\/path><\/svg><\/span>\n\t\t<\/span>\n\n\t\t\t\t\t\t<\/summary>\n\t\t\t\t<div role=\"region\" aria-labelledby=\"e-n-accordion-item-1252\" class=\"elementor-element elementor-element-199b4ef e-flex e-con-boxed e-con e-child\" data-id=\"199b4ef\" data-element_type=\"container\" data-e-type=\"container\">\n\t\t\t\t\t<div class=\"e-con-inner\">\n\t\t\t\t<div class=\"elementor-element elementor-element-1481198 elementor-widget elementor-widget-text-editor\" data-id=\"1481198\" data-element_type=\"widget\" data-e-type=\"widget\" data-widget_type=\"text-editor.default\">\n\t\t\t\t<div class=\"elementor-widget-container\">\n\t\t\t\t\t\t\t\t\t<p><strong>OBJETIVO:<\/strong>\u00a0Capacitar a los docentes con herramientas comunicativas y tecnol\u00f3gicas para mejorar sus desempe\u00f1os pedag\u00f3gicos.<\/p><p><strong>L\u00cdNEA DE INVESTIGACI\u00d3N<\/strong><\/p><p>Industria y Sociedad<\/p><p><strong>DIRECTOR DEL PROYECTO<\/strong><\/p><p>Franklin Daniel Aguilar Enr\u00edquez<\/p><p><strong>INTEGRANTES<\/strong><\/p><p>Carlos G\u00f3mez, Mar\u00eda Jos\u00e9 Rivera<\/p>\t\t\t\t\t\t\t\t<\/div>\n\t\t\t\t<\/div>\n\t\t\t\t\t<\/div>\n\t\t\t\t<\/div>\n\t\t\t\t\t<\/details>\n\t\t\t\t\t\t<details id=\"e-n-accordion-item-1253\" class=\"e-n-accordion-item\" >\n\t\t\t\t<summary class=\"e-n-accordion-item-title\" data-accordion-index=\"4\" tabindex=\"-1\" aria-expanded=\"false\" aria-controls=\"e-n-accordion-item-1253\" >\n\t\t\t\t\t<span class='e-n-accordion-item-title-header'><div class=\"e-n-accordion-item-title-text\"> 4.PLATAFORMA IOT PARA EL CONTROL Y SUPERVISI\u00d3N AUTOM\u00c1TICO DEL CLIMA Y RIEGO EN \u00c1REAS DE CULTIVO <\/div><\/span>\n\t\t\t\t\t\t\t<span class='e-n-accordion-item-title-icon'>\n\t\t\t<span class='e-opened' ><svg aria-hidden=\"true\" class=\"e-font-icon-svg e-fas-folder-open\" viewbox=\"0 0 576 512\" xmlns=\"http:\/\/www.w3.org\/2000\/svg\"><path d=\"M572.694 292.093L500.27 416.248A63.997 63.997 0 0 1 444.989 448H45.025c-18.523 0-30.064-20.093-20.731-36.093l72.424-124.155A64 64 0 0 1 152 256h399.964c18.523 0 30.064 20.093 20.73 36.093zM152 224h328v-48c0-26.51-21.49-48-48-48H272l-64-64H48C21.49 64 0 85.49 0 112v278.046l69.077-118.418C86.214 242.25 117.989 224 152 224z\"><\/path><\/svg><\/span>\n\t\t\t<span class='e-closed'><svg aria-hidden=\"true\" class=\"e-font-icon-svg e-fas-folder\" viewbox=\"0 0 512 512\" xmlns=\"http:\/\/www.w3.org\/2000\/svg\"><path d=\"M464 128H272l-64-64H48C21.49 64 0 85.49 0 112v288c0 26.51 21.49 48 48 48h416c26.51 0 48-21.49 48-48V176c0-26.51-21.49-48-48-48z\"><\/path><\/svg><\/span>\n\t\t<\/span>\n\n\t\t\t\t\t\t<\/summary>\n\t\t\t\t<div role=\"region\" aria-labelledby=\"e-n-accordion-item-1253\" class=\"elementor-element elementor-element-2105965 e-flex e-con-boxed e-con e-child\" data-id=\"2105965\" data-element_type=\"container\" data-e-type=\"container\">\n\t\t\t\t\t<div class=\"e-con-inner\">\n\t\t\t\t<div class=\"elementor-element elementor-element-c62849e elementor-widget elementor-widget-text-editor\" data-id=\"c62849e\" data-element_type=\"widget\" data-e-type=\"widget\" data-widget_type=\"text-editor.default\">\n\t\t\t\t<div class=\"elementor-widget-container\">\n\t\t\t\t\t\t\t\t\t<p><strong>OBJETIVO:<\/strong>\u00a0Elaborar un sistema basado en IoT para el control de la producci\u00f3n agr\u00edcola mediante el uso de una aplicaci\u00f3n (App) celular y una red de sensores que proporcionen informaci\u00f3n en tiempo real.<\/p><p><strong>L\u00cdNEA DE INVESTIGACI\u00d3N<\/strong><\/p><p>Tecnolog\u00eda e Innovaci\u00f3n<\/p><p><strong>DIRECTOR DEL PROYECTO<\/strong><\/p><p>Marcelo Zambrano<\/p><p><strong>INTEGRANTES<\/strong><\/p><p>Juan Minango, Jorge Jim\u00e9nez<\/p>\t\t\t\t\t\t\t\t<\/div>\n\t\t\t\t<\/div>\n\t\t\t\t\t<\/div>\n\t\t\t\t<\/div>\n\t\t\t\t\t<\/details>\n\t\t\t\t\t\t<details id=\"e-n-accordion-item-1254\" class=\"e-n-accordion-item\" >\n\t\t\t\t<summary class=\"e-n-accordion-item-title\" data-accordion-index=\"5\" tabindex=\"-1\" aria-expanded=\"false\" aria-controls=\"e-n-accordion-item-1254\" >\n\t\t\t\t\t<span class='e-n-accordion-item-title-header'><div class=\"e-n-accordion-item-title-text\"> 5.LABORATORIO VIRTUAL DE INSTRUMENTOS PARA LA MEDICI\u00d3N DE SE\u00d1ALES EN ELECTRICIDAD Y EN ELECTR\u00d3NICA <\/div><\/span>\n\t\t\t\t\t\t\t<span class='e-n-accordion-item-title-icon'>\n\t\t\t<span class='e-opened' ><svg aria-hidden=\"true\" class=\"e-font-icon-svg e-fas-folder-open\" viewbox=\"0 0 576 512\" xmlns=\"http:\/\/www.w3.org\/2000\/svg\"><path d=\"M572.694 292.093L500.27 416.248A63.997 63.997 0 0 1 444.989 448H45.025c-18.523 0-30.064-20.093-20.731-36.093l72.424-124.155A64 64 0 0 1 152 256h399.964c18.523 0 30.064 20.093 20.73 36.093zM152 224h328v-48c0-26.51-21.49-48-48-48H272l-64-64H48C21.49 64 0 85.49 0 112v278.046l69.077-118.418C86.214 242.25 117.989 224 152 224z\"><\/path><\/svg><\/span>\n\t\t\t<span class='e-closed'><svg aria-hidden=\"true\" class=\"e-font-icon-svg e-fas-folder\" viewbox=\"0 0 512 512\" xmlns=\"http:\/\/www.w3.org\/2000\/svg\"><path d=\"M464 128H272l-64-64H48C21.49 64 0 85.49 0 112v288c0 26.51 21.49 48 48 48h416c26.51 0 48-21.49 48-48V176c0-26.51-21.49-48-48-48z\"><\/path><\/svg><\/span>\n\t\t<\/span>\n\n\t\t\t\t\t\t<\/summary>\n\t\t\t\t<div role=\"region\" aria-labelledby=\"e-n-accordion-item-1254\" class=\"elementor-element elementor-element-dc00387 e-flex e-con-boxed e-con e-child\" data-id=\"dc00387\" data-element_type=\"container\" data-e-type=\"container\">\n\t\t\t\t\t<div class=\"e-con-inner\">\n\t\t\t\t<div class=\"elementor-element elementor-element-ce055fa elementor-widget elementor-widget-text-editor\" data-id=\"ce055fa\" data-element_type=\"widget\" data-e-type=\"widget\" data-widget_type=\"text-editor.default\">\n\t\t\t\t<div class=\"elementor-widget-container\">\n\t\t\t\t\t\t\t\t\t<p><strong>OBJETIVO:<\/strong>\u00a0Desarrollar un laboratorio virtual interactivo, foto-real\u00edstico y tridimensional como herramienta did\u00e1ctico-t\u00e9cnica para apoyar al proceso de ense\u00f1anza \u2013aprendizaje deequipos de medici\u00f3n en electricidady electr\u00f3nica.<\/p><p><strong>L\u00cdNEA DE INVESTIGACI\u00d3N<\/strong><\/p><p>Tecnolog\u00eda e Innovaci\u00f3n<\/p><p><strong>DIRECTOR DEL PROYECTO<\/strong><\/p><p>Yngrid Melo Quintana<\/p><p><strong>INTEGRANTES<\/strong><\/p><p>Yngrid Josefina Melo, Cristian Andr\u00e9s Tasiguano, Wilson Giovanni Simba\u00f1a Le\u00f3n, Andr\u00e9s Eloy Castillo<\/p>\t\t\t\t\t\t\t\t<\/div>\n\t\t\t\t<\/div>\n\t\t\t\t\t<\/div>\n\t\t\t\t<\/div>\n\t\t\t\t\t<\/details>\n\t\t\t\t\t\t<details id=\"e-n-accordion-item-1255\" class=\"e-n-accordion-item\" >\n\t\t\t\t<summary class=\"e-n-accordion-item-title\" data-accordion-index=\"6\" tabindex=\"-1\" aria-expanded=\"false\" aria-controls=\"e-n-accordion-item-1255\" >\n\t\t\t\t\t<span class='e-n-accordion-item-title-header'><div class=\"e-n-accordion-item-title-text\"> 6.DISE\u00d1O E IMPLEMENTACI\u00d3N DE UN MODELO DE PROGRAMA EDUCATIVO DIGITAL CON UNA APLICACI\u00d3N INTERACTIVA MULTIMEDIA <\/div><\/span>\n\t\t\t\t\t\t\t<span class='e-n-accordion-item-title-icon'>\n\t\t\t<span class='e-opened' ><svg aria-hidden=\"true\" class=\"e-font-icon-svg e-fas-folder-open\" viewbox=\"0 0 576 512\" xmlns=\"http:\/\/www.w3.org\/2000\/svg\"><path d=\"M572.694 292.093L500.27 416.248A63.997 63.997 0 0 1 444.989 448H45.025c-18.523 0-30.064-20.093-20.731-36.093l72.424-124.155A64 64 0 0 1 152 256h399.964c18.523 0 30.064 20.093 20.73 36.093zM152 224h328v-48c0-26.51-21.49-48-48-48H272l-64-64H48C21.49 64 0 85.49 0 112v278.046l69.077-118.418C86.214 242.25 117.989 224 152 224z\"><\/path><\/svg><\/span>\n\t\t\t<span class='e-closed'><svg aria-hidden=\"true\" class=\"e-font-icon-svg e-fas-folder\" viewbox=\"0 0 512 512\" xmlns=\"http:\/\/www.w3.org\/2000\/svg\"><path d=\"M464 128H272l-64-64H48C21.49 64 0 85.49 0 112v288c0 26.51 21.49 48 48 48h416c26.51 0 48-21.49 48-48V176c0-26.51-21.49-48-48-48z\"><\/path><\/svg><\/span>\n\t\t<\/span>\n\n\t\t\t\t\t\t<\/summary>\n\t\t\t\t<div role=\"region\" aria-labelledby=\"e-n-accordion-item-1255\" class=\"elementor-element elementor-element-c3f149a e-flex e-con-boxed e-con e-child\" data-id=\"c3f149a\" data-element_type=\"container\" data-e-type=\"container\">\n\t\t\t\t\t<div class=\"e-con-inner\">\n\t\t\t\t<div class=\"elementor-element elementor-element-f4f20df elementor-widget elementor-widget-text-editor\" data-id=\"f4f20df\" data-element_type=\"widget\" data-e-type=\"widget\" data-widget_type=\"text-editor.default\">\n\t\t\t\t<div class=\"elementor-widget-container\">\n\t\t\t\t\t\t\t\t\t<p><strong>OBJETIVO:<\/strong>\u00a0Desarrollar un modelo de Programa Educativo Digitales para Museos por medio de una aplicaci\u00f3n interactiva multimedia y medible.<\/p><p><strong>L\u00cdNEA DE INVESTIGACI\u00d3N<\/strong><\/p><p>Industria y Sociedad<\/p><p><strong>DIRECTOR DEL PROYECTO<\/strong><\/p><p>Daniela Leiva<\/p><p><strong>INTEGRANTES<\/strong><\/p><p>Laura Araujo, Eduardo Cadena, Daniela Leiva, Elizabeth Narv\u00e1ez, Melisa Rodr\u00edguez<\/p>\t\t\t\t\t\t\t\t<\/div>\n\t\t\t\t<\/div>\n\t\t\t\t\t<\/div>\n\t\t\t\t<\/div>\n\t\t\t\t\t<\/details>\n\t\t\t\t\t\t<details id=\"e-n-accordion-item-1256\" class=\"e-n-accordion-item\" >\n\t\t\t\t<summary class=\"e-n-accordion-item-title\" data-accordion-index=\"7\" tabindex=\"-1\" aria-expanded=\"false\" aria-controls=\"e-n-accordion-item-1256\" >\n\t\t\t\t\t<span class='e-n-accordion-item-title-header'><div class=\"e-n-accordion-item-title-text\"> 7.CONECTADOS: DOTACI\u00d3N DE SERVICIOS DE INTERNET A ZONAS RURALES PARA EL APRENDIZAJE A DISTANCIA <\/div><\/span>\n\t\t\t\t\t\t\t<span class='e-n-accordion-item-title-icon'>\n\t\t\t<span class='e-opened' ><svg aria-hidden=\"true\" class=\"e-font-icon-svg e-fas-folder-open\" viewbox=\"0 0 576 512\" xmlns=\"http:\/\/www.w3.org\/2000\/svg\"><path d=\"M572.694 292.093L500.27 416.248A63.997 63.997 0 0 1 444.989 448H45.025c-18.523 0-30.064-20.093-20.731-36.093l72.424-124.155A64 64 0 0 1 152 256h399.964c18.523 0 30.064 20.093 20.73 36.093zM152 224h328v-48c0-26.51-21.49-48-48-48H272l-64-64H48C21.49 64 0 85.49 0 112v278.046l69.077-118.418C86.214 242.25 117.989 224 152 224z\"><\/path><\/svg><\/span>\n\t\t\t<span class='e-closed'><svg aria-hidden=\"true\" class=\"e-font-icon-svg e-fas-folder\" viewbox=\"0 0 512 512\" xmlns=\"http:\/\/www.w3.org\/2000\/svg\"><path d=\"M464 128H272l-64-64H48C21.49 64 0 85.49 0 112v288c0 26.51 21.49 48 48 48h416c26.51 0 48-21.49 48-48V176c0-26.51-21.49-48-48-48z\"><\/path><\/svg><\/span>\n\t\t<\/span>\n\n\t\t\t\t\t\t<\/summary>\n\t\t\t\t<div role=\"region\" aria-labelledby=\"e-n-accordion-item-1256\" class=\"elementor-element elementor-element-8fb29f7 e-flex e-con-boxed e-con e-child\" data-id=\"8fb29f7\" data-element_type=\"container\" data-e-type=\"container\">\n\t\t\t\t\t<div class=\"e-con-inner\">\n\t\t\t\t<div class=\"elementor-element elementor-element-c100217 elementor-widget elementor-widget-text-editor\" data-id=\"c100217\" data-element_type=\"widget\" data-e-type=\"widget\" data-widget_type=\"text-editor.default\">\n\t\t\t\t<div class=\"elementor-widget-container\">\n\t\t\t\t\t\t\t\t\t<p><strong>OBJETIVO:<\/strong>\u00a0Desarrollar un sistema de comunicaciones que permita proveer de servicio de internet aquellas zonas desprovistas de este servicio.<\/p><p><strong>L\u00cdNEA DE INVESTIGACI\u00d3N<\/strong><\/p><p>Tecnolog\u00eda e Innovaci\u00f3n<\/p><p><strong>DIRECTOR DEL PROYECTO<\/strong><\/p><p>Marcelo Zambrano<\/p><p><strong>INTEGRANTES<\/strong><\/p><p>Juan Minango<\/p>\t\t\t\t\t\t\t\t<\/div>\n\t\t\t\t<\/div>\n\t\t\t\t\t<\/div>\n\t\t\t\t<\/div>\n\t\t\t\t\t<\/details>\n\t\t\t\t\t\t<details id=\"e-n-accordion-item-1257\" class=\"e-n-accordion-item\" >\n\t\t\t\t<summary class=\"e-n-accordion-item-title\" data-accordion-index=\"8\" tabindex=\"-1\" aria-expanded=\"false\" aria-controls=\"e-n-accordion-item-1257\" >\n\t\t\t\t\t<span class='e-n-accordion-item-title-header'><div class=\"e-n-accordion-item-title-text\"> 8.LA TECNOPEDAGOG\u00cdA COMO ANDAMIAJE DE LOS MODELOS PEDAG\u00d3GICOS EN LA EDUCACI\u00d3N T\u00c9CNICA Y TECNOL\u00d3GICA <\/div><\/span>\n\t\t\t\t\t\t\t<span class='e-n-accordion-item-title-icon'>\n\t\t\t<span class='e-opened' ><svg aria-hidden=\"true\" class=\"e-font-icon-svg e-fas-folder-open\" viewbox=\"0 0 576 512\" xmlns=\"http:\/\/www.w3.org\/2000\/svg\"><path d=\"M572.694 292.093L500.27 416.248A63.997 63.997 0 0 1 444.989 448H45.025c-18.523 0-30.064-20.093-20.731-36.093l72.424-124.155A64 64 0 0 1 152 256h399.964c18.523 0 30.064 20.093 20.73 36.093zM152 224h328v-48c0-26.51-21.49-48-48-48H272l-64-64H48C21.49 64 0 85.49 0 112v278.046l69.077-118.418C86.214 242.25 117.989 224 152 224z\"><\/path><\/svg><\/span>\n\t\t\t<span class='e-closed'><svg aria-hidden=\"true\" class=\"e-font-icon-svg e-fas-folder\" viewbox=\"0 0 512 512\" xmlns=\"http:\/\/www.w3.org\/2000\/svg\"><path d=\"M464 128H272l-64-64H48C21.49 64 0 85.49 0 112v288c0 26.51 21.49 48 48 48h416c26.51 0 48-21.49 48-48V176c0-26.51-21.49-48-48-48z\"><\/path><\/svg><\/span>\n\t\t<\/span>\n\n\t\t\t\t\t\t<\/summary>\n\t\t\t\t<div role=\"region\" aria-labelledby=\"e-n-accordion-item-1257\" class=\"elementor-element elementor-element-0669489 e-flex e-con-boxed e-con e-child\" data-id=\"0669489\" data-element_type=\"container\" data-e-type=\"container\">\n\t\t\t\t\t<div class=\"e-con-inner\">\n\t\t\t\t<div class=\"elementor-element elementor-element-a7d828c elementor-widget elementor-widget-text-editor\" data-id=\"a7d828c\" data-element_type=\"widget\" data-e-type=\"widget\" data-widget_type=\"text-editor.default\">\n\t\t\t\t<div class=\"elementor-widget-container\">\n\t\t\t\t\t\t\t\t\t<p><strong>OBJETIVO:<\/strong>\u00a0Determinar las caracter\u00edsticas metodol\u00f3gicas y pedag\u00f3gicas de la educaci\u00f3n tradicional para trasladarse al entorno virtual y consolidar los procesos de ense\u00f1anza \u2013 aprendizaje a trav\u00e9s de la tecnopedagog\u00eda.<\/p><p><strong>L\u00cdNEA DE INVESTIGACI\u00d3N<\/strong><\/p><p>Industria y Sociedad<\/p><p><strong>DIRECTOR DEL PROYECTO<\/strong><\/p><p>Jorge Cadena<\/p><p><strong>INTEGRANTES<\/strong><\/p><p>Lizbeth Su\u00e1rez, Daniela Leiva, Mar\u00eda Jos\u00e9 Rivera, Daniel Brito<\/p>\t\t\t\t\t\t\t\t<\/div>\n\t\t\t\t<\/div>\n\t\t\t\t\t<\/div>\n\t\t\t\t<\/div>\n\t\t\t\t\t<\/details>\n\t\t\t\t\t\t<details id=\"e-n-accordion-item-1258\" class=\"e-n-accordion-item\" >\n\t\t\t\t<summary class=\"e-n-accordion-item-title\" data-accordion-index=\"9\" tabindex=\"-1\" aria-expanded=\"false\" aria-controls=\"e-n-accordion-item-1258\" >\n\t\t\t\t\t<span class='e-n-accordion-item-title-header'><div class=\"e-n-accordion-item-title-text\"> 9.TRANSFORMACI\u00d3N DEL BAGAZO DE LA CERVEZA EN LA INDUSTRIA ALIMENTICIA <\/div><\/span>\n\t\t\t\t\t\t\t<span class='e-n-accordion-item-title-icon'>\n\t\t\t<span class='e-opened' ><svg aria-hidden=\"true\" class=\"e-font-icon-svg e-fas-folder-open\" viewbox=\"0 0 576 512\" xmlns=\"http:\/\/www.w3.org\/2000\/svg\"><path d=\"M572.694 292.093L500.27 416.248A63.997 63.997 0 0 1 444.989 448H45.025c-18.523 0-30.064-20.093-20.731-36.093l72.424-124.155A64 64 0 0 1 152 256h399.964c18.523 0 30.064 20.093 20.73 36.093zM152 224h328v-48c0-26.51-21.49-48-48-48H272l-64-64H48C21.49 64 0 85.49 0 112v278.046l69.077-118.418C86.214 242.25 117.989 224 152 224z\"><\/path><\/svg><\/span>\n\t\t\t<span class='e-closed'><svg aria-hidden=\"true\" class=\"e-font-icon-svg e-fas-folder\" viewbox=\"0 0 512 512\" xmlns=\"http:\/\/www.w3.org\/2000\/svg\"><path d=\"M464 128H272l-64-64H48C21.49 64 0 85.49 0 112v288c0 26.51 21.49 48 48 48h416c26.51 0 48-21.49 48-48V176c0-26.51-21.49-48-48-48z\"><\/path><\/svg><\/span>\n\t\t<\/span>\n\n\t\t\t\t\t\t<\/summary>\n\t\t\t\t<div role=\"region\" aria-labelledby=\"e-n-accordion-item-1258\" class=\"elementor-element elementor-element-fc046eb e-flex e-con-boxed e-con e-child\" data-id=\"fc046eb\" data-element_type=\"container\" data-e-type=\"container\">\n\t\t\t\t\t<div class=\"e-con-inner\">\n\t\t\t\t<div class=\"elementor-element elementor-element-47bf703 elementor-widget elementor-widget-text-editor\" data-id=\"47bf703\" data-element_type=\"widget\" data-e-type=\"widget\" data-widget_type=\"text-editor.default\">\n\t\t\t\t<div class=\"elementor-widget-container\">\n\t\t\t\t\t\t\t\t\t<p><strong>OBJETIVO:<\/strong>\u00a0Investigar e identificar el procesos y usos de la harina del bagazo de la cerveza en la gastronom\u00eda.<\/p><p><strong>L\u00cdNEA DE INVESTIGACI\u00d3N<\/strong><\/p><p>Industria y Sociedad<\/p><p><strong>DIRECTOR DEL PROYECTO<\/strong><\/p><p>Santiago Ramiro<\/p><p><strong>INTEGRANTES<\/strong><\/p><p>Mar\u00eda Jos\u00e9 Chac\u00f3n, Renato S\u00e1nchez<\/p>\t\t\t\t\t\t\t\t<\/div>\n\t\t\t\t<\/div>\n\t\t\t\t\t<\/div>\n\t\t\t\t<\/div>\n\t\t\t\t\t<\/details>\n\t\t\t\t\t\t<details id=\"e-n-accordion-item-1259\" class=\"e-n-accordion-item\" >\n\t\t\t\t<summary class=\"e-n-accordion-item-title\" data-accordion-index=\"10\" tabindex=\"-1\" aria-expanded=\"false\" aria-controls=\"e-n-accordion-item-1259\" >\n\t\t\t\t\t<span class='e-n-accordion-item-title-header'><div class=\"e-n-accordion-item-title-text\"> 10.MODELOS DE GESTI\u00d3N ADMINISTRATIVA Y FINANCIERA APLICADOS A LAS MIPYMES EN ECUADOR PARA SU SOSTENIBILIDAD <\/div><\/span>\n\t\t\t\t\t\t\t<span class='e-n-accordion-item-title-icon'>\n\t\t\t<span class='e-opened' ><svg aria-hidden=\"true\" class=\"e-font-icon-svg e-fas-folder-open\" viewbox=\"0 0 576 512\" xmlns=\"http:\/\/www.w3.org\/2000\/svg\"><path d=\"M572.694 292.093L500.27 416.248A63.997 63.997 0 0 1 444.989 448H45.025c-18.523 0-30.064-20.093-20.731-36.093l72.424-124.155A64 64 0 0 1 152 256h399.964c18.523 0 30.064 20.093 20.73 36.093zM152 224h328v-48c0-26.51-21.49-48-48-48H272l-64-64H48C21.49 64 0 85.49 0 112v278.046l69.077-118.418C86.214 242.25 117.989 224 152 224z\"><\/path><\/svg><\/span>\n\t\t\t<span class='e-closed'><svg aria-hidden=\"true\" class=\"e-font-icon-svg e-fas-folder\" viewbox=\"0 0 512 512\" xmlns=\"http:\/\/www.w3.org\/2000\/svg\"><path d=\"M464 128H272l-64-64H48C21.49 64 0 85.49 0 112v288c0 26.51 21.49 48 48 48h416c26.51 0 48-21.49 48-48V176c0-26.51-21.49-48-48-48z\"><\/path><\/svg><\/span>\n\t\t<\/span>\n\n\t\t\t\t\t\t<\/summary>\n\t\t\t\t<div role=\"region\" aria-labelledby=\"e-n-accordion-item-1259\" class=\"elementor-element elementor-element-270dfb3 e-flex e-con-boxed e-con e-child\" data-id=\"270dfb3\" data-element_type=\"container\" data-e-type=\"container\">\n\t\t\t\t\t<div class=\"e-con-inner\">\n\t\t\t\t<div class=\"elementor-element elementor-element-afb6739 elementor-widget elementor-widget-text-editor\" data-id=\"afb6739\" data-element_type=\"widget\" data-e-type=\"widget\" data-widget_type=\"text-editor.default\">\n\t\t\t\t<div class=\"elementor-widget-container\">\n\t\t\t\t\t\t\t\t\t<p><strong>OBJETIVO:<\/strong>\u00a0Dise\u00f1ar un modelo de gesti\u00f3n administrativa, financiera e innovaci\u00f3n para emprendimientos y Mipymes.<\/p><p><strong>L\u00cdNEA DE INVESTIGACI\u00d3N<\/strong><\/p><p>Industria y Sociedad<\/p><p><strong>DIRECTOR DEL PROYECTO<\/strong><\/p><p>Ximena Cayambe<\/p><p><strong>INTEGRANTES<\/strong><\/p><p>Paulina Arellano, Luis Carrera<\/p>\t\t\t\t\t\t\t\t<\/div>\n\t\t\t\t<\/div>\n\t\t\t\t\t<\/div>\n\t\t\t\t<\/div>\n\t\t\t\t\t<\/details>\n\t\t\t\t\t\t<details id=\"e-n-accordion-item-12510\" class=\"e-n-accordion-item\" >\n\t\t\t\t<summary class=\"e-n-accordion-item-title\" data-accordion-index=\"11\" tabindex=\"-1\" aria-expanded=\"false\" aria-controls=\"e-n-accordion-item-12510\" >\n\t\t\t\t\t<span class='e-n-accordion-item-title-header'><div class=\"e-n-accordion-item-title-text\"> 11.AN\u00c1LISIS DE LA VARIACI\u00d3N DE PRECIOS DE LOS PRODUCTOS DEL SECTOR DE LA ECONOMIA POPULAR Y SOLIDARIA EN RELACION A LA ECONOMIA DE MERCADO <\/div><\/span>\n\t\t\t\t\t\t\t<span class='e-n-accordion-item-title-icon'>\n\t\t\t<span class='e-opened' ><svg aria-hidden=\"true\" class=\"e-font-icon-svg e-fas-folder-open\" viewbox=\"0 0 576 512\" xmlns=\"http:\/\/www.w3.org\/2000\/svg\"><path d=\"M572.694 292.093L500.27 416.248A63.997 63.997 0 0 1 444.989 448H45.025c-18.523 0-30.064-20.093-20.731-36.093l72.424-124.155A64 64 0 0 1 152 256h399.964c18.523 0 30.064 20.093 20.73 36.093zM152 224h328v-48c0-26.51-21.49-48-48-48H272l-64-64H48C21.49 64 0 85.49 0 112v278.046l69.077-118.418C86.214 242.25 117.989 224 152 224z\"><\/path><\/svg><\/span>\n\t\t\t<span class='e-closed'><svg aria-hidden=\"true\" class=\"e-font-icon-svg e-fas-folder\" viewbox=\"0 0 512 512\" xmlns=\"http:\/\/www.w3.org\/2000\/svg\"><path d=\"M464 128H272l-64-64H48C21.49 64 0 85.49 0 112v288c0 26.51 21.49 48 48 48h416c26.51 0 48-21.49 48-48V176c0-26.51-21.49-48-48-48z\"><\/path><\/svg><\/span>\n\t\t<\/span>\n\n\t\t\t\t\t\t<\/summary>\n\t\t\t\t<div role=\"region\" aria-labelledby=\"e-n-accordion-item-12510\" class=\"elementor-element elementor-element-a8d7864 e-flex e-con-boxed e-con e-child\" data-id=\"a8d7864\" data-element_type=\"container\" data-e-type=\"container\">\n\t\t\t\t\t<div class=\"e-con-inner\">\n\t\t\t\t<div class=\"elementor-element elementor-element-edde95d elementor-widget elementor-widget-text-editor\" data-id=\"edde95d\" data-element_type=\"widget\" data-e-type=\"widget\" data-widget_type=\"text-editor.default\">\n\t\t\t\t<div class=\"elementor-widget-container\">\n\t\t\t\t\t\t\t\t\t<p><strong>OBJETIVO:<\/strong>\u00a0Analizar la variaci\u00f3n de los precios de los productos del sector de la econom\u00eda popular y solidaria en relaci\u00f3n a la econom\u00eda de mercado.<\/p><p><strong>L\u00cdNEA DE INVESTIGACI\u00d3N<\/strong><\/p><p>Industria y Sociedad<\/p><p><strong>DIRECTOR DEL PROYECTO<\/strong><\/p><p>Ricardo Ortega<\/p><p><strong>INTEGRANTES<\/strong><\/p><p>Mg. M\u00f3nica Loacham\u00edn<\/p>\t\t\t\t\t\t\t\t<\/div>\n\t\t\t\t<\/div>\n\t\t\t\t\t<\/div>\n\t\t\t\t<\/div>\n\t\t\t\t\t<\/details>\n\t\t\t\t\t\t<details id=\"e-n-accordion-item-12511\" class=\"e-n-accordion-item\" >\n\t\t\t\t<summary class=\"e-n-accordion-item-title\" data-accordion-index=\"12\" tabindex=\"-1\" aria-expanded=\"false\" aria-controls=\"e-n-accordion-item-12511\" >\n\t\t\t\t\t<span class='e-n-accordion-item-title-header'><div class=\"e-n-accordion-item-title-text\"> 12.AN\u00c1LISIS DE LA CIBERSEGURIDAD PARA UNA INSTITUCI\u00d3N DE EDUCACI\u00d3N NIVEL MEDIO <\/div><\/span>\n\t\t\t\t\t\t\t<span class='e-n-accordion-item-title-icon'>\n\t\t\t<span class='e-opened' ><svg aria-hidden=\"true\" class=\"e-font-icon-svg e-fas-folder-open\" viewbox=\"0 0 576 512\" xmlns=\"http:\/\/www.w3.org\/2000\/svg\"><path d=\"M572.694 292.093L500.27 416.248A63.997 63.997 0 0 1 444.989 448H45.025c-18.523 0-30.064-20.093-20.731-36.093l72.424-124.155A64 64 0 0 1 152 256h399.964c18.523 0 30.064 20.093 20.73 36.093zM152 224h328v-48c0-26.51-21.49-48-48-48H272l-64-64H48C21.49 64 0 85.49 0 112v278.046l69.077-118.418C86.214 242.25 117.989 224 152 224z\"><\/path><\/svg><\/span>\n\t\t\t<span class='e-closed'><svg aria-hidden=\"true\" class=\"e-font-icon-svg e-fas-folder\" viewbox=\"0 0 512 512\" xmlns=\"http:\/\/www.w3.org\/2000\/svg\"><path d=\"M464 128H272l-64-64H48C21.49 64 0 85.49 0 112v288c0 26.51 21.49 48 48 48h416c26.51 0 48-21.49 48-48V176c0-26.51-21.49-48-48-48z\"><\/path><\/svg><\/span>\n\t\t<\/span>\n\n\t\t\t\t\t\t<\/summary>\n\t\t\t\t<div role=\"region\" aria-labelledby=\"e-n-accordion-item-12511\" class=\"elementor-element elementor-element-443d400 e-flex e-con-boxed e-con e-child\" data-id=\"443d400\" data-element_type=\"container\" data-e-type=\"container\">\n\t\t\t\t\t<div class=\"e-con-inner\">\n\t\t\t\t<div class=\"elementor-element elementor-element-95b4767 elementor-widget elementor-widget-text-editor\" data-id=\"95b4767\" data-element_type=\"widget\" data-e-type=\"widget\" data-widget_type=\"text-editor.default\">\n\t\t\t\t<div class=\"elementor-widget-container\">\n\t\t\t\t\t\t\t\t\t<p><strong>OBJETIVO:<\/strong>\u00a0Evaluar la infraestructura de TIC tal como: software, hardware, redes, instalaciones, con la finalidad de conocer la realidad tecnol\u00f3gica de las instituciones educativas con la finalidad de identificar las amenazas y vulnerabilidades que puedan comprometer la continuidad del negocio y determinar si est\u00e1n preparadas para responder, atender o manejar incidentes de seguridad inform\u00e1tica en caso de producirse.<\/p><p><strong>L\u00cdNEA DE INVESTIGACI\u00d3N<\/strong><\/p><p>Tecnolog\u00eda e Innovaci\u00f3n<\/p><p><strong>DIRECTOR DEL PROYECTO<\/strong><\/p><p>Gerardo Cajamarca M\u00e9ndez<\/p><p><strong>INTEGRANTES<\/strong><\/p><p>Gerardo Cajamarca M\u00e9ndez<\/p>\t\t\t\t\t\t\t\t<\/div>\n\t\t\t\t<\/div>\n\t\t\t\t\t<\/div>\n\t\t\t\t<\/div>\n\t\t\t\t\t<\/details>\n\t\t\t\t\t\t<details id=\"e-n-accordion-item-12512\" class=\"e-n-accordion-item\" >\n\t\t\t\t<summary class=\"e-n-accordion-item-title\" data-accordion-index=\"13\" tabindex=\"-1\" aria-expanded=\"false\" aria-controls=\"e-n-accordion-item-12512\" >\n\t\t\t\t\t<span class='e-n-accordion-item-title-header'><div class=\"e-n-accordion-item-title-text\"> 13.INFLUENCIA DE LA IGLESIA CRISTIANA EVANG\u00c9LICA EN LOS \u00cdNDICES DE VIOLENCIA INTRAFAMILIAR <\/div><\/span>\n\t\t\t\t\t\t\t<span class='e-n-accordion-item-title-icon'>\n\t\t\t<span class='e-opened' ><svg aria-hidden=\"true\" class=\"e-font-icon-svg e-fas-folder-open\" viewbox=\"0 0 576 512\" xmlns=\"http:\/\/www.w3.org\/2000\/svg\"><path d=\"M572.694 292.093L500.27 416.248A63.997 63.997 0 0 1 444.989 448H45.025c-18.523 0-30.064-20.093-20.731-36.093l72.424-124.155A64 64 0 0 1 152 256h399.964c18.523 0 30.064 20.093 20.73 36.093zM152 224h328v-48c0-26.51-21.49-48-48-48H272l-64-64H48C21.49 64 0 85.49 0 112v278.046l69.077-118.418C86.214 242.25 117.989 224 152 224z\"><\/path><\/svg><\/span>\n\t\t\t<span class='e-closed'><svg aria-hidden=\"true\" class=\"e-font-icon-svg e-fas-folder\" viewbox=\"0 0 512 512\" xmlns=\"http:\/\/www.w3.org\/2000\/svg\"><path d=\"M464 128H272l-64-64H48C21.49 64 0 85.49 0 112v288c0 26.51 21.49 48 48 48h416c26.51 0 48-21.49 48-48V176c0-26.51-21.49-48-48-48z\"><\/path><\/svg><\/span>\n\t\t<\/span>\n\n\t\t\t\t\t\t<\/summary>\n\t\t\t\t<div role=\"region\" aria-labelledby=\"e-n-accordion-item-12512\" class=\"elementor-element elementor-element-a88170f e-flex e-con-boxed e-con e-child\" data-id=\"a88170f\" data-element_type=\"container\" data-e-type=\"container\">\n\t\t\t\t\t<div class=\"e-con-inner\">\n\t\t\t\t<div class=\"elementor-element elementor-element-fe52218 elementor-widget elementor-widget-text-editor\" data-id=\"fe52218\" data-element_type=\"widget\" data-e-type=\"widget\" data-widget_type=\"text-editor.default\">\n\t\t\t\t<div class=\"elementor-widget-container\">\n\t\t\t\t\t\t\t\t\t<p><strong>OBJETIVO:<\/strong>\u00a0Determinar la influencia de la Iglesia Cristiana en la disminuci\u00f3n de los \u00cdndices de violencia familiar<\/p><p><strong>L\u00cdNEA DE INVESTIGACI\u00d3N<\/strong><\/p><p>Desarrollo Humano y Social<\/p><p><strong>DIRECTOR DEL PROYECTO<\/strong><\/p><p>Orelvis Ben\u00edtez Correa<\/p><p><strong>INTEGRANTES<\/strong><\/p><p>Orelvis Ben\u00edtez, Mauricio Esp\u00edn, Fabricio Polo, Ver\u00f3nica Guzm\u00e1n<\/p>\t\t\t\t\t\t\t\t<\/div>\n\t\t\t\t<\/div>\n\t\t\t\t\t<\/div>\n\t\t\t\t<\/div>\n\t\t\t\t\t<\/details>\n\t\t\t\t\t\t<details id=\"e-n-accordion-item-12513\" class=\"e-n-accordion-item\" >\n\t\t\t\t<summary class=\"e-n-accordion-item-title\" data-accordion-index=\"14\" tabindex=\"-1\" aria-expanded=\"false\" aria-controls=\"e-n-accordion-item-12513\" >\n\t\t\t\t\t<span class='e-n-accordion-item-title-header'><div class=\"e-n-accordion-item-title-text\"> 14.IDENTIFICACI\u00d3N DE LOS FACTORES DE RIESGO QUE INCIDEN EN LA SINIESTRALIDAD DEL CANT\u00d3N RUMI\u00d1AHUI <\/div><\/span>\n\t\t\t\t\t\t\t<span class='e-n-accordion-item-title-icon'>\n\t\t\t<span class='e-opened' ><svg aria-hidden=\"true\" class=\"e-font-icon-svg e-fas-folder-open\" viewbox=\"0 0 576 512\" xmlns=\"http:\/\/www.w3.org\/2000\/svg\"><path d=\"M572.694 292.093L500.27 416.248A63.997 63.997 0 0 1 444.989 448H45.025c-18.523 0-30.064-20.093-20.731-36.093l72.424-124.155A64 64 0 0 1 152 256h399.964c18.523 0 30.064 20.093 20.73 36.093zM152 224h328v-48c0-26.51-21.49-48-48-48H272l-64-64H48C21.49 64 0 85.49 0 112v278.046l69.077-118.418C86.214 242.25 117.989 224 152 224z\"><\/path><\/svg><\/span>\n\t\t\t<span class='e-closed'><svg aria-hidden=\"true\" class=\"e-font-icon-svg e-fas-folder\" viewbox=\"0 0 512 512\" xmlns=\"http:\/\/www.w3.org\/2000\/svg\"><path d=\"M464 128H272l-64-64H48C21.49 64 0 85.49 0 112v288c0 26.51 21.49 48 48 48h416c26.51 0 48-21.49 48-48V176c0-26.51-21.49-48-48-48z\"><\/path><\/svg><\/span>\n\t\t<\/span>\n\n\t\t\t\t\t\t<\/summary>\n\t\t\t\t<div role=\"region\" aria-labelledby=\"e-n-accordion-item-12513\" class=\"elementor-element elementor-element-ebd6e17 e-flex e-con-boxed e-con e-child\" data-id=\"ebd6e17\" data-element_type=\"container\" data-e-type=\"container\">\n\t\t\t\t\t<div class=\"e-con-inner\">\n\t\t\t\t<div class=\"elementor-element elementor-element-f8a1f5d elementor-widget elementor-widget-text-editor\" data-id=\"f8a1f5d\" data-element_type=\"widget\" data-e-type=\"widget\" data-widget_type=\"text-editor.default\">\n\t\t\t\t<div class=\"elementor-widget-container\">\n\t\t\t\t\t\t\t\t\t<p><strong>OBJETIVO:<\/strong>\u00a0Capacitar a los choferes profesionales del cant\u00f3n Rumi\u00f1ahui sobre los factores de riesgo para elevar el nivel de conciencia, responsabilidad vial y disminuir la accidentalidad.<\/p><p><strong>L\u00cdNEA DE INVESTIGACI\u00d3N<\/strong><\/p><p>Desarrollo Humano y Social<\/p><p><strong>DIRECTOR DEL PROYECTO<\/strong><\/p><p>Danny Pe\u00f1afiel L\u00f3pez<\/p><p><strong>INTEGRANTES<\/strong><\/p><p>Renato Robinson Aucancela Quizhpe, Lorena Fernanda Herrera Chiquinba, Marieta Arpi Land\u00e1zuri<\/p>\t\t\t\t\t\t\t\t<\/div>\n\t\t\t\t<\/div>\n\t\t\t\t\t<\/div>\n\t\t\t\t<\/div>\n\t\t\t\t\t<\/details>\n\t\t\t\t\t\t<details id=\"e-n-accordion-item-12514\" class=\"e-n-accordion-item\" >\n\t\t\t\t<summary class=\"e-n-accordion-item-title\" data-accordion-index=\"15\" tabindex=\"-1\" aria-expanded=\"false\" aria-controls=\"e-n-accordion-item-12514\" >\n\t\t\t\t\t<span class='e-n-accordion-item-title-header'><div class=\"e-n-accordion-item-title-text\"> 15.OBSERVATORIOS DE INVESTIGACI\u00d3N POR CARRERAS EN EL INSTITUTO UNIVERSITARIO RUMI\u00d1AHUI <\/div><\/span>\n\t\t\t\t\t\t\t<span class='e-n-accordion-item-title-icon'>\n\t\t\t<span class='e-opened' ><svg aria-hidden=\"true\" class=\"e-font-icon-svg e-fas-folder-open\" viewbox=\"0 0 576 512\" xmlns=\"http:\/\/www.w3.org\/2000\/svg\"><path d=\"M572.694 292.093L500.27 416.248A63.997 63.997 0 0 1 444.989 448H45.025c-18.523 0-30.064-20.093-20.731-36.093l72.424-124.155A64 64 0 0 1 152 256h399.964c18.523 0 30.064 20.093 20.73 36.093zM152 224h328v-48c0-26.51-21.49-48-48-48H272l-64-64H48C21.49 64 0 85.49 0 112v278.046l69.077-118.418C86.214 242.25 117.989 224 152 224z\"><\/path><\/svg><\/span>\n\t\t\t<span class='e-closed'><svg aria-hidden=\"true\" class=\"e-font-icon-svg e-fas-folder\" viewbox=\"0 0 512 512\" xmlns=\"http:\/\/www.w3.org\/2000\/svg\"><path d=\"M464 128H272l-64-64H48C21.49 64 0 85.49 0 112v288c0 26.51 21.49 48 48 48h416c26.51 0 48-21.49 48-48V176c0-26.51-21.49-48-48-48z\"><\/path><\/svg><\/span>\n\t\t<\/span>\n\n\t\t\t\t\t\t<\/summary>\n\t\t\t\t<div role=\"region\" aria-labelledby=\"e-n-accordion-item-12514\" class=\"elementor-element elementor-element-23a50e6 e-flex e-con-boxed e-con e-child\" data-id=\"23a50e6\" data-element_type=\"container\" data-e-type=\"container\">\n\t\t\t\t\t<div class=\"e-con-inner\">\n\t\t\t\t<div class=\"elementor-element elementor-element-4116973 elementor-widget elementor-widget-text-editor\" data-id=\"4116973\" data-element_type=\"widget\" data-e-type=\"widget\" data-widget_type=\"text-editor.default\">\n\t\t\t\t<div class=\"elementor-widget-container\">\n\t\t\t\t\t\t\t\t\t<p><strong>OBJETIVO:<\/strong>\u00a0Presentar una estructura conceptual y pr\u00e1ctica de un observatorio por cada carrera del Instituto Universitario Rumi\u00f1ahui, como un instrumento para la gesti\u00f3n de la informaci\u00f3n, con la finalidad de aportar datos relevantes y de apoyo a las diferentes carreras, haciendo \u00e9nfasis en los avances tecnol\u00f3gicos.<\/p><p><strong>L\u00cdNEA DE INVESTIGACI\u00d3N<\/strong><\/p><p>Desarrollo Humano y Social<\/p><p><strong>DIRECTOR DEL PROYECTO<\/strong><\/p><p>Mar\u00eda Jos\u00e9 Rivera<\/p><p><strong>INTEGRANTES<\/strong><\/p><p>Marcelo Zambrano, Wladimir Paredes<\/p>\t\t\t\t\t\t\t\t<\/div>\n\t\t\t\t<\/div>\n\t\t\t\t\t<\/div>\n\t\t\t\t<\/div>\n\t\t\t\t\t<\/details>\n\t\t\t\t\t<\/div>\n\t\t\t\t\t\t<\/div>\n\t\t\t\t<\/div>\n\t\t\t\t<\/div>\n\t\t<div id=\"e-n-tab-content-1670562464\" role=\"tabpanel\" aria-labelledby=\"e-n-tab-title-1670562464\" data-tab-index=\"4\" style=\"--n-tabs-title-order: 4;\" class=\"elementor-element elementor-element-884aac7 e-con-full e-flex e-con e-child\" data-id=\"884aac7\" data-element_type=\"container\" data-e-type=\"container\">\n\t\t\t\t<div class=\"elementor-element elementor-element-52b3e5a elementor-widget elementor-widget-n-accordion\" data-id=\"52b3e5a\" data-element_type=\"widget\" data-e-type=\"widget\" data-settings=\"{&quot;default_state&quot;:&quot;all_collapsed&quot;,&quot;max_items_expended&quot;:&quot;one&quot;,&quot;n_accordion_animation_duration&quot;:{&quot;unit&quot;:&quot;ms&quot;,&quot;size&quot;:400,&quot;sizes&quot;:[]}}\" data-widget_type=\"nested-accordion.default\">\n\t\t\t\t<div class=\"elementor-widget-container\">\n\t\t\t\t\t\t\t<div class=\"e-n-accordion\" aria-label=\"Accordion. Open links with Enter or Space, close with Escape, and navigate with Arrow Keys\">\n\t\t\t\t\t\t<details id=\"e-n-accordion-item-8670\" class=\"e-n-accordion-item\" >\n\t\t\t\t<summary class=\"e-n-accordion-item-title\" data-accordion-index=\"1\" tabindex=\"0\" aria-expanded=\"false\" aria-controls=\"e-n-accordion-item-8670\" >\n\t\t\t\t\t<span class='e-n-accordion-item-title-header'><div class=\"e-n-accordion-item-title-text\"> 1.DISE\u00d1O E IMPLEMENTACI\u00d3N DE ALGORITMOS DE CONTROL INTELIGENTE MEDIANTE UNA RED DE SENSORES IOT, APLICADOS A LA CONDUCCI\u00d3N AUT\u00d3NOMA DE VEH\u00cdCULOS CONVENCIONALES, ORIENTADO A SERVICIOS DE AUTO ENTREGA DOMICILIAR EN SITUACIONES DE EMERGENCIA. <\/div><\/span>\n\t\t\t\t\t\t\t<span class='e-n-accordion-item-title-icon'>\n\t\t\t<span class='e-opened' ><svg aria-hidden=\"true\" class=\"e-font-icon-svg e-fas-folder-open\" viewbox=\"0 0 576 512\" xmlns=\"http:\/\/www.w3.org\/2000\/svg\"><path d=\"M572.694 292.093L500.27 416.248A63.997 63.997 0 0 1 444.989 448H45.025c-18.523 0-30.064-20.093-20.731-36.093l72.424-124.155A64 64 0 0 1 152 256h399.964c18.523 0 30.064 20.093 20.73 36.093zM152 224h328v-48c0-26.51-21.49-48-48-48H272l-64-64H48C21.49 64 0 85.49 0 112v278.046l69.077-118.418C86.214 242.25 117.989 224 152 224z\"><\/path><\/svg><\/span>\n\t\t\t<span class='e-closed'><svg aria-hidden=\"true\" class=\"e-font-icon-svg e-fas-folder\" viewbox=\"0 0 512 512\" xmlns=\"http:\/\/www.w3.org\/2000\/svg\"><path d=\"M464 128H272l-64-64H48C21.49 64 0 85.49 0 112v288c0 26.51 21.49 48 48 48h416c26.51 0 48-21.49 48-48V176c0-26.51-21.49-48-48-48z\"><\/path><\/svg><\/span>\n\t\t<\/span>\n\n\t\t\t\t\t\t<\/summary>\n\t\t\t\t<div role=\"region\" aria-labelledby=\"e-n-accordion-item-8670\" class=\"elementor-element elementor-element-794b9a5 e-flex e-con-boxed e-con e-child\" data-id=\"794b9a5\" data-element_type=\"container\" data-e-type=\"container\">\n\t\t\t\t\t<div class=\"e-con-inner\">\n\t\t\t\t<div class=\"elementor-element elementor-element-337dd59 elementor-widget elementor-widget-text-editor\" data-id=\"337dd59\" data-element_type=\"widget\" data-e-type=\"widget\" data-widget_type=\"text-editor.default\">\n\t\t\t\t<div class=\"elementor-widget-container\">\n\t\t\t\t\t\t\t\t\t<p><strong>OBJETIVO:<\/strong>\u00a0El objetivo principal de este proyecto es dise\u00f1ar e implementar un sistema de control inteligente mediante el uso de una red de sensores IoT, aplicado a veh\u00edculos convencionales con transmisi\u00f3n autom\u00e1tica, orientado a servicios de auto entrega en casos de emergencia sanitaria.<\/p><p><strong>L\u00cdNEA DE INVESTIGACI\u00d3N<\/strong><\/p><p>Industria y sociedad<\/p><p><strong>DIRECTOR DEL PROYECTO<\/strong><\/p><p>Alex Patricio Toapanta Guacapi\u00f1a<\/p><p><strong>INTEGRANTES<\/strong><\/p><p>Danny Jos\u00e9 Zea Orellana, Cristian Andr\u00e9s Tasiguano Pozo<\/p>\t\t\t\t\t\t\t\t<\/div>\n\t\t\t\t<\/div>\n\t\t\t\t\t<\/div>\n\t\t\t\t<\/div>\n\t\t\t\t\t<\/details>\n\t\t\t\t\t\t<details id=\"e-n-accordion-item-8671\" class=\"e-n-accordion-item\" >\n\t\t\t\t<summary class=\"e-n-accordion-item-title\" data-accordion-index=\"2\" tabindex=\"-1\" aria-expanded=\"false\" aria-controls=\"e-n-accordion-item-8671\" >\n\t\t\t\t\t<span class='e-n-accordion-item-title-header'><div class=\"e-n-accordion-item-title-text\"> 2.IMPACTO CLIMATOL\u00d3GICO EN LA VITIS VIN\u00cdFERA CULTIVADA EN ECUADOR <\/div><\/span>\n\t\t\t\t\t\t\t<span class='e-n-accordion-item-title-icon'>\n\t\t\t<span class='e-opened' ><svg aria-hidden=\"true\" class=\"e-font-icon-svg e-fas-folder-open\" viewbox=\"0 0 576 512\" xmlns=\"http:\/\/www.w3.org\/2000\/svg\"><path d=\"M572.694 292.093L500.27 416.248A63.997 63.997 0 0 1 444.989 448H45.025c-18.523 0-30.064-20.093-20.731-36.093l72.424-124.155A64 64 0 0 1 152 256h399.964c18.523 0 30.064 20.093 20.73 36.093zM152 224h328v-48c0-26.51-21.49-48-48-48H272l-64-64H48C21.49 64 0 85.49 0 112v278.046l69.077-118.418C86.214 242.25 117.989 224 152 224z\"><\/path><\/svg><\/span>\n\t\t\t<span class='e-closed'><svg aria-hidden=\"true\" class=\"e-font-icon-svg e-fas-folder\" viewbox=\"0 0 512 512\" xmlns=\"http:\/\/www.w3.org\/2000\/svg\"><path d=\"M464 128H272l-64-64H48C21.49 64 0 85.49 0 112v288c0 26.51 21.49 48 48 48h416c26.51 0 48-21.49 48-48V176c0-26.51-21.49-48-48-48z\"><\/path><\/svg><\/span>\n\t\t<\/span>\n\n\t\t\t\t\t\t<\/summary>\n\t\t\t\t<div role=\"region\" aria-labelledby=\"e-n-accordion-item-8671\" class=\"elementor-element elementor-element-bee0afe e-flex e-con-boxed e-con e-child\" data-id=\"bee0afe\" data-element_type=\"container\" data-e-type=\"container\">\n\t\t\t\t\t<div class=\"e-con-inner\">\n\t\t\t\t<div class=\"elementor-element elementor-element-0a0d8b0 elementor-widget elementor-widget-text-editor\" data-id=\"0a0d8b0\" data-element_type=\"widget\" data-e-type=\"widget\" data-widget_type=\"text-editor.default\">\n\t\t\t\t<div class=\"elementor-widget-container\">\n\t\t\t\t\t\t\t\t\t<p><strong>OBJETIVO:<\/strong>\u00a0Este proyecto tiene como Objetivo desarrollar un an\u00e1lisis los efectos de la climatolog\u00eda en las provincias de Pichincha, Azuay, Santa Elena y Loja en el cultivo de la vitis vin\u00edfera y las cualidades que aporta en la obtenci\u00f3n de vinos con calidad de exportaci\u00f3n..<\/p><p><strong>L\u00cdNEA DE INVESTIGACI\u00d3N<\/strong><\/p><p>Industria y sociedad.<\/p><p><strong>DIRECTOR DEL PROYECTO<\/strong><\/p><p>Andrea Santander.<\/p><p><strong>INTEGRANTES<\/strong><\/p><p>Melisa Rodr\u00edguez, Carlos Toapanta, Andr\u00e9s Su\u00e1rez<\/p>\t\t\t\t\t\t\t\t<\/div>\n\t\t\t\t<\/div>\n\t\t\t\t\t<\/div>\n\t\t\t\t<\/div>\n\t\t\t\t\t<\/details>\n\t\t\t\t\t<\/div>\n\t\t\t\t\t\t<\/div>\n\t\t\t\t<\/div>\n\t\t\t\t<\/div>\n\t\t<div id=\"e-n-tab-content-1670562465\" role=\"tabpanel\" aria-labelledby=\"e-n-tab-title-1670562465\" data-tab-index=\"5\" style=\"--n-tabs-title-order: 5;\" class=\"elementor-element elementor-element-4a8d0c6 e-con-full e-flex e-con e-child\" data-id=\"4a8d0c6\" data-element_type=\"container\" data-e-type=\"container\">\n\t\t\t\t<div class=\"elementor-element elementor-element-8146962 elementor-widget elementor-widget-n-accordion\" data-id=\"8146962\" data-element_type=\"widget\" data-e-type=\"widget\" data-settings=\"{&quot;default_state&quot;:&quot;all_collapsed&quot;,&quot;max_items_expended&quot;:&quot;one&quot;,&quot;n_accordion_animation_duration&quot;:{&quot;unit&quot;:&quot;ms&quot;,&quot;size&quot;:400,&quot;sizes&quot;:[]}}\" data-widget_type=\"nested-accordion.default\">\n\t\t\t\t<div class=\"elementor-widget-container\">\n\t\t\t\t\t\t\t<div class=\"e-n-accordion\" aria-label=\"Accordion. Open links with Enter or Space, close with Escape, and navigate with Arrow Keys\">\n\t\t\t\t\t\t<details id=\"e-n-accordion-item-1350\" class=\"e-n-accordion-item\" >\n\t\t\t\t<summary class=\"e-n-accordion-item-title\" data-accordion-index=\"1\" tabindex=\"0\" aria-expanded=\"false\" aria-controls=\"e-n-accordion-item-1350\" >\n\t\t\t\t\t<span class='e-n-accordion-item-title-header'><div class=\"e-n-accordion-item-title-text\"> 1.SISTEMA DE APOYO Y SUPERVISI\u00d3N PARA EL PERSONAL T\u00c1CTICO DE RESPUESTA A UN INCENDIO FORESTAL. <\/div><\/span>\n\t\t\t\t\t\t\t<span class='e-n-accordion-item-title-icon'>\n\t\t\t<span class='e-opened' ><svg aria-hidden=\"true\" class=\"e-font-icon-svg e-fas-folder-open\" viewbox=\"0 0 576 512\" xmlns=\"http:\/\/www.w3.org\/2000\/svg\"><path d=\"M572.694 292.093L500.27 416.248A63.997 63.997 0 0 1 444.989 448H45.025c-18.523 0-30.064-20.093-20.731-36.093l72.424-124.155A64 64 0 0 1 152 256h399.964c18.523 0 30.064 20.093 20.73 36.093zM152 224h328v-48c0-26.51-21.49-48-48-48H272l-64-64H48C21.49 64 0 85.49 0 112v278.046l69.077-118.418C86.214 242.25 117.989 224 152 224z\"><\/path><\/svg><\/span>\n\t\t\t<span class='e-closed'><svg aria-hidden=\"true\" class=\"e-font-icon-svg e-fas-folder\" viewbox=\"0 0 512 512\" xmlns=\"http:\/\/www.w3.org\/2000\/svg\"><path d=\"M464 128H272l-64-64H48C21.49 64 0 85.49 0 112v288c0 26.51 21.49 48 48 48h416c26.51 0 48-21.49 48-48V176c0-26.51-21.49-48-48-48z\"><\/path><\/svg><\/span>\n\t\t<\/span>\n\n\t\t\t\t\t\t<\/summary>\n\t\t\t\t<div role=\"region\" aria-labelledby=\"e-n-accordion-item-1350\" class=\"elementor-element elementor-element-04289b9 e-flex e-con-boxed e-con e-child\" data-id=\"04289b9\" data-element_type=\"container\" data-e-type=\"container\">\n\t\t\t\t\t<div class=\"e-con-inner\">\n\t\t\t\t<div class=\"elementor-element elementor-element-36de2d6 elementor-widget elementor-widget-text-editor\" data-id=\"36de2d6\" data-element_type=\"widget\" data-e-type=\"widget\" data-widget_type=\"text-editor.default\">\n\t\t\t\t<div class=\"elementor-widget-container\">\n\t\t\t\t\t\t\t\t\t<p><strong>OBJETIVO:<\/strong>\u00a0Este proyecto tiene como objetivo principal el desarrollo de una herramienta de apoyo y supervisi\u00f3n para el personal t\u00e1ctico involucrado en la fase de respuesta a un incendio forestal. Propone la implementaci\u00f3n de un sistema que permite supervisar las condiciones del entorno del desastre y la situaci\u00f3n de personal de respuesta dentro del mismo.<\/p><p><strong>L\u00cdNEA DE INVESTIGACI\u00d3N<\/strong><\/p><p>Tecnolog\u00eda e innovaci\u00f3n.<\/p><p><strong>DIRECTOR DEL PROYECTO<\/strong><\/p><p>PhD. Marcelo Zambrano.<\/p><p><strong>INTEGRANTES<\/strong><\/p><p>MSc. Ricardo Rosero, PhD. Marcelo Zambrano.<\/p>\t\t\t\t\t\t\t\t<\/div>\n\t\t\t\t<\/div>\n\t\t\t\t\t<\/div>\n\t\t\t\t<\/div>\n\t\t\t\t\t<\/details>\n\t\t\t\t\t\t<details id=\"e-n-accordion-item-1351\" class=\"e-n-accordion-item\" >\n\t\t\t\t<summary class=\"e-n-accordion-item-title\" data-accordion-index=\"2\" tabindex=\"-1\" aria-expanded=\"false\" aria-controls=\"e-n-accordion-item-1351\" >\n\t\t\t\t\t<span class='e-n-accordion-item-title-header'><div class=\"e-n-accordion-item-title-text\"> 2.COMPETENCIAS COMUNICATIVAS Y TECNOL\u00d3GICAS PARA MEJORAR EL DESEMPE\u00d1O DOCENTE UNIVERSITARIO <\/div><\/span>\n\t\t\t\t\t\t\t<span class='e-n-accordion-item-title-icon'>\n\t\t\t<span class='e-opened' ><svg aria-hidden=\"true\" class=\"e-font-icon-svg e-fas-folder-open\" viewbox=\"0 0 576 512\" xmlns=\"http:\/\/www.w3.org\/2000\/svg\"><path d=\"M572.694 292.093L500.27 416.248A63.997 63.997 0 0 1 444.989 448H45.025c-18.523 0-30.064-20.093-20.731-36.093l72.424-124.155A64 64 0 0 1 152 256h399.964c18.523 0 30.064 20.093 20.73 36.093zM152 224h328v-48c0-26.51-21.49-48-48-48H272l-64-64H48C21.49 64 0 85.49 0 112v278.046l69.077-118.418C86.214 242.25 117.989 224 152 224z\"><\/path><\/svg><\/span>\n\t\t\t<span class='e-closed'><svg aria-hidden=\"true\" class=\"e-font-icon-svg e-fas-folder\" viewbox=\"0 0 512 512\" xmlns=\"http:\/\/www.w3.org\/2000\/svg\"><path d=\"M464 128H272l-64-64H48C21.49 64 0 85.49 0 112v288c0 26.51 21.49 48 48 48h416c26.51 0 48-21.49 48-48V176c0-26.51-21.49-48-48-48z\"><\/path><\/svg><\/span>\n\t\t<\/span>\n\n\t\t\t\t\t\t<\/summary>\n\t\t\t\t<div role=\"region\" aria-labelledby=\"e-n-accordion-item-1351\" class=\"elementor-element elementor-element-9358492 e-flex e-con-boxed e-con e-child\" data-id=\"9358492\" data-element_type=\"container\" data-e-type=\"container\">\n\t\t\t\t\t<div class=\"e-con-inner\">\n\t\t\t\t<div class=\"elementor-element elementor-element-07f1d4c elementor-widget elementor-widget-text-editor\" data-id=\"07f1d4c\" data-element_type=\"widget\" data-e-type=\"widget\" data-widget_type=\"text-editor.default\">\n\t\t\t\t<div class=\"elementor-widget-container\">\n\t\t\t\t\t\t\t\t\t<p><strong>OBJETIVO:<\/strong>\u00a0El objetivo del proyecto es establecer un marco te\u00f3rico que explique c\u00f3mo se ha desarrollado hasta la actualidad el uso de las nuevas tecnolog\u00edas en los procesos de ense\u00f1anza aprendizaje (PEA) universitaria.<\/p><p><strong>L\u00cdNEA DE INVESTIGACI\u00d3N<\/strong><\/p><p>Industria y sociedad.<\/p><p><strong>DIRECTOR DEL PROYECTO<\/strong><\/p><p>MSc. Gabriela Vera.<\/p><p><strong>INTEGRANTES<\/strong><\/p><p>MSc. Gabriela Vera,\u00a0PhD.\u00a0Wladimir\u00a0Paredes,\u00a0MSc. Luis Ch\u00e1vez.<\/p>\t\t\t\t\t\t\t\t<\/div>\n\t\t\t\t<\/div>\n\t\t\t\t\t<\/div>\n\t\t\t\t<\/div>\n\t\t\t\t\t<\/details>\n\t\t\t\t\t\t<details id=\"e-n-accordion-item-1352\" class=\"e-n-accordion-item\" >\n\t\t\t\t<summary class=\"e-n-accordion-item-title\" data-accordion-index=\"3\" tabindex=\"-1\" aria-expanded=\"false\" aria-controls=\"e-n-accordion-item-1352\" >\n\t\t\t\t\t<span class='e-n-accordion-item-title-header'><div class=\"e-n-accordion-item-title-text\"> 3.USO DISRUPTIVO DE HOJAS DE C\u00c1LCULO EN EL PROCESO DE ENSE\u00d1ANZA-APRENDIZAJE DE ASIGNATURAS CIENT\u00cdFICO-T\u00c9CNICAS <\/div><\/span>\n\t\t\t\t\t\t\t<span class='e-n-accordion-item-title-icon'>\n\t\t\t<span class='e-opened' ><svg aria-hidden=\"true\" class=\"e-font-icon-svg e-fas-folder-open\" viewbox=\"0 0 576 512\" xmlns=\"http:\/\/www.w3.org\/2000\/svg\"><path d=\"M572.694 292.093L500.27 416.248A63.997 63.997 0 0 1 444.989 448H45.025c-18.523 0-30.064-20.093-20.731-36.093l72.424-124.155A64 64 0 0 1 152 256h399.964c18.523 0 30.064 20.093 20.73 36.093zM152 224h328v-48c0-26.51-21.49-48-48-48H272l-64-64H48C21.49 64 0 85.49 0 112v278.046l69.077-118.418C86.214 242.25 117.989 224 152 224z\"><\/path><\/svg><\/span>\n\t\t\t<span class='e-closed'><svg aria-hidden=\"true\" class=\"e-font-icon-svg e-fas-folder\" viewbox=\"0 0 512 512\" xmlns=\"http:\/\/www.w3.org\/2000\/svg\"><path d=\"M464 128H272l-64-64H48C21.49 64 0 85.49 0 112v288c0 26.51 21.49 48 48 48h416c26.51 0 48-21.49 48-48V176c0-26.51-21.49-48-48-48z\"><\/path><\/svg><\/span>\n\t\t<\/span>\n\n\t\t\t\t\t\t<\/summary>\n\t\t\t\t<div role=\"region\" aria-labelledby=\"e-n-accordion-item-1352\" class=\"elementor-element elementor-element-5b8adfd e-flex e-con-boxed e-con e-child\" data-id=\"5b8adfd\" data-element_type=\"container\" data-e-type=\"container\">\n\t\t\t\t\t<div class=\"e-con-inner\">\n\t\t\t\t<div class=\"elementor-element elementor-element-abce9e3 elementor-widget elementor-widget-text-editor\" data-id=\"abce9e3\" data-element_type=\"widget\" data-e-type=\"widget\" data-widget_type=\"text-editor.default\">\n\t\t\t\t<div class=\"elementor-widget-container\">\n\t\t\t\t\t\t\t\t\t<p><strong>OBJETIVO:<\/strong>En este proyecto presentamos a la hoja de c\u00e1lculo utilizadas en forma disruptiva o, dicho de otra forma, no convencional, para crear herramientas para aclarar conceptos y conocimientos basados en modelos matem\u00e1ticos (utilizando f\u00f3rmulas, gr\u00e1ficos, elementos gr\u00e1ficos interactivos de usuarios (GUI: Graphic User Interface), bases de datos y completando con programaci\u00f3n.<\/p><p><strong>L\u00cdNEA DE INVESTIGACI\u00d3N<\/strong><\/p><p>Tecnolog\u00eda e innovaci\u00f3n.<\/p><p><strong>DIRECTOR DEL PROYECTO<\/strong><\/p><p>Ing. Wilson Simba\u00f1a.<\/p><p><strong>INTEGRANTES<\/strong><\/p><p>MSc.\u00a0Gab\u00a0Ing. Wilson Simba\u00f1a, Ing. Rosa Feria, Ing. Marcelo\u00a0Guayasam\u00edn, Ing. Andr\u00e9s Bravo.<\/p>\t\t\t\t\t\t\t\t<\/div>\n\t\t\t\t<\/div>\n\t\t\t\t\t<\/div>\n\t\t\t\t<\/div>\n\t\t\t\t\t<\/details>\n\t\t\t\t\t\t<details id=\"e-n-accordion-item-1353\" class=\"e-n-accordion-item\" >\n\t\t\t\t<summary class=\"e-n-accordion-item-title\" data-accordion-index=\"4\" tabindex=\"-1\" aria-expanded=\"false\" aria-controls=\"e-n-accordion-item-1353\" >\n\t\t\t\t\t<span class='e-n-accordion-item-title-header'><div class=\"e-n-accordion-item-title-text\"> 4. MONITOREO DE M\u00c1QUINAS BASADO EN SISTEMAS CIBERF\u00cdSICOS PARA LA INDUSTRIA 4.0 <\/div><\/span>\n\t\t\t\t\t\t\t<span class='e-n-accordion-item-title-icon'>\n\t\t\t<span class='e-opened' ><svg aria-hidden=\"true\" class=\"e-font-icon-svg e-fas-folder-open\" viewbox=\"0 0 576 512\" xmlns=\"http:\/\/www.w3.org\/2000\/svg\"><path d=\"M572.694 292.093L500.27 416.248A63.997 63.997 0 0 1 444.989 448H45.025c-18.523 0-30.064-20.093-20.731-36.093l72.424-124.155A64 64 0 0 1 152 256h399.964c18.523 0 30.064 20.093 20.73 36.093zM152 224h328v-48c0-26.51-21.49-48-48-48H272l-64-64H48C21.49 64 0 85.49 0 112v278.046l69.077-118.418C86.214 242.25 117.989 224 152 224z\"><\/path><\/svg><\/span>\n\t\t\t<span class='e-closed'><svg aria-hidden=\"true\" class=\"e-font-icon-svg e-fas-folder\" viewbox=\"0 0 512 512\" xmlns=\"http:\/\/www.w3.org\/2000\/svg\"><path d=\"M464 128H272l-64-64H48C21.49 64 0 85.49 0 112v288c0 26.51 21.49 48 48 48h416c26.51 0 48-21.49 48-48V176c0-26.51-21.49-48-48-48z\"><\/path><\/svg><\/span>\n\t\t<\/span>\n\n\t\t\t\t\t\t<\/summary>\n\t\t\t\t<div role=\"region\" aria-labelledby=\"e-n-accordion-item-1353\" class=\"elementor-element elementor-element-a7b3ea7 e-flex e-con-boxed e-con e-child\" data-id=\"a7b3ea7\" data-element_type=\"container\" data-e-type=\"container\">\n\t\t\t\t\t<div class=\"e-con-inner\">\n\t\t\t\t<div class=\"elementor-element elementor-element-ea758c4 elementor-widget elementor-widget-text-editor\" data-id=\"ea758c4\" data-element_type=\"widget\" data-e-type=\"widget\" data-widget_type=\"text-editor.default\">\n\t\t\t\t<div class=\"elementor-widget-container\">\n\t\t\t\t\t\t\t\t\t<strong>OBJETIVO:<\/strong>El objetivo principal de este proyecto es el dise\u00f1ar, implementar y validar una arquitectura (m\u00faltiples clientes-servidor) basada en el paradigma de los Sistemas Ciberf\u00edsicos para monitorizaci\u00f3n global del estado de las m\u00e1quina-herramientas que integran la red mediante la extracci\u00f3n de m\u00faltiples variables (indicadores) claves en procesos de fabricaci\u00f3n industriales.\n\n<strong>L\u00cdNEA DE INVESTIGACI\u00d3N<\/strong>\n\nTecnolog\u00eda e innovaci\u00f3n.\n\n<strong>DIRECTOR DEL PROYECTO<\/strong>\n\nMSc. Alex\u00a0Toapanta\n\n<strong>INTEGRANTES<\/strong>\n\nMSc. Alex\u00a0Toapanta,\u00a0MSc. Cristian\u00a0Tasiguano,\u00a0MSc. Gabriela Vera,\u00a0MSc. Danny\u00a0Zea.\t\t\t\t\t\t\t\t<\/div>\n\t\t\t\t<\/div>\n\t\t\t\t\t<\/div>\n\t\t\t\t<\/div>\n\t\t\t\t\t<\/details>\n\t\t\t\t\t<\/div>\n\t\t\t\t\t\t<\/div>\n\t\t\t\t<\/div>\n\t\t\t\t<\/div>\n\t\t\t\t\t<\/div>\n\t\t<\/div>\n\t\t\t\t\t\t<\/div>\n\t\t\t\t<\/div>\n\t\t\t\t\t<\/div>\n\t\t\t\t<\/div>\n\t\t\t\t<\/div>","protected":false},"excerpt":{"rendered":"<p>Exploramos. Descubrimos Avanzamos. PROYECTOS DE INVESTIGACI\u00d3N Unidad de informaci\u00f3n que apoya a la docencia, investigaci\u00f3n y consultas bibliogr\u00e1ficas de la comunidad ISU- ISTER y del p\u00fablico en general 2023 2022 2021 2020 2019 1.SISTEMA DE APOYO Y SUPERVISI\u00d3N PARA EL PERSONAL T\u00c1CTICO DE RESPUESTA A UN INCENDIO FORESTAL. OBJETIVO:\u00a0Dise\u00f1ar un Cuadro de Mando Integral que [&hellip;]<\/p>\n","protected":false},"author":4,"featured_media":0,"parent":0,"menu_order":0,"comment_status":"closed","ping_status":"closed","template":"","meta":{"om_disable_all_campaigns":false,"_monsterinsights_skip_tracking":false,"_monsterinsights_sitenote_active":false,"_monsterinsights_sitenote_note":"","_monsterinsights_sitenote_category":0,"footnotes":""},"class_list":["post-28451","page","type-page","status-publish","hentry"],"aioseo_notices":[],"_links":{"self":[{"href":"https:\/\/ister.edu.ec\/en\/wp-json\/wp\/v2\/pages\/28451","targetHints":{"allow":["GET"]}}],"collection":[{"href":"https:\/\/ister.edu.ec\/en\/wp-json\/wp\/v2\/pages"}],"about":[{"href":"https:\/\/ister.edu.ec\/en\/wp-json\/wp\/v2\/types\/page"}],"author":[{"embeddable":true,"href":"https:\/\/ister.edu.ec\/en\/wp-json\/wp\/v2\/users\/4"}],"replies":[{"embeddable":true,"href":"https:\/\/ister.edu.ec\/en\/wp-json\/wp\/v2\/comments?post=28451"}],"version-history":[{"count":52,"href":"https:\/\/ister.edu.ec\/en\/wp-json\/wp\/v2\/pages\/28451\/revisions"}],"predecessor-version":[{"id":34646,"href":"https:\/\/ister.edu.ec\/en\/wp-json\/wp\/v2\/pages\/28451\/revisions\/34646"}],"wp:attachment":[{"href":"https:\/\/ister.edu.ec\/en\/wp-json\/wp\/v2\/media?parent=28451"}],"curies":[{"name":"wp","href":"https:\/\/api.w.org\/{rel}","templated":true}]}}