{"id":36427,"date":"2025-12-05T11:20:42","date_gmt":"2025-12-05T16:20:42","guid":{"rendered":"https:\/\/ister.edu.ec\/?page_id=36427"},"modified":"2026-02-02T14:58:32","modified_gmt":"2026-02-02T19:58:32","slug":"autoridades","status":"publish","type":"page","link":"https:\/\/ister.edu.ec\/en\/autoridades\/","title":{"rendered":"Leadership"},"content":{"rendered":"\t\t<div data-elementor-type=\"wp-page\" data-elementor-id=\"36427\" class=\"elementor elementor-36427\" data-elementor-post-type=\"page\">\n\t\t\t\t<div class=\"elementor-element elementor-element-cc9f757 e-con-full e-flex e-con e-parent\" data-id=\"cc9f757\" data-element_type=\"container\" data-e-type=\"container\">\n\t\t<div class=\"elementor-element elementor-element-0dd5fe7 e-con-full e-flex e-con e-child\" data-id=\"0dd5fe7\" data-element_type=\"container\" data-e-type=\"container\" data-settings=\"{&quot;background_background&quot;:&quot;classic&quot;}\">\n\t\t<div class=\"elementor-element elementor-element-44f1d30 e-con-full e-flex e-con e-child\" data-id=\"44f1d30\" data-element_type=\"container\" data-e-type=\"container\">\n\t\t\t\t<div class=\"elementor-element elementor-element-c7ac831 elementor-widget elementor-widget-heading\" data-id=\"c7ac831\" data-element_type=\"widget\" data-e-type=\"widget\" data-widget_type=\"heading.default\">\n\t\t\t\t<div class=\"elementor-widget-container\">\n\t\t\t\t\t<h2 class=\"elementor-heading-title elementor-size-default\">Nuestras Autoridades<\/h2>\t\t\t\t<\/div>\n\t\t\t\t<\/div>\n\t\t\t\t<div class=\"elementor-element elementor-element-738ad1e elementor-widget elementor-widget-text-editor\" data-id=\"738ad1e\" data-element_type=\"widget\" data-e-type=\"widget\" data-widget_type=\"text-editor.default\">\n\t\t\t\t<div class=\"elementor-widget-container\">\n\t\t\t\t\t\t\t\t\t<p>El <strong>Instituto Tecnol\u00f3gico Superior Universitario Rumi\u00f1ahui<\/strong> se caracteriza por su compromiso con la transparencia, la eficiencia y la mejora continua en su gesti\u00f3n institucional.\u00a0<\/p>\t\t\t\t\t\t\t\t<\/div>\n\t\t\t\t<\/div>\n\t\t\t\t<\/div>\n\t\t\t\t<\/div>\n\t\t<div class=\"elementor-element elementor-element-f8c2649 e-con-full e-flex e-con e-child\" data-id=\"f8c2649\" data-element_type=\"container\" data-e-type=\"container\" data-settings=\"{&quot;background_background&quot;:&quot;classic&quot;}\">\n\t\t\t\t<\/div>\n\t\t\t\t<\/div>\n\t\t<div class=\"elementor-element elementor-element-14f53bc e-flex e-con-boxed e-con e-parent\" data-id=\"14f53bc\" data-element_type=\"container\" data-e-type=\"container\" data-settings=\"{&quot;background_background&quot;:&quot;classic&quot;}\">\n\t\t\t\t\t<div class=\"e-con-inner\">\n\t\t<div class=\"elementor-element elementor-element-1216f7a e-con-full e-flex e-con e-child\" data-id=\"1216f7a\" data-element_type=\"container\" data-e-type=\"container\">\n\t\t<div class=\"elementor-element elementor-element-b7a4c63 e-grid e-con-full e-con e-child\" data-id=\"b7a4c63\" data-element_type=\"container\" data-e-type=\"container\">\n\t\t\t\t<div class=\"elementor-element elementor-element-6345e3e elementor-widget elementor-widget-text-editor\" data-id=\"6345e3e\" data-element_type=\"widget\" data-e-type=\"widget\" data-widget_type=\"text-editor.default\">\n\t\t\t\t<div class=\"elementor-widget-container\">\n\t\t\t\t\t\t\t\t\t<p data-start=\"244\" data-end=\"643\">El <strong>Instituto Tecnol\u00f3gico Superior Universitario Rumi\u00f1ahui<\/strong> forma profesionales t\u00e9cnicos y tecnol\u00f3gicos con una educaci\u00f3n de calidad, basada en la innovaci\u00f3n, el aprendizaje pr\u00e1ctico y la vinculaci\u00f3n con los sectores productivos. Nuestro modelo educativo promueve la excelencia, la responsabilidad social y la mejora continua, asegurando una formaci\u00f3n pertinente y alineada a las necesidades del pa\u00eds.<\/p><p data-start=\"645\" data-end=\"900\">El Universitario Rumi\u00f1ahui impulsa una educaci\u00f3n inclusiva y centrada en el estudiante, con espacios seguros y recursos modernos que fortalecen el desarrollo acad\u00e9mico y humano.\u00a0<\/p>\t\t\t\t\t\t\t\t<\/div>\n\t\t\t\t<\/div>\n\t\t\t\t<div class=\"elementor-element elementor-element-dba9d22 elementor-widget elementor-widget-image\" data-id=\"dba9d22\" data-element_type=\"widget\" data-e-type=\"widget\" data-widget_type=\"image.default\">\n\t\t\t\t<div class=\"elementor-widget-container\">\n\t\t\t\t\t\t\t\t\t\t\t\t\t\t\t<img fetchpriority=\"high\" decoding=\"async\" width=\"800\" height=\"450\" src=\"https:\/\/ister.edu.ec\/wp-content\/uploads\/Dra-Carmita-Suarez-Rectora-ISTER-1024x576.webp\" class=\"attachment-large size-large wp-image-36526\" alt=\"\" srcset=\"https:\/\/ister.edu.ec\/wp-content\/uploads\/Dra-Carmita-Suarez-Rectora-ISTER-1024x576.webp 1024w, https:\/\/ister.edu.ec\/wp-content\/uploads\/Dra-Carmita-Suarez-Rectora-ISTER-300x169.webp 300w, https:\/\/ister.edu.ec\/wp-content\/uploads\/Dra-Carmita-Suarez-Rectora-ISTER-768x432.webp 768w, https:\/\/ister.edu.ec\/wp-content\/uploads\/Dra-Carmita-Suarez-Rectora-ISTER.webp 1280w\" sizes=\"(max-width: 800px) 100vw, 800px\" title=\"Dra Carmita Suarez Rectora ISTER - Tecnol\u00f3gico Universitario Rumi\u00f1ahui\" \/>\t\t\t\t\t\t\t\t\t\t\t\t\t\t\t<\/div>\n\t\t\t\t<\/div>\n\t\t\t\t<\/div>\n\t\t\t\t<\/div>\n\t\t<div class=\"elementor-element elementor-element-c83ffbe e-con-full e-flex e-con e-child\" data-id=\"c83ffbe\" data-element_type=\"container\" data-e-type=\"container\" data-settings=\"{&quot;background_background&quot;:&quot;classic&quot;}\">\n\t\t<div class=\"elementor-element elementor-element-d6b17c8 e-con-full e-flex e-con e-child\" data-id=\"d6b17c8\" data-element_type=\"container\" data-e-type=\"container\">\n\t\t\t\t<div class=\"elementor-element elementor-element-d12fb59 elementor-view-default elementor-widget elementor-widget-icon\" data-id=\"d12fb59\" data-element_type=\"widget\" data-e-type=\"widget\" data-widget_type=\"icon.default\">\n\t\t\t\t<div class=\"elementor-widget-container\">\n\t\t\t\t\t\t\t<div class=\"elementor-icon-wrapper\">\n\t\t\t<a class=\"elementor-icon\" href=\"https:\/\/ister.edu.ec\/wp-content\/uploads\/Organigrama-Aprobado-2026.pdf\">\n\t\t\t<svg aria-hidden=\"true\" class=\"e-font-icon-svg e-far-file-alt\" viewBox=\"0 0 384 512\" xmlns=\"http:\/\/www.w3.org\/2000\/svg\"><path d=\"M288 248v28c0 6.6-5.4 12-12 12H108c-6.6 0-12-5.4-12-12v-28c0-6.6 5.4-12 12-12h168c6.6 0 12 5.4 12 12zm-12 72H108c-6.6 0-12 5.4-12 12v28c0 6.6 5.4 12 12 12h168c6.6 0 12-5.4 12-12v-28c0-6.6-5.4-12-12-12zm108-188.1V464c0 26.5-21.5 48-48 48H48c-26.5 0-48-21.5-48-48V48C0 21.5 21.5 0 48 0h204.1C264.8 0 277 5.1 286 14.1L369.9 98c9 8.9 14.1 21.2 14.1 33.9zm-128-80V128h76.1L256 51.9zM336 464V176H232c-13.3 0-24-10.7-24-24V48H48v416h288z\"><\/path><\/svg>\t\t\t<\/a>\n\t\t<\/div>\n\t\t\t\t\t\t<\/div>\n\t\t\t\t<\/div>\n\t\t\t\t<\/div>\n\t\t<div class=\"elementor-element elementor-element-8883971 e-con-full e-flex e-con e-child\" data-id=\"8883971\" data-element_type=\"container\" data-e-type=\"container\">\n\t\t<div class=\"elementor-element elementor-element-85f901b e-con-full e-flex e-con e-child\" data-id=\"85f901b\" data-element_type=\"container\" data-e-type=\"container\">\n\t\t\t\t<div class=\"elementor-element elementor-element-40952c9 elementor-widget elementor-widget-text-editor\" data-id=\"40952c9\" data-element_type=\"widget\" data-e-type=\"widget\" data-widget_type=\"text-editor.default\">\n\t\t\t\t<div class=\"elementor-widget-container\">\n\t\t\t\t\t\t\t\t\t<p>Organigrama <span class=\"misspelling correction\" title=\"Se ha encontrado un posible error ortogr\u00e1fico.\" data-type=\"misspelling\" data-suggestions=\"[{&quot;value&quot;:&quot;Estructural&quot;}]\" data-rule=\"MORFOLOGIK_RULE_ES\" data-word=\"Estructurtal\">Estructural<\/span> <span class=\"misspelling correction\" title=\"Se ha encontrado un posible error ortogr\u00e1fico.\" data-type=\"misspelling\" data-suggestions=\"[{&quot;value&quot;:&quot;Universitario&quot;},{&quot;value&quot;:&quot;Universia rio&quot;}]\" data-rule=\"MORFOLOGIK_RULE_ES\" data-word=\"Universiario\">Universitario<\/span> <span class=\"error misspelling\" title=\"Se ha encontrado un posible error ortogr\u00e1fico.\" data-type=\"misspelling\" data-suggestions=\"[{&quot;value&quot;:&quot;Rumiajo&quot;},{&quot;value&quot;:&quot;Rumiajos&quot;}]\" data-rule=\"MORFOLOGIK_RULE_ES\" data-word=\"Rumi\u00f1ahui\">Rumi\u00f1ahui<\/span>(pdf)<\/p>\t\t\t\t\t\t\t\t<\/div>\n\t\t\t\t<\/div>\n\t\t\t\t<\/div>\n\t\t<div class=\"elementor-element elementor-element-d6d1f82 e-con-full e-flex e-con e-child\" data-id=\"d6d1f82\" data-element_type=\"container\" data-e-type=\"container\">\n\t\t\t\t<div class=\"elementor-element elementor-element-2bd1c17 elementor-view-default elementor-widget elementor-widget-icon\" data-id=\"2bd1c17\" data-element_type=\"widget\" data-e-type=\"widget\" data-widget_type=\"icon.default\">\n\t\t\t\t<div class=\"elementor-widget-container\">\n\t\t\t\t\t\t\t<div class=\"elementor-icon-wrapper\">\n\t\t\t<a class=\"elementor-icon\" href=\"https:\/\/ister.edu.ec\/wp-content\/uploads\/Organigrama-Aprobado-2026.pdf\">\n\t\t\t<svg aria-hidden=\"true\" class=\"e-font-icon-svg e-fas-external-link-alt\" viewBox=\"0 0 512 512\" xmlns=\"http:\/\/www.w3.org\/2000\/svg\"><path d=\"M432,320H400a16,16,0,0,0-16,16V448H64V128H208a16,16,0,0,0,16-16V80a16,16,0,0,0-16-16H48A48,48,0,0,0,0,112V464a48,48,0,0,0,48,48H400a48,48,0,0,0,48-48V336A16,16,0,0,0,432,320ZM488,0h-128c-21.37,0-32.05,25.91-17,41l35.73,35.73L135,320.37a24,24,0,0,0,0,34L157.67,377a24,24,0,0,0,34,0L435.28,133.32,471,169c15,15,41,4.5,41-17V24A24,24,0,0,0,488,0Z\"><\/path><\/svg>\t\t\t<\/a>\n\t\t<\/div>\n\t\t\t\t\t\t<\/div>\n\t\t\t\t<\/div>\n\t\t\t\t<\/div>\n\t\t\t\t<\/div>\n\t\t\t\t<\/div>\n\t\t<div class=\"elementor-element elementor-element-6df166e e-con-full e-flex e-con e-child\" data-id=\"6df166e\" data-element_type=\"container\" data-e-type=\"container\">\n\t\t\t\t<div class=\"elementor-element elementor-element-6bbd53e elementor-widget elementor-widget-heading\" data-id=\"6bbd53e\" data-element_type=\"widget\" data-e-type=\"widget\" data-widget_type=\"heading.default\">\n\t\t\t\t<div class=\"elementor-widget-container\">\n\t\t\t\t\t<h2 class=\"elementor-heading-title elementor-size-default\">Consejo del Universitario Rumi\u00f1ahui<\/h2>\t\t\t\t<\/div>\n\t\t\t\t<\/div>\n\t\t\t\t<div class=\"elementor-element elementor-element-e31c091 elementor-widget elementor-widget-text-editor\" data-id=\"e31c091\" data-element_type=\"widget\" data-e-type=\"widget\" data-widget_type=\"text-editor.default\">\n\t\t\t\t<div class=\"elementor-widget-container\">\n\t\t\t\t\t\t\t\t\t<p>El Instituto <span class=\"misspelling correction\" title=\"Se ha encontrado un posible error ortogr\u00e1fico.\" data-type=\"misspelling\" data-suggestions=\"[{&quot;value&quot;:&quot;Tecnol\u00f3gico&quot;},{&quot;value&quot;:&quot;Tecnol\u00f3gica&quot;},{&quot;value&quot;:&quot;Tecnol\u00f3gicos&quot;},{&quot;value&quot;:&quot;Tecnologice&quot;},{&quot;value&quot;:&quot;Tecnologic\u00e9&quot;}]\" data-rule=\"MORFOLOGIK_RULE_ES\" data-word=\"Tecnologico\">Tecnol\u00f3gico<\/span> Superior Universitario Rumi\u00f1ahui contar\u00e1 con una autoridad m\u00e1xima conformada por un \u00f3rgano colegiado acad\u00e9mico superior, este Consejo estar\u00e1 integrado de la siguiente manera:<\/p>\t\t\t\t\t\t\t\t<\/div>\n\t\t\t\t<\/div>\n\t\t\t\t<\/div>\n\t\t\t\t<div class=\"elementor-element elementor-element-8d1299d elementor-widget elementor-widget-heading\" data-id=\"8d1299d\" data-element_type=\"widget\" data-e-type=\"widget\" data-widget_type=\"heading.default\">\n\t\t\t\t<div class=\"elementor-widget-container\">\n\t\t\t\t\t<h2 class=\"elementor-heading-title elementor-size-default\">Estructura<\/h2>\t\t\t\t<\/div>\n\t\t\t\t<\/div>\n\t\t\t\t<div class=\"elementor-element elementor-element-ea5ca2c elementor-widget elementor-widget-jkit_accordion\" data-id=\"ea5ca2c\" data-element_type=\"widget\" data-e-type=\"widget\" data-widget_type=\"jkit_accordion.default\">\n\t\t\t\t<div class=\"elementor-widget-container\">\n\t\t\t\t\t<div  class=\"jeg-elementor-kit jkit-accordion style-default jeg_module___69f1d582b4e9c\" ><div class=\"card-wrapper \">\n                <div class=\"card-header\">\n                    <a href=\"#expand-da7a0fc\" class=\"card-header-button\" aria-expanded=\"false\" data-target=\"#expand-da7a0fc\" aria-controls=\"expand-da7a0fc\">\n                        <div class=\"left-icon-group\">\n                <div class=\"normal-icon\"><i aria-hidden=\"true\" class=\"jki jki-plus-line\"><\/i><\/div>\n                <div class=\"active-icon\"><i aria-hidden=\"true\" class=\"jki jki-times-solid\"><\/i><\/div>\n            <\/div><span class=\"title\">Consejo de Regentes<\/span>\n                    <\/a>\n                <\/div>\n                <div class=\"card-expand\" id=\"expand-da7a0fc\" style=\"display:none\"><div class=\"card-body\"><\/div><\/div>\n            <\/div><div class=\"card-wrapper \">\n                <div class=\"card-header\">\n                    <a href=\"#expand-16c13c3\" class=\"card-header-button\" aria-expanded=\"false\" data-target=\"#expand-16c13c3\" aria-controls=\"expand-16c13c3\">\n                        <div class=\"left-icon-group\">\n                <div class=\"normal-icon\"><i aria-hidden=\"true\" class=\"jki jki-plus-line\"><\/i><\/div>\n                <div class=\"active-icon\"><i aria-hidden=\"true\" class=\"jki jki-times-solid\"><\/i><\/div>\n            <\/div><span class=\"title\">Rectorado<\/span>\n                    <\/a>\n                <\/div>\n                <div class=\"card-expand\" id=\"expand-16c13c3\" style=\"display:none\"><div class=\"card-body\"><p>rectorado@ister.edu.ec<\/p><\/div><\/div>\n            <\/div><div class=\"card-wrapper \">\n                <div class=\"card-header\">\n                    <a href=\"#expand-42f69ae\" class=\"card-header-button\" aria-expanded=\"false\" data-target=\"#expand-42f69ae\" aria-controls=\"expand-42f69ae\">\n                        <div class=\"left-icon-group\">\n                <div class=\"normal-icon\"><i aria-hidden=\"true\" class=\"jki jki-plus-line\"><\/i><\/div>\n                <div class=\"active-icon\"><i aria-hidden=\"true\" class=\"jki jki-times-solid\"><\/i><\/div>\n            <\/div><span class=\"title\">Direcci\u00f3n de planificaci\u00f3n acreditaci\u00f3n y aseguramiento de la calidad<\/span>\n                    <\/a>\n                <\/div>\n                <div class=\"card-expand\" id=\"expand-42f69ae\" style=\"display:none\"><div class=\"card-body\"><p>isu-ister.planificacion@ister.edu.ec<\/p><\/div><\/div>\n            <\/div><div class=\"card-wrapper \">\n                <div class=\"card-header\">\n                    <a href=\"#expand-b68f5a8\" class=\"card-header-button\" aria-expanded=\"false\" data-target=\"#expand-b68f5a8\" aria-controls=\"expand-b68f5a8\">\n                        <div class=\"left-icon-group\">\n                <div class=\"normal-icon\"><i aria-hidden=\"true\" class=\"jki jki-plus-line\"><\/i><\/div>\n                <div class=\"active-icon\"><i aria-hidden=\"true\" class=\"jki jki-times-solid\"><\/i><\/div>\n            <\/div><span class=\"title\">Secretar\u00eda General<\/span>\n                    <\/a>\n                <\/div>\n                <div class=\"card-expand\" id=\"expand-b68f5a8\" style=\"display:none\"><div class=\"card-body\"><p>secretaria@ister.edu.ec<\/p><\/div><\/div>\n            <\/div><div class=\"card-wrapper \">\n                <div class=\"card-header\">\n                    <a href=\"#expand-c262f4e\" class=\"card-header-button\" aria-expanded=\"false\" data-target=\"#expand-c262f4e\" aria-controls=\"expand-c262f4e\">\n                        <div class=\"left-icon-group\">\n                <div class=\"normal-icon\"><i aria-hidden=\"true\" class=\"jki jki-plus-line\"><\/i><\/div>\n                <div class=\"active-icon\"><i aria-hidden=\"true\" class=\"jki jki-times-solid\"><\/i><\/div>\n            <\/div><span class=\"title\">Vicerrectorado Acad\u00e9mico<\/span>\n                    <\/a>\n                <\/div>\n                <div class=\"card-expand\" id=\"expand-c262f4e\" style=\"display:none\"><div class=\"card-body\"><p>vicerectorado@ister.edu.ec<\/p><\/div><\/div>\n            <\/div><div class=\"card-wrapper \">\n                <div class=\"card-header\">\n                    <a href=\"#expand-55711cf\" class=\"card-header-button\" aria-expanded=\"false\" data-target=\"#expand-55711cf\" aria-controls=\"expand-55711cf\">\n                        <div class=\"left-icon-group\">\n                <div class=\"normal-icon\"><i aria-hidden=\"true\" class=\"jki jki-plus-line\"><\/i><\/div>\n                <div class=\"active-icon\"><i aria-hidden=\"true\" class=\"jki jki-times-solid\"><\/i><\/div>\n            <\/div><span class=\"title\">Vicerrectorado Administrativo y Financiero<\/span>\n                    <\/a>\n                <\/div>\n                <div class=\"card-expand\" id=\"expand-55711cf\" style=\"display:none\"><div class=\"card-body\"><p>vicerrectorado.adm.fin@ister.edu.ec<\/p><\/div><\/div>\n            <\/div><div class=\"card-wrapper \">\n                <div class=\"card-header\">\n                    <a href=\"#expand-1659316\" class=\"card-header-button\" aria-expanded=\"false\" data-target=\"#expand-1659316\" aria-controls=\"expand-1659316\">\n                        <div class=\"left-icon-group\">\n                <div class=\"normal-icon\"><i aria-hidden=\"true\" class=\"jki jki-plus-line\"><\/i><\/div>\n                <div class=\"active-icon\"><i aria-hidden=\"true\" class=\"jki jki-times-solid\"><\/i><\/div>\n            <\/div><span class=\"title\">Direcci\u00f3n de Docencia<\/span>\n                    <\/a>\n                <\/div>\n                <div class=\"card-expand\" id=\"expand-1659316\" style=\"display:none\"><div class=\"card-body\"><p>direcciondocencia@ister.edu.ec<\/p><\/div><\/div>\n            <\/div><div class=\"card-wrapper \">\n                <div class=\"card-header\">\n                    <a href=\"#expand-f09b2ea\" class=\"card-header-button\" aria-expanded=\"false\" data-target=\"#expand-f09b2ea\" aria-controls=\"expand-f09b2ea\">\n                        <div class=\"left-icon-group\">\n                <div class=\"normal-icon\"><i aria-hidden=\"true\" class=\"jki jki-plus-line\"><\/i><\/div>\n                <div class=\"active-icon\"><i aria-hidden=\"true\" class=\"jki jki-times-solid\"><\/i><\/div>\n            <\/div><span class=\"title\">Direcci\u00f3n de Investigaci\u00f3n<\/span>\n                    <\/a>\n                <\/div>\n                <div class=\"card-expand\" id=\"expand-f09b2ea\" style=\"display:none\"><div class=\"card-body\"><p>investigacion@ister.edu.ec<\/p><\/div><\/div>\n            <\/div><div class=\"card-wrapper \">\n                <div class=\"card-header\">\n                    <a href=\"#expand-d3e882d\" class=\"card-header-button\" aria-expanded=\"false\" data-target=\"#expand-d3e882d\" aria-controls=\"expand-d3e882d\">\n                        <div class=\"left-icon-group\">\n                <div class=\"normal-icon\"><i aria-hidden=\"true\" class=\"jki jki-plus-line\"><\/i><\/div>\n                <div class=\"active-icon\"><i aria-hidden=\"true\" class=\"jki jki-times-solid\"><\/i><\/div>\n            <\/div><span class=\"title\">Direcci\u00f3n de Vinculaci\u00f3n<\/span>\n                    <\/a>\n                <\/div>\n                <div class=\"card-expand\" id=\"expand-d3e882d\" style=\"display:none\"><div class=\"card-body\"><p>direcciondevinculacion@ister.edu.ec<\/p><\/div><\/div>\n            <\/div><div class=\"card-wrapper \">\n                <div class=\"card-header\">\n                    <a href=\"#expand-b226c8a\" class=\"card-header-button\" aria-expanded=\"false\" data-target=\"#expand-b226c8a\" aria-controls=\"expand-b226c8a\">\n                        <div class=\"left-icon-group\">\n                <div class=\"normal-icon\"><i aria-hidden=\"true\" class=\"jki jki-plus-line\"><\/i><\/div>\n                <div class=\"active-icon\"><i aria-hidden=\"true\" class=\"jki jki-times-solid\"><\/i><\/div>\n            <\/div><span class=\"title\">Direcci\u00f3n de Bienestar Institucional<\/span>\n                    <\/a>\n                <\/div>\n                <div class=\"card-expand\" id=\"expand-b226c8a\" style=\"display:none\"><div class=\"card-body\"><p><a href=\"mailto:best@ister.edu.ec\">best@ister.edu.ec<\/a><\/p><\/div><\/div>\n            <\/div><\/div>\t\t\t\t<\/div>\n\t\t\t\t<\/div>\n\t\t\t\t\t<\/div>\n\t\t\t\t<\/div>\n\t\t<div class=\"elementor-element elementor-element-3d8c8c7 e-flex e-con-boxed e-con e-parent\" data-id=\"3d8c8c7\" data-element_type=\"container\" data-e-type=\"container\" data-settings=\"{&quot;background_background&quot;:&quot;classic&quot;}\">\n\t\t\t\t\t<div class=\"e-con-inner\">\n\t\t<div class=\"elementor-element elementor-element-3fc9142 e-con-full e-grid e-con e-child\" data-id=\"3fc9142\" data-element_type=\"container\" data-e-type=\"container\">\n\t\t\t\t<div class=\"elementor-element elementor-element-711c4ae elementor-widget elementor-widget-elementskit-team\" data-id=\"711c4ae\" data-element_type=\"widget\" data-e-type=\"widget\" data-widget_type=\"elementskit-team.default\">\n\t\t\t\t<div class=\"elementor-widget-container\">\n\t\t\t\t\t<div class=\"ekit-wid-con\">\t\t\t\t\t\t\t\t\n\t\t<div class=\"profile-card elementor-animation- text-left ekit-team-style-default\">\n\t\t\t\t\t\t\t<a aria-label=\"profile\" href=\"javascript:void(0)\" data-mfp-src=\"#ekit_team_modal_711c4ae_36427\" class=\"ekit-team-popup\">\n\t\t\t\n\t\t\t\t<div class=\"profile-header ekit-team-img ekit-img-overlay ekit-team-img-block\"  data-toggle=\"modal\" data-target=\"ekit_team_modal_#711c4ae_36427\" >\n\t\t\t\t\t<img decoding=\"async\" width=\"255\" height=\"308\" src=\"https:\/\/ister.edu.ec\/wp-content\/uploads\/Dra-Carmita-Ines-Suarez.webp\" class=\"attachment-full size-full wp-image-36504\" alt=\"\" srcset=\"https:\/\/ister.edu.ec\/wp-content\/uploads\/Dra-Carmita-Ines-Suarez.webp 255w, https:\/\/ister.edu.ec\/wp-content\/uploads\/Dra-Carmita-Ines-Suarez-248x300.webp 248w\" sizes=\"(max-width: 255px) 100vw, 255px\" title=\"Dra Carmita Ines Suarez - Tecnol\u00f3gico Universitario Rumi\u00f1ahui\" \/>\t\t\t\t<\/div><!-- .profile-header END -->\n\t\t\t\t\t\t\t<\/a>\n\t\t\t\n\n\t\t\t\t<div class=\"profile-body\">\n\t\t\t\t\t\n\t\t\t\t\t<h2 class=\"profile-title\">\n\t\t\t\t\t\t\t\t\t\t\t<a aria-label=\"profile\" href=\"javascript:void(0)\" data-mfp-src=\"#ekit_team_modal_711c4ae_36427\" class=\"ekit-team-popup\">\n\t\t\t\t\t\tDra. Carmita In\u00e9s Su\u00e1rez \t\t\t\t\t\t<\/a>\n\t\t\t\t\t\t\t\t\t\t\t<\/h2>\n\t\t\t\t\t<p class=\"profile-designation\">Rectora<\/p>\n\t\t\t\t\t\t\t\t\t<\/div><!-- .profile-body END -->\n\n\t\t\t\t\t\t\t\t<\/div>\n\t\t\t\t\t\t\t\n\t\t\t\n\t\t\t\t\t<div class=\"zoom-anim-dialog mfp-hide elementskit-team-popup team-popup-id-711c4ae\" id=\"ekit_team_modal_711c4ae_36427\" tabindex=\"-1\" role=\"dialog\" aria-modal=\"true\">\n\t\t\t\t<div class=\"modal-dialog modal-dialog-centered\" role=\"document\">\n\t\t\t\t\t<div class=\"modal-content\">\n\t\t\t\t\t\t<button type=\"button\" class=\"ekit-team-modal-close\">\n\t\t\t\t\t\t\t<svg aria-hidden=\"true\" class=\"e-font-icon-svg e-fas-times\" viewBox=\"0 0 352 512\" xmlns=\"http:\/\/www.w3.org\/2000\/svg\"><path d=\"M242.72 256l100.07-100.07c12.28-12.28 12.28-32.19 0-44.48l-22.24-22.24c-12.28-12.28-32.19-12.28-44.48 0L176 189.28 75.93 89.21c-12.28-12.28-32.19-12.28-44.48 0L9.21 111.45c-12.28 12.28-12.28 32.19 0 44.48L109.28 256 9.21 356.07c-12.28 12.28-12.28 32.19 0 44.48l22.24 22.24c12.28 12.28 32.2 12.28 44.48 0L176 322.72l100.07 100.07c12.28 12.28 32.2 12.28 44.48 0l22.24-22.24c12.28-12.28 12.28-32.19 0-44.48L242.72 256z\"><\/path><\/svg>\t\t\t\t\t\t<\/button>\n\n\t\t\t\t\t\t<div class=\"modal-body\">\n\t\t\t\t\t\t\t\t\t\t\t\t\t\t\t<div class=\"ekit-team-modal-img\">\n\t\t\t\t\t\t\t\t\t<img decoding=\"async\" width=\"255\" height=\"308\" src=\"https:\/\/ister.edu.ec\/wp-content\/uploads\/Dra-Carmita-Ines-Suarez.webp\" class=\"attachment-full size-full wp-image-36504\" alt=\"\" srcset=\"https:\/\/ister.edu.ec\/wp-content\/uploads\/Dra-Carmita-Ines-Suarez.webp 255w, https:\/\/ister.edu.ec\/wp-content\/uploads\/Dra-Carmita-Ines-Suarez-248x300.webp 248w\" sizes=\"(max-width: 255px) 100vw, 255px\" title=\"Dra Carmita Ines Suarez - Tecnol\u00f3gico Universitario Rumi\u00f1ahui\" \/>\t\t\t\t\t\t\t\t<\/div>\n\t\t\t\t\t\t\t\n\t\t\t\t\t\t\t<div class=\"ekit-team-modal-info has-img\">\n\t\t\t\t\t\t\t\t<h2 class=\"ekit-team-modal-title\">Dra. Carmita In\u00e9s Su\u00e1rez <\/h2>\n\t\t\t\t\t\t\t\t<p class=\"ekit-team-modal-position\">Rectora<\/p>\n\n\t\t\t\t\t\t\t\t<div class=\"ekit-team-modal-content\">\n\t\t\t\t\t\t\t\t\t<p>Reconocida profesional ecuatoriana con una destacada trayectoria en el \u00e1mbito de la educaci\u00f3n superior y la gesti\u00f3n acad\u00e9mica. Actualmente es Rectora del Instituto Tecnol\u00f3gico Superior Universitario Rumi\u00f1ahui, entidad que se ha posicionado como un referente nacional por su compromiso con la innovaci\u00f3n, la inclusi\u00f3n social y la excelencia educativa.<\/p>\n\n<p>Su v\u00ednculo con la educaci\u00f3n comenz\u00f3 desde temprana edad, impuls\u00e1ndola a desempe\u00f1ar su primer cargo p\u00fablico en el Ministerio de Educaci\u00f3n del Ecuador. Su visi\u00f3n, liderazgo y vocaci\u00f3n la llevaron posteriormente a cofundar el Instituto Rumi\u00f1ahui junto a su esposo, el Dr. \u00c1ngel Ernesto Huerta. Bajo su gu\u00eda, esta instituci\u00f3n se consolid\u00f3 como uno de los centros educativos m\u00e1s importantes del Valle de Los Chillos. Adem\u00e1s, ejerci\u00f3 el cargo de Vicerrectora Administrativa y Financiera, promoviendo el crecimiento institucional y la profesionalizaci\u00f3n de sus procesos.<\/p>\n\n<p><strong>Formaci\u00f3n Acad\u00e9mica<\/strong><br>\n\u2022 Licenciada en Ciencias P\u00fablicas y Sociales, Universidad Central del Ecuador (1989).<br>\n\u2022 Doctora en Jurisprudencia y Abogada de los Tribunales y Juzgados de la Rep\u00fablica, Universidad Central del Ecuador (2009).<br>\n\u2022 Mag\u00edster en Gerencia Educativa, Universidad Metropolitana (2018).<br>\n\u2022 Tecn\u00f3loga Superior Universitaria en Docencia e Innovaci\u00f3n Educativa, Instituto Tecnol\u00f3gico Superior Universitario Rumi\u00f1ahui (2023).<br>\n\u2022 Actualmente cursa un PhD en Docencia en la Universidad Benito Ju\u00e1rez de M\u00e9xico.<\/p>\n\n<p><strong>Reconocimientos y Distinciones<\/strong><br>\n\u2022 2007: Doctor Honoris Causa de Iberoam\u00e9rica, Consejo Iberoamericano a la Calidad Educativa.<br>\n\u2022 2009: Condecoraci\u00f3n \u201cCarlos Larco Hidalgo\u201d, otorgada por el Ilustre Municipio del Cant\u00f3n Rumi\u00f1ahui.<br>\n\u2022 2010: Presea al m\u00e9rito educativo, otorgada por el Consejo Nacional de Educaci\u00f3n Superior.<br>\n\u2022 2011: Excellence in Quality Management with all its Rights and Privileges, otorgado por THE BIZZ (Estados Unidos).<br>\n\u2022 2014: Condecoraci\u00f3n \u201cDra. Matilde Hidalgo de Pr\u00f3cel\u201d, otorgada por la Asamblea Nacional del Ecuador.<br>\n\u2022 2023: Homenaje p\u00fablico de la Confederaci\u00f3n de Periodistas del Ecuador.<br>\n\u2022 2024:<br>\n\u2013 Homenaje \u201cMam\u00e1 Awards Inspiration\u201d, C\u00e1mara de Comercio de la Mujer de Rumi\u00f1ahui.<br>\n\u2013 Reconocimiento y t\u00edtulo de Embajadora Otto Federico von Feigenblatt.<br>\n\u2013 Reconocimiento <em>For merits, contributions to society, and support for the projects of the house<\/em>.<br>\n\u2013 Premio nacional \u201cMujer Insigne\u201d.<br>\n\u2013 Estatuilla Eloy Alfaro \u201cS\u00edmbolo de Libertad\u201d, Confederaci\u00f3n de Periodistas del Ecuador.<br>\n\u2022 2025: Certificado de Ordenaci\u00f3n de Capell\u00e1n Acad\u00e9mico General, otorgado por CARFI Internacional.<\/p>\n\n<p>La Dra. Carmita In\u00e9s Su\u00e1rez ha impulsado proyectos orientados a la innovaci\u00f3n pedag\u00f3gica, el uso de herramientas digitales y la implementaci\u00f3n de metodolog\u00edas activas de aprendizaje. Ha sido tambi\u00e9n una de las principales impulsoras en el Ecuador de la otorgaci\u00f3n de t\u00edtulos de cuarto nivel a trav\u00e9s de las primeras maestr\u00edas tecnol\u00f3gicas, consolidando un hito en la educaci\u00f3n superior del pa\u00eds.<\/p>\n\n<p>Su liderazgo se caracteriza por su profunda fe, vocaci\u00f3n de servicio, principios \u00e9ticos y la firme convicci\u00f3n de que la educaci\u00f3n transforma vidas y comunidades.<\/p>\n\t\t\t\t\t\t\t\t<\/div>\n\n\t\t\t\t\t\t\t\t\n\t\t\t\t\t\t\t\t\t\t\t\t\t\t\t<\/div>\n\t\t\t\t\t\t<\/div>\n\t\t\t\t\t<\/div>\n\t\t\t\t<\/div>\n\t\t\t<\/div>\n\t\t\t\t<\/div>\t\t\t\t<\/div>\n\t\t\t\t<\/div>\n\t\t\t\t<div class=\"elementor-element elementor-element-6a8eab5 elementor-widget elementor-widget-elementskit-team\" data-id=\"6a8eab5\" data-element_type=\"widget\" data-e-type=\"widget\" data-widget_type=\"elementskit-team.default\">\n\t\t\t\t<div class=\"elementor-widget-container\">\n\t\t\t\t\t<div class=\"ekit-wid-con\">\t\t\t\t\t\t\t\t\n\t\t<div class=\"profile-card elementor-animation- text-left ekit-team-style-default\">\n\t\t\t\t\t\t\t<a aria-label=\"profile\" href=\"javascript:void(0)\" data-mfp-src=\"#ekit_team_modal_6a8eab5_36427\" class=\"ekit-team-popup\">\n\t\t\t\n\t\t\t\t<div class=\"profile-header ekit-team-img ekit-img-overlay ekit-team-img-block\"  data-toggle=\"modal\" data-target=\"ekit_team_modal_#6a8eab5_36427\" >\n\t\t\t\t\t<img decoding=\"async\" width=\"255\" height=\"308\" src=\"https:\/\/ister.edu.ec\/wp-content\/uploads\/Dr-Hernesto-Huerta.webp\" class=\"attachment-full size-full wp-image-36505\" alt=\"\" srcset=\"https:\/\/ister.edu.ec\/wp-content\/uploads\/Dr-Hernesto-Huerta.webp 255w, https:\/\/ister.edu.ec\/wp-content\/uploads\/Dr-Hernesto-Huerta-248x300.webp 248w\" sizes=\"(max-width: 255px) 100vw, 255px\" title=\"Dr Hernesto Huerta - Tecnol\u00f3gico Universitario Rumi\u00f1ahui\" \/>\t\t\t\t<\/div><!-- .profile-header END -->\n\t\t\t\t\t\t\t<\/a>\n\t\t\t\n\n\t\t\t\t<div class=\"profile-body\">\n\t\t\t\t\t\n\t\t\t\t\t<h2 class=\"profile-title\">\n\t\t\t\t\t\t\t\t\t\t\t<a aria-label=\"profile\" href=\"javascript:void(0)\" data-mfp-src=\"#ekit_team_modal_6a8eab5_36427\" class=\"ekit-team-popup\">\n\t\t\t\t\t\tDr. \u00c1ngel Ernesto Huerta V\u00e9lez \t\t\t\t\t\t<\/a>\n\t\t\t\t\t\t\t\t\t\t\t<\/h2>\n\t\t\t\t\t<p class=\"profile-designation\">Presidente del Consejo de Regentes<\/p>\n\t\t\t\t\t\t\t\t\t<\/div><!-- .profile-body END -->\n\n\t\t\t\t\t\t\t\t<\/div>\n\t\t\t\t\t\t\t\n\t\t\t\n\t\t\t\t\t<div class=\"zoom-anim-dialog mfp-hide elementskit-team-popup team-popup-id-6a8eab5\" id=\"ekit_team_modal_6a8eab5_36427\" tabindex=\"-1\" role=\"dialog\" aria-modal=\"true\">\n\t\t\t\t<div class=\"modal-dialog modal-dialog-centered\" role=\"document\">\n\t\t\t\t\t<div class=\"modal-content\">\n\t\t\t\t\t\t<button type=\"button\" class=\"ekit-team-modal-close\">\n\t\t\t\t\t\t\t<svg aria-hidden=\"true\" class=\"e-font-icon-svg e-fas-times\" viewBox=\"0 0 352 512\" xmlns=\"http:\/\/www.w3.org\/2000\/svg\"><path d=\"M242.72 256l100.07-100.07c12.28-12.28 12.28-32.19 0-44.48l-22.24-22.24c-12.28-12.28-32.19-12.28-44.48 0L176 189.28 75.93 89.21c-12.28-12.28-32.19-12.28-44.48 0L9.21 111.45c-12.28 12.28-12.28 32.19 0 44.48L109.28 256 9.21 356.07c-12.28 12.28-12.28 32.19 0 44.48l22.24 22.24c12.28 12.28 32.2 12.28 44.48 0L176 322.72l100.07 100.07c12.28 12.28 32.2 12.28 44.48 0l22.24-22.24c12.28-12.28 12.28-32.19 0-44.48L242.72 256z\"><\/path><\/svg>\t\t\t\t\t\t<\/button>\n\n\t\t\t\t\t\t<div class=\"modal-body\">\n\t\t\t\t\t\t\t\t\t\t\t\t\t\t\t<div class=\"ekit-team-modal-img\">\n\t\t\t\t\t\t\t\t\t<img decoding=\"async\" width=\"255\" height=\"308\" src=\"https:\/\/ister.edu.ec\/wp-content\/uploads\/Dr-Hernesto-Huerta.webp\" class=\"attachment-full size-full wp-image-36505\" alt=\"\" srcset=\"https:\/\/ister.edu.ec\/wp-content\/uploads\/Dr-Hernesto-Huerta.webp 255w, https:\/\/ister.edu.ec\/wp-content\/uploads\/Dr-Hernesto-Huerta-248x300.webp 248w\" sizes=\"(max-width: 255px) 100vw, 255px\" title=\"Dr Hernesto Huerta - Tecnol\u00f3gico Universitario Rumi\u00f1ahui\" \/>\t\t\t\t\t\t\t\t<\/div>\n\t\t\t\t\t\t\t\n\t\t\t\t\t\t\t<div class=\"ekit-team-modal-info has-img\">\n\t\t\t\t\t\t\t\t<h2 class=\"ekit-team-modal-title\">Dr. \u00c1ngel Ernesto Huerta V\u00e9lez <\/h2>\n\t\t\t\t\t\t\t\t<p class=\"ekit-team-modal-position\">Presidente del Consejo de Regentes<\/p>\n\n\t\t\t\t\t\t\t\t<div class=\"ekit-team-modal-content\">\n\t\t\t\t\t\t\t\t\t<p>Destacado acad\u00e9mico y directivo ecuatoriano, reconocido por su amplia trayectoria en el \u00e1mbito de la educaci\u00f3n superior del pa\u00eds. Fue Rector del Instituto Tecnol\u00f3gico Superior Universitario Rumi\u00f1ahui durante m\u00e1s de 17 a\u00f1os (2008\u20132025), instituci\u00f3n de la cual es cofundador junto a su esposa, la Dra. Carmita Su\u00e1rez. Actualmente preside el Consejo de Regentes, liderando la proyecci\u00f3n estrat\u00e9gica y el desarrollo institucional.<\/p>\n\n<p>Bajo su direcci\u00f3n, el Universitario Rumi\u00f1ahui se consolid\u00f3 como una de las Instituciones de Educaci\u00f3n Superior m\u00e1s representativas del Ecuador, fortaleciendo su modelo educativo mediante la excelencia acad\u00e9mica, la formaci\u00f3n integral tecnol\u00f3gica y la vinculaci\u00f3n social.<\/p>\n\n<p><strong>Formaci\u00f3n acad\u00e9mica<\/strong><br>\n\u2022 Licenciado en Ciencias P\u00fablicas y Sociales, Universidad Central del Ecuador (1980).<br>\n\u2022 Doctor en Jurisprudencia y Abogado de los Tribunales y Juzgados de la Rep\u00fablica, Universidad Central del Ecuador (2003).<br>\n\u2022 Especialista en Gesti\u00f3n de Procesos Educativos, Universidad Central del Ecuador (2008).<br>\n\u2022 Mag\u00edster en Educaci\u00f3n Superior, menci\u00f3n Ciencias Jur\u00eddicas, Universidad Central del Ecuador (2009).<br>\n\u2022 Mag\u00edster en Gerencia Educativa, Universidad Metropolitana (2018).<br>\n\u2022 Actualmente cursa un PhD en Docencia en la Universidad Benito Ju\u00e1rez de M\u00e9xico.<\/p>\n\n<p><strong>Trayectoria profesional<\/strong><br>\nEl Dr. Ernesto Huerta V\u00e9lez ha ejercido funciones clave en el \u00e1mbito p\u00fablico y educativo:<br>\n\u2022 Mediador Laboral Nacional del Ministerio de Trabajo y Recursos Humanos.<br>\n\u2022 Profesor de Derecho Laboral en FEDESOMEC.<br>\n\u2022 Fundador y docente de la Unidad Educativa Particular PCEI \u201cSiglo XXI\u201d.<br>\n\u2022 Fundador y presidente de la Red de Investigaci\u00f3n, Innovaci\u00f3n y Transferencia de Tecnolog\u00eda (RIT2).<\/p>\n\n<p><strong>Reconocimientos y distinciones<\/strong><br>\nSu aporte acad\u00e9mico y liderazgo institucional han sido destacados a nivel nacional e internacional:<br>\n\u2022 2007: Doctor Honoris Causa de Iberoam\u00e9rica, Consejo Iberoamericano a la Calidad Educativa.<br>\n\u2022 2023: Premio Global por \u201cExcelencia en la Educaci\u00f3n Superior\u201d, otorgado por la Red Hispana de Consultores y Global Academic International.<br>\n\u2022 2024:<br>\n\u2013 Acreditado como miembro de la C\u00e1tedra Interuniversitaria de la Asociaci\u00f3n Latinoamericana de Ciencias Neutros\u00f3ficas (ALCN), Asamblea Nacional del Ecuador.<br>\n\u2013 Reconocimiento y t\u00edtulo de Embajador Otto Federico von Feigenblatt.<br>\n\u2013 Distinci\u00f3n <em>For merits, contributions to society, and support for the projects of the house<\/em>.<br>\n\u2013 Condecoraci\u00f3n \u201cJuan P\u00edo Mont\u00fafar\u201d, otorgada por el Municipio de Rumi\u00f1ahui.<br>\n\u2022 2025:<br>\n\u2013 Certificado de Ordenaci\u00f3n de Capell\u00e1n Acad\u00e9mico General, otorgado por CARFI Internacional.<br>\n\u2013 Portada de Oro y Gran Cruz de la Educaci\u00f3n Nacional, Education Awards 2025, revista EDUCACI\u00d3N (Guayaquil).<\/p>\n\n<p>El Dr. \u00c1ngel Ernesto Huerta V\u00e9lez es ampliamente reconocido por su liderazgo \u00e9tico, su compromiso con la formaci\u00f3n integral y su servicio a la comunidad, principios que orienta bajo el lema: <strong>\u201cA DIOS SEA LA GLORIA\u201d.<\/strong><\/p>\n\t\t\t\t\t\t\t\t<\/div>\n\n\t\t\t\t\t\t\t\t\t\t\t\t\t\t\t\t\t<ul class=\"ekit-team-modal-list\">\n\t\t\t\t\t\t\t\t\t\t\t\t\t\t\t\t\t\t\t\t\t<li><strong>Phone:<\/strong><a href=\"tel:(02)2331628 ext 012\">(02)2331628 ext 012<\/a><\/li>\n\t\t\t\t\t\t\t\t\t\t\n\t\t\t\t\t\t\t\t\t\t\t\t\t\t\t\t\t\t\t\t\t<li><strong>Email:<\/strong><a href=\"mailto:info@ister.edu.ec \/ secretaria@ister.edu.ec\">info@ister.edu.ec \/ secretaria@ister.edu.ec<\/a><\/li>\n\t\t\t\t\t\t\t\t\t\t\t\t\t\t\t\t\t\t\t<\/ul>\n\t\t\t\t\t\t\t\t\n\t\t\t\t\t\t\t\t\t\t\t\t\t\t\t<\/div>\n\t\t\t\t\t\t<\/div>\n\t\t\t\t\t<\/div>\n\t\t\t\t<\/div>\n\t\t\t<\/div>\n\t\t\t\t<\/div>\t\t\t\t<\/div>\n\t\t\t\t<\/div>\n\t\t\t\t<div class=\"elementor-element elementor-element-2cfd239 elementor-widget elementor-widget-elementskit-team\" data-id=\"2cfd239\" data-element_type=\"widget\" data-e-type=\"widget\" data-widget_type=\"elementskit-team.default\">\n\t\t\t\t<div class=\"elementor-widget-container\">\n\t\t\t\t\t<div class=\"ekit-wid-con\">\t\t\t\t\t\t\t\t\n\t\t<div class=\"profile-card elementor-animation- text-left ekit-team-style-default\">\n\t\t\t\t\t\t\t<a aria-label=\"profile\" href=\"javascript:void(0)\" data-mfp-src=\"#ekit_team_modal_2cfd239_36427\" class=\"ekit-team-popup\">\n\t\t\t\n\t\t\t\t<div class=\"profile-header ekit-team-img ekit-img-overlay ekit-team-img-block\"  data-toggle=\"modal\" data-target=\"ekit_team_modal_#2cfd239_36427\" >\n\t\t\t\t\t<img loading=\"lazy\" decoding=\"async\" width=\"255\" height=\"308\" src=\"https:\/\/ister.edu.ec\/wp-content\/uploads\/Msc-Carmita-Ines-Huerta-Suarez.webp\" class=\"attachment-full size-full wp-image-36506\" alt=\"\" srcset=\"https:\/\/ister.edu.ec\/wp-content\/uploads\/Msc-Carmita-Ines-Huerta-Suarez.webp 255w, https:\/\/ister.edu.ec\/wp-content\/uploads\/Msc-Carmita-Ines-Huerta-Suarez-248x300.webp 248w\" sizes=\"(max-width: 255px) 100vw, 255px\" title=\"Msc Carmita Ines Huerta Suarez - Tecnol\u00f3gico Universitario Rumi\u00f1ahui\" \/>\t\t\t\t<\/div><!-- .profile-header END -->\n\t\t\t\t\t\t\t<\/a>\n\t\t\t\n\n\t\t\t\t<div class=\"profile-body\">\n\t\t\t\t\t\n\t\t\t\t\t<h2 class=\"profile-title\">\n\t\t\t\t\t\t\t\t\t\t\t<a aria-label=\"profile\" href=\"javascript:void(0)\" data-mfp-src=\"#ekit_team_modal_2cfd239_36427\" class=\"ekit-team-popup\">\n\t\t\t\t\t\tMgtr. Carmen In\u00e9s Huerta Su\u00e1rez \t\t\t\t\t\t<\/a>\n\t\t\t\t\t\t\t\t\t\t\t<\/h2>\n\t\t\t\t\t<p class=\"profile-designation\">Vicerrectora administrativa financiera<\/p>\n\t\t\t\t\t\t\t\t\t<\/div><!-- .profile-body END -->\n\n\t\t\t\t\t\t\t\t<\/div>\n\t\t\t\t\t\t\t\n\t\t\t\n\t\t\t\t\t<div class=\"zoom-anim-dialog mfp-hide elementskit-team-popup team-popup-id-2cfd239\" id=\"ekit_team_modal_2cfd239_36427\" tabindex=\"-1\" role=\"dialog\" aria-modal=\"true\">\n\t\t\t\t<div class=\"modal-dialog modal-dialog-centered\" role=\"document\">\n\t\t\t\t\t<div class=\"modal-content\">\n\t\t\t\t\t\t<button type=\"button\" class=\"ekit-team-modal-close\">\n\t\t\t\t\t\t\t<svg aria-hidden=\"true\" class=\"e-font-icon-svg e-fas-times\" viewBox=\"0 0 352 512\" xmlns=\"http:\/\/www.w3.org\/2000\/svg\"><path d=\"M242.72 256l100.07-100.07c12.28-12.28 12.28-32.19 0-44.48l-22.24-22.24c-12.28-12.28-32.19-12.28-44.48 0L176 189.28 75.93 89.21c-12.28-12.28-32.19-12.28-44.48 0L9.21 111.45c-12.28 12.28-12.28 32.19 0 44.48L109.28 256 9.21 356.07c-12.28 12.28-12.28 32.19 0 44.48l22.24 22.24c12.28 12.28 32.2 12.28 44.48 0L176 322.72l100.07 100.07c12.28 12.28 32.2 12.28 44.48 0l22.24-22.24c12.28-12.28 12.28-32.19 0-44.48L242.72 256z\"><\/path><\/svg>\t\t\t\t\t\t<\/button>\n\n\t\t\t\t\t\t<div class=\"modal-body\">\n\t\t\t\t\t\t\t\t\t\t\t\t\t\t\t<div class=\"ekit-team-modal-img\">\n\t\t\t\t\t\t\t\t\t<img loading=\"lazy\" decoding=\"async\" width=\"255\" height=\"308\" src=\"https:\/\/ister.edu.ec\/wp-content\/uploads\/Msc-Carmita-Ines-Huerta-Suarez.webp\" class=\"attachment-full size-full wp-image-36506\" alt=\"\" srcset=\"https:\/\/ister.edu.ec\/wp-content\/uploads\/Msc-Carmita-Ines-Huerta-Suarez.webp 255w, https:\/\/ister.edu.ec\/wp-content\/uploads\/Msc-Carmita-Ines-Huerta-Suarez-248x300.webp 248w\" sizes=\"(max-width: 255px) 100vw, 255px\" title=\"Msc Carmita Ines Huerta Suarez - Tecnol\u00f3gico Universitario Rumi\u00f1ahui\" \/>\t\t\t\t\t\t\t\t<\/div>\n\t\t\t\t\t\t\t\n\t\t\t\t\t\t\t<div class=\"ekit-team-modal-info has-img\">\n\t\t\t\t\t\t\t\t<h2 class=\"ekit-team-modal-title\">Mgtr. Carmen In\u00e9s Huerta Su\u00e1rez <\/h2>\n\t\t\t\t\t\t\t\t<p class=\"ekit-team-modal-position\">Vicerrectora administrativa financiera<\/p>\n\n\t\t\t\t\t\t\t\t<div class=\"ekit-team-modal-content\">\n\t\t\t\t\t\t\t\t\t<p>Profesional ecuatoriana con destacada trayectoria en la gesti\u00f3n acad\u00e9mica, administrativa y de talento humano en el \u00e1mbito de la educaci\u00f3n superior.<\/p>\n\n<p>Actualmente se desempe\u00f1a como Vicerrectora Administrativa Financiera del Instituto Tecnol\u00f3gico Superior Universitario Rumi\u00f1ahui, instituci\u00f3n en la que tambi\u00e9n ejerci\u00f3 como Directora de Talento Humano, aportando significativamente al fortalecimiento organizacional y al desarrollo institucional.<\/p>\n\n<p>Asimismo, es reconocida por su compromiso y servicio en la Iglesia Cristiana \u201cA Dios sea la Gloria\u201d, donde ha contribuido de manera sobresaliente a la organizaci\u00f3n y administraci\u00f3n de esta reconocida iglesia en Sangolqu\u00ed.<\/p>\n\n<p><strong>Su formaci\u00f3n acad\u00e9mica incluye:<\/strong><br>\n\u2022 T\u00e9cnico Superior en An\u00e1lisis de Sistemas (2005).<br>\n\u2022 Tecn\u00f3loga en An\u00e1lisis de Sistemas (2012).<br>\n\u2022 Ingeniera en Sistemas de Informaci\u00f3n (2017).<br>\n\u2022 Especialista Universitario en Recursos Humanos (2019).<br>\n\u2022 M\u00e1ster en Direcci\u00f3n y Administraci\u00f3n de Empresas (MBA) (2021).<br>\n\u2022 Tecn\u00f3loga Superior Universitaria en Docencia e Innovaci\u00f3n Educativa (2023).<br>\n\u2022 Actualmente cursa un PhD. en Docencia en la Universidad Benito Ju\u00e1rez de M\u00e9xico.<\/p>\n\n<p>En 2025 recibi\u00f3 el Certificado de Ordenaci\u00f3n de Capellanes de Acci\u00f3n Rompiendo Fronteras Internacional, otorgado por CARFI Internacional, en el grado de Capell\u00e1n Acad\u00e9mico General.<\/p>\n\t\t\t\t\t\t\t\t<\/div>\n\n\t\t\t\t\t\t\t\t\n\t\t\t\t\t\t\t\t\t\t\t\t\t\t\t<\/div>\n\t\t\t\t\t\t<\/div>\n\t\t\t\t\t<\/div>\n\t\t\t\t<\/div>\n\t\t\t<\/div>\n\t\t\t\t<\/div>\t\t\t\t<\/div>\n\t\t\t\t<\/div>\n\t\t\t\t<div class=\"elementor-element elementor-element-1f5dbce elementor-fixed elementor-invisible elementor-widget elementor-widget-button\" data-id=\"1f5dbce\" data-element_type=\"widget\" data-e-type=\"widget\" data-settings=\"{&quot;_position&quot;:&quot;fixed&quot;,&quot;_animation&quot;:&quot;fadeInLeft&quot;}\" data-widget_type=\"button.default\">\n\t\t\t\t<div class=\"elementor-widget-container\">\n\t\t\t\t\t\t\t\t\t<div class=\"elementor-button-wrapper\">\n\t\t\t\t\t<a class=\"elementor-button elementor-button-link elementor-size-sm\" href=\"https:\/\/ister.edu.ec\/matriculate\/\">\n\t\t\t\t\t\t<span class=\"elementor-button-content-wrapper\">\n\t\t\t\t\t\t\t\t\t<span class=\"elementor-button-text\">\u00a1INSCR\u00cdBETE AHORA!<\/span>\n\t\t\t\t\t<\/span>\n\t\t\t\t\t<\/a>\n\t\t\t\t<\/div>\n\t\t\t\t\t\t\t\t<\/div>\n\t\t\t\t<\/div>\n\t\t\t\t<\/div>\n\t\t\t\t\t<\/div>\n\t\t\t\t<\/div>\n\t\t\t\t<\/div>\n\t\t","protected":false},"excerpt":{"rendered":"<p>Nuestras Autoridades El Instituto Tecnol\u00f3gico Superior Universitario Rumi\u00f1ahui se caracteriza por su compromiso con la transparencia, la eficiencia y la mejora continua en su gesti\u00f3n institucional.\u00a0 El Instituto Tecnol\u00f3gico Superior Universitario Rumi\u00f1ahui forma profesionales t\u00e9cnicos y tecnol\u00f3gicos con una educaci\u00f3n de calidad, basada en la innovaci\u00f3n, el aprendizaje pr\u00e1ctico y la vinculaci\u00f3n con los sectores [&hellip;]<\/p>\n","protected":false},"author":4,"featured_media":0,"parent":0,"menu_order":0,"comment_status":"closed","ping_status":"closed","template":"","meta":{"om_disable_all_campaigns":false,"_monsterinsights_skip_tracking":false,"_monsterinsights_sitenote_active":false,"_monsterinsights_sitenote_note":"","_monsterinsights_sitenote_category":0,"footnotes":""},"class_list":["post-36427","page","type-page","status-publish","hentry"],"aioseo_notices":[],"_links":{"self":[{"href":"https:\/\/ister.edu.ec\/en\/wp-json\/wp\/v2\/pages\/36427","targetHints":{"allow":["GET"]}}],"collection":[{"href":"https:\/\/ister.edu.ec\/en\/wp-json\/wp\/v2\/pages"}],"about":[{"href":"https:\/\/ister.edu.ec\/en\/wp-json\/wp\/v2\/types\/page"}],"author":[{"embeddable":true,"href":"https:\/\/ister.edu.ec\/en\/wp-json\/wp\/v2\/users\/4"}],"replies":[{"embeddable":true,"href":"https:\/\/ister.edu.ec\/en\/wp-json\/wp\/v2\/comments?post=36427"}],"version-history":[{"count":82,"href":"https:\/\/ister.edu.ec\/en\/wp-json\/wp\/v2\/pages\/36427\/revisions"}],"predecessor-version":[{"id":39624,"href":"https:\/\/ister.edu.ec\/en\/wp-json\/wp\/v2\/pages\/36427\/revisions\/39624"}],"wp:attachment":[{"href":"https:\/\/ister.edu.ec\/en\/wp-json\/wp\/v2\/media?parent=36427"}],"curies":[{"name":"wp","href":"https:\/\/api.w.org\/{rel}","templated":true}]}}